{"id":767,"date":"2011-06-26T17:51:25","date_gmt":"2011-06-26T17:51:25","guid":{"rendered":"http:\/\/donesesglesia.cat\/wp_cde\/?page_id=767"},"modified":"2020-10-29T21:25:13","modified_gmt":"2020-10-29T20:25:13","slug":"som-membres-de","status":"publish","type":"page","link":"https:\/\/donesesglesia.cat\/wp_cde\/som-membres-de\/","title":{"rendered":"Som membres de"},"content":{"rendered":"<blockquote>\n<p><a href=\"http:\/\/w3.bcn.cat\/dones\/\">Consell de les Dones de Barcelona<br \/>\n<img loading=\"lazy\" decoding=\"async\" class=\"alignnone\" title=\"Consell de les Dones de Barcelona\" src=\"http:\/\/donesesglesia.cat\/imatges\/consell_dones_barcelona.jpg\" alt=\"\" width=\"550\" height=\"57\" \/><\/a><\/p>\n<p><a href=\"http:\/\/www.gencat.cat\/icdones\/cndc.htm\">Consell Nacional de Dones de Catalunya<br \/>\n<img loading=\"lazy\" decoding=\"async\" class=\"alignnone\" title=\"Consell Nacional de Dones de Catalunya\" src=\"http:\/\/donesesglesia.cat\/imatges\/consell_dones_catalunya.png\" alt=\"\" width=\"550\" height=\"69\" \/><\/a><\/p>\n<p><a href=\"http:\/\/www.cristianismexxi.cat\/\">Cristianisme al Segle XXI<br \/>\n<img loading=\"lazy\" decoding=\"async\" class=\"alignnone\" title=\"Cristianisme al Segle XXI\" src=\"http:\/\/donesesglesia.cat\/imatges\/cristianisme_segle_XXI.jpg\" alt=\"\" width=\"550\" height=\"70\" \/><\/a><\/p>\n<p><a href=\"http:\/\/www.en-re.eu\/\">European Network Church on the Move<br \/>\n<img loading=\"lazy\" decoding=\"async\" class=\"alignnone\" title=\"European Network Church on the Move\" src=\"http:\/\/donesesglesia.cat\/imatges\/european_network.png\" alt=\"\" width=\"550\" height=\"70\" \/><\/a><\/p>\n<p><a href=\"http:\/\/www.pelsdretshumans.pangea.org\/\">Federaci\u00f3 Catalana d&#8217;ONG pels Drets Humans<img loading=\"lazy\" decoding=\"async\" class=\"alignnone\" title=\"Federaci\u00f3 Catalana d'ONG pels Drets Humans\" src=\"http:\/\/donesesglesia.cat\/imatges\/fcongdh.jpg\" alt=\"\" width=\"550\" height=\"73\" \/><\/a><\/p>\n<p><a href=\"http:\/\/www.efecw.net\/\">F\u00f2rum Ecum\u00e8nic de Dones Cristianes d&#8217;Europa<\/a><br \/>\n(que pertany a la <a href=\"http:\/\/www.ceceurope.org\/\" target=\"_blank\" rel=\"noopener noreferrer\">CEC: Conference of European Churches<\/a>)<a href=\"http:\/\/www.efecw.net\/\"><img loading=\"lazy\" decoding=\"async\" class=\"alignnone\" title=\"Ecumenical Forum of European Christian Women\" src=\"http:\/\/donesesglesia.cat\/imatges\/EFECW.png\" alt=\"\" width=\"550\" height=\"70\" \/><\/a><\/p>\n<p><a href=\"https:\/\/audir.org\" target=\"_blank\" rel=\"noopener noreferrer\">Grup Interreligi\u00f3s Tradici\u00f3 i Progr\u00e9s (AUDIR)<\/a><a href=\"https:\/\/audir.org\" target=\"_blank\" rel=\"noopener noreferrer\"><img loading=\"lazy\" decoding=\"async\" class=\"alignleft wp-image-6102 size-full\" src=\"http:\/\/donesesglesia.cat\/wp_cde\/wp-content\/uploads\/2020\/01\/audir_logo.jpg\" alt=\"\" width=\"505\" height=\"215\" srcset=\"https:\/\/donesesglesia.cat\/wp_cde\/wp-content\/uploads\/2020\/01\/audir_logo.jpg 505w, https:\/\/donesesglesia.cat\/wp_cde\/wp-content\/uploads\/2020\/01\/audir_logo-300x128.jpg 300w\" sizes=\"auto, (max-width: 505px) 100vw, 505px\" \/><\/a><\/p>\n<p>&nbsp;<\/p>\n<p>&nbsp;<\/p>\n<p>&nbsp;<\/p>\n<p>&nbsp;<\/p>\n<p>&nbsp;<\/p>\n<p>&nbsp;<\/p>\n<p><a href=\"http:\/\/www.we-are-church.org\/\">Moviment Internacional Som Esgl\u00e9sia<br \/>\nInternational Movement We Are Church (IMWAC)<br \/>\n<img loading=\"lazy\" decoding=\"async\" class=\"alignnone\" title=\"International Movement We Are Church\" src=\"http:\/\/donesesglesia.cat\/imatges\/IMWAC.png\" alt=\"\" width=\"550\" height=\"82\" \/><\/a><\/p>\n<p>Religioses per la Paritat<br \/>\n<img loading=\"lazy\" decoding=\"async\" class=\"alignnone\" src=\"http:\/\/donesesglesia.cat\/imatges\/sense.png\" alt=\"\" width=\"550\" height=\"5\" \/><\/p>\n<p><a href=\"https:\/\/www.facebook.com\/xarxadonesgirona\/\">Xarxa Dones Girona<\/a><br \/>\n<a href=\"https:\/\/www.facebook.com\/xarxadonesgirona\/\" target=\"_blank\" rel=\"noopener noreferrer\"><img loading=\"lazy\" decoding=\"async\" class=\"alignleft wp-image-3470 size-full\" src=\"http:\/\/donesesglesia.cat\/wp_cde\/wp-content\/uploads\/2011\/04\/xarxa-dones-girona.png\" alt=\"\" width=\"520\" height=\"87\" srcset=\"https:\/\/donesesglesia.cat\/wp_cde\/wp-content\/uploads\/2011\/04\/xarxa-dones-girona.png 520w, https:\/\/donesesglesia.cat\/wp_cde\/wp-content\/uploads\/2011\/04\/xarxa-dones-girona-300x50.png 300w\" sizes=\"auto, (max-width: 520px) 100vw, 520px\" \/><\/a><\/p>\n<\/blockquote>\n<p>&nbsp;<\/p>\n<p>&nbsp;<\/p>\n<p>&nbsp;<\/p>\n<p>&nbsp;<\/p>\n","protected":false},"excerpt":{"rendered":"<p>Consell de les Dones de Barcelona Consell Nacional de Dones de Catalunya Cristianisme al Segle XXI European Network Church on the Move Federaci\u00f3 Catalana d&#8217;ONG pels Drets Humans F\u00f2rum Ecum\u00e8nic [&hellip;]<\/p>\n","protected":false},"author":1,"featured_media":0,"parent":0,"menu_order":0,"comment_status":"closed","ping_status":"closed","template":"","meta":{"footnotes":""},"class_list":["post-767","page","type-page","status-publish","hentry"],"_links":{"self":[{"href":"https:\/\/donesesglesia.cat\/wp_cde\/wp-json\/wp\/v2\/pages\/767","targetHints":{"allow":["GET"]}}],"collection":[{"href":"https:\/\/donesesglesia.cat\/wp_cde\/wp-json\/wp\/v2\/pages"}],"about":[{"href":"https:\/\/donesesglesia.cat\/wp_cde\/wp-json\/wp\/v2\/types\/page"}],"author":[{"embeddable":true,"href":"https:\/\/donesesglesia.cat\/wp_cde\/wp-json\/wp\/v2\/users\/1"}],"replies":[{"embeddable":true,"href":"https:\/\/donesesglesia.cat\/wp_cde\/wp-json\/wp\/v2\/comments?post=767"}],"version-history":[{"count":10,"href":"https:\/\/donesesglesia.cat\/wp_cde\/wp-json\/wp\/v2\/pages\/767\/revisions"}],"predecessor-version":[{"id":6778,"href":"https:\/\/donesesglesia.cat\/wp_cde\/wp-json\/wp\/v2\/pages\/767\/revisions\/6778"}],"wp:attachment":[{"href":"https:\/\/donesesglesia.cat\/wp_cde\/wp-json\/wp\/v2\/media?parent=767"}],"curies":[{"name":"wp","href":"https:\/\/api.w.org\/{rel}","templated":true}]}}