{"id":75,"date":"2011-04-28T10:18:01","date_gmt":"2011-04-28T10:18:01","guid":{"rendered":"http:\/\/donesesglesia.cat\/wp_cde\/?page_id=75"},"modified":"2021-12-11T19:46:32","modified_gmt":"2021-12-11T18:46:32","slug":"premsa","status":"publish","type":"page","link":"https:\/\/donesesglesia.cat\/wp_cde\/premsa\/","title":{"rendered":"Premsa"},"content":{"rendered":"<blockquote>\n<p><em>Religi\u00f3n Digital<\/em>\u00a0(28 de novembre, 2021)<br \/>\n<a href=\"https:\/\/www.religiondigital.org\/mundo\/Roser-Sole-Besteiro-lentitud-Iglesia-igualdad-hombres-mujeres-futuro_0_2398860103.html\" target=\"_blank\" rel=\"noopener noreferrer\">Jordi Pacheco: &#8220;Entrevista a Roser Sol\u00e9 Besteiro&#8221;\u00a0<\/a><br \/>\n(Miembro de la Asociaci\u00f3n de Te\u00f3logas Espa\u00f1olas y profesora de teolog\u00eda en ISCREB)<\/p>\n<\/blockquote>\n<blockquote>\n<p><em>El Punt Avui<\/em>\u00a0(25 de novembre, 2021)<br \/>\n<a href=\"https:\/\/www.elpuntavui.cat\/opinio\/article\/23-lectorescriu\/2062645-25-de-novembre.html\" target=\"_blank\" rel=\"noopener noreferrer\">25 de novembre<\/a><br \/>\n(Piua Salvatella i Vila, delegada del Col\u00b7lectiu de Dones en l&#8217;Esgl\u00e9sia a Girona)<\/p>\n<\/blockquote>\n<blockquote>\n<p><em>Diari de Girona<\/em>\u00a0(24 de novembre, 2021)<br \/>\n<a href=\"https:\/\/www.diaridegirona.cat\/opinio\/2021\/11\/24\/violencies-les-dones-i-les-59931135.html\" target=\"_blank\" rel=\"noopener noreferrer\">Viol\u00e8ncies sobre les dones i les criatures<\/a><br \/>\n(Piua Salvatella i Vila en nom del Col\u00b7lectiu de Dones en l\u2019Esgl\u00e9sia per la Paritat. Girona)<\/p>\n<\/blockquote>\n<blockquote>\n<p><em>Diari de Girona<\/em>\u00a0(22 de juliol, 2020)<br \/>\n<a href=\"https:\/\/www.diaridegirona.cat\/opinio\/2020\/07\/22\/cartes\/1053827.html\" target=\"_blank\" rel=\"noopener noreferrer\">Santa Magdalena 2020<\/a><br \/>\n(Piua Salvatella i Vila, delegada del Col\u00b7lectiu de Dones en l&#8217;Esgl\u00e9sia a Girona)<\/p>\n<\/blockquote>\n<blockquote>\n<p><em>El Punt Avui<\/em>\u00a0(9 de mar\u00e7, 2020)<br \/>\n<a href=\"http:\/\/www.elpuntavui.cat\/societat\/article\/5-societat\/1754198-deu-mirades-de-dones.html?utm_source=botons&amp;utm_medium=com_epanoticies&amp;utm_campaign=correu\" target=\"_blank\" rel=\"noopener noreferrer\">\u201cDeu mirades de dones\u201d<\/a><br \/>\n(E. Gonz\u00e1lez-Carrato)<\/p>\n<\/blockquote>\n<blockquote>\n<p><em>El Punt Avui<\/em>\u00a0(4 de mar\u00e7, 2020)<br \/>\n<a href=\"https:\/\/www.elpuntavui.cat\/opinio\/article\/23-lectorescriu\/1751123-manifest-8-de-marc-2020.html?utm_source=botons&amp;utm_medium=com_epanoticies&amp;utm_campaign=correu\" target=\"_blank\" rel=\"noopener noreferrer\">\u201cManifest 8 de Mar\u00e7 2020\u201d<\/a><br \/>\n(Piua Salvatella i Vila delegada del Col\u00b7lectiu de Dones en l&#8217;Esgl\u00e9sia per la Paritat a Girona)<\/p>\n<\/blockquote>\n<blockquote>\n<p><em>Diari de Girona<\/em> (29 de febrer, 2020)<br \/>\n<a href=\"https:\/\/www.diaridegirona.cat\/opinio\/2020\/02\/29\/cartes\/1031896.html\" target=\"_blank\" rel=\"noopener noreferrer\">\u201cManifest 8 de Mar\u00e7 2020\u201d<\/a><br \/>\n(Piua Salvatella i Vila delegada del Col\u00b7lectiu de Dones en l&#8217;Esgl\u00e9sia per la Paritat a Girona)<\/p>\n<\/blockquote>\n<blockquote>\n<p><em>L&#8217;Agulla<\/em> (N\u00fam. 118, gener 2020)<br \/>\n<a href=\"http:\/\/donesesglesia.cat\/wp_cde\/wp-content\/uploads\/2020\/02\/1-marc_bogonez_2020-01_Agulla_11.pdf\" target=\"_blank\" rel=\"noopener noreferrer\">\u201cDones creients, reserveu-vos l&#8217;1 de mar\u00e7\u201d<\/a><br \/>\n(Article de Maria Ant\u00f2nia Bog\u00f3nez Aguado)<\/p>\n<\/blockquote>\n<blockquote>\n<p><em>L&#8217;Agulla<\/em> (N\u00fam. 118, gener 2020)<br \/>\n<a href=\"http:\/\/donesesglesia.cat\/wp_cde\/wp-content\/uploads\/2020\/02\/nova-etapa-cde_bogonez_2020-01_Agulla_118.pdf\" target=\"_blank\" rel=\"noopener noreferrer\">\u201cEl Col\u00b7lectiu de Dones en l\u2019Esgl\u00e9sia per la Paritat: nova etapa\u201d<\/a><br \/>\n(Article de Maria Ant\u00f2nia Bog\u00f3nez Aguado, secretaria del CDE)<\/p>\n<\/blockquote>\n<blockquote>\n<p><em>Salillum<\/em> (N\u00fam. 24, Primavera-Estiu 2M19)<br \/>\n<a href=\"http:\/\/donesesglesia.cat\/wp_cde\/wp-content\/uploads\/2020\/02\/dona-i-esglesia_bogonez_salillum_2019.pdf\" target=\"_blank\" rel=\"noopener noreferrer\">\u201cDona i Esgl\u00e9sia\u201d<\/a><br \/>\n(Text: Maria Ant\u00f2nia Bog\u00f3nez Aguado \/ Fotografies: cathopic.com i <em>Salillum<\/em>)<\/p>\n<\/blockquote>\n<blockquote>\n<p><em>La Vanguardia<\/em> (13 de novembre, 2016)<br \/>\n<a href=\"http:\/\/donesesglesia.cat\/wp_cde\/wp-content\/uploads\/2017\/01\/entrevista-nuria-calduch.pdf\" target=\"_blank\" rel=\"noopener noreferrer\">\u201cL\u2019Esgl\u00e9sia es mant\u00e9 gr\u00e0cies a les dones\u201d<\/a><br \/>\n(Entrevista a N\u00faria Calduch-Benages, doctora en Ci\u00e8ncies B\u00edbliques)<\/p>\n<\/blockquote>\n<blockquote>\n<p><em><a href=\"http:\/\/www.sabadell.cat\/ca\/qui-som-2\/butlleti-digital\" target=\"_blank\" rel=\"noopener noreferrer\">Butllet\u00ed digital de la Taula de G\u00e8nere, feminisme i LGTBI<\/a><\/em> (N\u00fam. 1, maig 2016)<br \/>\n<a href=\"http:\/\/donesesglesia.cat\/wp_cde\/wp-content\/uploads\/2011\/04\/ButlletiDigital_2016-05.pdf\" target=\"_blank\" rel=\"noopener noreferrer\">\u201cNo vull ser recordada com una bona dona que va a missa, jo s\u00f3c tamb\u00e9 una insubmisa dins l&#8217;Esgl\u00e9sia que estimo\u201d<\/a><br \/>\n(Entrevista a Maria Teresa Relat, presidenta del Col\u00b7lectiu de dones de Sabadell en l&#8217;Esgl\u00e9sia)<\/p>\n<\/blockquote>\n<blockquote>\n<p><em>Vilaweb<\/em> (6 de novembre, 2014)<br \/>\n<a href=\"http:\/\/www.vilaweb.cat\/noticia\/4218426\/20141106\/costella-dadam-monja-segle-xxi.html\" target=\"_blank\" rel=\"noopener noreferrer\">\u201cLa costella d&#8217;Adam: ser monja al segle XXI\u201d<\/a><br \/>\n(Article d&#8217;Aina Soley i Carlos Torres, amb la pres\u00e8ncia d&#8217;Ernestina R\u00f2denas, presidenta del Col\u00b7lectiu de Dones en l&#8217;Esgl\u00e9sia per la Paritat)<\/p>\n<\/blockquote>\n<blockquote>\n<p><em>El Punt Diari &#8211; Girona<\/em> (18 de juliol, 2014)<br \/>\n<a href=\"http:\/\/www.elpuntavui.cat\/noticia\/article\/7-vista\/23-lectorescriu\/761657-22-de-juliol-santa-magdalena.html?cca=1\" target=\"_blank\" rel=\"noopener noreferrer\">\u201c22 de juliol, Santa Magdalena\u201d<\/a><br \/>\n(Article de Piua Salvatella i Vila, delegada del Col\u00b7lectiu de Dones en l&#8217;Esgl\u00e9sia per la Paritat, a Girona)<\/p>\n<\/blockquote>\n<blockquote>\n<p><em>Pikara Magazine<\/em> (28 de gener, 2014)<br \/>\n<a href=\"\/\/www.pikaramagazine.com\/2014\/01\/el-evangelio-no-quiere-mujeres-oprimidas-jesus-nos-quiere-felices-y-bailando\/\" target=\"_blank\" rel=\"noopener noreferrer\">\u201cEl evangelio no quiere mujeres oprimidas; Jes\u00fas nos quiere felices y bailando\u201d<\/a><br \/>\n(Entrevista de la periodista June Fern\u00e1ndez a Ernestina R\u00f2denas, presidenta de Dones en l&#8217;Esgl\u00e9sia)<\/p>\n<\/blockquote>\n<blockquote>\n<p><em>Diari de Girona<\/em> (26 de novembre, 2011)<br \/>\n<a href=\"http:\/\/www.diaridegirona.cat\/cultura\/2011\/11\/26\/cde-crida-contra-botxins-complices-violencia-genere\/532044.html\" target=\"_blank\" rel=\"noopener noreferrer\">Joaquim Bohigas i Mollera: &#8220;El CDE crida contra botxins i c\u00f2mplices en la viol\u00e8ncia de g\u00e8nere&#8221;<\/a><br \/>\n(El manifest de Dones en l&#8217;Esgl\u00e9sia pel 25-N mant\u00e9 el comprom\u00eds ferm per arribar a la paritat)<\/p>\n<\/blockquote>\n<blockquote>\n<p><em>Diari de Girona<\/em> (17 de novembre, 2011)<br \/>\n<a href=\"http:\/\/www.diaridegirona.cat\/ultima-dia\/2011\/11\/17\/clara-campoamor-adonar-que-pel-vot-femeni-no-podia-utopies\/529948.html\" target=\"_blank\" rel=\"noopener noreferrer\">Mar Trallero: &#8220;Clara Campoamor es va adonar que, pel vot femen\u00ed, no podia anar amb utopies&#8221;<\/a><br \/>\n(Mar Trallero reivindica la figura de la diputada al Congr\u00e9s Clara Campoamor (Madrid, 1888-Lausana, 1972), que va aconseguir el dret de vot femen\u00ed el 1931, en una de les sessions curs &#8220;Esquerdes del patriarcat&#8221;, que organitza el Col\u00b7lectiu de Dones en l&#8217;Esgl\u00e9sia al Centre C\u00edvic Pla de Palau de Girona)<\/p>\n<\/blockquote>\n<blockquote>\n<p><em>Diari de Girona<\/em> (25 de juny, 2011)<br \/>\n<a href=\"http:\/\/www.diaridegirona.cat\/cultura\/2011\/06\/25\/cert-nostre-objectiu-sigui-sacerdoci\/497142.html\" target=\"_blank\" rel=\"noopener noreferrer\">Joaquim Bohigas i Mollera: &#8220;No \u00e9s cert que el nostre objectiu sigui el sacerdoci&#8221;<br \/>\n<\/a>(Dues de les coordinadores del llibre dels 25 anys del Col\u00b7lectiu de Dones en l&#8217;Esgl\u00e9sia es troben amb membres de Girona per debatre)<\/p>\n<\/blockquote>\n<blockquote>\n<p><em>DiarideGirona.cat <\/em>(6 de juny, 2011)<br \/>\n<a href=\"http:\/\/www.diaridegirona.cat\/cultura\/2011\/06\/11\/girona-22-acull-presentacio-del-llibre-dones-lesglesia\/494088.html\" target=\"_blank\" rel=\"noopener noreferrer\">La 22 acull la presentaci\u00f3 del llibre de Dones en l&#8217;Esgl\u00e9sia<\/a><\/p>\n<\/blockquote>\n<blockquote>\n<p><em>El Punt<\/em> (17 d&#8217;abril, 2011)<br \/>\n<a href=\"http:\/\/www.elpunt.cat\/noticia\/article\/2-societat\/5-societat\/398305-dones-en-lesglesia-llibre-i-creu-de-sant-jordi.html\" target=\"_blank\" rel=\"noopener noreferrer\">Mireia Rourera: Dones en l&#8217;Esgl\u00e9sia: llibre i Creu de Sant Jordi<\/a><br \/>\n(El govern distingeix un col\u00b7lectiu que des de fa 25 anys lluita per aconseguir la paritat a l&#8217;Esgl\u00e9sia. Coincidint amb el quart de segle de vida publiquen <em>Una hist\u00f2ria necess\u00e0ria<\/em>, un llibre sobre el cam\u00ed fet)<\/p>\n<\/blockquote>\n<blockquote>\n<p><em>Ara<\/em> (12 de maig, 2011)<br \/>\n<a title=\"Sacerdoci femen\u00ed\" href=\"http:\/\/donesesglesia.cat\/premsa\/Sabater_sacerdoci-femeni_2011-05-11.pdf\" target=\"_blank\" rel=\"noopener noreferrer\">A favor\/en contra: \u00c9s el moment que l&#8217;Esgl\u00e9sia es plantegi el sacerdoci femen\u00ed?<br \/>\n<\/a>(respon a favor M. Ant\u00f2nia Sabater, religiosa i membre del Col\u00b7lectiu de Dones en l&#8217;Esgl\u00e9sia)<\/p>\n<\/blockquote>\n<blockquote>\n<p><em>Dones en Xarxa<\/em> (17 de maig, 2011)<br \/>\n<a href=\"http:\/\/www.donesenxarxa.cat\/el-col-lectiu-de-dones-en-l\" target=\"_blank\" rel=\"noopener noreferrer\">El Col\u00b7lectiu de Dones en l\u2019esgl\u00e9sia de Sitges reivindica Emma de Barcelona<br \/>\n(<\/a>La fil\u00f2loga Joana Ripoll\u00e8s-Ponsi va parlar de la figura de l&#8217;abadessa en la confer\u00e8ncia &#8220;Emma de Barcelona, una dona als inicis de la hist\u00f2ria de Catalunya&#8221;)<\/p>\n<\/blockquote>\n<blockquote>\n<p><em>El Punt<\/em> (25 de novembre, 2010)<br \/>\n<a href=\"http:\/\/www.avui.cat\/noticia\/article\/7-vista\/23-lectorescriu\/335573-dia-internacional-contra-la-violencia-de-genere.html\" target=\"_blank\" rel=\"noopener noreferrer\">Dia Internacional contra la viol\u00e8ncia de g\u00e8nere<\/a><br \/>\n(Piua Salvatella, delegada, en nom del Col\u00b7lectiu de Dones en l&#8217;Esgl\u00e9sia a Girona)<\/p>\n<\/blockquote>\n<blockquote>\n<p><em>Avui<\/em> (12 de novembre, 2010)<br \/>\n<a href=\"http:\/\/www.avui.cat\/noticia\/article\/2-societat\/5-societat\/343979-les-dones-volen-paritat.html\" target=\"_blank\" rel=\"noopener noreferrer\">Mireia Roureda: Les dones volen paritat<\/a><br \/>\n(Membres del Col\u00b7lectiu de Dones en l&#8217;Esgl\u00e9sia reivindiquen els mateixos drets que els homes)<\/p>\n<\/blockquote>\n<blockquote>\n<p><em>El Punt<\/em> (11 de novembre, 2010)<br \/>\n<a href=\"http:\/\/www.elpunt.cat\/noticia\/article\/2-societat\/5-societat\/329281-el-rol-de-les-monges-en-la-missa-papal-indigna-els-religiosos.html\" target=\"_blank\" rel=\"noopener noreferrer\">Carles Sabat\u00e9: El rol de les monges en la missa papal indigna als religiosos<\/a><br \/>\nMontserrat Biosca, presidenta del Col\u00b7lectiu de Dones en l&#8217;Esgl\u00e9sia,\u00a0 considera que \u201cl&#8217;altar s&#8217;hauria d&#8217;haver parat de forma parit\u00e0ria\u201d)<\/p>\n<\/blockquote>\n<blockquote>\n<p><em>La Vanguardia<\/em> (11 de novembre, 2011)<br \/>\n<a href=\"http:\/\/www.lavanguardia.com\/ciudadanos\/noticias\/20101111\/54068551724\/malestar-por-una-imagen-delicada.html\" target=\"_blank\" rel=\"noopener noreferrer\">Mar\u00eda Paz L\u00f3poez: Malestar por una imagen delicada<\/a><br \/>\n(Montserrat Biosca, presidenta del Col\u00b7lectiu de Dones en l&#8217;Esgl\u00e9sia, lamenta el rol de les monges en la missa papal)<\/p>\n<\/blockquote>\n<blockquote>\n<p><em>La Independent<\/em> (9 de novembre, 2010)<br \/>\n<a href=\"http:\/\/www.laindependent.cat\/index.php?option=com_content&amp;view=article&amp;id=162%3Aescassa-participacio-de-les-dones-en-la-consagracio-de-la-sagrada-familia-1-accions-de-protesta-dentitats-laiques-feministes-i-de-lesbianes-i-gais-2&amp;catid=138%3Acatolicisme&amp;Itemid=184&amp;lang=ca\" target=\"_blank\" rel=\"noopener noreferrer\">Jaume Abadal: Escassa participaci\u00f3 de les dones en la consagraci\u00f3 de la Sagrada Fam\u00edlia<\/a><br \/>\n(Entrevista a Montserrat Biosca, presidenta del Col\u00b7lectiu de Dones en l&#8217;Esgl\u00e9sia)<\/p>\n<\/blockquote>\n<blockquote>\n<p><em>El Punt<\/em> (6 de novembre, 2010)<br \/>\n<a href=\"http:\/\/www.avui.cat\/noticia\/article\/7-vista\/23-lectorescriu\/326655-que-li-diriem-al-papa-si-hi-poguessim-arribar.html\" target=\"_blank\" rel=\"noopener noreferrer\">Qu\u00e8 li dir\u00edem al Papa si hi pogu\u00e9ssim arribar<\/a><br \/>\n(M. Teresa Relat, portaveu, en nom del Col\u00b7lectiu de Dones en l&#8217;Esgl\u00e9sia de Sabadell)<\/p>\n<\/blockquote>\n<blockquote>\n<p><em>La Independent<\/em> (2 de novembre, 2010)<br \/>\n<a href=\"http:\/\/www.laindependent.cat\/index.php?option=com_content&amp;view=article&amp;id=199%3Aveus-en-lesglesia-catolica-defenen-la-paritat-entre-dones-i-homes&amp;catid=141%3Aarxiu&amp;Itemid=1&amp;lang=ca\" target=\"_blank\" rel=\"noopener noreferrer\">Jaume Abadal: Veus a l&#8217;esgl\u00e9sia cat\u00f2lica defensen la paritat entre dones i homes<\/a><br \/>\n(Entrevista a Neus Forcano, membre del Col\u00b7lectiu de Dones en l&#8217;Esgl\u00e9sia)<\/p>\n<\/blockquote>\n<blockquote>\n<p><em>DiarideGirona.cat<\/em> (25 de setembre, 2010)<br \/>\n<a href=\"http:\/\/www.diaridegirona.cat\/ultima-dia\/2010\/09\/25\/societat-avanca-no-tant-pressa-voldriem-lesglesia-no-mou\/434636.html\" target=\"_blank\" rel=\"noopener noreferrer\">Joaquim Bohigas Mollera: &#8220;La societat avan\u00e7a, no tant de pressa com voldr\u00edem&#8230; L&#8217;Esgl\u00e9sia no es mou!&#8221;<\/a><br \/>\n(Entrevista a Piua Salvatella, delegada del Col\u00b7lectiu de Dones en l&#8217;Esgl\u00e9sia a Girona)<\/p>\n<\/blockquote>\n<blockquote>\n<p><em>El Punt <\/em>(22 de juliol, 2010)<br \/>\n<a href=\"http:\/\/www.avui.cat\/noticia\/article\/7-vista\/23-lectorescriu\/197944-manifest-del-colmlectiu-de-dones-en-lesglesia.html\" target=\"_blank\" rel=\"noopener noreferrer\">Manifest del Col\u00b7lectiu de Dones en l&#8217;Esgl\u00e9sia<\/a><br \/>\n(Montserrat Biosca, presidenta del Col\u00b7lectiu de Dones en l&#8217;Esgl\u00e9sia)<\/p>\n<\/blockquote>\n<blockquote>\n<p><em>Frontera<\/em>, n\u00fam. 39 (Juliol-septiembre 2006)<br \/>\n<a href=\"http:\/\/donesesglesia.cat\/documents\/2006\/sefa-frontera.pdf\" target=\"_blank\" rel=\"noopener noreferrer\">Sefa Amell i Comas: El colectivo &#8220;Dones en l&#8217;Esgl\u00e9sia&#8221;<\/a><br \/>\n(Article sobre el Col\u00b7lectiu dins un n\u00famero n\u00famero monogr\u00e0fic de la revista titulat: &#8220;G\u00e9rmenes de otro mundo posible&#8221;)<\/p>\n<\/blockquote>\n<blockquote>\n<p><em>R\u00e0dio Hospitalet<\/em> (20 d&#8217;abril, 2005)<br \/>\n<a href=\"http:\/\/digital-h.cat\/web\/digital-h\/noticia\/-\/journal_content\/56_INSTANCE_txR0\/11023\/379193\" target=\"_blank\" rel=\"noopener noreferrer\">L&#8217;arxiprest de l&#8217;Hospitalet considera que el nou Papa tindr\u00e0 una l\u00ednia continuista<\/a><br \/>\n(El Col\u00b7lectiu de Dones en l&#8217;Esgl\u00e9sia el considera retr\u00f2grad)<\/p>\n<\/blockquote>\n","protected":false},"excerpt":{"rendered":"<p>Religi\u00f3n Digital\u00a0(28 de novembre, 2021) Jordi Pacheco: &#8220;Entrevista a Roser Sol\u00e9 Besteiro&#8221;\u00a0 (Miembro de la Asociaci\u00f3n de Te\u00f3logas Espa\u00f1olas y profesora de teolog\u00eda en ISCREB) El Punt Avui\u00a0(25 de novembre, [&hellip;]<\/p>\n","protected":false},"author":1,"featured_media":0,"parent":0,"menu_order":0,"comment_status":"open","ping_status":"open","template":"","meta":{"footnotes":""},"class_list":["post-75","page","type-page","status-publish","hentry"],"_links":{"self":[{"href":"https:\/\/donesesglesia.cat\/wp_cde\/wp-json\/wp\/v2\/pages\/75","targetHints":{"allow":["GET"]}}],"collection":[{"href":"https:\/\/donesesglesia.cat\/wp_cde\/wp-json\/wp\/v2\/pages"}],"about":[{"href":"https:\/\/donesesglesia.cat\/wp_cde\/wp-json\/wp\/v2\/types\/page"}],"author":[{"embeddable":true,"href":"https:\/\/donesesglesia.cat\/wp_cde\/wp-json\/wp\/v2\/users\/1"}],"replies":[{"embeddable":true,"href":"https:\/\/donesesglesia.cat\/wp_cde\/wp-json\/wp\/v2\/comments?post=75"}],"version-history":[{"count":12,"href":"https:\/\/donesesglesia.cat\/wp_cde\/wp-json\/wp\/v2\/pages\/75\/revisions"}],"predecessor-version":[{"id":7276,"href":"https:\/\/donesesglesia.cat\/wp_cde\/wp-json\/wp\/v2\/pages\/75\/revisions\/7276"}],"wp:attachment":[{"href":"https:\/\/donesesglesia.cat\/wp_cde\/wp-json\/wp\/v2\/media?parent=75"}],"curies":[{"name":"wp","href":"https:\/\/api.w.org\/{rel}","templated":true}]}}