{"id":73,"date":"2011-04-28T10:17:47","date_gmt":"2011-04-28T10:17:47","guid":{"rendered":"http:\/\/donesesglesia.cat\/wp_cde\/?page_id=73"},"modified":"2022-11-28T19:24:28","modified_gmt":"2022-11-28T18:24:28","slug":"videos","status":"publish","type":"page","link":"https:\/\/donesesglesia.cat\/wp_cde\/videos\/","title":{"rendered":"V\u00eddeos i \u00e0udios"},"content":{"rendered":"<blockquote>\n<p>25\/11\/2022<br \/>\n<a title=\"Obrint camins\" href=\"https:\/\/www.radiomolinsderei.cat\/programs\/obrintcamins\/radiomolinsderei_podcast_23101\" target=\"_blank\" rel=\"noopener noreferrer\">Entrevista a Roser Sol\u00e9 Besteiro (&#8230; I bona lletra. El 9 TV)<\/a><br \/>\n<strong>Conversa amb Roser Sol\u00e9, llicenciada en Teologia, membre del Col\u00b7lectiu de Dones en l\u2019Esgl\u00e9sia per la Paritat i d\u2019Alcem la Veu, col\u00b7lectius que reclamen el ple reconeixement i la igualtat de les dones a l\u2019Esgl\u00e9sia.<\/strong><\/p>\n<p><iframe loading=\"lazy\" title=\"YouTube video player\" src=\"\/\/www.youtube.com\/embed\/Qp77-TiJjgM\" width=\"560\" height=\"315\" frameborder=\"0\" allowfullscreen=\"allowfullscreen\"><\/iframe><\/p>\n<\/blockquote>\n<blockquote>\n<p>10\/02\/2021<br \/>\n<a title=\"Obrint camins\" href=\"https:\/\/www.radiomolinsderei.cat\/programs\/obrintcamins\/radiomolinsderei_podcast_23101\" target=\"_blank\" rel=\"noopener noreferrer\">Entrevista a Roser Soler Besteiro (Obrint camins, R\u00e0dio Molins de Rei)<\/a><br \/>\n<strong>Programa dedicat als valors humans i cristians, un altaveu al servei de totes les iniciatives que treballen per fer un m\u00f3n millor per a tothom. En antena des de l&#8217;any 1991! Entrevista a Roser Soler Besteiro, llicenciada en filosofia i teologia sistem\u00e0tica, membre del Col\u00b7lectiu de Dones en l&#8217;Esgl\u00e9sia, de la Asociaci\u00f3n de Te\u00f3logas Espa\u00f1olas (ATE), i de l&#8217;Associaci\u00f3 Europea de Dones en la Investigaci\u00f3 Teol\u00f2gica (ESWTR). Programa condu\u00eft per Anna Ribas i Merino.<\/strong><\/p>\n<p><video controls=\"controls\" width=\"300\" height=\"150\"><source src=\"https:\/\/www.radiomolinsderei.cat\/embed\/podcast?id=radiomolinsderei_podcast_23101\" \/><\/video><\/p>\n<\/blockquote>\n<blockquote>\n<p>26\/01\/2020<br \/>\n<a title=\"Signes dels temps\" href=\"https:\/\/www.ccma.cat\/catradio\/alacarta\/les-dones-i-els-dies\/feminista-i-catolica-es-possible\/audio\/1061531\/\" target=\"_blank\" rel=\"noopener noreferrer\">Feminista i cat\u00f2lica \u00e9s possible? (Les Dones i els Dies, Catalunya R\u00e0dio)<\/a><br \/>\n<strong>Segurament l&#8217;Esgl\u00e9sia \u00e9s una de les institucions m\u00e9s patriarcals i jer\u00e0rquiques que hi ha. Les dones no hi tenen ni veu, ni vot. Com poden sentir-se les dones acceptades en aquest catolicisme que no les t\u00e9 en compte?\u00a0<br \/>\nParlem amb la religiosa Teresa Forcades, que s&#8217;autodenomina feminista i cat\u00f2lica i que pensa que \u00e9s possible canviar la instituci\u00f3 des de dins. Coneixem la plataforma feminista de dones cat\u00f2liques &#8220;Alcem la veu&#8221;. I, a m\u00e9s, reflexionem sobre les persones que han estat excloses de l&#8217;Esgl\u00e9sia, ja sigui per g\u00e8nere o per orientaci\u00f3 sexual.<br \/>\n<\/strong><\/p>\n<p style=\"text-align: center;\"><iframe loading=\"lazy\" src=\"https:\/\/www.ccma.cat\/audio\/embed\/1061531\/\" width=\"500px\" height=\"281px\" frameborder=\"0\" scrolling=\"no\" allowfullscreen=\"allowfullscreen\"><\/iframe><\/p>\n<\/blockquote>\n<blockquote>\n<p>28-20\/10\/2018<br \/>\n<a href=\"https:\/\/www.youtube.com\/watch?v=Yn9VDhAUasQ\" target=\"_blank\" rel=\"noopener noreferrer\">Encuentro Mujeres y Teolog\u00eda &#8211; Red Miriam. &#8220;Salto vital&#8221;<\/a><br \/>\n<b>V\u00eddeos de la XXII Trobada de Mujeres y Teolog\u00eda i V\u00e8 F\u00f2rum de la Red Miriam de Espiritualidad Ignaciana<br \/>\n<\/b>(Saragossa, 28 a 30 setembre de 2018)<strong>.<br \/>\n<\/strong><\/p>\n<p style=\"text-align: center;\"><iframe loading=\"lazy\" src=\"\/\/www.youtube.com\/embed\/Yn9VDhAUasQ\" width=\"560\" height=\"315\" frameborder=\"0\" allowfullscreen=\"allowfullscreen\"><\/iframe><\/p>\n<\/blockquote>\n<blockquote>\n<p>28-20\/10\/2018<br \/>\n<a href=\"https:\/\/youtu.be\/BqBVaUxfU90\" target=\"_blank\" rel=\"noopener noreferrer\">Ivone Gebara &#8211; Salto vital: feminismos y teolog\u00edas<\/a><br \/>\n<b>XXII Trobada de Mujeres y Teolog\u00eda i V\u00e8 F\u00f2rum de la Red Miriam de Espiritualidad Ignaciana<br \/>\n<\/b>(Saragossa, 28 a 30 setembre de 2018)<strong>.<br \/>\n<\/strong><\/p>\n<p style=\"text-align: center;\"><iframe loading=\"lazy\" src=\"\/\/www.youtube.com\/embed\/BqBVaUxfU90\" width=\"560\" height=\"315\" frameborder=\"0\" allowfullscreen=\"allowfullscreen\"><\/iframe><\/p>\n<\/blockquote>\n<blockquote>\n<p>28-20\/10\/2018<br \/>\n<a href=\"https:\/\/youtu.be\/sZ-g2sYLCX8\" target=\"_blank\" rel=\"noopener noreferrer\">Yayo Herrero &#8211; Vidas que merezcan la pena ser vividas<\/a><br \/>\n<b>XXII Trobada de Mujeres y Teolog\u00eda i V\u00e8 F\u00f2rum de la Red Miriam de Espiritualidad Ignaciana<br \/>\n<\/b>(Saragossa, 28 a 30 setembre de 2018)<strong>.<br \/>\n<\/strong><\/p>\n<p style=\"text-align: center;\"><iframe loading=\"lazy\" src=\"\/\/www.youtube.com\/embed\/sZ-g2sYLCX8\" width=\"560\" height=\"315\" frameborder=\"0\" allowfullscreen=\"allowfullscreen\"><\/iframe><\/p>\n<\/blockquote>\n<blockquote>\n<p>6\/11\/2014<br \/>\n<a title=\"Signes dels temps\" href=\"http:\/\/www.vilaweb.cat\/noticia\/4218426\/20141106\/costella-dadam-monja-segle-xxi.html\" target=\"_blank\" rel=\"noopener noreferrer\">Vilaweb: La costella d&#8217;Adam: ser monja al segle XXI<\/a><br \/>\n<strong>Ernestina R\u00f3denas, presidenta del Col\u00b7lectiu de Dones en l&#8217;Esgl\u00e9sia, parla sobre si \u00e9s possible lluitar pels drets de la dona dins l&#8217;Esgl\u00e9sia cat\u00f2lica en el context actual, en aquest reportatge d&#8217;<strong>Aina Soley i Carlos Torres<\/strong><br \/>\n<\/strong><\/p>\n<p style=\"text-align: center;\"><iframe loading=\"lazy\" src=\"\/\/www.youtube.com\/embed\/kKc2QNVHi4Q\" width=\"560\" height=\"315\" frameborder=\"0\" allowfullscreen=\"allowfullscreen\"><\/iframe><\/p>\n<\/blockquote>\n<blockquote>\n<p>16\/04\/2011<br \/>\n<a title=\"Signes dels temps\" href=\"http:\/\/www.tv3.cat\/videos\/3479070\/Collectiu-de-Dones-en-lEsglesia\" target=\"_blank\" rel=\"noopener noreferrer\">Col\u00b7lectiu de Dones en l&#8217;Esglesia<\/a><br \/>\n<strong>Sefa Amell i Montserrat Biosca, membres de l&#8217;associaci\u00f3, parlen dels 25 anys de vida del Col\u00b7lectiu de Dones en l&#8217;Esgl\u00e9sia al programa &#8220;Signes dels temps&#8221; (Tv3)<\/strong><\/p>\n<p style=\"text-align: center;\"><object id=\"EVP3479070IE\" width=\"500\" height=\"311\" classid=\"clsid:d27cdb6e-ae6d-11cf-96b8-444553540000\" codebase=\"http:\/\/download.macromedia.com\/pub\/shockwave\/cabs\/flash\/swflash.cab#version=6,0,40,0\"><param name=\"scale\" value=\"noscale\" \/><param name=\"align\" value=\"tl\" \/><param name=\"swliveconnect\" value=\"true\" \/><param name=\"menu\" value=\"true\" \/><param name=\"allowFullScreen\" value=\"true\" \/><param name=\"allowScriptAccess\" value=\"always\" \/><param name=\"wmode\" value=\"transparent\" \/><param name=\"FlashVars\" value=\"themepath=themes\/evp_advanced.swf&amp;autostart=false&amp;minimal=false&amp;videoid=3479070&amp;instancename=playerEVP_0_3479070&amp;refreshlock=true&amp;basepath=http:\/\/www.tv3.cat\/ria\/players\/3ac\/evp\/&amp;backgroundColor=#ffffff&amp;basepath=http:\/\/www.tv3.cat\/ria\/players\/3ac\/evp\/&amp;xtm=true\" \/><param name=\"src\" value=\"http:\/\/www.tv3.cat\/ria\/players\/3ac\/evp\/Main.swf\" \/><param name=\"name\" value=\"EVP3479070\" \/><param name=\"flashvars\" value=\"themepath=themes\/evp_advanced.swf&amp;autostart=false&amp;minimal=false&amp;videoid=3479070&amp;instancename=playerEVP_0_3479070&amp;refreshlock=true&amp;basepath=http:\/\/www.tv3.cat\/ria\/players\/3ac\/evp\/&amp;backgroundColor=#ffffff&amp;basepath=http:\/\/www.tv3.cat\/ria\/players\/3ac\/evp\/&amp;xtm=true\" \/><param name=\"allowfullscreen\" value=\"true\" \/><embed id=\"EVP3479070IE\" type=\"application\/x-shockwave-flash\" width=\"500\" height=\"311\" src=\"http:\/\/www.tv3.cat\/ria\/players\/3ac\/evp\/Main.swf\" name=\"EVP3479070\" flashvars=\"themepath=themes\/evp_advanced.swf&amp;autostart=false&amp;minimal=false&amp;videoid=3479070&amp;instancename=playerEVP_0_3479070&amp;refreshlock=true&amp;basepath=http:\/\/www.tv3.cat\/ria\/players\/3ac\/evp\/&amp;backgroundColor=#ffffff&amp;basepath=http:\/\/www.tv3.cat\/ria\/players\/3ac\/evp\/&amp;xtm=true\" wmode=\"transparent\" allowscriptaccess=\"always\" allowfullscreen=\"allowfullscreen\" menu=\"true\" swliveconnect=\"true\" align=\"tl\" scale=\"noscale\" \/><\/object><\/p>\n<\/blockquote>\n<blockquote>\n<p>27\/11\/2010<br \/>\n<a title=\"Archivo de la experiencia\" href=\"http:\/\/www.archivodelaexperiencia.es\/testimonios\/detail.php?id=1366488#explica_embed\" target=\"_blank\" rel=\"noopener noreferrer\">Archivo de la experiencia: Josefina presta su apoyo a mujeres maltratadas<\/a><br \/>\n<strong>Premi per a Josefina Valc\u00e1rcel Feliu<\/strong><\/p>\n<p style=\"text-align: center;\"><object id=\"mediaviewer\" width=\"466\" height=\"285\" classid=\"clsid:d27cdb6e-ae6d-11cf-96b8-444553540000\" codebase=\"http:\/\/download.macromedia.com\/pub\/shockwave\/cabs\/flash\/swflash.cab#version=6,0,40,0\"><param name=\"name\" value=\"mediaviewer\" \/><param name=\"bgcolor\" value=\"#FFFFFF\" \/><param name=\"flashvars\" value=\"base_url=http:\/\/www.archivodelaexperiencia.es\/swf\/&amp;media_content=http:\/\/www.archivodelaexperiencia.es\/embed_1366488_get.html\" \/><param name=\"src\" value=\"http:\/\/www.archivodelaexperiencia.es\/swf\/tv466.swf\" \/><param name=\"wmode\" value=\"transparent\" \/><param name=\"allowfullscreen\" value=\"true\" \/><param name=\"quality\" value=\"high\" \/><embed id=\"mediaviewer\" type=\"application\/x-shockwave-flash\" width=\"466\" height=\"285\" src=\"http:\/\/www.archivodelaexperiencia.es\/swf\/tv466.swf\" quality=\"high\" allowfullscreen=\"allowfullscreen\" wmode=\"transparent\" flashvars=\"base_url=http:\/\/www.archivodelaexperiencia.es\/swf\/&amp;media_content=http:\/\/www.archivodelaexperiencia.es\/embed_1366488_get.html\" bgcolor=\"#FFFFFF\" name=\"mediaviewer\" \/><\/object><\/p>\n<\/blockquote>\n<blockquote>\n<p>13\/11\/2010<br \/>\n<a title=\"La dona a l'Esgl\u00e9sia Catalana\" href=\"http:\/\/www.tv3.cat\/videos\/3210770\/TN-migdia-1311210\" target=\"_blank\" rel=\"noopener noreferrer\">La dona a l&#8217;Esgl\u00e9sia catalana (minut 38:30)<\/a><br \/>\n<strong>Montserrat Biosca, presidenta del CDE, parla del paper de la dona a l&#8217;Esgl\u00e9sia Catalana arran de la vinguda del Papa Benet XVI a Barcelona (TV3, Telenot\u00edcies migdia i vespre)<br \/>\n<\/strong><\/p>\n<p style=\"text-align: center;\"><strong><a href=\"http:\/\/www.tv3.cat\/videos\/3210770\/TN-migdia-1311210\" target=\"_blank\" rel=\"noopener noreferrer\"><img loading=\"lazy\" decoding=\"async\" class=\"alignnone\" src=\"http:\/\/donesesglesia.cat\/premsa\/tv3_2010-11-13.jpg\" alt=\"\" width=\"500\" height=\"291\" \/><\/a><br \/>\n<\/strong><\/p>\n<\/blockquote>\n<blockquote>\n<p>9\/11\/2010<br \/>\n<a title=\"El paper de la dona a l'Esgl\u00e9sia Cat\u00f2lica\" href=\"http:\/\/www.tv3.cat\/videos\/3201890\/El-paper-de-la-dona-a-lEsglesia-catolica\" target=\"_blank\" rel=\"noopener noreferrer\">El paper de la dona a l&#8217;Esgl\u00e9sia Cat\u00f2lica<\/a><br \/>\n<strong>Cara de cara de M. Dolors Figueras, membre del CDE, i Merc\u00e8 Flores, membre de l&#8217;Opus Dei, a prop\u00f2sit de la vinguda del Papa Benet XVI a Barcelona, al programa &#8220;Els Matins&#8221; (TV3)<br \/>\n<\/strong><\/p>\n<p style=\"text-align: center;\"><object id=\"EVP3201890IE\" width=\"500\" height=\"311\" classid=\"clsid:d27cdb6e-ae6d-11cf-96b8-444553540000\" codebase=\"http:\/\/download.macromedia.com\/pub\/shockwave\/cabs\/flash\/swflash.cab#version=6,0,40,0\"><param name=\"scale\" value=\"noscale\" \/><param name=\"align\" value=\"tl\" \/><param name=\"swliveconnect\" value=\"true\" \/><param name=\"menu\" value=\"true\" \/><param name=\"allowFullScreen\" value=\"true\" \/><param name=\"allowScriptAccess\" value=\"always\" \/><param name=\"wmode\" value=\"transparent\" \/><param name=\"FlashVars\" value=\"subtitols=true&amp;refreshlock=true&amp;haspodcast=true&amp;controlbar=true&amp;basepath=http:\/\/www.tv3.cat\/ria\/players\/3ac\/evp\/&amp;autostart=false&amp;opcions=true&amp;comentaris=false&amp;backgroundColor=#ffffff&amp;relacionats=true&amp;themepath=themes\/evp_advanced.swf&amp;instancename=playerEVP_0_3201890&amp;videoid=3201890&amp;hascomparteix=true&amp;relacionats_canals=true&amp;mesi=true&amp;hasenvia=true&amp;minimal=false&amp;votacions=true&amp;hasrss=true&amp;hasinsereix=true&amp;hassinopsi=true&amp;basepath=http:\/\/www.tv3.cat\/ria\/players\/3ac\/evp\/&amp;xtm=true\" \/><param name=\"src\" value=\"http:\/\/www.tv3.cat\/ria\/players\/3ac\/evp\/Main.swf\" \/><param name=\"name\" value=\"EVP3201890\" \/><param name=\"flashvars\" value=\"subtitols=true&amp;refreshlock=true&amp;haspodcast=true&amp;controlbar=true&amp;basepath=http:\/\/www.tv3.cat\/ria\/players\/3ac\/evp\/&amp;autostart=false&amp;opcions=true&amp;comentaris=false&amp;backgroundColor=#ffffff&amp;relacionats=true&amp;themepath=themes\/evp_advanced.swf&amp;instancename=playerEVP_0_3201890&amp;videoid=3201890&amp;hascomparteix=true&amp;relacionats_canals=true&amp;mesi=true&amp;hasenvia=true&amp;minimal=false&amp;votacions=true&amp;hasrss=true&amp;hasinsereix=true&amp;hassinopsi=true&amp;basepath=http:\/\/www.tv3.cat\/ria\/players\/3ac\/evp\/&amp;xtm=true\" \/><param name=\"allowfullscreen\" value=\"true\" \/><embed id=\"EVP3201890IE\" type=\"application\/x-shockwave-flash\" width=\"500\" height=\"311\" src=\"http:\/\/www.tv3.cat\/ria\/players\/3ac\/evp\/Main.swf\" name=\"EVP3201890\" flashvars=\"subtitols=true&amp;refreshlock=true&amp;haspodcast=true&amp;controlbar=true&amp;basepath=http:\/\/www.tv3.cat\/ria\/players\/3ac\/evp\/&amp;autostart=false&amp;opcions=true&amp;comentaris=false&amp;backgroundColor=#ffffff&amp;relacionats=true&amp;themepath=themes\/evp_advanced.swf&amp;instancename=playerEVP_0_3201890&amp;videoid=3201890&amp;hascomparteix=true&amp;relacionats_canals=true&amp;mesi=true&amp;hasenvia=true&amp;minimal=false&amp;votacions=true&amp;hasrss=true&amp;hasinsereix=true&amp;hassinopsi=true&amp;basepath=http:\/\/www.tv3.cat\/ria\/players\/3ac\/evp\/&amp;xtm=true\" wmode=\"transparent\" allowscriptaccess=\"always\" allowfullscreen=\"allowfullscreen\" menu=\"true\" swliveconnect=\"true\" align=\"tl\" scale=\"noscale\" \/><\/object><\/p>\n<\/blockquote>\n<blockquote>\n<p>12\/01\/ 2010<br \/>\n<a title=\"Contra l'avortament, les raons de la fe\" href=\"http:\/\/www.xiptv.cat\/video\/21152\" target=\"_blank\" rel=\"noopener noreferrer\">Contra l&#8217;avortament, les raons de la fe<\/a><br \/>\n<strong>M. Pau Trayner, en nom del CDE, participa al programa ANGLES\u00a0 (Televisi\u00f3 de l&#8217;Hospitalet, TVH)<\/strong><\/p>\n<p style=\"text-align: center;\"><script src=\"http:\/\/www.xiptv.cat\/imgfiles\/Front_xal\/js\/jquery-1.3.2.min.js\"><\/script> <script src=\"http:\/\/www.xiptv.cat\/Front_xal\/player\/player_outside.js\"><\/script> <object id=\"starmedia_player\" width=\"500\" height=\"280\" classid=\"clsid:d27cdb6e-ae6d-11cf-96b8-444553540000\" codebase=\"http:\/\/download.macromedia.com\/pub\/shockwave\/cabs\/flash\/swflash.cab#version=6,0,40,0\"><param name=\"allowScriptAccess\" value=\"always\" \/><param name=\"allowFullScreen\" value=\"true\" \/><param name=\"wmode\" value=\"window\" \/><param name=\"flashvars\" value=\"host=http:\/\/www.xiptv.cat&amp;tipo=1&amp;idvideo=21152&amp;start=0&amp;end=\" \/><param name=\"src\" value=\"http:\/\/www.xiptv.cat\/imgfiles\/Front_xal\/flash\/webtv_flashplayer.swf\" \/><param name=\"allowfullscreen\" value=\"true\" \/><embed id=\"starmedia_player\" type=\"application\/x-shockwave-flash\" width=\"500\" height=\"280\" src=\"http:\/\/www.xiptv.cat\/imgfiles\/Front_xal\/flash\/webtv_flashplayer.swf\" flashvars=\"host=http:\/\/www.xiptv.cat&amp;tipo=1&amp;idvideo=21152&amp;start=0&amp;end=\" wmode=\"window\" allowfullscreen=\"allowfullscreen\" allowscriptaccess=\"always\" \/><\/object><\/p>\n<p><span style=\"font-size: x-small; line-height: 1.3em;\">El programa Angles va aconseguir el premi \u00abBones pr\u00e0ctiques de comunicaci\u00f3 no sexista\u00bb concedit per l&#8217;Associaci\u00f3 de Dones Periodistes<\/span><\/p>\n<\/blockquote>\n<blockquote>\n<p>16\/10\/2009<br \/>\n<a title=\"Els cat\u00f2lics i l'avortament\" href=\"http:\/\/www.tv3.cat\/videos\/1553389\/Els-catolics-i-lavortament\" target=\"_blank\" rel=\"noopener noreferrer\">Els cat\u00f2lics i l&#8217;avortament<\/a><br \/>\n<strong>Cara a cara entre Isabel Vizca\u00edno, advocada membre de Juristes Cristians, i M. Pau Trayner, portaveu del Col\u00b7lectiu Dones en l&#8217;Esgl\u00e9sia, al programa &#8220;Els Matins&#8221; (TV3)<\/strong><\/p>\n<p style=\"text-align: center;\"><object id=\"EVP1553389IE\" width=\"500\" height=\"311\" classid=\"clsid:d27cdb6e-ae6d-11cf-96b8-444553540000\" codebase=\"http:\/\/download.macromedia.com\/pub\/shockwave\/cabs\/flash\/swflash.cab#version=6,0,40,0\"><param name=\"scale\" value=\"noscale\" \/><param name=\"align\" value=\"tl\" \/><param name=\"swliveconnect\" value=\"true\" \/><param name=\"menu\" value=\"true\" \/><param name=\"allowFullScreen\" value=\"true\" \/><param name=\"allowScriptAccess\" value=\"always\" \/><param name=\"wmode\" value=\"transparent\" \/><param name=\"FlashVars\" value=\"themepath=themes\/evp_advanced.swf&amp;autostart=false&amp;minimal=false&amp;videoid=1553389&amp;instancename=playerEVP_0_1553389&amp;refreshlock=true&amp;basepath=http:\/\/www.tv3.cat\/ria\/players\/3ac\/evp\/&amp;backgroundColor=#ffffff&amp;basepath=http:\/\/www.tv3.cat\/ria\/players\/3ac\/evp\/&amp;xtm=true\" \/><param name=\"src\" value=\"http:\/\/www.tv3.cat\/ria\/players\/3ac\/evp\/Main.swf\" \/><param name=\"name\" value=\"EVP1553389\" \/><param name=\"flashvars\" value=\"themepath=themes\/evp_advanced.swf&amp;autostart=false&amp;minimal=false&amp;videoid=1553389&amp;instancename=playerEVP_0_1553389&amp;refreshlock=true&amp;basepath=http:\/\/www.tv3.cat\/ria\/players\/3ac\/evp\/&amp;backgroundColor=#ffffff&amp;basepath=http:\/\/www.tv3.cat\/ria\/players\/3ac\/evp\/&amp;xtm=true\" \/><param name=\"allowfullscreen\" value=\"true\" \/><embed id=\"EVP1553389IE\" type=\"application\/x-shockwave-flash\" width=\"500\" height=\"311\" src=\"http:\/\/www.tv3.cat\/ria\/players\/3ac\/evp\/Main.swf\" name=\"EVP1553389\" flashvars=\"themepath=themes\/evp_advanced.swf&amp;autostart=false&amp;minimal=false&amp;videoid=1553389&amp;instancename=playerEVP_0_1553389&amp;refreshlock=true&amp;basepath=http:\/\/www.tv3.cat\/ria\/players\/3ac\/evp\/&amp;backgroundColor=#ffffff&amp;basepath=http:\/\/www.tv3.cat\/ria\/players\/3ac\/evp\/&amp;xtm=true\" wmode=\"transparent\" allowscriptaccess=\"always\" allowfullscreen=\"allowfullscreen\" menu=\"true\" swliveconnect=\"true\" align=\"tl\" scale=\"noscale\" \/><\/object><\/p>\n<\/blockquote>\n<blockquote>\n<p>9\/09\/2009<br \/>\n<a title=\"Mujeres de Dios\" href=\"http:\/\/www.rtve.es\/alacarta\/videos\/television\/repor--mujeres-dios\/581389\/?\" target=\"_blank\" rel=\"noopener noreferrer\">Mujeres de Dios<\/a><br \/>\n<strong>Membres del CDE participen al programa\u00a0&#8220;Mujeres de Dios&#8221; (TV1)<\/strong><\/p>\n<p style=\"text-align: center;\"><object id=\"player581389\" width=\"425\" height=\"300\" classid=\"clsid:d27cdb6e-ae6d-11cf-96b8-444553540000\" codebase=\"http:\/\/download.macromedia.com\/pub\/shockwave\/cabs\/flash\/swflash.cab#version=6,0,40,0\"><param name=\"data\" value=\"http:\/\/www.rtve.es\/swf\/4.0.21\/RTVEPlayerVideo.swf\" \/><param name=\"allowScriptAccess\" value=\"always\" \/><param name=\"allowFullScreen\" value=\"true\" \/><param name=\"flashvars\" value=\"assetID=581389_es_videos&amp;location=embed\" \/><param name=\"src\" value=\"http:\/\/www.rtve.es\/swf\/4.0.21\/RTVEPlayerVideo.swf\" \/><param name=\"allowfullscreen\" value=\"true\" \/><embed id=\"player581389\" type=\"application\/x-shockwave-flash\" width=\"425\" height=\"300\" src=\"http:\/\/www.rtve.es\/swf\/4.0.21\/RTVEPlayerVideo.swf\" flashvars=\"assetID=581389_es_videos&amp;location=embed\" allowfullscreen=\"allowfullscreen\" allowscriptaccess=\"always\" data=\"http:\/\/www.rtve.es\/swf\/4.0.21\/RTVEPlayerVideo.swf\" \/><\/object><\/p>\n<\/blockquote>\n<blockquote>\n<p>29\/08\/2009<br \/>\n<a title=\"Singulars: Teresa Forcades\" href=\"http:\/\/www.tv3.cat\/videos\/1313539\" target=\"_blank\" rel=\"noopener noreferrer\">Teresa Forcades, una activista amb h\u00e0bit<\/a><br \/>\n<strong>Jaume Barber\u00e0 entrevista Teresa Forcades al programa &#8220;Singulars&#8221; (TV3)<\/strong><\/p>\n<p style=\"text-align: center;\"><object id=\"EVP1313539IE\" width=\"500\" height=\"311\" classid=\"clsid:d27cdb6e-ae6d-11cf-96b8-444553540000\" codebase=\"http:\/\/download.macromedia.com\/pub\/shockwave\/cabs\/flash\/swflash.cab#version=6,0,40,0\"><param name=\"scale\" value=\"noscale\" \/><param name=\"align\" value=\"tl\" \/><param name=\"swliveconnect\" value=\"true\" \/><param name=\"menu\" value=\"true\" \/><param name=\"allowFullScreen\" value=\"true\" \/><param name=\"allowScriptAccess\" value=\"always\" \/><param name=\"wmode\" value=\"transparent\" \/><param name=\"FlashVars\" value=\"themepath=themes\/evp_advanced.swf&amp;autostart=false&amp;minimal=false&amp;videoid=1313539&amp;instancename=playerEVP_0_1313539&amp;refreshlock=true&amp;basepath=http:\/\/www.tv3.cat\/ria\/players\/3ac\/evp\/&amp;backgroundColor=#ffffff&amp;basepath=http:\/\/www.tv3.cat\/ria\/players\/3ac\/evp\/&amp;xtm=true\" \/><param name=\"src\" value=\"http:\/\/www.tv3.cat\/ria\/players\/3ac\/evp\/Main.swf\" \/><param name=\"name\" value=\"EVP1313539\" \/><param name=\"flashvars\" value=\"themepath=themes\/evp_advanced.swf&amp;autostart=false&amp;minimal=false&amp;videoid=1313539&amp;instancename=playerEVP_0_1313539&amp;refreshlock=true&amp;basepath=http:\/\/www.tv3.cat\/ria\/players\/3ac\/evp\/&amp;backgroundColor=#ffffff&amp;basepath=http:\/\/www.tv3.cat\/ria\/players\/3ac\/evp\/&amp;xtm=true\" \/><param name=\"allowfullscreen\" value=\"true\" \/><embed id=\"EVP1313539IE\" type=\"application\/x-shockwave-flash\" width=\"500\" height=\"311\" src=\"http:\/\/www.tv3.cat\/ria\/players\/3ac\/evp\/Main.swf\" name=\"EVP1313539\" flashvars=\"themepath=themes\/evp_advanced.swf&amp;autostart=false&amp;minimal=false&amp;videoid=1313539&amp;instancename=playerEVP_0_1313539&amp;refreshlock=true&amp;basepath=http:\/\/www.tv3.cat\/ria\/players\/3ac\/evp\/&amp;backgroundColor=#ffffff&amp;basepath=http:\/\/www.tv3.cat\/ria\/players\/3ac\/evp\/&amp;xtm=true\" wmode=\"transparent\" allowscriptaccess=\"always\" allowfullscreen=\"allowfullscreen\" menu=\"true\" swliveconnect=\"true\" align=\"tl\" scale=\"noscale\" \/><\/object><\/p>\n<\/blockquote>\n","protected":false},"excerpt":{"rendered":"<p>25\/11\/2022 Entrevista a Roser Sol\u00e9 Besteiro (&#8230; I bona lletra. El 9 TV) Conversa amb Roser Sol\u00e9, llicenciada en Teologia, membre del Col\u00b7lectiu de Dones en l\u2019Esgl\u00e9sia per la Paritat [&hellip;]<\/p>\n","protected":false},"author":1,"featured_media":0,"parent":0,"menu_order":0,"comment_status":"open","ping_status":"open","template":"","meta":{"footnotes":""},"class_list":["post-73","page","type-page","status-publish","hentry"],"_links":{"self":[{"href":"https:\/\/donesesglesia.cat\/wp_cde\/wp-json\/wp\/v2\/pages\/73","targetHints":{"allow":["GET"]}}],"collection":[{"href":"https:\/\/donesesglesia.cat\/wp_cde\/wp-json\/wp\/v2\/pages"}],"about":[{"href":"https:\/\/donesesglesia.cat\/wp_cde\/wp-json\/wp\/v2\/types\/page"}],"author":[{"embeddable":true,"href":"https:\/\/donesesglesia.cat\/wp_cde\/wp-json\/wp\/v2\/users\/1"}],"replies":[{"embeddable":true,"href":"https:\/\/donesesglesia.cat\/wp_cde\/wp-json\/wp\/v2\/comments?post=73"}],"version-history":[{"count":10,"href":"https:\/\/donesesglesia.cat\/wp_cde\/wp-json\/wp\/v2\/pages\/73\/revisions"}],"predecessor-version":[{"id":7566,"href":"https:\/\/donesesglesia.cat\/wp_cde\/wp-json\/wp\/v2\/pages\/73\/revisions\/7566"}],"wp:attachment":[{"href":"https:\/\/donesesglesia.cat\/wp_cde\/wp-json\/wp\/v2\/media?parent=73"}],"curies":[{"name":"wp","href":"https:\/\/api.w.org\/{rel}","templated":true}]}}