{"id":71,"date":"2011-04-28T10:17:31","date_gmt":"2011-04-28T10:17:31","guid":{"rendered":"http:\/\/donesesglesia.cat\/wp_cde\/?page_id=71"},"modified":"2017-01-07T20:35:33","modified_gmt":"2017-01-07T20:35:33","slug":"album-fotografic","status":"publish","type":"page","link":"https:\/\/donesesglesia.cat\/wp_cde\/album-fotografic\/","title":{"rendered":"\u00c0lbum fotogr\u00e0fic"},"content":{"rendered":" \n<!-- Start container 1 --><div id=\"wppa-modal-container-1\" class=\"wppa-modal-container\" style=\"position:relative;z-index:100000;\" data-wppa=\"yes\" ontouchmove=\"event.stopPropagation();\"><\/div><div id=\"wppa-container-wrapper-1\" class=\"alignnone wppa-container-wrapper \" style=\"width:100%;clear:both;padding:0;position:relative;\"><div id=\"wppa-container-1\" style=\"width:100%;\" class=\"wppa-container wppa-container-1 wppa-rev-9111001 wppa-prevrev-9109005 wppa-theme-9.1.11.001 wppa-api-9.1.11.001\"><svg id=\"wppa-ajax-spin-1\" class=\"wppa-ajax-spin uil-default\" width=\"120px\" height=\"120px\" viewBox=\"0 0 100 100\" preserveAspectRatio=\"xMidYMid\" stroke=\"\" style=\"width:120px; height:120px; position:fixed; top:50%; margin-top:-60px; left:50%; margin-left:-60px; opacity:1; display:none; fill:#666666; background-color:#dddddd; border-radius:24px;\"><rect x=\"0\" y=\"0\" width=\"100\" height=\"100\" fill=\"none\" class=\"bk\"><\/rect><rect class=\"wppa-ajaxspin\" x=\"47\" y=\"40\" width=\"6\" height=\"20\" rx=\"3\" ry=\"3\" transform=\"rotate(0 50 50) translate(0 -32)\"><animate attributeName=\"opacity\" from=\"1\" to=\"0\" dur=\"1.5s\" begin=\"0s\" repeatCount=\"indefinite\" ><\/rect><rect class=\"wppa-ajaxspin\" x=\"47\" y=\"40\" width=\"6\" height=\"20\" rx=\"3\" ry=\"3\" transform=\"rotate(22.5 50 50) translate(0 -32)\"><animate attributeName=\"opacity\" from=\"1\" to=\"0\" dur=\"1.5s\" begin=\"0.09375s\" repeatCount=\"indefinite\" ><\/rect><rect class=\"wppa-ajaxspin\" x=\"47\" y=\"40\" width=\"6\" height=\"20\" rx=\"3\" ry=\"3\" transform=\"rotate(45 50 50) translate(0 -32)\"><animate attributeName=\"opacity\" from=\"1\" to=\"0\" dur=\"1.5s\" begin=\"0.1875s\" repeatCount=\"indefinite\" ><\/rect><rect class=\"wppa-ajaxspin\" x=\"47\" y=\"40\" width=\"6\" height=\"20\" rx=\"3\" ry=\"3\" transform=\"rotate(67.5 50 50) translate(0 -32)\"><animate attributeName=\"opacity\" from=\"1\" to=\"0\" dur=\"1.5s\" begin=\"0.28125s\" repeatCount=\"indefinite\" ><\/rect><rect class=\"wppa-ajaxspin\" x=\"47\" y=\"40\" width=\"6\" height=\"20\" rx=\"3\" ry=\"3\" transform=\"rotate(90 50 50) translate(0 -32)\"><animate attributeName=\"opacity\" from=\"1\" to=\"0\" dur=\"1.5s\" begin=\"0.375s\" repeatCount=\"indefinite\" ><\/rect><rect class=\"wppa-ajaxspin\" x=\"47\" y=\"40\" width=\"6\" height=\"20\" rx=\"3\" ry=\"3\" transform=\"rotate(112.5 50 50) translate(0 -32)\"><animate attributeName=\"opacity\" from=\"1\" to=\"0\" dur=\"1.5s\" begin=\"0.46875s\" repeatCount=\"indefinite\" ><\/rect><rect class=\"wppa-ajaxspin\" x=\"47\" y=\"40\" width=\"6\" height=\"20\" rx=\"3\" ry=\"3\" transform=\"rotate(135 50 50) translate(0 -32)\"><animate attributeName=\"opacity\" from=\"1\" to=\"0\" dur=\"1.5s\" begin=\"0.5625s\" repeatCount=\"indefinite\" ><\/rect><rect class=\"wppa-ajaxspin\" x=\"47\" y=\"40\" width=\"6\" height=\"20\" rx=\"3\" ry=\"3\" transform=\"rotate(157.5 50 50) translate(0 -32)\"><animate attributeName=\"opacity\" from=\"1\" to=\"0\" dur=\"1.5s\" begin=\"0.65625s\" repeatCount=\"indefinite\" ><\/rect><rect class=\"wppa-ajaxspin\" x=\"47\" y=\"40\" width=\"6\" height=\"20\" rx=\"3\" ry=\"3\" transform=\"rotate(180 50 50) translate(0 -32)\"><animate attributeName=\"opacity\" from=\"1\" to=\"0\" dur=\"1.5s\" begin=\"0.75s\" repeatCount=\"indefinite\" ><\/rect><rect class=\"wppa-ajaxspin\" x=\"47\" y=\"40\" width=\"6\" height=\"20\" rx=\"3\" ry=\"3\" transform=\"rotate(202.5 50 50) translate(0 -32)\"><animate attributeName=\"opacity\" from=\"1\" to=\"0\" dur=\"1.5s\" begin=\"0.84375s\" repeatCount=\"indefinite\" ><\/rect><rect class=\"wppa-ajaxspin\" x=\"47\" y=\"40\" width=\"6\" height=\"20\" rx=\"3\" ry=\"3\" transform=\"rotate(225 50 50) translate(0 -32)\"><animate attributeName=\"opacity\" from=\"1\" to=\"0\" dur=\"1.5s\" begin=\"0.9375s\" repeatCount=\"indefinite\" ><\/rect><rect class=\"wppa-ajaxspin\" x=\"47\" y=\"40\" width=\"6\" height=\"20\" rx=\"3\" ry=\"3\" transform=\"rotate(247.5 50 50) translate(0 -32)\"><animate attributeName=\"opacity\" from=\"1\" to=\"0\" dur=\"1.5s\" begin=\"1.03125s\" repeatCount=\"indefinite\" ><\/rect><rect class=\"wppa-ajaxspin\" x=\"47\" y=\"40\" width=\"6\" height=\"20\" rx=\"3\" ry=\"3\" transform=\"rotate(270 50 50) translate(0 -32)\"><animate attributeName=\"opacity\" from=\"1\" to=\"0\" dur=\"1.5s\" begin=\"1.125s\" repeatCount=\"indefinite\" ><\/rect><rect class=\"wppa-ajaxspin\" x=\"47\" y=\"40\" width=\"6\" height=\"20\" rx=\"3\" ry=\"3\" transform=\"rotate(292.5 50 50) translate(0 -32)\"><animate attributeName=\"opacity\" from=\"1\" to=\"0\" dur=\"1.5s\" begin=\"1.21875s\" repeatCount=\"indefinite\" ><\/rect><rect class=\"wppa-ajaxspin\" x=\"47\" y=\"40\" width=\"6\" height=\"20\" rx=\"3\" ry=\"3\" transform=\"rotate(315 50 50) translate(0 -32)\"><animate attributeName=\"opacity\" from=\"1\" to=\"0\" dur=\"1.5s\" begin=\"1.3125s\" repeatCount=\"indefinite\" ><\/rect><rect class=\"wppa-ajaxspin\" x=\"47\" y=\"40\" width=\"6\" height=\"20\" rx=\"3\" ry=\"3\" transform=\"rotate(337.5 50 50) translate(0 -32)\"><animate attributeName=\"opacity\" from=\"1\" to=\"0\" dur=\"1.5s\" begin=\"1.40625s\" repeatCount=\"indefinite\" ><\/rect><\/svg><input type=\"hidden\" id=\"wppa-nonce-0-1\" name=\"wppa-nonce\" value=\"e47f3bf18d\" ><div id=\"wppa-bc-1\" class=\"wppa-nav wppa-box wppa-nav-text wppa-bc\" ><a href=\"https:\/\/donesesglesia.cat\/wp_cde#wppa-container-1\" class=\"wppa-nav-text b1\" style=\"cursor:pointer\" title=\"cde\">Home<\/a><span class=\"wppa-nav-text b1\"> &raquo; <\/span><span id=\"bc-pname-1\" class=\"wppa-nav-text b3\" style=\"cursor:pointer;\" title=\"Page: \u00c0lbum fotogr\u00e0fic\">\u00c0lbum fotogr\u00e0fic<\/span><div style=\"clear:both\"><\/div><\/div><div id=\"wppa-albumlist-1\" style=\"overflow:auto;\" class=\"albumlist\"><div id=\"album-55-1\" title=\"View the album 25N a Girona\" style=\"width:100%;clear:both;cursor:pointer;\" class=\"wppa-album-cover-standard album wppa-box wppa-cover-box wppa-cover-box-1\" onclick=\"wppaDoAjaxRender(event, 1, &#039;https:\/\/donesesglesia.cat\/wp_cde\/wp-json\/wp-photo-album-plus\/endPoint?action=wppa&wppa-action=render&wppa-size=640&wppa-occur=1&wppa-fromp=71&lang=ca&wppa-album=804bc8f7a88f1b4a&wppa-cover=0&data-alb=55&#039;, &#039;https:\/\/donesesglesia.cat\/wp_cde\/album-fotografic\/?wppa-occur=1&lang=ca&wppa-cover=0&wppa-album=804bc8f7a88f1b4a&data-alb=55&#039; )\"><div id=\"covertext_frame_55_1\" style=\"width:459px; float:left\" class=\"wppa-text-frame-1 wppa-text-frame wppa-cover-text-frame wppa-asym-text-frame-1\"><h2 style=\"clear:none\" class=\"wppa-title\"><a title=\"View the album 25N a Girona\" style=\"cursor:pointer\" class=\"wppa-title\" onclick=\"wppaDoAjaxRender(event, 1, &#039;https:\/\/donesesglesia.cat\/wp_cde\/wp-json\/wp-photo-album-plus\/endPoint?action=wppa&wppa-action=render&wppa-size=640&wppa-occur=1&wppa-fromp=71&lang=ca&wppa-album=804bc8f7a88f1b4a&wppa-cover=0&data-alb=55&#039;, &#039;https:\/\/donesesglesia.cat\/wp_cde\/album-fotografic\/?wppa-occur=1&lang=ca&wppa-cover=0&wppa-album=804bc8f7a88f1b4a&data-alb=55&#039; )\">25N a Girona<\/a><\/h2><div style=\"min-height:54px;\" class=\"wppa-box-text wppa-black wppa-box-text-desc\">Fotografies 25N a Girona ( cinema i exposici\u00f3 \"Dones Marcades\")<\/div><div class=\"wppa-box-text wppa-black wppa-info wppa-slideshow-browse-link wppa-album-cover-link\"><a title=\"Slideshow\" style=\"cursor:pointer\" class=\"wppa-album-cover-link\" onclick=\"wppaDoAjaxRender(event, 1, &#039;https:\/\/donesesglesia.cat\/wp_cde\/wp-json\/wp-photo-album-plus\/endPoint?action=wppa&wppa-action=render&wppa-size=640&wppa-occur=1&wppa-fromp=71&lang=ca&wppa-slide=1&wppa-album=804bc8f7a88f1b4a&#039;, &#039;https:\/\/donesesglesia.cat\/wp_cde\/album-fotografic\/?wppa-occur=1&lang=ca&wppa-slide=1&wppa-album=804bc8f7a88f1b4a&#039; )\">Slideshow<\/a><\/div><div class=\"wppa-box-text wppa-black wppa-info wppa-viewlink wppa-album-cover-link\"><a title=\"View the album 25N a Girona\" style=\"cursor:pointer;\" class=\"wppa-album-cover-link\" onclick=\"wppaDoAjaxRender(event, 1, &#039;https:\/\/donesesglesia.cat\/wp_cde\/wp-json\/wp-photo-album-plus\/endPoint?action=wppa&wppa-action=render&wppa-size=640&wppa-occur=1&wppa-fromp=71&lang=ca&wppa-album=804bc8f7a88f1b4a&wppa-cover=0&data-alb=55&#039;, &#039;https:\/\/donesesglesia.cat\/wp_cde\/album-fotografic\/?wppa-occur=1&lang=ca&wppa-cover=0&wppa-album=804bc8f7a88f1b4a&data-alb=55&#039; )\">View&nbsp;3&nbsp;photos<\/a><\/div><\/div><div id=\"coverphoto_frame_55_1\" style=\"float:right; margin-left:5px;width:160px;\" class=\"coverphoto-frame\"><div title=\" \" style=\"display:inline-block;margin:0 4px;\" onclick=\"wppaStopProp(event)\"><a title=\"View the album 25N a Girona\" style=\"border:0;color:transparent;cursor:pointer;\" target=\"_self\" onclick=\"wppaDoAjaxRender(event, 1, &#039;https:\/\/donesesglesia.cat\/wp_cde\/wp-json\/wp-photo-album-plus\/endPoint?action=wppa&wppa-action=render&wppa-size=640&wppa-occur=1&wppa-fromp=71&lang=ca&wppa-album=804bc8f7a88f1b4a&wppa-cover=0&data-alb=55&#039;, &#039;https:\/\/donesesglesia.cat\/wp_cde\/album-fotografic\/?wppa-occur=1&lang=ca&wppa-cover=0&wppa-album=804bc8f7a88f1b4a&data-alb=55&#039; )\"><img decoding=\"async\" style=\"border-width:0px;width:150px;height:120px;opacity:0.85;display:inline;\" src=\"https:\/\/donesesglesia.cat\/wp_cde\/wp-content\/uploads\/wppa\/thumbs\/458.jpg?ver=1\" alt=\"25N_girona03.jpg\" class=\"image wppa-img\" onmouseover=\"jQuery(this).fadeTo(400, 1.0)\" onmouseout=\"jQuery(this).fadeTo(400,0.85)\"><\/a><\/div><\/div><div title=\" \" onclick=\"wppaStopProp(event);\"><\/div><div style=\"clear:both;\"><\/div><\/div><div id=\"album-54-1\" title=\"View the album Dia de la Dona 2021 (Girona)\" style=\"width:100%;float:right;cursor:pointer;\" class=\"wppa-album-cover-standard album wppa-box wppa-cover-box wppa-cover-box-1\" onclick=\"wppaDoAjaxRender(event, 1, &#039;https:\/\/donesesglesia.cat\/wp_cde\/wp-json\/wp-photo-album-plus\/endPoint?action=wppa&wppa-action=render&wppa-size=640&wppa-occur=1&wppa-fromp=71&lang=ca&wppa-album=2b7dca435b2cf418&wppa-cover=0&data-alb=54&#039;, &#039;https:\/\/donesesglesia.cat\/wp_cde\/album-fotografic\/?wppa-occur=1&lang=ca&wppa-cover=0&wppa-album=2b7dca435b2cf418&data-alb=54&#039; )\"><div id=\"covertext_frame_54_1\" style=\"width:459px; float:left\" class=\"wppa-text-frame-1 wppa-text-frame wppa-cover-text-frame wppa-asym-text-frame-1\"><h2 style=\"clear:none\" class=\"wppa-title\"><a title=\"View the album Dia de la Dona 2021 (Girona)\" style=\"cursor:pointer\" class=\"wppa-title\" onclick=\"wppaDoAjaxRender(event, 1, &#039;https:\/\/donesesglesia.cat\/wp_cde\/wp-json\/wp-photo-album-plus\/endPoint?action=wppa&wppa-action=render&wppa-size=640&wppa-occur=1&wppa-fromp=71&lang=ca&wppa-album=2b7dca435b2cf418&wppa-cover=0&data-alb=54&#039;, &#039;https:\/\/donesesglesia.cat\/wp_cde\/album-fotografic\/?wppa-occur=1&lang=ca&wppa-cover=0&wppa-album=2b7dca435b2cf418&data-alb=54&#039; )\">Dia de la Dona 2021 (Girona)<\/a><\/h2><div style=\"min-height:54px;\" class=\"wppa-box-text wppa-black wppa-box-text-desc\">Decoraci\u00f3 del vest\u00edbul del Centre C\u00edvic Pla de Palau de Girona com a homenatge a les dones treballadores que han dedicat l'any a les cures durant la pand\u00e8mia.<\/div><div class=\"wppa-box-text wppa-black wppa-info wppa-slideshow-browse-link wppa-album-cover-link\"><a title=\"Slideshow\" style=\"cursor:pointer\" class=\"wppa-album-cover-link\" onclick=\"wppaDoAjaxRender(event, 1, &#039;https:\/\/donesesglesia.cat\/wp_cde\/wp-json\/wp-photo-album-plus\/endPoint?action=wppa&wppa-action=render&wppa-size=640&wppa-occur=1&wppa-fromp=71&lang=ca&wppa-slide=1&wppa-album=2b7dca435b2cf418&#039;, &#039;https:\/\/donesesglesia.cat\/wp_cde\/album-fotografic\/?wppa-occur=1&lang=ca&wppa-slide=1&wppa-album=2b7dca435b2cf418&#039; )\">Slideshow<\/a><\/div><div class=\"wppa-box-text wppa-black wppa-info wppa-viewlink wppa-album-cover-link\"><a title=\"View the album Dia de la Dona 2021 (Girona)\" style=\"cursor:pointer;\" class=\"wppa-album-cover-link\" onclick=\"wppaDoAjaxRender(event, 1, &#039;https:\/\/donesesglesia.cat\/wp_cde\/wp-json\/wp-photo-album-plus\/endPoint?action=wppa&wppa-action=render&wppa-size=640&wppa-occur=1&wppa-fromp=71&lang=ca&wppa-album=2b7dca435b2cf418&wppa-cover=0&data-alb=54&#039;, &#039;https:\/\/donesesglesia.cat\/wp_cde\/album-fotografic\/?wppa-occur=1&lang=ca&wppa-cover=0&wppa-album=2b7dca435b2cf418&data-alb=54&#039; )\">View&nbsp;4&nbsp;photos<\/a><\/div><\/div><div id=\"coverphoto_frame_54_1\" style=\"float:right; margin-left:5px;width:160px;\" class=\"coverphoto-frame\"><div title=\" \" style=\"display:inline-block;margin:0 4px;\" onclick=\"wppaStopProp(event)\"><a title=\"View the album Dia de la Dona 2021 (Girona)\" style=\"border:0;color:transparent;cursor:pointer;\" target=\"_self\" onclick=\"wppaDoAjaxRender(event, 1, &#039;https:\/\/donesesglesia.cat\/wp_cde\/wp-json\/wp-photo-album-plus\/endPoint?action=wppa&wppa-action=render&wppa-size=640&wppa-occur=1&wppa-fromp=71&lang=ca&wppa-album=2b7dca435b2cf418&wppa-cover=0&data-alb=54&#039;, &#039;https:\/\/donesesglesia.cat\/wp_cde\/album-fotografic\/?wppa-occur=1&lang=ca&wppa-cover=0&wppa-album=2b7dca435b2cf418&data-alb=54&#039; )\"><img decoding=\"async\" style=\"border-width:0px;width:150px;height:100px;opacity:0.85;display:inline;\" src=\"https:\/\/donesesglesia.cat\/wp_cde\/wp-content\/uploads\/wppa\/thumbs\/453.jpg?ver=1\" alt=\"vestibul_dia-dones_02.jpg\" class=\"image wppa-img\" onmouseover=\"jQuery(this).fadeTo(400, 1.0)\" onmouseout=\"jQuery(this).fadeTo(400,0.85)\"><\/a><\/div><\/div><div title=\" \" onclick=\"wppaStopProp(event);\"><\/div><div style=\"clear:both;\"><\/div><\/div><div id=\"album-53-1\" title=\"View the album Reuni\u00f3 de Grup. CDE Girona (15 de setembre, 2020)\" style=\"width:100%;float:right;cursor:pointer;\" class=\"wppa-album-cover-standard album wppa-box wppa-cover-box wppa-cover-box-1\" onclick=\"wppaDoAjaxRender(event, 1, &#039;https:\/\/donesesglesia.cat\/wp_cde\/wp-json\/wp-photo-album-plus\/endPoint?action=wppa&wppa-action=render&wppa-size=640&wppa-occur=1&wppa-fromp=71&lang=ca&wppa-album=252b4545cb4950e8&wppa-cover=0&data-alb=53&#039;, &#039;https:\/\/donesesglesia.cat\/wp_cde\/album-fotografic\/?wppa-occur=1&lang=ca&wppa-cover=0&wppa-album=252b4545cb4950e8&data-alb=53&#039; )\"><div id=\"covertext_frame_53_1\" style=\"width:459px; float:left\" class=\"wppa-text-frame-1 wppa-text-frame wppa-cover-text-frame wppa-asym-text-frame-1\"><h2 style=\"clear:none\" class=\"wppa-title\"><a title=\"View the album Reuni\u00f3 de Grup. CDE Girona (15 de setembre, 2020)\" style=\"cursor:pointer\" class=\"wppa-title\" onclick=\"wppaDoAjaxRender(event, 1, &#039;https:\/\/donesesglesia.cat\/wp_cde\/wp-json\/wp-photo-album-plus\/endPoint?action=wppa&wppa-action=render&wppa-size=640&wppa-occur=1&wppa-fromp=71&lang=ca&wppa-album=252b4545cb4950e8&wppa-cover=0&data-alb=53&#039;, &#039;https:\/\/donesesglesia.cat\/wp_cde\/album-fotografic\/?wppa-occur=1&lang=ca&wppa-cover=0&wppa-album=252b4545cb4950e8&data-alb=53&#039; )\">Reuni\u00f3 de Grup. CDE Girona (15 de setembre, 2020)<\/a><\/h2><div style=\"min-height:54px;\" class=\"wppa-box-text wppa-black wppa-box-text-desc\"><\/div><div class=\"wppa-box-text wppa-black wppa-info wppa-slideshow-browse-link wppa-album-cover-link\"><a title=\"Slideshow\" style=\"cursor:pointer\" class=\"wppa-album-cover-link\" onclick=\"wppaDoAjaxRender(event, 1, &#039;https:\/\/donesesglesia.cat\/wp_cde\/wp-json\/wp-photo-album-plus\/endPoint?action=wppa&wppa-action=render&wppa-size=640&wppa-occur=1&wppa-fromp=71&lang=ca&wppa-slide=1&wppa-album=252b4545cb4950e8&#039;, &#039;https:\/\/donesesglesia.cat\/wp_cde\/album-fotografic\/?wppa-occur=1&lang=ca&wppa-slide=1&wppa-album=252b4545cb4950e8&#039; )\">Slideshow<\/a><\/div><div class=\"wppa-box-text wppa-black wppa-info wppa-viewlink wppa-album-cover-link\"><a title=\"View the album Reuni\u00f3 de Grup. CDE Girona (15 de setembre, 2020)\" style=\"cursor:pointer;\" class=\"wppa-album-cover-link\" onclick=\"wppaDoAjaxRender(event, 1, &#039;https:\/\/donesesglesia.cat\/wp_cde\/wp-json\/wp-photo-album-plus\/endPoint?action=wppa&wppa-action=render&wppa-size=640&wppa-occur=1&wppa-fromp=71&lang=ca&wppa-album=252b4545cb4950e8&wppa-cover=0&data-alb=53&#039;, &#039;https:\/\/donesesglesia.cat\/wp_cde\/album-fotografic\/?wppa-occur=1&lang=ca&wppa-cover=0&wppa-album=252b4545cb4950e8&data-alb=53&#039; )\">View&nbsp;2&nbsp;photos<\/a><\/div><\/div><div id=\"coverphoto_frame_53_1\" style=\"float:right; margin-left:5px;width:160px;\" class=\"coverphoto-frame\"><div title=\" \" style=\"display:inline-block;margin:0 4px;\" onclick=\"wppaStopProp(event)\"><a title=\"View the album Reuni\u00f3 de Grup. CDE Girona (15 de setembre, 2020)\" style=\"border:0;color:transparent;cursor:pointer;\" target=\"_self\" onclick=\"wppaDoAjaxRender(event, 1, &#039;https:\/\/donesesglesia.cat\/wp_cde\/wp-json\/wp-photo-album-plus\/endPoint?action=wppa&wppa-action=render&wppa-size=640&wppa-occur=1&wppa-fromp=71&lang=ca&wppa-album=252b4545cb4950e8&wppa-cover=0&data-alb=53&#039;, &#039;https:\/\/donesesglesia.cat\/wp_cde\/album-fotografic\/?wppa-occur=1&lang=ca&wppa-cover=0&wppa-album=252b4545cb4950e8&data-alb=53&#039; )\"><img decoding=\"async\" style=\"border-width:0px;width:150px;height:113px;opacity:0.85;display:inline;\" src=\"https:\/\/donesesglesia.cat\/wp_cde\/wp-content\/uploads\/wppa\/thumbs\/451.jpg?ver=1\" alt=\"reunio-girona_2021_02.jpg\" class=\"image wppa-img\" onmouseover=\"jQuery(this).fadeTo(400, 1.0)\" onmouseout=\"jQuery(this).fadeTo(400,0.85)\"><\/a><\/div><\/div><div title=\" \" onclick=\"wppaStopProp(event);\"><\/div><div style=\"clear:both;\"><\/div><\/div><div id=\"album-52-1\" title=\"View the album Celebraci\u00f3 de la festivitat de Maria de Magdala (Girona, 25 de juliol de 2020)\" style=\"width:100%;float:right;cursor:pointer;\" class=\"wppa-album-cover-standard album wppa-box wppa-cover-box wppa-cover-box-1\" onclick=\"wppaDoAjaxRender(event, 1, &#039;https:\/\/donesesglesia.cat\/wp_cde\/wp-json\/wp-photo-album-plus\/endPoint?action=wppa&wppa-action=render&wppa-size=640&wppa-occur=1&wppa-fromp=71&lang=ca&wppa-album=d67bc7b00cc02b88&wppa-cover=0&data-alb=52&#039;, &#039;https:\/\/donesesglesia.cat\/wp_cde\/album-fotografic\/?wppa-occur=1&lang=ca&wppa-cover=0&wppa-album=d67bc7b00cc02b88&data-alb=52&#039; )\"><div id=\"covertext_frame_52_1\" style=\"width:459px; float:left\" class=\"wppa-text-frame-1 wppa-text-frame wppa-cover-text-frame wppa-asym-text-frame-1\"><h2 style=\"clear:none\" class=\"wppa-title\"><a title=\"View the album Celebraci\u00f3 de la festivitat de Maria de Magdala (Girona, 25 de juliol de 2020)\" style=\"cursor:pointer\" class=\"wppa-title\" onclick=\"wppaDoAjaxRender(event, 1, &#039;https:\/\/donesesglesia.cat\/wp_cde\/wp-json\/wp-photo-album-plus\/endPoint?action=wppa&wppa-action=render&wppa-size=640&wppa-occur=1&wppa-fromp=71&lang=ca&wppa-album=d67bc7b00cc02b88&wppa-cover=0&data-alb=52&#039;, &#039;https:\/\/donesesglesia.cat\/wp_cde\/album-fotografic\/?wppa-occur=1&lang=ca&wppa-cover=0&wppa-album=d67bc7b00cc02b88&data-alb=52&#039; )\">Celebraci\u00f3 de la festivitat de Maria de Magdala (Girona, 25 de juliol de 2020)<\/a><\/h2><div style=\"min-height:54px;\" class=\"wppa-box-text wppa-black wppa-box-text-desc\">Celebraci\u00f3 de la festivitat de Maria de Magdala a l\u2019aire lliure, amb mascaretes: trobada per celebrar la nostra patrona, Maria de Magdala, amb un brindis i una magdalena, al Parc Migdia.<\/div><div class=\"wppa-box-text wppa-black wppa-info wppa-slideshow-browse-link wppa-album-cover-link\"><a title=\"Slideshow\" style=\"cursor:pointer\" class=\"wppa-album-cover-link\" onclick=\"wppaDoAjaxRender(event, 1, &#039;https:\/\/donesesglesia.cat\/wp_cde\/wp-json\/wp-photo-album-plus\/endPoint?action=wppa&wppa-action=render&wppa-size=640&wppa-occur=1&wppa-fromp=71&lang=ca&wppa-slide=1&wppa-album=d67bc7b00cc02b88&#039;, &#039;https:\/\/donesesglesia.cat\/wp_cde\/album-fotografic\/?wppa-occur=1&lang=ca&wppa-slide=1&wppa-album=d67bc7b00cc02b88&#039; )\">Slideshow<\/a><\/div><div class=\"wppa-box-text wppa-black wppa-info wppa-viewlink wppa-album-cover-link\"><a title=\"View the album Celebraci\u00f3 de la festivitat de Maria de Magdala (Girona, 25 de juliol de 2020)\" style=\"cursor:pointer;\" class=\"wppa-album-cover-link\" onclick=\"wppaDoAjaxRender(event, 1, &#039;https:\/\/donesesglesia.cat\/wp_cde\/wp-json\/wp-photo-album-plus\/endPoint?action=wppa&wppa-action=render&wppa-size=640&wppa-occur=1&wppa-fromp=71&lang=ca&wppa-album=d67bc7b00cc02b88&wppa-cover=0&data-alb=52&#039;, &#039;https:\/\/donesesglesia.cat\/wp_cde\/album-fotografic\/?wppa-occur=1&lang=ca&wppa-cover=0&wppa-album=d67bc7b00cc02b88&data-alb=52&#039; )\">View&nbsp;3&nbsp;photos<\/a><\/div><\/div><div id=\"coverphoto_frame_52_1\" style=\"float:right; margin-left:5px;width:160px;\" class=\"coverphoto-frame\"><div title=\" \" style=\"display:inline-block;margin:0 4px;\" onclick=\"wppaStopProp(event)\"><a title=\"View the album Celebraci\u00f3 de la festivitat de Maria de Magdala (Girona, 25 de juliol de 2020)\" style=\"border:0;color:transparent;cursor:pointer;\" target=\"_self\" onclick=\"wppaDoAjaxRender(event, 1, &#039;https:\/\/donesesglesia.cat\/wp_cde\/wp-json\/wp-photo-album-plus\/endPoint?action=wppa&wppa-action=render&wppa-size=640&wppa-occur=1&wppa-fromp=71&lang=ca&wppa-album=d67bc7b00cc02b88&wppa-cover=0&data-alb=52&#039;, &#039;https:\/\/donesesglesia.cat\/wp_cde\/album-fotografic\/?wppa-occur=1&lang=ca&wppa-cover=0&wppa-album=d67bc7b00cc02b88&data-alb=52&#039; )\"><img decoding=\"async\" style=\"border-width:0px;width:150px;height:113px;opacity:0.85;display:inline;\" src=\"https:\/\/donesesglesia.cat\/wp_cde\/wp-content\/uploads\/wppa\/thumbs\/447.jpg?ver=1\" alt=\"maria-magdala_2020_01.jpg\" class=\"image wppa-img\" onmouseover=\"jQuery(this).fadeTo(400, 1.0)\" onmouseout=\"jQuery(this).fadeTo(400,0.85)\"><\/a><\/div><\/div><div title=\" \" onclick=\"wppaStopProp(event);\"><\/div><div style=\"clear:both;\"><\/div><\/div><div id=\"album-51-1\" title=\"View the album II Seminari de Formaci\u00f3 (8 de febrer, 2018)\" style=\"width:100%;float:right;cursor:pointer;\" class=\"wppa-album-cover-standard album wppa-box wppa-cover-box wppa-cover-box-1\" onclick=\"wppaDoAjaxRender(event, 1, &#039;https:\/\/donesesglesia.cat\/wp_cde\/wp-json\/wp-photo-album-plus\/endPoint?action=wppa&wppa-action=render&wppa-size=640&wppa-occur=1&wppa-fromp=71&lang=ca&wppa-album=bfeb369d6a9b53a7&wppa-cover=0&data-alb=51&#039;, &#039;https:\/\/donesesglesia.cat\/wp_cde\/album-fotografic\/?wppa-occur=1&lang=ca&wppa-cover=0&wppa-album=bfeb369d6a9b53a7&data-alb=51&#039; )\"><div id=\"covertext_frame_51_1\" style=\"width:459px; float:left\" class=\"wppa-text-frame-1 wppa-text-frame wppa-cover-text-frame wppa-asym-text-frame-1\"><h2 style=\"clear:none\" class=\"wppa-title\"><a title=\"View the album II Seminari de Formaci\u00f3 (8 de febrer, 2018)\" style=\"cursor:pointer\" class=\"wppa-title\" onclick=\"wppaDoAjaxRender(event, 1, &#039;https:\/\/donesesglesia.cat\/wp_cde\/wp-json\/wp-photo-album-plus\/endPoint?action=wppa&wppa-action=render&wppa-size=640&wppa-occur=1&wppa-fromp=71&lang=ca&wppa-album=bfeb369d6a9b53a7&wppa-cover=0&data-alb=51&#039;, &#039;https:\/\/donesesglesia.cat\/wp_cde\/album-fotografic\/?wppa-occur=1&lang=ca&wppa-cover=0&wppa-album=bfeb369d6a9b53a7&data-alb=51&#039; )\">II Seminari de Formaci\u00f3 (8 de febrer, 2018)<\/a><\/h2><div style=\"min-height:54px;\" class=\"wppa-box-text wppa-black wppa-box-text-desc\">Seminari de formaci\u00f3 a c\u00e0rrec de Christina Moreira V\u00e1zquez, te\u00f2loga feminista. L\u2019ordenaci\u00f3 femenina des de la perspectiva feminista. Dilluns 5 de febrer del 2018<\/div><div class=\"wppa-box-text wppa-black wppa-info wppa-slideshow-browse-link wppa-album-cover-link\"><a title=\"Slideshow\" style=\"cursor:pointer\" class=\"wppa-album-cover-link\" onclick=\"wppaDoAjaxRender(event, 1, &#039;https:\/\/donesesglesia.cat\/wp_cde\/wp-json\/wp-photo-album-plus\/endPoint?action=wppa&wppa-action=render&wppa-size=640&wppa-occur=1&wppa-fromp=71&lang=ca&wppa-slide=1&wppa-album=bfeb369d6a9b53a7&#039;, &#039;https:\/\/donesesglesia.cat\/wp_cde\/album-fotografic\/?wppa-occur=1&lang=ca&wppa-slide=1&wppa-album=bfeb369d6a9b53a7&#039; )\">Slideshow<\/a><\/div><div class=\"wppa-box-text wppa-black wppa-info wppa-viewlink wppa-album-cover-link\"><a title=\"View the album II Seminari de Formaci\u00f3 (8 de febrer, 2018)\" style=\"cursor:pointer;\" class=\"wppa-album-cover-link\" onclick=\"wppaDoAjaxRender(event, 1, &#039;https:\/\/donesesglesia.cat\/wp_cde\/wp-json\/wp-photo-album-plus\/endPoint?action=wppa&wppa-action=render&wppa-size=640&wppa-occur=1&wppa-fromp=71&lang=ca&wppa-album=bfeb369d6a9b53a7&wppa-cover=0&data-alb=51&#039;, &#039;https:\/\/donesesglesia.cat\/wp_cde\/album-fotografic\/?wppa-occur=1&lang=ca&wppa-cover=0&wppa-album=bfeb369d6a9b53a7&data-alb=51&#039; )\">View&nbsp;6&nbsp;photos<\/a><\/div><\/div><div id=\"coverphoto_frame_51_1\" style=\"float:right; margin-left:5px;width:160px;\" class=\"coverphoto-frame\"><div title=\" \" style=\"display:inline-block;margin:0 4px;\" onclick=\"wppaStopProp(event)\"><a title=\"View the album II Seminari de Formaci\u00f3 (8 de febrer, 2018)\" style=\"border:0;color:transparent;cursor:pointer;\" target=\"_self\" onclick=\"wppaDoAjaxRender(event, 1, &#039;https:\/\/donesesglesia.cat\/wp_cde\/wp-json\/wp-photo-album-plus\/endPoint?action=wppa&wppa-action=render&wppa-size=640&wppa-occur=1&wppa-fromp=71&lang=ca&wppa-album=bfeb369d6a9b53a7&wppa-cover=0&data-alb=51&#039;, &#039;https:\/\/donesesglesia.cat\/wp_cde\/album-fotografic\/?wppa-occur=1&lang=ca&wppa-cover=0&wppa-album=bfeb369d6a9b53a7&data-alb=51&#039; )\"><img decoding=\"async\" style=\"border-width:0px;width:150px;height:75px;opacity:0.85;display:inline;\" src=\"https:\/\/donesesglesia.cat\/wp_cde\/wp-content\/uploads\/wppa\/thumbs\/443.jpg?ver=1\" alt=\"christina-moreira03.jpg\" class=\"image wppa-img\" onmouseover=\"jQuery(this).fadeTo(400, 1.0)\" onmouseout=\"jQuery(this).fadeTo(400,0.85)\"><\/a><\/div><\/div><div title=\" \" onclick=\"wppaStopProp(event);\"><\/div><div style=\"clear:both;\"><\/div><\/div><div id=\"album-50-1\" title=\"View the album Conversa amb Birgit Weiler (8 d&#039;bril, 2017)\" style=\"width:100%;float:right;cursor:pointer;\" class=\"wppa-album-cover-standard album wppa-box wppa-cover-box wppa-cover-box-1\" onclick=\"wppaDoAjaxRender(event, 1, &#039;https:\/\/donesesglesia.cat\/wp_cde\/wp-json\/wp-photo-album-plus\/endPoint?action=wppa&wppa-action=render&wppa-size=640&wppa-occur=1&wppa-fromp=71&lang=ca&wppa-album=142b481cabc24f5c&wppa-cover=0&data-alb=50&#039;, &#039;https:\/\/donesesglesia.cat\/wp_cde\/album-fotografic\/?wppa-occur=1&lang=ca&wppa-cover=0&wppa-album=142b481cabc24f5c&data-alb=50&#039; )\"><div id=\"covertext_frame_50_1\" style=\"width:459px; float:left\" class=\"wppa-text-frame-1 wppa-text-frame wppa-cover-text-frame wppa-asym-text-frame-1\"><h2 style=\"clear:none\" class=\"wppa-title\"><a title=\"View the album Conversa amb Birgit Weiler (8 d&#039;bril, 2017)\" style=\"cursor:pointer\" class=\"wppa-title\" onclick=\"wppaDoAjaxRender(event, 1, &#039;https:\/\/donesesglesia.cat\/wp_cde\/wp-json\/wp-photo-album-plus\/endPoint?action=wppa&wppa-action=render&wppa-size=640&wppa-occur=1&wppa-fromp=71&lang=ca&wppa-album=142b481cabc24f5c&wppa-cover=0&data-alb=50&#039;, &#039;https:\/\/donesesglesia.cat\/wp_cde\/album-fotografic\/?wppa-occur=1&lang=ca&wppa-cover=0&wppa-album=142b481cabc24f5c&data-alb=50&#039; )\">Conversa amb Birgit Weiler (8 d'bril, 2017)<\/a><\/h2><div style=\"min-height:54px;\" class=\"wppa-box-text wppa-black wppa-box-text-desc\">Birgit Weiler, alemanya, misionera m\u00e8dica, va parlar de la seva experi\u00e8ncia del treball compartit amb el bisbe Casald\u00e0liga al Brasil.<\/div><div class=\"wppa-box-text wppa-black wppa-info wppa-slideshow-browse-link wppa-album-cover-link\"><a title=\"Slideshow\" style=\"cursor:pointer\" class=\"wppa-album-cover-link\" onclick=\"wppaDoAjaxRender(event, 1, &#039;https:\/\/donesesglesia.cat\/wp_cde\/wp-json\/wp-photo-album-plus\/endPoint?action=wppa&wppa-action=render&wppa-size=640&wppa-occur=1&wppa-fromp=71&lang=ca&wppa-slide=1&wppa-album=142b481cabc24f5c&#039;, &#039;https:\/\/donesesglesia.cat\/wp_cde\/album-fotografic\/?wppa-occur=1&lang=ca&wppa-slide=1&wppa-album=142b481cabc24f5c&#039; )\">Slideshow<\/a><\/div><div class=\"wppa-box-text wppa-black wppa-info wppa-viewlink wppa-album-cover-link\"><a title=\"View the album Conversa amb Birgit Weiler (8 d\\&#039;bril, 2017)\" style=\"cursor:pointer;\" class=\"wppa-album-cover-link\" onclick=\"wppaDoAjaxRender(event, 1, &#039;https:\/\/donesesglesia.cat\/wp_cde\/wp-json\/wp-photo-album-plus\/endPoint?action=wppa&wppa-action=render&wppa-size=640&wppa-occur=1&wppa-fromp=71&lang=ca&wppa-album=142b481cabc24f5c&wppa-cover=0&data-alb=50&#039;, &#039;https:\/\/donesesglesia.cat\/wp_cde\/album-fotografic\/?wppa-occur=1&lang=ca&wppa-cover=0&wppa-album=142b481cabc24f5c&data-alb=50&#039; )\">View&nbsp;3&nbsp;photos<\/a><\/div><\/div><div id=\"coverphoto_frame_50_1\" style=\"float:right; margin-left:5px;width:160px;\" class=\"coverphoto-frame\"><div title=\" \" style=\"display:inline-block;margin:0 4px;\" onclick=\"wppaStopProp(event)\"><a title=\"View the album Conversa amb Birgit Weiler (8 d&#039;bril, 2017)\" style=\"border:0;color:transparent;cursor:pointer;\" target=\"_self\" onclick=\"wppaDoAjaxRender(event, 1, &#039;https:\/\/donesesglesia.cat\/wp_cde\/wp-json\/wp-photo-album-plus\/endPoint?action=wppa&wppa-action=render&wppa-size=640&wppa-occur=1&wppa-fromp=71&lang=ca&wppa-album=142b481cabc24f5c&wppa-cover=0&data-alb=50&#039;, &#039;https:\/\/donesesglesia.cat\/wp_cde\/album-fotografic\/?wppa-occur=1&lang=ca&wppa-cover=0&wppa-album=142b481cabc24f5c&data-alb=50&#039; )\"><img decoding=\"async\" style=\"border-width:0px;width:150px;height:81px;opacity:0.85;display:inline;\" src=\"https:\/\/donesesglesia.cat\/wp_cde\/wp-content\/uploads\/wppa\/thumbs\/440.jpg?ver=1\" alt=\"birgit-weiler_03.jpg\" class=\"image wppa-img\" onmouseover=\"jQuery(this).fadeTo(400, 1.0)\" onmouseout=\"jQuery(this).fadeTo(400,0.85)\"><\/a><\/div><\/div><div title=\" \" onclick=\"wppaStopProp(event);\"><\/div><div style=\"clear:both;\"><\/div><\/div><div id=\"album-48-1\" title=\"View the album Celebraci\u00f3 91 anys de la Maria (26 de maig, 2015)\" style=\"width:100%;float:right;cursor:pointer;\" class=\"wppa-album-cover-standard album wppa-box wppa-cover-box wppa-cover-box-1\" onclick=\"wppaDoAjaxRender(event, 1, &#039;https:\/\/donesesglesia.cat\/wp_cde\/wp-json\/wp-photo-album-plus\/endPoint?action=wppa&wppa-action=render&wppa-size=640&wppa-occur=1&wppa-fromp=71&lang=ca&wppa-album=688322957e9b0bc8&wppa-cover=0&data-alb=48&#039;, &#039;https:\/\/donesesglesia.cat\/wp_cde\/album-fotografic\/?wppa-occur=1&lang=ca&wppa-cover=0&wppa-album=688322957e9b0bc8&data-alb=48&#039; )\"><div id=\"covertext_frame_48_1\" style=\"width:459px; float:left\" class=\"wppa-text-frame-1 wppa-text-frame wppa-cover-text-frame wppa-asym-text-frame-1\"><h2 style=\"clear:none\" class=\"wppa-title\"><a title=\"View the album Celebraci\u00f3 91 anys de la Maria (26 de maig, 2015)\" style=\"cursor:pointer\" class=\"wppa-title\" onclick=\"wppaDoAjaxRender(event, 1, &#039;https:\/\/donesesglesia.cat\/wp_cde\/wp-json\/wp-photo-album-plus\/endPoint?action=wppa&wppa-action=render&wppa-size=640&wppa-occur=1&wppa-fromp=71&lang=ca&wppa-album=688322957e9b0bc8&wppa-cover=0&data-alb=48&#039;, &#039;https:\/\/donesesglesia.cat\/wp_cde\/album-fotografic\/?wppa-occur=1&lang=ca&wppa-cover=0&wppa-album=688322957e9b0bc8&data-alb=48&#039; )\">Celebraci\u00f3 91 anys de la Maria (26 de maig, 2015)<\/a><\/h2><div style=\"min-height:54px;\" class=\"wppa-box-text wppa-black wppa-box-text-desc\">Celebraci\u00f3 de la l'aniversari de la companya m\u00e9s gran de Girona<\/div><div class=\"wppa-box-text wppa-black wppa-info wppa-slideshow-browse-link wppa-album-cover-link\"><a title=\"Slideshow\" style=\"cursor:pointer\" class=\"wppa-album-cover-link\" onclick=\"wppaDoAjaxRender(event, 1, &#039;https:\/\/donesesglesia.cat\/wp_cde\/wp-json\/wp-photo-album-plus\/endPoint?action=wppa&wppa-action=render&wppa-size=640&wppa-occur=1&wppa-fromp=71&lang=ca&wppa-slide=1&wppa-album=688322957e9b0bc8&#039;, &#039;https:\/\/donesesglesia.cat\/wp_cde\/album-fotografic\/?wppa-occur=1&lang=ca&wppa-slide=1&wppa-album=688322957e9b0bc8&#039; )\">Slideshow<\/a><\/div><div class=\"wppa-box-text wppa-black wppa-info wppa-viewlink wppa-album-cover-link\"><a title=\"View the album Celebraci\u00f3 91 anys de la Maria (26 de maig, 2015)\" style=\"cursor:pointer;\" class=\"wppa-album-cover-link\" onclick=\"wppaDoAjaxRender(event, 1, &#039;https:\/\/donesesglesia.cat\/wp_cde\/wp-json\/wp-photo-album-plus\/endPoint?action=wppa&wppa-action=render&wppa-size=640&wppa-occur=1&wppa-fromp=71&lang=ca&wppa-album=688322957e9b0bc8&wppa-cover=0&data-alb=48&#039;, &#039;https:\/\/donesesglesia.cat\/wp_cde\/album-fotografic\/?wppa-occur=1&lang=ca&wppa-cover=0&wppa-album=688322957e9b0bc8&data-alb=48&#039; )\">View&nbsp;2&nbsp;photos<\/a><\/div><\/div><div id=\"coverphoto_frame_48_1\" style=\"float:right; margin-left:5px;width:160px;\" class=\"coverphoto-frame\"><div title=\" \" style=\"display:inline-block;margin:0 4px;\" onclick=\"wppaStopProp(event)\"><a title=\"View the album Celebraci\u00f3 91 anys de la Maria (26 de maig, 2015)\" style=\"border:0;color:transparent;cursor:pointer;\" target=\"_self\" onclick=\"wppaDoAjaxRender(event, 1, &#039;https:\/\/donesesglesia.cat\/wp_cde\/wp-json\/wp-photo-album-plus\/endPoint?action=wppa&wppa-action=render&wppa-size=640&wppa-occur=1&wppa-fromp=71&lang=ca&wppa-album=688322957e9b0bc8&wppa-cover=0&data-alb=48&#039;, &#039;https:\/\/donesesglesia.cat\/wp_cde\/album-fotografic\/?wppa-occur=1&lang=ca&wppa-cover=0&wppa-album=688322957e9b0bc8&data-alb=48&#039; )\"><img decoding=\"async\" style=\"border-width:0px;width:150px;height:87px;opacity:0.85;display:inline;\" src=\"https:\/\/donesesglesia.cat\/wp_cde\/wp-content\/uploads\/wppa\/thumbs\/437.jpg?ver=1\" alt=\"IMG_20150526_02.jpg\" class=\"image wppa-img\" onmouseover=\"jQuery(this).fadeTo(400, 1.0)\" onmouseout=\"jQuery(this).fadeTo(400,0.85)\"><\/a><\/div><\/div><div title=\" \" onclick=\"wppaStopProp(event);\"><\/div><div style=\"clear:both;\"><\/div><\/div><div id=\"album-47-1\" title=\"View the album Dia Mundial de la Paritat (24 de mar\u00e7, 2015)\" style=\"width:100%;float:right;cursor:pointer;\" class=\"wppa-album-cover-standard album wppa-box wppa-cover-box wppa-cover-box-1\" onclick=\"wppaDoAjaxRender(event, 1, &#039;https:\/\/donesesglesia.cat\/wp_cde\/wp-json\/wp-photo-album-plus\/endPoint?action=wppa&wppa-action=render&wppa-size=640&wppa-occur=1&wppa-fromp=71&lang=ca&wppa-album=feef47bc20a50c9d&wppa-cover=0&data-alb=47&#039;, &#039;https:\/\/donesesglesia.cat\/wp_cde\/album-fotografic\/?wppa-occur=1&lang=ca&wppa-cover=0&wppa-album=feef47bc20a50c9d&data-alb=47&#039; )\"><div id=\"covertext_frame_47_1\" style=\"width:459px; float:left\" class=\"wppa-text-frame-1 wppa-text-frame wppa-cover-text-frame wppa-asym-text-frame-1\"><h2 style=\"clear:none\" class=\"wppa-title\"><a title=\"View the album Dia Mundial de la Paritat (24 de mar\u00e7, 2015)\" style=\"cursor:pointer\" class=\"wppa-title\" onclick=\"wppaDoAjaxRender(event, 1, &#039;https:\/\/donesesglesia.cat\/wp_cde\/wp-json\/wp-photo-album-plus\/endPoint?action=wppa&wppa-action=render&wppa-size=640&wppa-occur=1&wppa-fromp=71&lang=ca&wppa-album=feef47bc20a50c9d&wppa-cover=0&data-alb=47&#039;, &#039;https:\/\/donesesglesia.cat\/wp_cde\/album-fotografic\/?wppa-occur=1&lang=ca&wppa-cover=0&wppa-album=feef47bc20a50c9d&data-alb=47&#039; )\">Dia Mundial de la Paritat (24 de mar\u00e7, 2015)<\/a><\/h2><div style=\"min-height:54px;\" class=\"wppa-box-text wppa-black wppa-box-text-desc\">El CDE de Girona vam celebrar el Dia Mundial per la Paritat en l'Esgl\u00e9sia a les Carmelites Descalces de Montilivi. Vam escoltar la can\u00e7\u00f3 de la Magdalena, l'himne del CDE de Girona i la Can\u00e7\u00f3 de la Mare de D\u00e9u, cantats per la Maria Laffitte Masjoan. Vam llegir un Manifest i vam fer les preg\u00e0ries que van preparar el CDE per l'any 2000 i 2001. Totes vam posar-nos les estoles morades. Ll\u00e0stima que quan vam fer les fotografies, ja ens les hav\u00edem tret.<\/div><div class=\"wppa-box-text wppa-black wppa-info wppa-slideshow-browse-link wppa-album-cover-link\"><a title=\"Slideshow\" style=\"cursor:pointer\" class=\"wppa-album-cover-link\" onclick=\"wppaDoAjaxRender(event, 1, &#039;https:\/\/donesesglesia.cat\/wp_cde\/wp-json\/wp-photo-album-plus\/endPoint?action=wppa&wppa-action=render&wppa-size=640&wppa-occur=1&wppa-fromp=71&lang=ca&wppa-slide=1&wppa-album=feef47bc20a50c9d&#039;, &#039;https:\/\/donesesglesia.cat\/wp_cde\/album-fotografic\/?wppa-occur=1&lang=ca&wppa-slide=1&wppa-album=feef47bc20a50c9d&#039; )\">Slideshow<\/a><\/div><div class=\"wppa-box-text wppa-black wppa-info wppa-viewlink wppa-album-cover-link\"><a title=\"View the album Dia Mundial de la Paritat (24 de mar\u00e7, 2015)\" style=\"cursor:pointer;\" class=\"wppa-album-cover-link\" onclick=\"wppaDoAjaxRender(event, 1, &#039;https:\/\/donesesglesia.cat\/wp_cde\/wp-json\/wp-photo-album-plus\/endPoint?action=wppa&wppa-action=render&wppa-size=640&wppa-occur=1&wppa-fromp=71&lang=ca&wppa-album=feef47bc20a50c9d&wppa-cover=0&data-alb=47&#039;, &#039;https:\/\/donesesglesia.cat\/wp_cde\/album-fotografic\/?wppa-occur=1&lang=ca&wppa-cover=0&wppa-album=feef47bc20a50c9d&data-alb=47&#039; )\">View&nbsp;4&nbsp;photos<\/a><\/div><\/div><div id=\"coverphoto_frame_47_1\" style=\"float:right; margin-left:5px;width:160px;\" class=\"coverphoto-frame\"><div title=\" \" style=\"display:inline-block;margin:0 4px;\" onclick=\"wppaStopProp(event)\"><a title=\"View the album Dia Mundial de la Paritat (24 de mar\u00e7, 2015)\" style=\"border:0;color:transparent;cursor:pointer;\" target=\"_self\" onclick=\"wppaDoAjaxRender(event, 1, &#039;https:\/\/donesesglesia.cat\/wp_cde\/wp-json\/wp-photo-album-plus\/endPoint?action=wppa&wppa-action=render&wppa-size=640&wppa-occur=1&wppa-fromp=71&lang=ca&wppa-album=feef47bc20a50c9d&wppa-cover=0&data-alb=47&#039;, &#039;https:\/\/donesesglesia.cat\/wp_cde\/album-fotografic\/?wppa-occur=1&lang=ca&wppa-cover=0&wppa-album=feef47bc20a50c9d&data-alb=47&#039; )\"><img decoding=\"async\" style=\"border-width:0px;width:150px;height:113px;opacity:0.85;display:inline;\" src=\"https:\/\/donesesglesia.cat\/wp_cde\/wp-content\/uploads\/wppa\/thumbs\/435.jpg?ver=1\" alt=\"24-03-2015_01.jpg\" class=\"image wppa-img\" onmouseover=\"jQuery(this).fadeTo(400, 1.0)\" onmouseout=\"jQuery(this).fadeTo(400,0.85)\"><\/a><\/div><\/div><div title=\" \" onclick=\"wppaStopProp(event);\"><\/div><div style=\"clear:both;\"><\/div><\/div><div id=\"album-46-1\" title=\"View the album Concentraci\u00f3 amb Dones de Blanc (16 de juny, 2014)\" style=\"width:100%;float:right;cursor:pointer;\" class=\"wppa-album-cover-standard album wppa-box wppa-cover-box wppa-cover-box-1\" onclick=\"wppaDoAjaxRender(event, 1, &#039;https:\/\/donesesglesia.cat\/wp_cde\/wp-json\/wp-photo-album-plus\/endPoint?action=wppa&wppa-action=render&wppa-size=640&wppa-occur=1&wppa-fromp=71&lang=ca&wppa-album=16eba9257cee194d&wppa-cover=0&data-alb=46&#039;, &#039;https:\/\/donesesglesia.cat\/wp_cde\/album-fotografic\/?wppa-occur=1&lang=ca&wppa-cover=0&wppa-album=16eba9257cee194d&data-alb=46&#039; )\"><div id=\"covertext_frame_46_1\" style=\"width:459px; float:left\" class=\"wppa-text-frame-1 wppa-text-frame wppa-cover-text-frame wppa-asym-text-frame-1\"><h2 style=\"clear:none\" class=\"wppa-title\"><a title=\"View the album Concentraci\u00f3 amb Dones de Blanc (16 de juny, 2014)\" style=\"cursor:pointer\" class=\"wppa-title\" onclick=\"wppaDoAjaxRender(event, 1, &#039;https:\/\/donesesglesia.cat\/wp_cde\/wp-json\/wp-photo-album-plus\/endPoint?action=wppa&wppa-action=render&wppa-size=640&wppa-occur=1&wppa-fromp=71&lang=ca&wppa-album=16eba9257cee194d&wppa-cover=0&data-alb=46&#039;, &#039;https:\/\/donesesglesia.cat\/wp_cde\/album-fotografic\/?wppa-occur=1&lang=ca&wppa-cover=0&wppa-album=16eba9257cee194d&data-alb=46&#039; )\">Concentraci\u00f3 amb Dones de Blanc (16 de juny, 2014)<\/a><\/h2><div style=\"min-height:54px;\" class=\"wppa-box-text wppa-black wppa-box-text-desc\">Concentraci\u00f3 en homenatge a les dones assassinades, organitzada per Dones de Blanc i la Plataforma Unit\u00e0ria contra les Viol\u00e8ncies de G\u00e8nere (16 de juny, 2014)<\/div><div class=\"wppa-box-text wppa-black wppa-info wppa-slideshow-browse-link wppa-album-cover-link\"><a title=\"Slideshow\" style=\"cursor:pointer\" class=\"wppa-album-cover-link\" onclick=\"wppaDoAjaxRender(event, 1, &#039;https:\/\/donesesglesia.cat\/wp_cde\/wp-json\/wp-photo-album-plus\/endPoint?action=wppa&wppa-action=render&wppa-size=640&wppa-occur=1&wppa-fromp=71&lang=ca&wppa-slide=1&wppa-album=16eba9257cee194d&#039;, &#039;https:\/\/donesesglesia.cat\/wp_cde\/album-fotografic\/?wppa-occur=1&lang=ca&wppa-slide=1&wppa-album=16eba9257cee194d&#039; )\">Slideshow<\/a><\/div><div class=\"wppa-box-text wppa-black wppa-info wppa-viewlink wppa-album-cover-link\"><a title=\"View the album Concentraci\u00f3 amb Dones de Blanc (16 de juny, 2014)\" style=\"cursor:pointer;\" class=\"wppa-album-cover-link\" onclick=\"wppaDoAjaxRender(event, 1, &#039;https:\/\/donesesglesia.cat\/wp_cde\/wp-json\/wp-photo-album-plus\/endPoint?action=wppa&wppa-action=render&wppa-size=640&wppa-occur=1&wppa-fromp=71&lang=ca&wppa-album=16eba9257cee194d&wppa-cover=0&data-alb=46&#039;, &#039;https:\/\/donesesglesia.cat\/wp_cde\/album-fotografic\/?wppa-occur=1&lang=ca&wppa-cover=0&wppa-album=16eba9257cee194d&data-alb=46&#039; )\">View&nbsp;15&nbsp;photos<\/a><\/div><\/div><div id=\"coverphoto_frame_46_1\" style=\"float:right; margin-left:5px;width:160px;\" class=\"coverphoto-frame\"><div title=\" \" style=\"display:inline-block;margin:0 4px;\" onclick=\"wppaStopProp(event)\"><a title=\"View the album Concentraci\u00f3 amb Dones de Blanc (16 de juny, 2014)\" style=\"border:0;color:transparent;cursor:pointer;\" target=\"_self\" onclick=\"wppaDoAjaxRender(event, 1, &#039;https:\/\/donesesglesia.cat\/wp_cde\/wp-json\/wp-photo-album-plus\/endPoint?action=wppa&wppa-action=render&wppa-size=640&wppa-occur=1&wppa-fromp=71&lang=ca&wppa-album=16eba9257cee194d&wppa-cover=0&data-alb=46&#039;, &#039;https:\/\/donesesglesia.cat\/wp_cde\/album-fotografic\/?wppa-occur=1&lang=ca&wppa-cover=0&wppa-album=16eba9257cee194d&data-alb=46&#039; )\"><img decoding=\"async\" style=\"border-width:0px;width:150px;height:112px;opacity:0.85;display:inline;\" src=\"https:\/\/donesesglesia.cat\/wp_cde\/wp-content\/uploads\/wppa\/thumbs\/419.jpg?ver=1\" alt=\"2014-06-16 19.00.20.jpg\" class=\"image wppa-img\" onmouseover=\"jQuery(this).fadeTo(400, 1.0)\" onmouseout=\"jQuery(this).fadeTo(400,0.85)\"><\/a><\/div><\/div><div title=\" \" onclick=\"wppaStopProp(event);\"><\/div><div style=\"clear:both;\"><\/div><\/div><div id=\"album-44-1\" title=\"View the album Jornada d&#039;Aprofundiment Teol\u00f2gic (31 de maig, 2014)\" style=\"width:100%;float:right;cursor:pointer;\" class=\"wppa-album-cover-standard album wppa-box wppa-cover-box wppa-cover-box-1\" onclick=\"wppaDoAjaxRender(event, 1, &#039;https:\/\/donesesglesia.cat\/wp_cde\/wp-json\/wp-photo-album-plus\/endPoint?action=wppa&wppa-action=render&wppa-size=640&wppa-occur=1&wppa-fromp=71&lang=ca&wppa-album=eb97abac37570377&wppa-cover=0&data-alb=44&#039;, &#039;https:\/\/donesesglesia.cat\/wp_cde\/album-fotografic\/?wppa-occur=1&lang=ca&wppa-cover=0&wppa-album=eb97abac37570377&data-alb=44&#039; )\"><div id=\"covertext_frame_44_1\" style=\"width:459px; float:left\" class=\"wppa-text-frame-1 wppa-text-frame wppa-cover-text-frame wppa-asym-text-frame-1\"><h2 style=\"clear:none\" class=\"wppa-title\"><a title=\"View the album Jornada d&#039;Aprofundiment Teol\u00f2gic (31 de maig, 2014)\" style=\"cursor:pointer\" class=\"wppa-title\" onclick=\"wppaDoAjaxRender(event, 1, &#039;https:\/\/donesesglesia.cat\/wp_cde\/wp-json\/wp-photo-album-plus\/endPoint?action=wppa&wppa-action=render&wppa-size=640&wppa-occur=1&wppa-fromp=71&lang=ca&wppa-album=eb97abac37570377&wppa-cover=0&data-alb=44&#039;, &#039;https:\/\/donesesglesia.cat\/wp_cde\/album-fotografic\/?wppa-occur=1&lang=ca&wppa-cover=0&wppa-album=eb97abac37570377&data-alb=44&#039; )\">Jornada d'Aprofundiment Teol\u00f2gic (31 de maig, 2014)<\/a><\/h2><div style=\"min-height:54px;\" class=\"wppa-box-text wppa-black wppa-box-text-desc\">\u201cCelebrem la vida com a creients tot donant gr\u00e0cies\u201d: XII Jornada d\u2019Aprofundiment Teol\u00f2gic, celebrada el dissabte 31 de maig de 2014.<\/div><div class=\"wppa-box-text wppa-black wppa-info wppa-slideshow-browse-link wppa-album-cover-link\"><a title=\"Slideshow\" style=\"cursor:pointer\" class=\"wppa-album-cover-link\" onclick=\"wppaDoAjaxRender(event, 1, &#039;https:\/\/donesesglesia.cat\/wp_cde\/wp-json\/wp-photo-album-plus\/endPoint?action=wppa&wppa-action=render&wppa-size=640&wppa-occur=1&wppa-fromp=71&lang=ca&wppa-slide=1&wppa-album=eb97abac37570377&#039;, &#039;https:\/\/donesesglesia.cat\/wp_cde\/album-fotografic\/?wppa-occur=1&lang=ca&wppa-slide=1&wppa-album=eb97abac37570377&#039; )\">Slideshow<\/a><\/div><div class=\"wppa-box-text wppa-black wppa-info wppa-viewlink wppa-album-cover-link\"><a title=\"View the album Jornada d\\&#039;Aprofundiment Teol\u00f2gic (31 de maig, 2014)\" style=\"cursor:pointer;\" class=\"wppa-album-cover-link\" onclick=\"wppaDoAjaxRender(event, 1, &#039;https:\/\/donesesglesia.cat\/wp_cde\/wp-json\/wp-photo-album-plus\/endPoint?action=wppa&wppa-action=render&wppa-size=640&wppa-occur=1&wppa-fromp=71&lang=ca&wppa-album=eb97abac37570377&wppa-cover=0&data-alb=44&#039;, &#039;https:\/\/donesesglesia.cat\/wp_cde\/album-fotografic\/?wppa-occur=1&lang=ca&wppa-cover=0&wppa-album=eb97abac37570377&data-alb=44&#039; )\">View&nbsp;26&nbsp;photos<\/a><\/div><\/div><div id=\"coverphoto_frame_44_1\" style=\"float:right; margin-left:5px;width:160px;\" class=\"coverphoto-frame\"><div title=\" \" style=\"display:inline-block;margin:0 4px;\" onclick=\"wppaStopProp(event)\"><a title=\"View the album Jornada d&#039;Aprofundiment Teol\u00f2gic (31 de maig, 2014)\" style=\"border:0;color:transparent;cursor:pointer;\" target=\"_self\" onclick=\"wppaDoAjaxRender(event, 1, &#039;https:\/\/donesesglesia.cat\/wp_cde\/wp-json\/wp-photo-album-plus\/endPoint?action=wppa&wppa-action=render&wppa-size=640&wppa-occur=1&wppa-fromp=71&lang=ca&wppa-album=eb97abac37570377&wppa-cover=0&data-alb=44&#039;, &#039;https:\/\/donesesglesia.cat\/wp_cde\/album-fotografic\/?wppa-occur=1&lang=ca&wppa-cover=0&wppa-album=eb97abac37570377&data-alb=44&#039; )\"><img decoding=\"async\" style=\"border-width:0px;width:150px;height:112px;opacity:0.85;display:inline;\" src=\"https:\/\/donesesglesia.cat\/wp_cde\/wp-content\/uploads\/wppa\/thumbs\/412.jpg?ver=1\" alt=\"2014-05-31 14.19.42.jpg\" class=\"image wppa-img\" onmouseover=\"jQuery(this).fadeTo(400, 1.0)\" onmouseout=\"jQuery(this).fadeTo(400,0.85)\"><\/a><\/div><\/div><div title=\" \" onclick=\"wppaStopProp(event);\"><\/div><div style=\"clear:both;\"><\/div><\/div><div id=\"album-45-1\" title=\"View the album Celebraci\u00f3 90 anys de la Maria (Girona, 20 de maig de 2014)\" style=\"width:100%;float:right;cursor:pointer;\" class=\"wppa-album-cover-standard album wppa-box wppa-cover-box wppa-cover-box-1\" onclick=\"wppaDoAjaxRender(event, 1, &#039;https:\/\/donesesglesia.cat\/wp_cde\/wp-json\/wp-photo-album-plus\/endPoint?action=wppa&wppa-action=render&wppa-size=640&wppa-occur=1&wppa-fromp=71&lang=ca&wppa-album=9199a92aebf33057&wppa-cover=0&data-alb=45&#039;, &#039;https:\/\/donesesglesia.cat\/wp_cde\/album-fotografic\/?wppa-occur=1&lang=ca&wppa-cover=0&wppa-album=9199a92aebf33057&data-alb=45&#039; )\"><div id=\"covertext_frame_45_1\" style=\"width:459px; float:left\" class=\"wppa-text-frame-1 wppa-text-frame wppa-cover-text-frame wppa-asym-text-frame-1\"><h2 style=\"clear:none\" class=\"wppa-title\"><a title=\"View the album Celebraci\u00f3 90 anys de la Maria (Girona, 20 de maig de 2014)\" style=\"cursor:pointer\" class=\"wppa-title\" onclick=\"wppaDoAjaxRender(event, 1, &#039;https:\/\/donesesglesia.cat\/wp_cde\/wp-json\/wp-photo-album-plus\/endPoint?action=wppa&wppa-action=render&wppa-size=640&wppa-occur=1&wppa-fromp=71&lang=ca&wppa-album=9199a92aebf33057&wppa-cover=0&data-alb=45&#039;, &#039;https:\/\/donesesglesia.cat\/wp_cde\/album-fotografic\/?wppa-occur=1&lang=ca&wppa-cover=0&wppa-album=9199a92aebf33057&data-alb=45&#039; )\">Celebraci\u00f3 90 anys de la Maria (Girona, 20 de maig de 2014)<\/a><\/h2><div style=\"min-height:54px;\" class=\"wppa-box-text wppa-black wppa-box-text-desc\">Fotografies de la celebraci\u00f3 dels 90 anys de la Maria, la companya m\u00e9s gran de Girona. <\/div><div class=\"wppa-box-text wppa-black wppa-info wppa-slideshow-browse-link wppa-album-cover-link\"><a title=\"Slideshow\" style=\"cursor:pointer\" class=\"wppa-album-cover-link\" onclick=\"wppaDoAjaxRender(event, 1, &#039;https:\/\/donesesglesia.cat\/wp_cde\/wp-json\/wp-photo-album-plus\/endPoint?action=wppa&wppa-action=render&wppa-size=640&wppa-occur=1&wppa-fromp=71&lang=ca&wppa-slide=1&wppa-album=9199a92aebf33057&#039;, &#039;https:\/\/donesesglesia.cat\/wp_cde\/album-fotografic\/?wppa-occur=1&lang=ca&wppa-slide=1&wppa-album=9199a92aebf33057&#039; )\">Slideshow<\/a><\/div><div class=\"wppa-box-text wppa-black wppa-info wppa-viewlink wppa-album-cover-link\"><a title=\"View the album Celebraci\u00f3 90 anys de la Maria (Girona, 20 de maig de 2014)\" style=\"cursor:pointer;\" class=\"wppa-album-cover-link\" onclick=\"wppaDoAjaxRender(event, 1, &#039;https:\/\/donesesglesia.cat\/wp_cde\/wp-json\/wp-photo-album-plus\/endPoint?action=wppa&wppa-action=render&wppa-size=640&wppa-occur=1&wppa-fromp=71&lang=ca&wppa-album=9199a92aebf33057&wppa-cover=0&data-alb=45&#039;, &#039;https:\/\/donesesglesia.cat\/wp_cde\/album-fotografic\/?wppa-occur=1&lang=ca&wppa-cover=0&wppa-album=9199a92aebf33057&data-alb=45&#039; )\">View&nbsp;3&nbsp;photos<\/a><\/div><\/div><div id=\"coverphoto_frame_45_1\" style=\"float:right; margin-left:5px;width:160px;\" class=\"coverphoto-frame\"><div title=\" \" style=\"display:inline-block;margin:0 4px;\" onclick=\"wppaStopProp(event)\"><a title=\"View the album Celebraci\u00f3 90 anys de la Maria (Girona, 20 de maig de 2014)\" style=\"border:0;color:transparent;cursor:pointer;\" target=\"_self\" onclick=\"wppaDoAjaxRender(event, 1, &#039;https:\/\/donesesglesia.cat\/wp_cde\/wp-json\/wp-photo-album-plus\/endPoint?action=wppa&wppa-action=render&wppa-size=640&wppa-occur=1&wppa-fromp=71&lang=ca&wppa-album=9199a92aebf33057&wppa-cover=0&data-alb=45&#039;, &#039;https:\/\/donesesglesia.cat\/wp_cde\/album-fotografic\/?wppa-occur=1&lang=ca&wppa-cover=0&wppa-album=9199a92aebf33057&data-alb=45&#039; )\"><img decoding=\"async\" style=\"border-width:0px;width:150px;height:112px;opacity:0.85;display:inline;\" src=\"https:\/\/donesesglesia.cat\/wp_cde\/wp-content\/uploads\/wppa\/thumbs\/416.jpg?ver=1\" alt=\"juny2014 110.jpg\" class=\"image wppa-img\" onmouseover=\"jQuery(this).fadeTo(400, 1.0)\" onmouseout=\"jQuery(this).fadeTo(400,0.85)\"><\/a><\/div><\/div><div title=\" \" onclick=\"wppaStopProp(event);\"><\/div><div style=\"clear:both;\"><\/div><\/div><div id=\"album-43-1\" title=\"View the album Assemblea General 2014\" style=\"width:100%;float:right;cursor:pointer;\" class=\"wppa-album-cover-standard album wppa-box wppa-cover-box wppa-cover-box-1\" onclick=\"wppaDoAjaxRender(event, 1, &#039;https:\/\/donesesglesia.cat\/wp_cde\/wp-json\/wp-photo-album-plus\/endPoint?action=wppa&wppa-action=render&wppa-size=640&wppa-occur=1&wppa-fromp=71&lang=ca&wppa-album=9c55a04b034cb623&wppa-cover=0&data-alb=43&#039;, &#039;https:\/\/donesesglesia.cat\/wp_cde\/album-fotografic\/?wppa-occur=1&lang=ca&wppa-cover=0&wppa-album=9c55a04b034cb623&data-alb=43&#039; )\"><div id=\"covertext_frame_43_1\" style=\"width:459px; float:left\" class=\"wppa-text-frame-1 wppa-text-frame wppa-cover-text-frame wppa-asym-text-frame-1\"><h2 style=\"clear:none\" class=\"wppa-title\"><a title=\"View the album Assemblea General 2014\" style=\"cursor:pointer\" class=\"wppa-title\" onclick=\"wppaDoAjaxRender(event, 1, &#039;https:\/\/donesesglesia.cat\/wp_cde\/wp-json\/wp-photo-album-plus\/endPoint?action=wppa&wppa-action=render&wppa-size=640&wppa-occur=1&wppa-fromp=71&lang=ca&wppa-album=9c55a04b034cb623&wppa-cover=0&data-alb=43&#039;, &#039;https:\/\/donesesglesia.cat\/wp_cde\/album-fotografic\/?wppa-occur=1&lang=ca&wppa-cover=0&wppa-album=9c55a04b034cb623&data-alb=43&#039; )\">Assemblea General 2014<\/a><\/h2><div style=\"min-height:54px;\" class=\"wppa-box-text wppa-black wppa-box-text-desc\">Assemblea anual general ordin\u00e0ria del CDE, celebrada el 22 de febrer de 2014 a la nostra seu (c\/de Rocafort, 242 bis, sala d\u2019actes Abat Escarr\u00e9)<\/div><div class=\"wppa-box-text wppa-black wppa-info wppa-slideshow-browse-link wppa-album-cover-link\"><a title=\"Slideshow\" style=\"cursor:pointer\" class=\"wppa-album-cover-link\" onclick=\"wppaDoAjaxRender(event, 1, &#039;https:\/\/donesesglesia.cat\/wp_cde\/wp-json\/wp-photo-album-plus\/endPoint?action=wppa&wppa-action=render&wppa-size=640&wppa-occur=1&wppa-fromp=71&lang=ca&wppa-slide=1&wppa-album=9c55a04b034cb623&#039;, &#039;https:\/\/donesesglesia.cat\/wp_cde\/album-fotografic\/?wppa-occur=1&lang=ca&wppa-slide=1&wppa-album=9c55a04b034cb623&#039; )\">Slideshow<\/a><\/div><div class=\"wppa-box-text wppa-black wppa-info wppa-viewlink wppa-album-cover-link\"><a title=\"View the album Assemblea General 2014\" style=\"cursor:pointer;\" class=\"wppa-album-cover-link\" onclick=\"wppaDoAjaxRender(event, 1, &#039;https:\/\/donesesglesia.cat\/wp_cde\/wp-json\/wp-photo-album-plus\/endPoint?action=wppa&wppa-action=render&wppa-size=640&wppa-occur=1&wppa-fromp=71&lang=ca&wppa-album=9c55a04b034cb623&wppa-cover=0&data-alb=43&#039;, &#039;https:\/\/donesesglesia.cat\/wp_cde\/album-fotografic\/?wppa-occur=1&lang=ca&wppa-cover=0&wppa-album=9c55a04b034cb623&data-alb=43&#039; )\">View&nbsp;17&nbsp;photos<\/a><\/div><\/div><div id=\"coverphoto_frame_43_1\" style=\"float:right; margin-left:5px;width:160px;\" class=\"coverphoto-frame\"><div title=\" \" style=\"display:inline-block;margin:0 4px;\" onclick=\"wppaStopProp(event)\"><a title=\"View the album Assemblea General 2014\" style=\"border:0;color:transparent;cursor:pointer;\" target=\"_self\" onclick=\"wppaDoAjaxRender(event, 1, &#039;https:\/\/donesesglesia.cat\/wp_cde\/wp-json\/wp-photo-album-plus\/endPoint?action=wppa&wppa-action=render&wppa-size=640&wppa-occur=1&wppa-fromp=71&lang=ca&wppa-album=9c55a04b034cb623&wppa-cover=0&data-alb=43&#039;, &#039;https:\/\/donesesglesia.cat\/wp_cde\/album-fotografic\/?wppa-occur=1&lang=ca&wppa-cover=0&wppa-album=9c55a04b034cb623&data-alb=43&#039; )\"><img decoding=\"async\" style=\"border-width:0px;width:150px;height:119px;opacity:0.85;display:inline;\" src=\"https:\/\/donesesglesia.cat\/wp_cde\/wp-content\/uploads\/wppa\/thumbs\/375.jpg?ver=1\" alt=\"10.2014-02-22 16.56.02.jpg\" class=\"image wppa-img\" onmouseover=\"jQuery(this).fadeTo(400, 1.0)\" onmouseout=\"jQuery(this).fadeTo(400,0.85)\"><\/a><\/div><\/div><div title=\" \" onclick=\"wppaStopProp(event);\"><\/div><div style=\"clear:both;\"><\/div><\/div><div id=\"album-42-1\" title=\"View the album Acte contra el tr\u00e0fic de dones i menors\" style=\"width:100%;float:right;cursor:pointer;\" class=\"wppa-album-cover-standard album wppa-box wppa-cover-box wppa-cover-box-1\" onclick=\"wppaDoAjaxRender(event, 1, &#039;https:\/\/donesesglesia.cat\/wp_cde\/wp-json\/wp-photo-album-plus\/endPoint?action=wppa&wppa-action=render&wppa-size=640&wppa-occur=1&wppa-fromp=71&lang=ca&wppa-album=6220803e0a2fd035&wppa-cover=0&data-alb=42&#039;, &#039;https:\/\/donesesglesia.cat\/wp_cde\/album-fotografic\/?wppa-occur=1&lang=ca&wppa-cover=0&wppa-album=6220803e0a2fd035&data-alb=42&#039; )\"><div id=\"covertext_frame_42_1\" style=\"width:459px; float:left\" class=\"wppa-text-frame-1 wppa-text-frame wppa-cover-text-frame wppa-asym-text-frame-1\"><h2 style=\"clear:none\" class=\"wppa-title\"><a title=\"View the album Acte contra el tr\u00e0fic de dones i menors\" style=\"cursor:pointer\" class=\"wppa-title\" onclick=\"wppaDoAjaxRender(event, 1, &#039;https:\/\/donesesglesia.cat\/wp_cde\/wp-json\/wp-photo-album-plus\/endPoint?action=wppa&wppa-action=render&wppa-size=640&wppa-occur=1&wppa-fromp=71&lang=ca&wppa-album=6220803e0a2fd035&wppa-cover=0&data-alb=42&#039;, &#039;https:\/\/donesesglesia.cat\/wp_cde\/album-fotografic\/?wppa-occur=1&lang=ca&wppa-cover=0&wppa-album=6220803e0a2fd035&data-alb=42&#039; )\">Acte contra el tr\u00e0fic de dones i menors<\/a><\/h2><div style=\"min-height:54px;\" class=\"wppa-box-text wppa-black wppa-box-text-desc\">El CDE de Girona, juntament amb altres entitats i representants de la Xarxa Dones Girona, han participat, el 30 de novembre, en l\u2019acci\u00f3 a la Jonquera contra el tr\u00e0fic de dones i menors i contra l\u2019explotaci\u00f3 sexual.<\/div><div class=\"wppa-box-text wppa-black wppa-info wppa-slideshow-browse-link wppa-album-cover-link\"><a title=\"Slideshow\" style=\"cursor:pointer\" class=\"wppa-album-cover-link\" onclick=\"wppaDoAjaxRender(event, 1, &#039;https:\/\/donesesglesia.cat\/wp_cde\/wp-json\/wp-photo-album-plus\/endPoint?action=wppa&wppa-action=render&wppa-size=640&wppa-occur=1&wppa-fromp=71&lang=ca&wppa-slide=1&wppa-album=6220803e0a2fd035&#039;, &#039;https:\/\/donesesglesia.cat\/wp_cde\/album-fotografic\/?wppa-occur=1&lang=ca&wppa-slide=1&wppa-album=6220803e0a2fd035&#039; )\">Slideshow<\/a><\/div><div class=\"wppa-box-text wppa-black wppa-info wppa-viewlink wppa-album-cover-link\"><a title=\"View the album Acte contra el tr\u00e0fic de dones i menors\" style=\"cursor:pointer;\" class=\"wppa-album-cover-link\" onclick=\"wppaDoAjaxRender(event, 1, &#039;https:\/\/donesesglesia.cat\/wp_cde\/wp-json\/wp-photo-album-plus\/endPoint?action=wppa&wppa-action=render&wppa-size=640&wppa-occur=1&wppa-fromp=71&lang=ca&wppa-album=6220803e0a2fd035&wppa-cover=0&data-alb=42&#039;, &#039;https:\/\/donesesglesia.cat\/wp_cde\/album-fotografic\/?wppa-occur=1&lang=ca&wppa-cover=0&wppa-album=6220803e0a2fd035&data-alb=42&#039; )\">View&nbsp;5&nbsp;photos<\/a><\/div><\/div><div id=\"coverphoto_frame_42_1\" style=\"float:right; margin-left:5px;width:160px;\" class=\"coverphoto-frame\"><div title=\" \" style=\"display:inline-block;margin:0 4px;\" onclick=\"wppaStopProp(event)\"><a title=\"View the album Acte contra el tr\u00e0fic de dones i menors\" style=\"border:0;color:transparent;cursor:pointer;\" target=\"_self\" onclick=\"wppaDoAjaxRender(event, 1, &#039;https:\/\/donesesglesia.cat\/wp_cde\/wp-json\/wp-photo-album-plus\/endPoint?action=wppa&wppa-action=render&wppa-size=640&wppa-occur=1&wppa-fromp=71&lang=ca&wppa-album=6220803e0a2fd035&wppa-cover=0&data-alb=42&#039;, &#039;https:\/\/donesesglesia.cat\/wp_cde\/album-fotografic\/?wppa-occur=1&lang=ca&wppa-cover=0&wppa-album=6220803e0a2fd035&data-alb=42&#039; )\"><img decoding=\"async\" style=\"border-width:0px;width:150px;height:108px;opacity:0.85;display:inline;\" src=\"https:\/\/donesesglesia.cat\/wp_cde\/wp-content\/uploads\/wppa\/thumbs\/347.jpg?ver=1\" alt=\"acte-girona_04.jpg\" class=\"image wppa-img\" onmouseover=\"jQuery(this).fadeTo(400, 1.0)\" onmouseout=\"jQuery(this).fadeTo(400,0.85)\"><\/a><\/div><\/div><div title=\" \" onclick=\"wppaStopProp(event);\"><\/div><div style=\"clear:both;\"><\/div><\/div><div id=\"album-41-1\" title=\"View the album Acte contra la Viol\u00e8ncia de G\u00e8nere (Girona, 25 de novembre de 2013)\" style=\"width:100%;float:right;cursor:pointer;\" class=\"wppa-album-cover-standard album wppa-box wppa-cover-box wppa-cover-box-1\" onclick=\"wppaDoAjaxRender(event, 1, &#039;https:\/\/donesesglesia.cat\/wp_cde\/wp-json\/wp-photo-album-plus\/endPoint?action=wppa&wppa-action=render&wppa-size=640&wppa-occur=1&wppa-fromp=71&lang=ca&wppa-album=6c65c1d0a68db0d5&wppa-cover=0&data-alb=41&#039;, &#039;https:\/\/donesesglesia.cat\/wp_cde\/album-fotografic\/?wppa-occur=1&lang=ca&wppa-cover=0&wppa-album=6c65c1d0a68db0d5&data-alb=41&#039; )\"><div id=\"covertext_frame_41_1\" style=\"width:459px; float:left\" class=\"wppa-text-frame-1 wppa-text-frame wppa-cover-text-frame wppa-asym-text-frame-1\"><h2 style=\"clear:none\" class=\"wppa-title\"><a title=\"View the album Acte contra la Viol\u00e8ncia de G\u00e8nere (Girona, 25 de novembre de 2013)\" style=\"cursor:pointer\" class=\"wppa-title\" onclick=\"wppaDoAjaxRender(event, 1, &#039;https:\/\/donesesglesia.cat\/wp_cde\/wp-json\/wp-photo-album-plus\/endPoint?action=wppa&wppa-action=render&wppa-size=640&wppa-occur=1&wppa-fromp=71&lang=ca&wppa-album=6c65c1d0a68db0d5&wppa-cover=0&data-alb=41&#039;, &#039;https:\/\/donesesglesia.cat\/wp_cde\/album-fotografic\/?wppa-occur=1&lang=ca&wppa-cover=0&wppa-album=6c65c1d0a68db0d5&data-alb=41&#039; )\">Acte contra la Viol\u00e8ncia de G\u00e8nere (Girona, 25 de novembre de 2013)<\/a><\/h2><div style=\"min-height:54px;\" class=\"wppa-box-text wppa-black wppa-box-text-desc\">Acte unitari del Dia Internacional contra la Viol\u00e8ncia de G\u00e8nere a Girona (Pla\u00e7a del Vi, 25 de novembre de 2013)<\/div><div class=\"wppa-box-text wppa-black wppa-info wppa-slideshow-browse-link wppa-album-cover-link\"><a title=\"Slideshow\" style=\"cursor:pointer\" class=\"wppa-album-cover-link\" onclick=\"wppaDoAjaxRender(event, 1, &#039;https:\/\/donesesglesia.cat\/wp_cde\/wp-json\/wp-photo-album-plus\/endPoint?action=wppa&wppa-action=render&wppa-size=640&wppa-occur=1&wppa-fromp=71&lang=ca&wppa-slide=1&wppa-album=6c65c1d0a68db0d5&#039;, &#039;https:\/\/donesesglesia.cat\/wp_cde\/album-fotografic\/?wppa-occur=1&lang=ca&wppa-slide=1&wppa-album=6c65c1d0a68db0d5&#039; )\">Slideshow<\/a><\/div><div class=\"wppa-box-text wppa-black wppa-info wppa-viewlink wppa-album-cover-link\"><a title=\"View the album Acte contra la Viol\u00e8ncia de G\u00e8nere (Girona, 25 de novembre de 2013)\" style=\"cursor:pointer;\" class=\"wppa-album-cover-link\" onclick=\"wppaDoAjaxRender(event, 1, &#039;https:\/\/donesesglesia.cat\/wp_cde\/wp-json\/wp-photo-album-plus\/endPoint?action=wppa&wppa-action=render&wppa-size=640&wppa-occur=1&wppa-fromp=71&lang=ca&wppa-album=6c65c1d0a68db0d5&wppa-cover=0&data-alb=41&#039;, &#039;https:\/\/donesesglesia.cat\/wp_cde\/album-fotografic\/?wppa-occur=1&lang=ca&wppa-cover=0&wppa-album=6c65c1d0a68db0d5&data-alb=41&#039; )\">View&nbsp;10&nbsp;photos<\/a><\/div><\/div><div id=\"coverphoto_frame_41_1\" style=\"float:right; margin-left:5px;width:160px;\" class=\"coverphoto-frame\"><div title=\" \" style=\"display:inline-block;margin:0 4px;\" onclick=\"wppaStopProp(event)\"><a title=\"View the album Acte contra la Viol\u00e8ncia de G\u00e8nere (Girona, 25 de novembre de 2013)\" style=\"border:0;color:transparent;cursor:pointer;\" target=\"_self\" onclick=\"wppaDoAjaxRender(event, 1, &#039;https:\/\/donesesglesia.cat\/wp_cde\/wp-json\/wp-photo-album-plus\/endPoint?action=wppa&wppa-action=render&wppa-size=640&wppa-occur=1&wppa-fromp=71&lang=ca&wppa-album=6c65c1d0a68db0d5&wppa-cover=0&data-alb=41&#039;, &#039;https:\/\/donesesglesia.cat\/wp_cde\/album-fotografic\/?wppa-occur=1&lang=ca&wppa-cover=0&wppa-album=6c65c1d0a68db0d5&data-alb=41&#039; )\"><img decoding=\"async\" style=\"border-width:0px;width:150px;height:113px;opacity:0.85;display:inline;\" src=\"https:\/\/donesesglesia.cat\/wp_cde\/wp-content\/uploads\/wppa\/thumbs\/335.jpg?ver=1\" alt=\"25N_girona_2013_02.jpg\" class=\"image wppa-img\" onmouseover=\"jQuery(this).fadeTo(400, 1.0)\" onmouseout=\"jQuery(this).fadeTo(400,0.85)\"><\/a><\/div><\/div><div title=\" \" onclick=\"wppaStopProp(event);\"><\/div><div style=\"clear:both;\"><\/div><\/div><div id=\"album-40-1\" title=\"View the album Concentraci\u00f3 contra la viol\u00e8ncia de g\u00e8nere (18 de novembre, 2013)\" style=\"width:100%;float:right;cursor:pointer;\" class=\"wppa-album-cover-standard album wppa-box wppa-cover-box wppa-cover-box-1\" onclick=\"wppaDoAjaxRender(event, 1, &#039;https:\/\/donesesglesia.cat\/wp_cde\/wp-json\/wp-photo-album-plus\/endPoint?action=wppa&wppa-action=render&wppa-size=640&wppa-occur=1&wppa-fromp=71&lang=ca&wppa-album=9e03272998380763&wppa-cover=0&data-alb=40&#039;, &#039;https:\/\/donesesglesia.cat\/wp_cde\/album-fotografic\/?wppa-occur=1&lang=ca&wppa-cover=0&wppa-album=9e03272998380763&data-alb=40&#039; )\"><div id=\"covertext_frame_40_1\" style=\"width:459px; float:left\" class=\"wppa-text-frame-1 wppa-text-frame wppa-cover-text-frame wppa-asym-text-frame-1\"><h2 style=\"clear:none\" class=\"wppa-title\"><a title=\"View the album Concentraci\u00f3 contra la viol\u00e8ncia de g\u00e8nere (18 de novembre, 2013)\" style=\"cursor:pointer\" class=\"wppa-title\" onclick=\"wppaDoAjaxRender(event, 1, &#039;https:\/\/donesesglesia.cat\/wp_cde\/wp-json\/wp-photo-album-plus\/endPoint?action=wppa&wppa-action=render&wppa-size=640&wppa-occur=1&wppa-fromp=71&lang=ca&wppa-album=9e03272998380763&wppa-cover=0&data-alb=40&#039;, &#039;https:\/\/donesesglesia.cat\/wp_cde\/album-fotografic\/?wppa-occur=1&lang=ca&wppa-cover=0&wppa-album=9e03272998380763&data-alb=40&#039; )\">Concentraci\u00f3 contra la viol\u00e8ncia de g\u00e8nere (18 de novembre, 2013)<\/a><\/h2><div style=\"min-height:54px;\" class=\"wppa-box-text wppa-black wppa-box-text-desc\">Cada tercer dilluns de mes organitzem una concentraci\u00f3 a la Pla\u00e7a Sant Jaume de Barcelona per retre homenatge a les dones que han estat assassinades a causa de la viol\u00e8ncia de g\u00e8nere a tot l\u2019estat. Cada mes una de les entitats adherides a la Plataforma Unit\u00e0ria contra la Viol\u00e8ncies de G\u00e8nere organitza la concentraci\u00f3 amb diferents activitats de rebuig a la viol\u00e8ncia de g\u00e8nere.<\/div><div class=\"wppa-box-text wppa-black wppa-info wppa-slideshow-browse-link wppa-album-cover-link\"><a title=\"Slideshow\" style=\"cursor:pointer\" class=\"wppa-album-cover-link\" onclick=\"wppaDoAjaxRender(event, 1, &#039;https:\/\/donesesglesia.cat\/wp_cde\/wp-json\/wp-photo-album-plus\/endPoint?action=wppa&wppa-action=render&wppa-size=640&wppa-occur=1&wppa-fromp=71&lang=ca&wppa-slide=1&wppa-album=9e03272998380763&#039;, &#039;https:\/\/donesesglesia.cat\/wp_cde\/album-fotografic\/?wppa-occur=1&lang=ca&wppa-slide=1&wppa-album=9e03272998380763&#039; )\">Slideshow<\/a><\/div><div class=\"wppa-box-text wppa-black wppa-info wppa-viewlink wppa-album-cover-link\"><a title=\"View the album Concentraci\u00f3 contra la viol\u00e8ncia de g\u00e8nere (18 de novembre, 2013)\" style=\"cursor:pointer;\" class=\"wppa-album-cover-link\" onclick=\"wppaDoAjaxRender(event, 1, &#039;https:\/\/donesesglesia.cat\/wp_cde\/wp-json\/wp-photo-album-plus\/endPoint?action=wppa&wppa-action=render&wppa-size=640&wppa-occur=1&wppa-fromp=71&lang=ca&wppa-album=9e03272998380763&wppa-cover=0&data-alb=40&#039;, &#039;https:\/\/donesesglesia.cat\/wp_cde\/album-fotografic\/?wppa-occur=1&lang=ca&wppa-cover=0&wppa-album=9e03272998380763&data-alb=40&#039; )\">View&nbsp;4&nbsp;photos<\/a><\/div><\/div><div id=\"coverphoto_frame_40_1\" style=\"float:right; margin-left:5px;width:160px;\" class=\"coverphoto-frame\"><div title=\" \" style=\"display:inline-block;margin:0 4px;\" onclick=\"wppaStopProp(event)\"><a title=\"View the album Concentraci\u00f3 contra la viol\u00e8ncia de g\u00e8nere (18 de novembre, 2013)\" style=\"border:0;color:transparent;cursor:pointer;\" target=\"_self\" onclick=\"wppaDoAjaxRender(event, 1, &#039;https:\/\/donesesglesia.cat\/wp_cde\/wp-json\/wp-photo-album-plus\/endPoint?action=wppa&wppa-action=render&wppa-size=640&wppa-occur=1&wppa-fromp=71&lang=ca&wppa-album=9e03272998380763&wppa-cover=0&data-alb=40&#039;, &#039;https:\/\/donesesglesia.cat\/wp_cde\/album-fotografic\/?wppa-occur=1&lang=ca&wppa-cover=0&wppa-album=9e03272998380763&data-alb=40&#039; )\"><img decoding=\"async\" style=\"border-width:0px;width:150px;height:113px;opacity:0.85;display:inline;\" src=\"https:\/\/donesesglesia.cat\/wp_cde\/wp-content\/uploads\/wppa\/thumbs\/331.jpg?ver=1\" alt=\"2013-11-18_02.jpg\" class=\"image wppa-img\" onmouseover=\"jQuery(this).fadeTo(400, 1.0)\" onmouseout=\"jQuery(this).fadeTo(400,0.85)\"><\/a><\/div><\/div><div title=\" \" onclick=\"wppaStopProp(event);\"><\/div><div style=\"clear:both;\"><\/div><\/div><div id=\"album-38-1\" title=\"View the album XV Congr\u00e9s Internacional de l&#039;ESWTR (Dresden 2013)\" style=\"width:100%;float:right;cursor:pointer;\" class=\"wppa-album-cover-standard album wppa-box wppa-cover-box wppa-cover-box-1\" onclick=\"wppaDoAjaxRender(event, 1, &#039;https:\/\/donesesglesia.cat\/wp_cde\/wp-json\/wp-photo-album-plus\/endPoint?action=wppa&wppa-action=render&wppa-size=640&wppa-occur=1&wppa-fromp=71&lang=ca&wppa-album=88a1d91de1f167ef&wppa-cover=0&data-alb=38&#039;, &#039;https:\/\/donesesglesia.cat\/wp_cde\/album-fotografic\/?wppa-occur=1&lang=ca&wppa-cover=0&wppa-album=88a1d91de1f167ef&data-alb=38&#039; )\"><div id=\"covertext_frame_38_1\" style=\"width:459px; float:left\" class=\"wppa-text-frame-1 wppa-text-frame wppa-cover-text-frame wppa-asym-text-frame-1\"><h2 style=\"clear:none\" class=\"wppa-title\"><a title=\"View the album XV Congr\u00e9s Internacional de l&#039;ESWTR (Dresden 2013)\" style=\"cursor:pointer\" class=\"wppa-title\" onclick=\"wppaDoAjaxRender(event, 1, &#039;https:\/\/donesesglesia.cat\/wp_cde\/wp-json\/wp-photo-album-plus\/endPoint?action=wppa&wppa-action=render&wppa-size=640&wppa-occur=1&wppa-fromp=71&lang=ca&wppa-album=88a1d91de1f167ef&wppa-cover=0&data-alb=38&#039;, &#039;https:\/\/donesesglesia.cat\/wp_cde\/album-fotografic\/?wppa-occur=1&lang=ca&wppa-cover=0&wppa-album=88a1d91de1f167ef&data-alb=38&#039; )\">XV Congr\u00e9s Internacional de l'ESWTR (Dresden 2013)<\/a><\/h2><div style=\"min-height:54px;\" class=\"wppa-box-text wppa-black wppa-box-text-desc\">El XV Congr\u00e9s Internacional de l\u2019ESWTR de teologia feminista es va celebrar a Dresden del 28 d\u2019agost a l\u20191 de setembre del 2013. En el congr\u00e9s hi van participar membres del CDE i tamb\u00e9 hi van fer tallers. <\/div><div class=\"wppa-box-text wppa-black wppa-info wppa-slideshow-browse-link wppa-album-cover-link\"><a title=\"Slideshow\" style=\"cursor:pointer\" class=\"wppa-album-cover-link\" onclick=\"wppaDoAjaxRender(event, 1, &#039;https:\/\/donesesglesia.cat\/wp_cde\/wp-json\/wp-photo-album-plus\/endPoint?action=wppa&wppa-action=render&wppa-size=640&wppa-occur=1&wppa-fromp=71&lang=ca&wppa-slide=1&wppa-album=88a1d91de1f167ef&#039;, &#039;https:\/\/donesesglesia.cat\/wp_cde\/album-fotografic\/?wppa-occur=1&lang=ca&wppa-slide=1&wppa-album=88a1d91de1f167ef&#039; )\">Slideshow<\/a><\/div><div class=\"wppa-box-text wppa-black wppa-info wppa-viewlink wppa-album-cover-link\"><a title=\"View the album XV Congr\u00e9s Internacional de l\\&#039;ESWTR (Dresden 2013)\" style=\"cursor:pointer;\" class=\"wppa-album-cover-link\" onclick=\"wppaDoAjaxRender(event, 1, &#039;https:\/\/donesesglesia.cat\/wp_cde\/wp-json\/wp-photo-album-plus\/endPoint?action=wppa&wppa-action=render&wppa-size=640&wppa-occur=1&wppa-fromp=71&lang=ca&wppa-album=88a1d91de1f167ef&wppa-cover=0&data-alb=38&#039;, &#039;https:\/\/donesesglesia.cat\/wp_cde\/album-fotografic\/?wppa-occur=1&lang=ca&wppa-cover=0&wppa-album=88a1d91de1f167ef&data-alb=38&#039; )\">View&nbsp;4&nbsp;photos<\/a><\/div><\/div><div id=\"coverphoto_frame_38_1\" style=\"float:right; margin-left:5px;width:160px;\" class=\"coverphoto-frame\"><div title=\" \" style=\"display:inline-block;margin:0 4px;\" onclick=\"wppaStopProp(event)\"><a title=\"View the album XV Congr\u00e9s Internacional de l&#039;ESWTR (Dresden 2013)\" style=\"border:0;color:transparent;cursor:pointer;\" target=\"_self\" onclick=\"wppaDoAjaxRender(event, 1, &#039;https:\/\/donesesglesia.cat\/wp_cde\/wp-json\/wp-photo-album-plus\/endPoint?action=wppa&wppa-action=render&wppa-size=640&wppa-occur=1&wppa-fromp=71&lang=ca&wppa-album=88a1d91de1f167ef&wppa-cover=0&data-alb=38&#039;, &#039;https:\/\/donesesglesia.cat\/wp_cde\/album-fotografic\/?wppa-occur=1&lang=ca&wppa-cover=0&wppa-album=88a1d91de1f167ef&data-alb=38&#039; )\"><img decoding=\"async\" style=\"border-width:0px;width:150px;height:113px;opacity:0.85;display:inline;\" src=\"https:\/\/donesesglesia.cat\/wp_cde\/wp-content\/uploads\/wppa\/thumbs\/323.jpg?ver=1\" alt=\"image001.jpg\" class=\"image wppa-img\" onmouseover=\"jQuery(this).fadeTo(400, 1.0)\" onmouseout=\"jQuery(this).fadeTo(400,0.85)\"><\/a><\/div><\/div><div title=\" \" onclick=\"wppaStopProp(event);\"><\/div><div style=\"clear:both;\"><\/div><\/div><div id=\"album-36-1\" title=\"View the album Girona: celebraci\u00f3 Santa Magdalena\" style=\"width:100%;float:right;cursor:pointer;\" class=\"wppa-album-cover-standard album wppa-box wppa-cover-box wppa-cover-box-1\" onclick=\"wppaDoAjaxRender(event, 1, &#039;https:\/\/donesesglesia.cat\/wp_cde\/wp-json\/wp-photo-album-plus\/endPoint?action=wppa&wppa-action=render&wppa-size=640&wppa-occur=1&wppa-fromp=71&lang=ca&wppa-album=1b932c43af7d7b42&wppa-cover=0&data-alb=36&#039;, &#039;https:\/\/donesesglesia.cat\/wp_cde\/album-fotografic\/?wppa-occur=1&lang=ca&wppa-cover=0&wppa-album=1b932c43af7d7b42&data-alb=36&#039; )\"><div id=\"covertext_frame_36_1\" style=\"width:459px; float:left\" class=\"wppa-text-frame-1 wppa-text-frame wppa-cover-text-frame wppa-asym-text-frame-1\"><h2 style=\"clear:none\" class=\"wppa-title\"><a title=\"View the album Girona: celebraci\u00f3 Santa Magdalena\" style=\"cursor:pointer\" class=\"wppa-title\" onclick=\"wppaDoAjaxRender(event, 1, &#039;https:\/\/donesesglesia.cat\/wp_cde\/wp-json\/wp-photo-album-plus\/endPoint?action=wppa&wppa-action=render&wppa-size=640&wppa-occur=1&wppa-fromp=71&lang=ca&wppa-album=1b932c43af7d7b42&wppa-cover=0&data-alb=36&#039;, &#039;https:\/\/donesesglesia.cat\/wp_cde\/album-fotografic\/?wppa-occur=1&lang=ca&wppa-cover=0&wppa-album=1b932c43af7d7b42&data-alb=36&#039; )\">Girona: celebraci\u00f3 Santa Magdalena<\/a><\/h2><div style=\"min-height:54px;\" class=\"wppa-box-text wppa-black wppa-box-text-desc\">Les companyes de Girona van celebrar el dia de Santa Magdalena assistint a la lit\u00fargia de vespres de les Carmelites Descalces de Montilivi (22 de juliol, 2013)<\/div><div class=\"wppa-box-text wppa-black wppa-info wppa-slideshow-browse-link wppa-album-cover-link\"><a title=\"Slideshow\" style=\"cursor:pointer\" class=\"wppa-album-cover-link\" onclick=\"wppaDoAjaxRender(event, 1, &#039;https:\/\/donesesglesia.cat\/wp_cde\/wp-json\/wp-photo-album-plus\/endPoint?action=wppa&wppa-action=render&wppa-size=640&wppa-occur=1&wppa-fromp=71&lang=ca&wppa-slide=1&wppa-album=1b932c43af7d7b42&#039;, &#039;https:\/\/donesesglesia.cat\/wp_cde\/album-fotografic\/?wppa-occur=1&lang=ca&wppa-slide=1&wppa-album=1b932c43af7d7b42&#039; )\">Slideshow<\/a><\/div><div class=\"wppa-box-text wppa-black wppa-info wppa-viewlink wppa-album-cover-link\"><a title=\"View the album Girona: celebraci\u00f3 Santa Magdalena\" style=\"cursor:pointer;\" class=\"wppa-album-cover-link\" onclick=\"wppaDoAjaxRender(event, 1, &#039;https:\/\/donesesglesia.cat\/wp_cde\/wp-json\/wp-photo-album-plus\/endPoint?action=wppa&wppa-action=render&wppa-size=640&wppa-occur=1&wppa-fromp=71&lang=ca&wppa-album=1b932c43af7d7b42&wppa-cover=0&data-alb=36&#039;, &#039;https:\/\/donesesglesia.cat\/wp_cde\/album-fotografic\/?wppa-occur=1&lang=ca&wppa-cover=0&wppa-album=1b932c43af7d7b42&data-alb=36&#039; )\">View&nbsp;7&nbsp;photos<\/a><\/div><\/div><div id=\"coverphoto_frame_36_1\" style=\"float:right; margin-left:5px;width:160px;\" class=\"coverphoto-frame\"><div title=\" \" style=\"display:inline-block;margin:0 4px;\" onclick=\"wppaStopProp(event)\"><a title=\"View the album Girona: celebraci\u00f3 Santa Magdalena\" style=\"border:0;color:transparent;cursor:pointer;\" target=\"_self\" onclick=\"wppaDoAjaxRender(event, 1, &#039;https:\/\/donesesglesia.cat\/wp_cde\/wp-json\/wp-photo-album-plus\/endPoint?action=wppa&wppa-action=render&wppa-size=640&wppa-occur=1&wppa-fromp=71&lang=ca&wppa-album=1b932c43af7d7b42&wppa-cover=0&data-alb=36&#039;, &#039;https:\/\/donesesglesia.cat\/wp_cde\/album-fotografic\/?wppa-occur=1&lang=ca&wppa-cover=0&wppa-album=1b932c43af7d7b42&data-alb=36&#039; )\"><img decoding=\"async\" style=\"border-width:0px;width:150px;height:113px;opacity:0.85;display:inline;\" src=\"https:\/\/donesesglesia.cat\/wp_cde\/wp-content\/uploads\/wppa\/thumbs\/315.jpg?ver=1\" alt=\"P1010215 [640x480].JPG\" class=\"image wppa-img\" onmouseover=\"jQuery(this).fadeTo(400, 1.0)\" onmouseout=\"jQuery(this).fadeTo(400,0.85)\"><\/a><\/div><\/div><div title=\" \" onclick=\"wppaStopProp(event);\"><\/div><div style=\"clear:both;\"><\/div><\/div><div id=\"album-39-1\" title=\"View the album Celebraci\u00f3 del final de curs a Horta (juny 2013)\" style=\"width:100%;float:right;cursor:pointer;\" class=\"wppa-album-cover-standard album wppa-box wppa-cover-box wppa-cover-box-1\" onclick=\"wppaDoAjaxRender(event, 1, &#039;https:\/\/donesesglesia.cat\/wp_cde\/wp-json\/wp-photo-album-plus\/endPoint?action=wppa&wppa-action=render&wppa-size=640&wppa-occur=1&wppa-fromp=71&lang=ca&wppa-album=c67d074010fcf919&wppa-cover=0&data-alb=39&#039;, &#039;https:\/\/donesesglesia.cat\/wp_cde\/album-fotografic\/?wppa-occur=1&lang=ca&wppa-cover=0&wppa-album=c67d074010fcf919&data-alb=39&#039; )\"><div id=\"covertext_frame_39_1\" style=\"width:459px; float:left\" class=\"wppa-text-frame-1 wppa-text-frame wppa-cover-text-frame wppa-asym-text-frame-1\"><h2 style=\"clear:none\" class=\"wppa-title\"><a title=\"View the album Celebraci\u00f3 del final de curs a Horta (juny 2013)\" style=\"cursor:pointer\" class=\"wppa-title\" onclick=\"wppaDoAjaxRender(event, 1, &#039;https:\/\/donesesglesia.cat\/wp_cde\/wp-json\/wp-photo-album-plus\/endPoint?action=wppa&wppa-action=render&wppa-size=640&wppa-occur=1&wppa-fromp=71&lang=ca&wppa-album=c67d074010fcf919&wppa-cover=0&data-alb=39&#039;, &#039;https:\/\/donesesglesia.cat\/wp_cde\/album-fotografic\/?wppa-occur=1&lang=ca&wppa-cover=0&wppa-album=c67d074010fcf919&data-alb=39&#039; )\">Celebraci\u00f3 del final de curs a Horta (juny 2013)<\/a><\/h2><div style=\"min-height:54px;\" class=\"wppa-box-text wppa-black wppa-box-text-desc\">Les companyes del grup d\u2019Horta van celebrar la fi del curs amb un dinar de germanor a Cal Joanet el dia 20 de juny de 2013<\/div><div class=\"wppa-box-text wppa-black wppa-info wppa-slideshow-browse-link wppa-album-cover-link\"><a title=\"Slideshow\" style=\"cursor:pointer\" class=\"wppa-album-cover-link\" onclick=\"wppaDoAjaxRender(event, 1, &#039;https:\/\/donesesglesia.cat\/wp_cde\/wp-json\/wp-photo-album-plus\/endPoint?action=wppa&wppa-action=render&wppa-size=640&wppa-occur=1&wppa-fromp=71&lang=ca&wppa-slide=1&wppa-album=c67d074010fcf919&#039;, &#039;https:\/\/donesesglesia.cat\/wp_cde\/album-fotografic\/?wppa-occur=1&lang=ca&wppa-slide=1&wppa-album=c67d074010fcf919&#039; )\">Slideshow<\/a><\/div><div class=\"wppa-box-text wppa-black wppa-info wppa-viewlink wppa-album-cover-link\"><a title=\"View the album Celebraci\u00f3 del final de curs a Horta (juny 2013)\" style=\"cursor:pointer;\" class=\"wppa-album-cover-link\" onclick=\"wppaDoAjaxRender(event, 1, &#039;https:\/\/donesesglesia.cat\/wp_cde\/wp-json\/wp-photo-album-plus\/endPoint?action=wppa&wppa-action=render&wppa-size=640&wppa-occur=1&wppa-fromp=71&lang=ca&wppa-album=c67d074010fcf919&wppa-cover=0&data-alb=39&#039;, &#039;https:\/\/donesesglesia.cat\/wp_cde\/album-fotografic\/?wppa-occur=1&lang=ca&wppa-cover=0&wppa-album=c67d074010fcf919&data-alb=39&#039; )\">View&nbsp;3&nbsp;photos<\/a><\/div><\/div><div id=\"coverphoto_frame_39_1\" style=\"float:right; margin-left:5px;width:160px;\" class=\"coverphoto-frame\"><div title=\" \" style=\"display:inline-block;margin:0 4px;\" onclick=\"wppaStopProp(event)\"><a title=\"View the album Celebraci\u00f3 del final de curs a Horta (juny 2013)\" style=\"border:0;color:transparent;cursor:pointer;\" target=\"_self\" onclick=\"wppaDoAjaxRender(event, 1, &#039;https:\/\/donesesglesia.cat\/wp_cde\/wp-json\/wp-photo-album-plus\/endPoint?action=wppa&wppa-action=render&wppa-size=640&wppa-occur=1&wppa-fromp=71&lang=ca&wppa-album=c67d074010fcf919&wppa-cover=0&data-alb=39&#039;, &#039;https:\/\/donesesglesia.cat\/wp_cde\/album-fotografic\/?wppa-occur=1&lang=ca&wppa-cover=0&wppa-album=c67d074010fcf919&data-alb=39&#039; )\"><img decoding=\"async\" style=\"border-width:0px;width:150px;height:111px;opacity:0.85;display:inline;\" src=\"https:\/\/donesesglesia.cat\/wp_cde\/wp-content\/uploads\/wppa\/thumbs\/327.jpg?ver=1\" alt=\"foto2\" class=\"image wppa-img\" onmouseover=\"jQuery(this).fadeTo(400, 1.0)\" onmouseout=\"jQuery(this).fadeTo(400,0.85)\"><\/a><\/div><\/div><div title=\" \" onclick=\"wppaStopProp(event);\"><\/div><div style=\"clear:both;\"><\/div><\/div><div id=\"album-35-1\" title=\"View the album Sortida final de curs 2012-2013\" style=\"width:100%;float:right;cursor:pointer;\" class=\"wppa-album-cover-standard album wppa-box wppa-cover-box wppa-cover-box-1\" onclick=\"wppaDoAjaxRender(event, 1, &#039;https:\/\/donesesglesia.cat\/wp_cde\/wp-json\/wp-photo-album-plus\/endPoint?action=wppa&wppa-action=render&wppa-size=640&wppa-occur=1&wppa-fromp=71&lang=ca&wppa-album=68efae8c822883d3&wppa-cover=0&data-alb=35&#039;, &#039;https:\/\/donesesglesia.cat\/wp_cde\/album-fotografic\/?wppa-occur=1&lang=ca&wppa-cover=0&wppa-album=68efae8c822883d3&data-alb=35&#039; )\"><div id=\"covertext_frame_35_1\" style=\"width:459px; float:left\" class=\"wppa-text-frame-1 wppa-text-frame wppa-cover-text-frame wppa-asym-text-frame-1\"><h2 style=\"clear:none\" class=\"wppa-title\"><a title=\"View the album Sortida final de curs 2012-2013\" style=\"cursor:pointer\" class=\"wppa-title\" onclick=\"wppaDoAjaxRender(event, 1, &#039;https:\/\/donesesglesia.cat\/wp_cde\/wp-json\/wp-photo-album-plus\/endPoint?action=wppa&wppa-action=render&wppa-size=640&wppa-occur=1&wppa-fromp=71&lang=ca&wppa-album=68efae8c822883d3&wppa-cover=0&data-alb=35&#039;, &#039;https:\/\/donesesglesia.cat\/wp_cde\/album-fotografic\/?wppa-occur=1&lang=ca&wppa-cover=0&wppa-album=68efae8c822883d3&data-alb=35&#039; )\">Sortida final de curs 2012-2013<\/a><\/h2><div style=\"min-height:54px;\" class=\"wppa-box-text wppa-black wppa-box-text-desc\">El divendres 7 de juny de 2013 vam fer la sortida final de curs. Vam visitar la Maternitat d\u2019Elna, un lloc emblem\u00e0tic per a moltes dones que, fugint de la guerra civil espanyola, van fer cap a Fran\u00e7a<\/div><div class=\"wppa-box-text wppa-black wppa-info wppa-slideshow-browse-link wppa-album-cover-link\"><a title=\"Slideshow\" style=\"cursor:pointer\" class=\"wppa-album-cover-link\" onclick=\"wppaDoAjaxRender(event, 1, &#039;https:\/\/donesesglesia.cat\/wp_cde\/wp-json\/wp-photo-album-plus\/endPoint?action=wppa&wppa-action=render&wppa-size=640&wppa-occur=1&wppa-fromp=71&lang=ca&wppa-slide=1&wppa-album=68efae8c822883d3&#039;, &#039;https:\/\/donesesglesia.cat\/wp_cde\/album-fotografic\/?wppa-occur=1&lang=ca&wppa-slide=1&wppa-album=68efae8c822883d3&#039; )\">Slideshow<\/a><\/div><div class=\"wppa-box-text wppa-black wppa-info wppa-viewlink wppa-album-cover-link\"><a title=\"View the album Sortida final de curs 2012-2013\" style=\"cursor:pointer;\" class=\"wppa-album-cover-link\" onclick=\"wppaDoAjaxRender(event, 1, &#039;https:\/\/donesesglesia.cat\/wp_cde\/wp-json\/wp-photo-album-plus\/endPoint?action=wppa&wppa-action=render&wppa-size=640&wppa-occur=1&wppa-fromp=71&lang=ca&wppa-album=68efae8c822883d3&wppa-cover=0&data-alb=35&#039;, &#039;https:\/\/donesesglesia.cat\/wp_cde\/album-fotografic\/?wppa-occur=1&lang=ca&wppa-cover=0&wppa-album=68efae8c822883d3&data-alb=35&#039; )\">View&nbsp;34&nbsp;photos<\/a><\/div><\/div><div id=\"coverphoto_frame_35_1\" style=\"float:right; margin-left:5px;width:160px;\" class=\"coverphoto-frame\"><div title=\" \" style=\"display:inline-block;margin:0 4px;\" onclick=\"wppaStopProp(event)\"><a title=\"View the album Sortida final de curs 2012-2013\" style=\"border:0;color:transparent;cursor:pointer;\" target=\"_self\" onclick=\"wppaDoAjaxRender(event, 1, &#039;https:\/\/donesesglesia.cat\/wp_cde\/wp-json\/wp-photo-album-plus\/endPoint?action=wppa&wppa-action=render&wppa-size=640&wppa-occur=1&wppa-fromp=71&lang=ca&wppa-album=68efae8c822883d3&wppa-cover=0&data-alb=35&#039;, &#039;https:\/\/donesesglesia.cat\/wp_cde\/album-fotografic\/?wppa-occur=1&lang=ca&wppa-cover=0&wppa-album=68efae8c822883d3&data-alb=35&#039; )\"><img decoding=\"async\" style=\"border-width:0px;width:150px;height:113px;opacity:0.85;display:inline;\" src=\"https:\/\/donesesglesia.cat\/wp_cde\/wp-content\/uploads\/wppa\/thumbs\/294.jpg?ver=1\" alt=\"IMG_6810.JPG\" class=\"image wppa-img\" onmouseover=\"jQuery(this).fadeTo(400, 1.0)\" onmouseout=\"jQuery(this).fadeTo(400,0.85)\"><\/a><\/div><\/div><div title=\" \" onclick=\"wppaStopProp(event);\"><\/div><div style=\"clear:both;\"><\/div><\/div><div id=\"album-34-1\" title=\"View the album Girona: celebraci\u00f3 de l&#039;aniversari de la Maria\" style=\"width:100%;float:right;cursor:pointer;\" class=\"wppa-album-cover-standard album wppa-box wppa-cover-box wppa-cover-box-1\" onclick=\"wppaDoAjaxRender(event, 1, &#039;https:\/\/donesesglesia.cat\/wp_cde\/wp-json\/wp-photo-album-plus\/endPoint?action=wppa&wppa-action=render&wppa-size=640&wppa-occur=1&wppa-fromp=71&lang=ca&wppa-album=6be1f0b6e3c67f56&wppa-cover=0&data-alb=34&#039;, &#039;https:\/\/donesesglesia.cat\/wp_cde\/album-fotografic\/?wppa-occur=1&lang=ca&wppa-cover=0&wppa-album=6be1f0b6e3c67f56&data-alb=34&#039; )\"><div id=\"covertext_frame_34_1\" style=\"width:459px; float:left\" class=\"wppa-text-frame-1 wppa-text-frame wppa-cover-text-frame wppa-asym-text-frame-1\"><h2 style=\"clear:none\" class=\"wppa-title\"><a title=\"View the album Girona: celebraci\u00f3 de l&#039;aniversari de la Maria\" style=\"cursor:pointer\" class=\"wppa-title\" onclick=\"wppaDoAjaxRender(event, 1, &#039;https:\/\/donesesglesia.cat\/wp_cde\/wp-json\/wp-photo-album-plus\/endPoint?action=wppa&wppa-action=render&wppa-size=640&wppa-occur=1&wppa-fromp=71&lang=ca&wppa-album=6be1f0b6e3c67f56&wppa-cover=0&data-alb=34&#039;, &#039;https:\/\/donesesglesia.cat\/wp_cde\/album-fotografic\/?wppa-occur=1&lang=ca&wppa-cover=0&wppa-album=6be1f0b6e3c67f56&data-alb=34&#039; )\">Girona: celebraci\u00f3 de l&#039;aniversari de la Maria<\/a><\/h2><div style=\"min-height:54px;\" class=\"wppa-box-text wppa-black wppa-box-text-desc\">Celebraci\u00f3 dels 89 anys de la Maria, la companya m\u00e9s gran de Girona. Ll\u00e0stima que hi falten companyes a la fotografia, per\u00f2 va ser una estona molt agradable, i ella va estar molt contenta (21 de maig, 2013)<\/div><div class=\"wppa-box-text wppa-black wppa-info wppa-slideshow-browse-link wppa-album-cover-link\"><a title=\"Slideshow\" style=\"cursor:pointer\" class=\"wppa-album-cover-link\" onclick=\"wppaDoAjaxRender(event, 1, &#039;https:\/\/donesesglesia.cat\/wp_cde\/wp-json\/wp-photo-album-plus\/endPoint?action=wppa&wppa-action=render&wppa-size=640&wppa-occur=1&wppa-fromp=71&lang=ca&wppa-slide=1&wppa-album=6be1f0b6e3c67f56&#039;, &#039;https:\/\/donesesglesia.cat\/wp_cde\/album-fotografic\/?wppa-occur=1&lang=ca&wppa-slide=1&wppa-album=6be1f0b6e3c67f56&#039; )\">Slideshow<\/a><\/div><div class=\"wppa-box-text wppa-black wppa-info wppa-viewlink wppa-album-cover-link\"><a title=\"View the album Girona: celebraci\u00f3 de l\\&#039;aniversari de la Maria\" style=\"cursor:pointer;\" class=\"wppa-album-cover-link\" onclick=\"wppaDoAjaxRender(event, 1, &#039;https:\/\/donesesglesia.cat\/wp_cde\/wp-json\/wp-photo-album-plus\/endPoint?action=wppa&wppa-action=render&wppa-size=640&wppa-occur=1&wppa-fromp=71&lang=ca&wppa-album=6be1f0b6e3c67f56&wppa-cover=0&data-alb=34&#039;, &#039;https:\/\/donesesglesia.cat\/wp_cde\/album-fotografic\/?wppa-occur=1&lang=ca&wppa-cover=0&wppa-album=6be1f0b6e3c67f56&data-alb=34&#039; )\">View&nbsp;4&nbsp;photos<\/a><\/div><\/div><div id=\"coverphoto_frame_34_1\" style=\"float:right; margin-left:5px;width:122px;\" class=\"coverphoto-frame\"><div title=\" \" style=\"display:inline-block;margin:0 4px;\" onclick=\"wppaStopProp(event)\"><a title=\"View the album Girona: celebraci\u00f3 de l&#039;aniversari de la Maria\" style=\"border:0;color:transparent;cursor:pointer;\" target=\"_self\" onclick=\"wppaDoAjaxRender(event, 1, &#039;https:\/\/donesesglesia.cat\/wp_cde\/wp-json\/wp-photo-album-plus\/endPoint?action=wppa&wppa-action=render&wppa-size=640&wppa-occur=1&wppa-fromp=71&lang=ca&wppa-album=6be1f0b6e3c67f56&wppa-cover=0&data-alb=34&#039;, &#039;https:\/\/donesesglesia.cat\/wp_cde\/album-fotografic\/?wppa-occur=1&lang=ca&wppa-cover=0&wppa-album=6be1f0b6e3c67f56&data-alb=34&#039; )\"><img decoding=\"async\" style=\"border-width:0px;width:112px;height:150px;opacity:0.85;display:inline;\" src=\"https:\/\/donesesglesia.cat\/wp_cde\/wp-content\/uploads\/wppa\/thumbs\/278.jpg?ver=1\" alt=\"DSCN9500\" class=\"image wppa-img\" onmouseover=\"jQuery(this).fadeTo(400, 1.0)\" onmouseout=\"jQuery(this).fadeTo(400,0.85)\"><\/a><\/div><\/div><div title=\" \" onclick=\"wppaStopProp(event);\"><\/div><div style=\"clear:both;\"><\/div><\/div><div id=\"album-31-1\" title=\"View the album Assemblea General 2013\" style=\"width:100%;float:right;cursor:pointer;\" class=\"wppa-album-cover-standard album wppa-box wppa-cover-box wppa-cover-box-1\" onclick=\"wppaDoAjaxRender(event, 1, &#039;https:\/\/donesesglesia.cat\/wp_cde\/wp-json\/wp-photo-album-plus\/endPoint?action=wppa&wppa-action=render&wppa-size=640&wppa-occur=1&wppa-fromp=71&lang=ca&wppa-album=68ba34ded4c5b191&wppa-cover=0&data-alb=31&#039;, &#039;https:\/\/donesesglesia.cat\/wp_cde\/album-fotografic\/?wppa-occur=1&lang=ca&wppa-cover=0&wppa-album=68ba34ded4c5b191&data-alb=31&#039; )\"><div id=\"covertext_frame_31_1\" style=\"width:459px; float:left\" class=\"wppa-text-frame-1 wppa-text-frame wppa-cover-text-frame wppa-asym-text-frame-1\"><h2 style=\"clear:none\" class=\"wppa-title\"><a title=\"View the album Assemblea General 2013\" style=\"cursor:pointer\" class=\"wppa-title\" onclick=\"wppaDoAjaxRender(event, 1, &#039;https:\/\/donesesglesia.cat\/wp_cde\/wp-json\/wp-photo-album-plus\/endPoint?action=wppa&wppa-action=render&wppa-size=640&wppa-occur=1&wppa-fromp=71&lang=ca&wppa-album=68ba34ded4c5b191&wppa-cover=0&data-alb=31&#039;, &#039;https:\/\/donesesglesia.cat\/wp_cde\/album-fotografic\/?wppa-occur=1&lang=ca&wppa-cover=0&wppa-album=68ba34ded4c5b191&data-alb=31&#039; )\">Assemblea General 2013<\/a><\/h2><div style=\"min-height:54px;\" class=\"wppa-box-text wppa-black wppa-box-text-desc\">Assemblea anual general ordin\u00e0ria del CDE, celebrada el 23 de febrer de 2013 a la nostra seu (c\/de Rocafort, 242 bis, sala d\u2019actes Abat Escarr\u00e9)<\/div><div class=\"wppa-box-text wppa-black wppa-info wppa-slideshow-browse-link wppa-album-cover-link\"><a title=\"Slideshow\" style=\"cursor:pointer\" class=\"wppa-album-cover-link\" onclick=\"wppaDoAjaxRender(event, 1, &#039;https:\/\/donesesglesia.cat\/wp_cde\/wp-json\/wp-photo-album-plus\/endPoint?action=wppa&wppa-action=render&wppa-size=640&wppa-occur=1&wppa-fromp=71&lang=ca&wppa-slide=1&wppa-album=68ba34ded4c5b191&#039;, &#039;https:\/\/donesesglesia.cat\/wp_cde\/album-fotografic\/?wppa-occur=1&lang=ca&wppa-slide=1&wppa-album=68ba34ded4c5b191&#039; )\">Slideshow<\/a><\/div><div class=\"wppa-box-text wppa-black wppa-info wppa-viewlink wppa-album-cover-link\"><a title=\"View the album Assemblea General 2013\" style=\"cursor:pointer;\" class=\"wppa-album-cover-link\" onclick=\"wppaDoAjaxRender(event, 1, &#039;https:\/\/donesesglesia.cat\/wp_cde\/wp-json\/wp-photo-album-plus\/endPoint?action=wppa&wppa-action=render&wppa-size=640&wppa-occur=1&wppa-fromp=71&lang=ca&wppa-album=68ba34ded4c5b191&wppa-cover=0&data-alb=31&#039;, &#039;https:\/\/donesesglesia.cat\/wp_cde\/album-fotografic\/?wppa-occur=1&lang=ca&wppa-cover=0&wppa-album=68ba34ded4c5b191&data-alb=31&#039; )\">View&nbsp;18&nbsp;photos<\/a><\/div><\/div><div id=\"coverphoto_frame_31_1\" style=\"float:right; margin-left:5px;width:160px;\" class=\"coverphoto-frame\"><div title=\" \" style=\"display:inline-block;margin:0 4px;\" onclick=\"wppaStopProp(event)\"><a title=\"View the album Assemblea General 2013\" style=\"border:0;color:transparent;cursor:pointer;\" target=\"_self\" onclick=\"wppaDoAjaxRender(event, 1, &#039;https:\/\/donesesglesia.cat\/wp_cde\/wp-json\/wp-photo-album-plus\/endPoint?action=wppa&wppa-action=render&wppa-size=640&wppa-occur=1&wppa-fromp=71&lang=ca&wppa-album=68ba34ded4c5b191&wppa-cover=0&data-alb=31&#039;, &#039;https:\/\/donesesglesia.cat\/wp_cde\/album-fotografic\/?wppa-occur=1&lang=ca&wppa-cover=0&wppa-album=68ba34ded4c5b191&data-alb=31&#039; )\"><img decoding=\"async\" style=\"border-width:0px;width:150px;height:112px;opacity:0.85;display:inline;\" src=\"https:\/\/donesesglesia.cat\/wp_cde\/wp-content\/uploads\/wppa\/thumbs\/246.jpg?ver=1\" alt=\"IMG_6383.jpg\" class=\"image wppa-img\" onmouseover=\"jQuery(this).fadeTo(400, 1.0)\" onmouseout=\"jQuery(this).fadeTo(400,0.85)\"><\/a><\/div><\/div><div title=\" \" onclick=\"wppaStopProp(event);\"><\/div><div style=\"clear:both;\"><\/div><\/div><div id=\"album-32-1\" title=\"View the album Concentraci\u00f3 viol\u00e8ncia de g\u00e8nere\" style=\"width:100%;float:right;cursor:pointer;\" class=\"wppa-album-cover-standard album wppa-box wppa-cover-box wppa-cover-box-1\" onclick=\"wppaDoAjaxRender(event, 1, &#039;https:\/\/donesesglesia.cat\/wp_cde\/wp-json\/wp-photo-album-plus\/endPoint?action=wppa&wppa-action=render&wppa-size=640&wppa-occur=1&wppa-fromp=71&lang=ca&wppa-album=97026146ee489548&wppa-cover=0&data-alb=32&#039;, &#039;https:\/\/donesesglesia.cat\/wp_cde\/album-fotografic\/?wppa-occur=1&lang=ca&wppa-cover=0&wppa-album=97026146ee489548&data-alb=32&#039; )\"><div id=\"covertext_frame_32_1\" style=\"width:459px; float:left\" class=\"wppa-text-frame-1 wppa-text-frame wppa-cover-text-frame wppa-asym-text-frame-1\"><h2 style=\"clear:none\" class=\"wppa-title\"><a title=\"View the album Concentraci\u00f3 viol\u00e8ncia de g\u00e8nere\" style=\"cursor:pointer\" class=\"wppa-title\" onclick=\"wppaDoAjaxRender(event, 1, &#039;https:\/\/donesesglesia.cat\/wp_cde\/wp-json\/wp-photo-album-plus\/endPoint?action=wppa&wppa-action=render&wppa-size=640&wppa-occur=1&wppa-fromp=71&lang=ca&wppa-album=97026146ee489548&wppa-cover=0&data-alb=32&#039;, &#039;https:\/\/donesesglesia.cat\/wp_cde\/album-fotografic\/?wppa-occur=1&lang=ca&wppa-cover=0&wppa-album=97026146ee489548&data-alb=32&#039; )\">Concentraci\u00f3 viol\u00e8ncia de g\u00e8nere<\/a><\/h2><div style=\"min-height:54px;\" class=\"wppa-box-text wppa-black wppa-box-text-desc\">Concentraci\u00f3 homenatge a les dones que pateixen viol\u00e8ncia de g\u00e8nere, organitzada per la Plataforma contra les viol\u00e8ncies de g\u00e8nere, amb la col\u00b7laboraci\u00f3 del Col\u00b7lectiu de Dones en l\u2019Esgl\u00e9sia per la Paritat. 18 de febrer de 2013, Pla\u00e7a Sant Jaume de Barcelona<\/div><div class=\"wppa-box-text wppa-black wppa-info wppa-slideshow-browse-link wppa-album-cover-link\"><a title=\"Slideshow\" style=\"cursor:pointer\" class=\"wppa-album-cover-link\" onclick=\"wppaDoAjaxRender(event, 1, &#039;https:\/\/donesesglesia.cat\/wp_cde\/wp-json\/wp-photo-album-plus\/endPoint?action=wppa&wppa-action=render&wppa-size=640&wppa-occur=1&wppa-fromp=71&lang=ca&wppa-slide=1&wppa-album=97026146ee489548&#039;, &#039;https:\/\/donesesglesia.cat\/wp_cde\/album-fotografic\/?wppa-occur=1&lang=ca&wppa-slide=1&wppa-album=97026146ee489548&#039; )\">Slideshow<\/a><\/div><div class=\"wppa-box-text wppa-black wppa-info wppa-viewlink wppa-album-cover-link\"><a title=\"View the album Concentraci\u00f3 viol\u00e8ncia de g\u00e8nere\" style=\"cursor:pointer;\" class=\"wppa-album-cover-link\" onclick=\"wppaDoAjaxRender(event, 1, &#039;https:\/\/donesesglesia.cat\/wp_cde\/wp-json\/wp-photo-album-plus\/endPoint?action=wppa&wppa-action=render&wppa-size=640&wppa-occur=1&wppa-fromp=71&lang=ca&wppa-album=97026146ee489548&wppa-cover=0&data-alb=32&#039;, &#039;https:\/\/donesesglesia.cat\/wp_cde\/album-fotografic\/?wppa-occur=1&lang=ca&wppa-cover=0&wppa-album=97026146ee489548&data-alb=32&#039; )\">View&nbsp;8&nbsp;photos<\/a><\/div><\/div><div id=\"coverphoto_frame_32_1\" style=\"float:right; margin-left:5px;width:160px;\" class=\"coverphoto-frame\"><div title=\" \" style=\"display:inline-block;margin:0 4px;\" onclick=\"wppaStopProp(event)\"><a title=\"View the album Concentraci\u00f3 viol\u00e8ncia de g\u00e8nere\" style=\"border:0;color:transparent;cursor:pointer;\" target=\"_self\" onclick=\"wppaDoAjaxRender(event, 1, &#039;https:\/\/donesesglesia.cat\/wp_cde\/wp-json\/wp-photo-album-plus\/endPoint?action=wppa&wppa-action=render&wppa-size=640&wppa-occur=1&wppa-fromp=71&lang=ca&wppa-album=97026146ee489548&wppa-cover=0&data-alb=32&#039;, &#039;https:\/\/donesesglesia.cat\/wp_cde\/album-fotografic\/?wppa-occur=1&lang=ca&wppa-cover=0&wppa-album=97026146ee489548&data-alb=32&#039; )\"><img decoding=\"async\" style=\"border-width:0px;width:150px;height:112px;opacity:0.85;display:inline;\" src=\"https:\/\/donesesglesia.cat\/wp_cde\/wp-content\/uploads\/wppa\/thumbs\/263.jpg?ver=1\" alt=\"IMG_6361.jpg\" class=\"image wppa-img\" onmouseover=\"jQuery(this).fadeTo(400, 1.0)\" onmouseout=\"jQuery(this).fadeTo(400,0.85)\"><\/a><\/div><\/div><div title=\" \" onclick=\"wppaStopProp(event);\"><\/div><div style=\"clear:both;\"><\/div><\/div><div id=\"album-33-1\" title=\"View the album Girona: Mercat de l&#039;Intercanvi 2013\" style=\"width:100%;float:right;cursor:pointer;\" class=\"wppa-album-cover-standard album wppa-box wppa-cover-box wppa-cover-box-1\" onclick=\"wppaDoAjaxRender(event, 1, &#039;https:\/\/donesesglesia.cat\/wp_cde\/wp-json\/wp-photo-album-plus\/endPoint?action=wppa&wppa-action=render&wppa-size=640&wppa-occur=1&wppa-fromp=71&lang=ca&wppa-album=2b04688f29ef5e92&wppa-cover=0&data-alb=33&#039;, &#039;https:\/\/donesesglesia.cat\/wp_cde\/album-fotografic\/?wppa-occur=1&lang=ca&wppa-cover=0&wppa-album=2b04688f29ef5e92&data-alb=33&#039; )\"><div id=\"covertext_frame_33_1\" style=\"width:459px; float:left\" class=\"wppa-text-frame-1 wppa-text-frame wppa-cover-text-frame wppa-asym-text-frame-1\"><h2 style=\"clear:none\" class=\"wppa-title\"><a title=\"View the album Girona: Mercat de l&#039;Intercanvi 2013\" style=\"cursor:pointer\" class=\"wppa-title\" onclick=\"wppaDoAjaxRender(event, 1, &#039;https:\/\/donesesglesia.cat\/wp_cde\/wp-json\/wp-photo-album-plus\/endPoint?action=wppa&wppa-action=render&wppa-size=640&wppa-occur=1&wppa-fromp=71&lang=ca&wppa-album=2b04688f29ef5e92&wppa-cover=0&data-alb=33&#039;, &#039;https:\/\/donesesglesia.cat\/wp_cde\/album-fotografic\/?wppa-occur=1&lang=ca&wppa-cover=0&wppa-album=2b04688f29ef5e92&data-alb=33&#039; )\">Girona: Mercat de l&#039;Intercanvi 2013<\/a><\/h2><div style=\"min-height:54px;\" class=\"wppa-box-text wppa-black wppa-box-text-desc\">Mercat de l'intercanvi-Taller Xarxa pels drets socials (Espavila't), celebrat a Girona el diumenge 20 de gener de 2013<\/div><div class=\"wppa-box-text wppa-black wppa-info wppa-slideshow-browse-link wppa-album-cover-link\"><a title=\"Slideshow\" style=\"cursor:pointer\" class=\"wppa-album-cover-link\" onclick=\"wppaDoAjaxRender(event, 1, &#039;https:\/\/donesesglesia.cat\/wp_cde\/wp-json\/wp-photo-album-plus\/endPoint?action=wppa&wppa-action=render&wppa-size=640&wppa-occur=1&wppa-fromp=71&lang=ca&wppa-slide=1&wppa-album=2b04688f29ef5e92&#039;, &#039;https:\/\/donesesglesia.cat\/wp_cde\/album-fotografic\/?wppa-occur=1&lang=ca&wppa-slide=1&wppa-album=2b04688f29ef5e92&#039; )\">Slideshow<\/a><\/div><div class=\"wppa-box-text wppa-black wppa-info wppa-viewlink wppa-album-cover-link\"><a title=\"View the album Girona: Mercat de l\\&#039;Intercanvi 2013\" style=\"cursor:pointer;\" class=\"wppa-album-cover-link\" onclick=\"wppaDoAjaxRender(event, 1, &#039;https:\/\/donesesglesia.cat\/wp_cde\/wp-json\/wp-photo-album-plus\/endPoint?action=wppa&wppa-action=render&wppa-size=640&wppa-occur=1&wppa-fromp=71&lang=ca&wppa-album=2b04688f29ef5e92&wppa-cover=0&data-alb=33&#039;, &#039;https:\/\/donesesglesia.cat\/wp_cde\/album-fotografic\/?wppa-occur=1&lang=ca&wppa-cover=0&wppa-album=2b04688f29ef5e92&data-alb=33&#039; )\">View&nbsp;4&nbsp;photos<\/a><\/div><\/div><div id=\"coverphoto_frame_33_1\" style=\"float:right; margin-left:5px;width:160px;\" class=\"coverphoto-frame\"><div title=\" \" style=\"display:inline-block;margin:0 4px;\" onclick=\"wppaStopProp(event)\"><a title=\"View the album Girona: Mercat de l&#039;Intercanvi 2013\" style=\"border:0;color:transparent;cursor:pointer;\" target=\"_self\" onclick=\"wppaDoAjaxRender(event, 1, &#039;https:\/\/donesesglesia.cat\/wp_cde\/wp-json\/wp-photo-album-plus\/endPoint?action=wppa&wppa-action=render&wppa-size=640&wppa-occur=1&wppa-fromp=71&lang=ca&wppa-album=2b04688f29ef5e92&wppa-cover=0&data-alb=33&#039;, &#039;https:\/\/donesesglesia.cat\/wp_cde\/album-fotografic\/?wppa-occur=1&lang=ca&wppa-cover=0&wppa-album=2b04688f29ef5e92&data-alb=33&#039; )\"><img decoding=\"async\" style=\"border-width:0px;width:150px;height:112px;opacity:0.85;display:inline;\" src=\"https:\/\/donesesglesia.cat\/wp_cde\/wp-content\/uploads\/wppa\/thumbs\/274.jpg?ver=1\" alt=\"IMGP2537\" class=\"image wppa-img\" onmouseover=\"jQuery(this).fadeTo(400, 1.0)\" onmouseout=\"jQuery(this).fadeTo(400,0.85)\"><\/a><\/div><\/div><div title=\" \" onclick=\"wppaStopProp(event);\"><\/div><div style=\"clear:both;\"><\/div><\/div><div id=\"album-30-1\" title=\"View the album Inauguraci\u00f3 nou local (24 d&#039;octubre, 2012)\" style=\"width:100%;float:right;cursor:pointer;\" class=\"wppa-album-cover-standard album wppa-box wppa-cover-box wppa-cover-box-1\" onclick=\"wppaDoAjaxRender(event, 1, &#039;https:\/\/donesesglesia.cat\/wp_cde\/wp-json\/wp-photo-album-plus\/endPoint?action=wppa&wppa-action=render&wppa-size=640&wppa-occur=1&wppa-fromp=71&lang=ca&wppa-album=655afd54daaa0ba2&wppa-cover=0&data-alb=30&#039;, &#039;https:\/\/donesesglesia.cat\/wp_cde\/album-fotografic\/?wppa-occur=1&lang=ca&wppa-cover=0&wppa-album=655afd54daaa0ba2&data-alb=30&#039; )\"><div id=\"covertext_frame_30_1\" style=\"width:459px; float:left\" class=\"wppa-text-frame-1 wppa-text-frame wppa-cover-text-frame wppa-asym-text-frame-1\"><h2 style=\"clear:none\" class=\"wppa-title\"><a title=\"View the album Inauguraci\u00f3 nou local (24 d&#039;octubre, 2012)\" style=\"cursor:pointer\" class=\"wppa-title\" onclick=\"wppaDoAjaxRender(event, 1, &#039;https:\/\/donesesglesia.cat\/wp_cde\/wp-json\/wp-photo-album-plus\/endPoint?action=wppa&wppa-action=render&wppa-size=640&wppa-occur=1&wppa-fromp=71&lang=ca&wppa-album=655afd54daaa0ba2&wppa-cover=0&data-alb=30&#039;, &#039;https:\/\/donesesglesia.cat\/wp_cde\/album-fotografic\/?wppa-occur=1&lang=ca&wppa-cover=0&wppa-album=655afd54daaa0ba2&data-alb=30&#039; )\">Inauguraci\u00f3 nou local (24 d&#039;octubre, 2012)<\/a><\/h2><div style=\"min-height:54px;\" class=\"wppa-box-text wppa-black wppa-box-text-desc\">El dia 24 d'octubre el CDE uva inaugurar la seva nova seu, al carrer Rocafort, 242-bis, planta primera, despatx 11 (Edifici CIEMEN), de Barcelona<\/div><div class=\"wppa-box-text wppa-black wppa-info wppa-slideshow-browse-link wppa-album-cover-link\"><a title=\"Slideshow\" style=\"cursor:pointer\" class=\"wppa-album-cover-link\" onclick=\"wppaDoAjaxRender(event, 1, &#039;https:\/\/donesesglesia.cat\/wp_cde\/wp-json\/wp-photo-album-plus\/endPoint?action=wppa&wppa-action=render&wppa-size=640&wppa-occur=1&wppa-fromp=71&lang=ca&wppa-slide=1&wppa-album=655afd54daaa0ba2&#039;, &#039;https:\/\/donesesglesia.cat\/wp_cde\/album-fotografic\/?wppa-occur=1&lang=ca&wppa-slide=1&wppa-album=655afd54daaa0ba2&#039; )\">Slideshow<\/a><\/div><div class=\"wppa-box-text wppa-black wppa-info wppa-viewlink wppa-album-cover-link\"><a title=\"View the album Inauguraci\u00f3 nou local (24 d\\&#039;octubre, 2012)\" style=\"cursor:pointer;\" class=\"wppa-album-cover-link\" onclick=\"wppaDoAjaxRender(event, 1, &#039;https:\/\/donesesglesia.cat\/wp_cde\/wp-json\/wp-photo-album-plus\/endPoint?action=wppa&wppa-action=render&wppa-size=640&wppa-occur=1&wppa-fromp=71&lang=ca&wppa-album=655afd54daaa0ba2&wppa-cover=0&data-alb=30&#039;, &#039;https:\/\/donesesglesia.cat\/wp_cde\/album-fotografic\/?wppa-occur=1&lang=ca&wppa-cover=0&wppa-album=655afd54daaa0ba2&data-alb=30&#039; )\">View&nbsp;4&nbsp;photos<\/a><\/div><\/div><div id=\"coverphoto_frame_30_1\" style=\"float:right; margin-left:5px;width:160px;\" class=\"coverphoto-frame\"><div title=\" \" style=\"display:inline-block;margin:0 4px;\" onclick=\"wppaStopProp(event)\"><a title=\"View the album Inauguraci\u00f3 nou local (24 d&#039;octubre, 2012)\" style=\"border:0;color:transparent;cursor:pointer;\" target=\"_self\" onclick=\"wppaDoAjaxRender(event, 1, &#039;https:\/\/donesesglesia.cat\/wp_cde\/wp-json\/wp-photo-album-plus\/endPoint?action=wppa&wppa-action=render&wppa-size=640&wppa-occur=1&wppa-fromp=71&lang=ca&wppa-album=655afd54daaa0ba2&wppa-cover=0&data-alb=30&#039;, &#039;https:\/\/donesesglesia.cat\/wp_cde\/album-fotografic\/?wppa-occur=1&lang=ca&wppa-cover=0&wppa-album=655afd54daaa0ba2&data-alb=30&#039; )\"><img decoding=\"async\" style=\"border-width:0px;width:150px;height:112px;opacity:0.85;display:inline;\" src=\"https:\/\/donesesglesia.cat\/wp_cde\/wp-content\/uploads\/wppa\/thumbs\/243.jpg?ver=1\" alt=\"Imagen 010.jpg\" class=\"image wppa-img\" onmouseover=\"jQuery(this).fadeTo(400, 1.0)\" onmouseout=\"jQuery(this).fadeTo(400,0.85)\"><\/a><\/div><\/div><div title=\" \" onclick=\"wppaStopProp(event);\"><\/div><div style=\"clear:both;\"><\/div><\/div><div id=\"album-28-1\" title=\"View the album Mostra d&#039;Entitats Catalanes (11 de setembre, 2012)\" style=\"width:100%;float:right;cursor:pointer;\" class=\"wppa-album-cover-standard album wppa-box wppa-cover-box wppa-cover-box-1\" onclick=\"wppaDoAjaxRender(event, 1, &#039;https:\/\/donesesglesia.cat\/wp_cde\/wp-json\/wp-photo-album-plus\/endPoint?action=wppa&wppa-action=render&wppa-size=640&wppa-occur=1&wppa-fromp=71&lang=ca&wppa-album=a2bf549aff53b03e&wppa-cover=0&data-alb=28&#039;, &#039;https:\/\/donesesglesia.cat\/wp_cde\/album-fotografic\/?wppa-occur=1&lang=ca&wppa-cover=0&wppa-album=a2bf549aff53b03e&data-alb=28&#039; )\"><div id=\"covertext_frame_28_1\" style=\"width:459px; float:left\" class=\"wppa-text-frame-1 wppa-text-frame wppa-cover-text-frame wppa-asym-text-frame-1\"><h2 style=\"clear:none\" class=\"wppa-title\"><a title=\"View the album Mostra d&#039;Entitats Catalanes (11 de setembre, 2012)\" style=\"cursor:pointer\" class=\"wppa-title\" onclick=\"wppaDoAjaxRender(event, 1, &#039;https:\/\/donesesglesia.cat\/wp_cde\/wp-json\/wp-photo-album-plus\/endPoint?action=wppa&wppa-action=render&wppa-size=640&wppa-occur=1&wppa-fromp=71&lang=ca&wppa-album=a2bf549aff53b03e&wppa-cover=0&data-alb=28&#039;, &#039;https:\/\/donesesglesia.cat\/wp_cde\/album-fotografic\/?wppa-occur=1&lang=ca&wppa-cover=0&wppa-album=a2bf549aff53b03e&data-alb=28&#039; )\">Mostra d&#039;Entitats Catalanes (11 de setembre, 2012)<\/a><\/h2><div style=\"min-height:54px;\" class=\"wppa-box-text wppa-black wppa-box-text-desc\">La Plataforma contra les viol\u00e8ncies de g\u00e8nere va participar en la Mostra d'Entitats Catalanes que es va celebrar per la Diada de Catalunya.<\/div><div class=\"wppa-box-text wppa-black wppa-info wppa-slideshow-browse-link wppa-album-cover-link\"><a title=\"Slideshow\" style=\"cursor:pointer\" class=\"wppa-album-cover-link\" onclick=\"wppaDoAjaxRender(event, 1, &#039;https:\/\/donesesglesia.cat\/wp_cde\/wp-json\/wp-photo-album-plus\/endPoint?action=wppa&wppa-action=render&wppa-size=640&wppa-occur=1&wppa-fromp=71&lang=ca&wppa-slide=1&wppa-album=a2bf549aff53b03e&#039;, &#039;https:\/\/donesesglesia.cat\/wp_cde\/album-fotografic\/?wppa-occur=1&lang=ca&wppa-slide=1&wppa-album=a2bf549aff53b03e&#039; )\">Slideshow<\/a><\/div><div class=\"wppa-box-text wppa-black wppa-info wppa-viewlink wppa-album-cover-link\"><a title=\"View the album Mostra d\\&#039;Entitats Catalanes (11 de setembre, 2012)\" style=\"cursor:pointer;\" class=\"wppa-album-cover-link\" onclick=\"wppaDoAjaxRender(event, 1, &#039;https:\/\/donesesglesia.cat\/wp_cde\/wp-json\/wp-photo-album-plus\/endPoint?action=wppa&wppa-action=render&wppa-size=640&wppa-occur=1&wppa-fromp=71&lang=ca&wppa-album=a2bf549aff53b03e&wppa-cover=0&data-alb=28&#039;, &#039;https:\/\/donesesglesia.cat\/wp_cde\/album-fotografic\/?wppa-occur=1&lang=ca&wppa-cover=0&wppa-album=a2bf549aff53b03e&data-alb=28&#039; )\">View&nbsp;14&nbsp;photos<\/a><\/div><\/div><div id=\"coverphoto_frame_28_1\" style=\"float:right; margin-left:5px;width:160px;\" class=\"coverphoto-frame\"><div title=\" \" style=\"display:inline-block;margin:0 4px;\" onclick=\"wppaStopProp(event)\"><a title=\"View the album Mostra d&#039;Entitats Catalanes (11 de setembre, 2012)\" style=\"border:0;color:transparent;cursor:pointer;\" target=\"_self\" onclick=\"wppaDoAjaxRender(event, 1, &#039;https:\/\/donesesglesia.cat\/wp_cde\/wp-json\/wp-photo-album-plus\/endPoint?action=wppa&wppa-action=render&wppa-size=640&wppa-occur=1&wppa-fromp=71&lang=ca&wppa-album=a2bf549aff53b03e&wppa-cover=0&data-alb=28&#039;, &#039;https:\/\/donesesglesia.cat\/wp_cde\/album-fotografic\/?wppa-occur=1&lang=ca&wppa-cover=0&wppa-album=a2bf549aff53b03e&data-alb=28&#039; )\"><img decoding=\"async\" style=\"border-width:0px;width:150px;height:112px;opacity:0.85;display:inline;\" src=\"https:\/\/donesesglesia.cat\/wp_cde\/wp-content\/uploads\/wppa\/thumbs\/202.jpg?ver=1\" alt=\"IMG_9011.JPG\" class=\"image wppa-img\" onmouseover=\"jQuery(this).fadeTo(400, 1.0)\" onmouseout=\"jQuery(this).fadeTo(400,0.85)\"><\/a><\/div><\/div><div title=\" \" onclick=\"wppaStopProp(event);\"><\/div><div style=\"clear:both;\"><\/div><\/div><div id=\"album-27-1\" title=\"View the album Taller de sensibilitzaci\u00f3 (20 d&#039;agost, 2012)\" style=\"width:100%;float:right;cursor:pointer;\" class=\"wppa-album-cover-standard album wppa-box wppa-cover-box wppa-cover-box-1\" onclick=\"wppaDoAjaxRender(event, 1, &#039;https:\/\/donesesglesia.cat\/wp_cde\/wp-json\/wp-photo-album-plus\/endPoint?action=wppa&wppa-action=render&wppa-size=640&wppa-occur=1&wppa-fromp=71&lang=ca&wppa-album=d3c13f3fda2e6454&wppa-cover=0&data-alb=27&#039;, &#039;https:\/\/donesesglesia.cat\/wp_cde\/album-fotografic\/?wppa-occur=1&lang=ca&wppa-cover=0&wppa-album=d3c13f3fda2e6454&data-alb=27&#039; )\"><div id=\"covertext_frame_27_1\" style=\"width:459px; float:left\" class=\"wppa-text-frame-1 wppa-text-frame wppa-cover-text-frame wppa-asym-text-frame-1\"><h2 style=\"clear:none\" class=\"wppa-title\"><a title=\"View the album Taller de sensibilitzaci\u00f3 (20 d&#039;agost, 2012)\" style=\"cursor:pointer\" class=\"wppa-title\" onclick=\"wppaDoAjaxRender(event, 1, &#039;https:\/\/donesesglesia.cat\/wp_cde\/wp-json\/wp-photo-album-plus\/endPoint?action=wppa&wppa-action=render&wppa-size=640&wppa-occur=1&wppa-fromp=71&lang=ca&wppa-album=d3c13f3fda2e6454&wppa-cover=0&data-alb=27&#039;, &#039;https:\/\/donesesglesia.cat\/wp_cde\/album-fotografic\/?wppa-occur=1&lang=ca&wppa-cover=0&wppa-album=d3c13f3fda2e6454&data-alb=27&#039; )\">Taller de sensibilitzaci\u00f3 (20 d&#039;agost, 2012)<\/a><\/h2><div style=\"min-height:54px;\" class=\"wppa-box-text wppa-black wppa-box-text-desc\">Taller infantil de xapes \"Trenquem el silenci\": taller dut a terme per la Plataforma unit\u00e0ria contra les viol\u00e8ncies de genere, a l'Espai Solidari de les Festes de Gr\u00e0cia<\/div><div class=\"wppa-box-text wppa-black wppa-info wppa-slideshow-browse-link wppa-album-cover-link\"><a title=\"Slideshow\" style=\"cursor:pointer\" class=\"wppa-album-cover-link\" onclick=\"wppaDoAjaxRender(event, 1, &#039;https:\/\/donesesglesia.cat\/wp_cde\/wp-json\/wp-photo-album-plus\/endPoint?action=wppa&wppa-action=render&wppa-size=640&wppa-occur=1&wppa-fromp=71&lang=ca&wppa-slide=1&wppa-album=d3c13f3fda2e6454&#039;, &#039;https:\/\/donesesglesia.cat\/wp_cde\/album-fotografic\/?wppa-occur=1&lang=ca&wppa-slide=1&wppa-album=d3c13f3fda2e6454&#039; )\">Slideshow<\/a><\/div><div class=\"wppa-box-text wppa-black wppa-info wppa-viewlink wppa-album-cover-link\"><a title=\"View the album Taller de sensibilitzaci\u00f3 (20 d\\&#039;agost, 2012)\" style=\"cursor:pointer;\" class=\"wppa-album-cover-link\" onclick=\"wppaDoAjaxRender(event, 1, &#039;https:\/\/donesesglesia.cat\/wp_cde\/wp-json\/wp-photo-album-plus\/endPoint?action=wppa&wppa-action=render&wppa-size=640&wppa-occur=1&wppa-fromp=71&lang=ca&wppa-album=d3c13f3fda2e6454&wppa-cover=0&data-alb=27&#039;, &#039;https:\/\/donesesglesia.cat\/wp_cde\/album-fotografic\/?wppa-occur=1&lang=ca&wppa-cover=0&wppa-album=d3c13f3fda2e6454&data-alb=27&#039; )\">View&nbsp;10&nbsp;photos<\/a><\/div><\/div><div id=\"coverphoto_frame_27_1\" style=\"float:right; margin-left:5px;width:160px;\" class=\"coverphoto-frame\"><div title=\" \" style=\"display:inline-block;margin:0 4px;\" onclick=\"wppaStopProp(event)\"><a title=\"View the album Taller de sensibilitzaci\u00f3 (20 d&#039;agost, 2012)\" style=\"border:0;color:transparent;cursor:pointer;\" target=\"_self\" onclick=\"wppaDoAjaxRender(event, 1, &#039;https:\/\/donesesglesia.cat\/wp_cde\/wp-json\/wp-photo-album-plus\/endPoint?action=wppa&wppa-action=render&wppa-size=640&wppa-occur=1&wppa-fromp=71&lang=ca&wppa-album=d3c13f3fda2e6454&wppa-cover=0&data-alb=27&#039;, &#039;https:\/\/donesesglesia.cat\/wp_cde\/album-fotografic\/?wppa-occur=1&lang=ca&wppa-cover=0&wppa-album=d3c13f3fda2e6454&data-alb=27&#039; )\"><img decoding=\"async\" style=\"border-width:0px;width:150px;height:112px;opacity:0.85;display:inline;\" src=\"https:\/\/donesesglesia.cat\/wp_cde\/wp-content\/uploads\/wppa\/thumbs\/192.jpg?ver=1\" alt=\"IMG_8776.JPG\" class=\"image wppa-img\" onmouseover=\"jQuery(this).fadeTo(400, 1.0)\" onmouseout=\"jQuery(this).fadeTo(400,0.85)\"><\/a><\/div><\/div><div title=\" \" onclick=\"wppaStopProp(event);\"><\/div><div style=\"clear:both;\"><\/div><\/div><div id=\"album-26-1\" title=\"View the album Girona - Celebraci\u00f3 festivitat Maria de Magdala 2012\" style=\"width:100%;float:right;cursor:pointer;\" class=\"wppa-album-cover-standard album wppa-box wppa-cover-box wppa-cover-box-1\" onclick=\"wppaDoAjaxRender(event, 1, &#039;https:\/\/donesesglesia.cat\/wp_cde\/wp-json\/wp-photo-album-plus\/endPoint?action=wppa&wppa-action=render&wppa-size=640&wppa-occur=1&wppa-fromp=71&lang=ca&wppa-album=f5e68d8fe4424014&wppa-cover=0&data-alb=26&#039;, &#039;https:\/\/donesesglesia.cat\/wp_cde\/album-fotografic\/?wppa-occur=1&lang=ca&wppa-cover=0&wppa-album=f5e68d8fe4424014&data-alb=26&#039; )\"><div id=\"covertext_frame_26_1\" style=\"width:459px; float:left\" class=\"wppa-text-frame-1 wppa-text-frame wppa-cover-text-frame wppa-asym-text-frame-1\"><h2 style=\"clear:none\" class=\"wppa-title\"><a title=\"View the album Girona - Celebraci\u00f3 festivitat Maria de Magdala 2012\" style=\"cursor:pointer\" class=\"wppa-title\" onclick=\"wppaDoAjaxRender(event, 1, &#039;https:\/\/donesesglesia.cat\/wp_cde\/wp-json\/wp-photo-album-plus\/endPoint?action=wppa&wppa-action=render&wppa-size=640&wppa-occur=1&wppa-fromp=71&lang=ca&wppa-album=f5e68d8fe4424014&wppa-cover=0&data-alb=26&#039;, &#039;https:\/\/donesesglesia.cat\/wp_cde\/album-fotografic\/?wppa-occur=1&lang=ca&wppa-cover=0&wppa-album=f5e68d8fe4424014&data-alb=26&#039; )\">Girona - Celebraci\u00f3 festivitat Maria de Magdala 2012<\/a><\/h2><div style=\"min-height:54px;\" class=\"wppa-box-text wppa-black wppa-box-text-desc\">El 21 de juliol, per celebrar la festivitat de la patrona del CDE, Maria de Magdala, les companyes de la delegaci\u00f3 de Girona van celebrar totes juntes un dinar.<\/div><div class=\"wppa-box-text wppa-black wppa-info wppa-slideshow-browse-link wppa-album-cover-link\"><a title=\"Slideshow\" style=\"cursor:pointer\" class=\"wppa-album-cover-link\" onclick=\"wppaDoAjaxRender(event, 1, &#039;https:\/\/donesesglesia.cat\/wp_cde\/wp-json\/wp-photo-album-plus\/endPoint?action=wppa&wppa-action=render&wppa-size=640&wppa-occur=1&wppa-fromp=71&lang=ca&wppa-slide=1&wppa-album=f5e68d8fe4424014&#039;, &#039;https:\/\/donesesglesia.cat\/wp_cde\/album-fotografic\/?wppa-occur=1&lang=ca&wppa-slide=1&wppa-album=f5e68d8fe4424014&#039; )\">Slideshow<\/a><\/div><div class=\"wppa-box-text wppa-black wppa-info wppa-viewlink wppa-album-cover-link\"><a title=\"View the album Girona - Celebraci\u00f3 festivitat Maria de Magdala 2012\" style=\"cursor:pointer;\" class=\"wppa-album-cover-link\" onclick=\"wppaDoAjaxRender(event, 1, &#039;https:\/\/donesesglesia.cat\/wp_cde\/wp-json\/wp-photo-album-plus\/endPoint?action=wppa&wppa-action=render&wppa-size=640&wppa-occur=1&wppa-fromp=71&lang=ca&wppa-album=f5e68d8fe4424014&wppa-cover=0&data-alb=26&#039;, &#039;https:\/\/donesesglesia.cat\/wp_cde\/album-fotografic\/?wppa-occur=1&lang=ca&wppa-cover=0&wppa-album=f5e68d8fe4424014&data-alb=26&#039; )\">View&nbsp;2&nbsp;photos<\/a><\/div><\/div><div id=\"coverphoto_frame_26_1\" style=\"float:right; margin-left:5px;width:160px;\" class=\"coverphoto-frame\"><div title=\" \" style=\"display:inline-block;margin:0 4px;\" onclick=\"wppaStopProp(event)\"><a title=\"View the album Girona - Celebraci\u00f3 festivitat Maria de Magdala 2012\" style=\"border:0;color:transparent;cursor:pointer;\" target=\"_self\" onclick=\"wppaDoAjaxRender(event, 1, &#039;https:\/\/donesesglesia.cat\/wp_cde\/wp-json\/wp-photo-album-plus\/endPoint?action=wppa&wppa-action=render&wppa-size=640&wppa-occur=1&wppa-fromp=71&lang=ca&wppa-album=f5e68d8fe4424014&wppa-cover=0&data-alb=26&#039;, &#039;https:\/\/donesesglesia.cat\/wp_cde\/album-fotografic\/?wppa-occur=1&lang=ca&wppa-cover=0&wppa-album=f5e68d8fe4424014&data-alb=26&#039; )\"><img decoding=\"async\" style=\"border-width:0px;width:150px;height:94px;opacity:0.85;display:inline;\" src=\"https:\/\/donesesglesia.cat\/wp_cde\/wp-content\/uploads\/wppa\/thumbs\/189.jpg?ver=1\" alt=\"Girona 22 juliol 2012 Maria Magdala\" class=\"image wppa-img\" onmouseover=\"jQuery(this).fadeTo(400, 1.0)\" onmouseout=\"jQuery(this).fadeTo(400,0.85)\"><\/a><\/div><\/div><div title=\" \" onclick=\"wppaStopProp(event);\"><\/div><div style=\"clear:both;\"><\/div><\/div><div id=\"album-29-1\" title=\"View the album Guapes, fermes i guerreres\" style=\"width:100%;float:right;cursor:pointer;\" class=\"wppa-album-cover-standard album wppa-box wppa-cover-box wppa-cover-box-1\" onclick=\"wppaDoAjaxRender(event, 1, &#039;https:\/\/donesesglesia.cat\/wp_cde\/wp-json\/wp-photo-album-plus\/endPoint?action=wppa&wppa-action=render&wppa-size=640&wppa-occur=1&wppa-fromp=71&lang=ca&wppa-album=74f9a9797203f61e&wppa-cover=0&data-alb=29&#039;, &#039;https:\/\/donesesglesia.cat\/wp_cde\/album-fotografic\/?wppa-occur=1&lang=ca&wppa-cover=0&wppa-album=74f9a9797203f61e&data-alb=29&#039; )\"><div id=\"covertext_frame_29_1\" style=\"width:459px; float:left\" class=\"wppa-text-frame-1 wppa-text-frame wppa-cover-text-frame wppa-asym-text-frame-1\"><h2 style=\"clear:none\" class=\"wppa-title\"><a title=\"View the album Guapes, fermes i guerreres\" style=\"cursor:pointer\" class=\"wppa-title\" onclick=\"wppaDoAjaxRender(event, 1, &#039;https:\/\/donesesglesia.cat\/wp_cde\/wp-json\/wp-photo-album-plus\/endPoint?action=wppa&wppa-action=render&wppa-size=640&wppa-occur=1&wppa-fromp=71&lang=ca&wppa-album=74f9a9797203f61e&wppa-cover=0&data-alb=29&#039;, &#039;https:\/\/donesesglesia.cat\/wp_cde\/album-fotografic\/?wppa-occur=1&lang=ca&wppa-cover=0&wppa-album=74f9a9797203f61e&data-alb=29&#039; )\">Guapes, fermes i guerreres<\/a><\/h2><div style=\"min-height:54px;\" class=\"wppa-box-text wppa-black wppa-box-text-desc\">X Curs d\u2019Aprofundiment Teol\u00f2gic Feminista, celebrat, amb el t\u00edtol \"Noves experi\u00e8ncies eclesials: La comunitat d\u2019iguals compromesa amb la just\u00edcia\", el dissabte 5 de maig del 2012 a la Casa Orlandai.<\/div><div class=\"wppa-box-text wppa-black wppa-info wppa-slideshow-browse-link wppa-album-cover-link\"><a title=\"Slideshow\" style=\"cursor:pointer\" class=\"wppa-album-cover-link\" onclick=\"wppaDoAjaxRender(event, 1, &#039;https:\/\/donesesglesia.cat\/wp_cde\/wp-json\/wp-photo-album-plus\/endPoint?action=wppa&wppa-action=render&wppa-size=640&wppa-occur=1&wppa-fromp=71&lang=ca&wppa-slide=1&wppa-album=74f9a9797203f61e&#039;, &#039;https:\/\/donesesglesia.cat\/wp_cde\/album-fotografic\/?wppa-occur=1&lang=ca&wppa-slide=1&wppa-album=74f9a9797203f61e&#039; )\">Slideshow<\/a><\/div><div class=\"wppa-box-text wppa-black wppa-info wppa-viewlink wppa-album-cover-link\"><a title=\"View the album Guapes, fermes i guerreres\" style=\"cursor:pointer;\" class=\"wppa-album-cover-link\" onclick=\"wppaDoAjaxRender(event, 1, &#039;https:\/\/donesesglesia.cat\/wp_cde\/wp-json\/wp-photo-album-plus\/endPoint?action=wppa&wppa-action=render&wppa-size=640&wppa-occur=1&wppa-fromp=71&lang=ca&wppa-album=74f9a9797203f61e&wppa-cover=0&data-alb=29&#039;, &#039;https:\/\/donesesglesia.cat\/wp_cde\/album-fotografic\/?wppa-occur=1&lang=ca&wppa-cover=0&wppa-album=74f9a9797203f61e&data-alb=29&#039; )\">View&nbsp;22&nbsp;photos<\/a><\/div><\/div><div id=\"coverphoto_frame_29_1\" style=\"float:right; margin-left:5px;width:160px;\" class=\"coverphoto-frame\"><div title=\" \" style=\"display:inline-block;margin:0 4px;\" onclick=\"wppaStopProp(event)\"><a title=\"View the album Guapes, fermes i guerreres\" style=\"border:0;color:transparent;cursor:pointer;\" target=\"_self\" onclick=\"wppaDoAjaxRender(event, 1, &#039;https:\/\/donesesglesia.cat\/wp_cde\/wp-json\/wp-photo-album-plus\/endPoint?action=wppa&wppa-action=render&wppa-size=640&wppa-occur=1&wppa-fromp=71&lang=ca&wppa-album=74f9a9797203f61e&wppa-cover=0&data-alb=29&#039;, &#039;https:\/\/donesesglesia.cat\/wp_cde\/album-fotografic\/?wppa-occur=1&lang=ca&wppa-cover=0&wppa-album=74f9a9797203f61e&data-alb=29&#039; )\"><img decoding=\"async\" style=\"border-width:0px;width:150px;height:112px;opacity:0.85;display:inline;\" src=\"https:\/\/donesesglesia.cat\/wp_cde\/wp-content\/uploads\/wppa\/thumbs\/216.jpg?ver=1\" alt=\"RIMG0020.JPG\" class=\"image wppa-img\" onmouseover=\"jQuery(this).fadeTo(400, 1.0)\" onmouseout=\"jQuery(this).fadeTo(400,0.85)\"><\/a><\/div><\/div><div title=\" \" onclick=\"wppaStopProp(event);\"><\/div><div style=\"clear:both;\"><\/div><\/div><div id=\"album-25-1\" title=\"View the album Celebraci\u00f3 Nadal Girona (21 de desembre, 2011)\" style=\"width:100%;float:right;cursor:pointer;\" class=\"wppa-album-cover-standard album wppa-box wppa-cover-box wppa-cover-box-1\" onclick=\"wppaDoAjaxRender(event, 1, &#039;https:\/\/donesesglesia.cat\/wp_cde\/wp-json\/wp-photo-album-plus\/endPoint?action=wppa&wppa-action=render&wppa-size=640&wppa-occur=1&wppa-fromp=71&lang=ca&wppa-album=a5c3b5de7ee0dbbf&wppa-cover=0&data-alb=25&#039;, &#039;https:\/\/donesesglesia.cat\/wp_cde\/album-fotografic\/?wppa-occur=1&lang=ca&wppa-cover=0&wppa-album=a5c3b5de7ee0dbbf&data-alb=25&#039; )\"><div id=\"covertext_frame_25_1\" style=\"width:459px; float:left\" class=\"wppa-text-frame-1 wppa-text-frame wppa-cover-text-frame wppa-asym-text-frame-1\"><h2 style=\"clear:none\" class=\"wppa-title\"><a title=\"View the album Celebraci\u00f3 Nadal Girona (21 de desembre, 2011)\" style=\"cursor:pointer\" class=\"wppa-title\" onclick=\"wppaDoAjaxRender(event, 1, &#039;https:\/\/donesesglesia.cat\/wp_cde\/wp-json\/wp-photo-album-plus\/endPoint?action=wppa&wppa-action=render&wppa-size=640&wppa-occur=1&wppa-fromp=71&lang=ca&wppa-album=a5c3b5de7ee0dbbf&wppa-cover=0&data-alb=25&#039;, &#039;https:\/\/donesesglesia.cat\/wp_cde\/album-fotografic\/?wppa-occur=1&lang=ca&wppa-cover=0&wppa-album=a5c3b5de7ee0dbbf&data-alb=25&#039; )\">Celebraci\u00f3 Nadal Girona (21 de desembre, 2011)<\/a><\/h2><div style=\"min-height:54px;\" class=\"wppa-box-text wppa-black wppa-box-text-desc\">Celebraci\u00f3 del Nadal a la delegaci\u00f3 del CDE de Girona<\/div><div class=\"wppa-box-text wppa-black wppa-info wppa-slideshow-browse-link wppa-album-cover-link\"><a title=\"Slideshow\" style=\"cursor:pointer\" class=\"wppa-album-cover-link\" onclick=\"wppaDoAjaxRender(event, 1, &#039;https:\/\/donesesglesia.cat\/wp_cde\/wp-json\/wp-photo-album-plus\/endPoint?action=wppa&wppa-action=render&wppa-size=640&wppa-occur=1&wppa-fromp=71&lang=ca&wppa-slide=1&wppa-album=a5c3b5de7ee0dbbf&#039;, &#039;https:\/\/donesesglesia.cat\/wp_cde\/album-fotografic\/?wppa-occur=1&lang=ca&wppa-slide=1&wppa-album=a5c3b5de7ee0dbbf&#039; )\">Slideshow<\/a><\/div><div class=\"wppa-box-text wppa-black wppa-info wppa-viewlink wppa-album-cover-link\"><a title=\"View the album Celebraci\u00f3 Nadal Girona (21 de desembre, 2011)\" style=\"cursor:pointer;\" class=\"wppa-album-cover-link\" onclick=\"wppaDoAjaxRender(event, 1, &#039;https:\/\/donesesglesia.cat\/wp_cde\/wp-json\/wp-photo-album-plus\/endPoint?action=wppa&wppa-action=render&wppa-size=640&wppa-occur=1&wppa-fromp=71&lang=ca&wppa-album=a5c3b5de7ee0dbbf&wppa-cover=0&data-alb=25&#039;, &#039;https:\/\/donesesglesia.cat\/wp_cde\/album-fotografic\/?wppa-occur=1&lang=ca&wppa-cover=0&wppa-album=a5c3b5de7ee0dbbf&data-alb=25&#039; )\">View&nbsp;9&nbsp;photos<\/a><\/div><\/div><div id=\"coverphoto_frame_25_1\" style=\"float:right; margin-left:5px;width:160px;\" class=\"coverphoto-frame\"><div title=\" \" style=\"display:inline-block;margin:0 4px;\" onclick=\"wppaStopProp(event)\"><a title=\"View the album Celebraci\u00f3 Nadal Girona (21 de desembre, 2011)\" style=\"border:0;color:transparent;cursor:pointer;\" target=\"_self\" onclick=\"wppaDoAjaxRender(event, 1, &#039;https:\/\/donesesglesia.cat\/wp_cde\/wp-json\/wp-photo-album-plus\/endPoint?action=wppa&wppa-action=render&wppa-size=640&wppa-occur=1&wppa-fromp=71&lang=ca&wppa-album=a5c3b5de7ee0dbbf&wppa-cover=0&data-alb=25&#039;, &#039;https:\/\/donesesglesia.cat\/wp_cde\/album-fotografic\/?wppa-occur=1&lang=ca&wppa-cover=0&wppa-album=a5c3b5de7ee0dbbf&data-alb=25&#039; )\"><img decoding=\"async\" style=\"border-width:0px;width:150px;height:112px;opacity:0.85;display:inline;\" src=\"https:\/\/donesesglesia.cat\/wp_cde\/wp-content\/uploads\/wppa\/thumbs\/182.jpg?ver=1\" alt=\"DSCN7973 [640x480].JPG\" class=\"image wppa-img\" onmouseover=\"jQuery(this).fadeTo(400, 1.0)\" onmouseout=\"jQuery(this).fadeTo(400,0.85)\"><\/a><\/div><\/div><div title=\" \" onclick=\"wppaStopProp(event);\"><\/div><div style=\"clear:both;\"><\/div><\/div><div id=\"album-24-1\" title=\"View the album Homenatge s\u00f2cies (29 de desembre, 2011)\" style=\"width:100%;float:right;cursor:pointer;\" class=\"wppa-album-cover-standard album wppa-box wppa-cover-box wppa-cover-box-1\" onclick=\"wppaDoAjaxRender(event, 1, &#039;https:\/\/donesesglesia.cat\/wp_cde\/wp-json\/wp-photo-album-plus\/endPoint?action=wppa&wppa-action=render&wppa-size=640&wppa-occur=1&wppa-fromp=71&lang=ca&wppa-album=56facf2710e21673&wppa-cover=0&data-alb=24&#039;, &#039;https:\/\/donesesglesia.cat\/wp_cde\/album-fotografic\/?wppa-occur=1&lang=ca&wppa-cover=0&wppa-album=56facf2710e21673&data-alb=24&#039; )\"><div id=\"covertext_frame_24_1\" style=\"width:459px; float:left\" class=\"wppa-text-frame-1 wppa-text-frame wppa-cover-text-frame wppa-asym-text-frame-1\"><h2 style=\"clear:none\" class=\"wppa-title\"><a title=\"View the album Homenatge s\u00f2cies (29 de desembre, 2011)\" style=\"cursor:pointer\" class=\"wppa-title\" onclick=\"wppaDoAjaxRender(event, 1, &#039;https:\/\/donesesglesia.cat\/wp_cde\/wp-json\/wp-photo-album-plus\/endPoint?action=wppa&wppa-action=render&wppa-size=640&wppa-occur=1&wppa-fromp=71&lang=ca&wppa-album=56facf2710e21673&wppa-cover=0&data-alb=24&#039;, &#039;https:\/\/donesesglesia.cat\/wp_cde\/album-fotografic\/?wppa-occur=1&lang=ca&wppa-cover=0&wppa-album=56facf2710e21673&data-alb=24&#039; )\">Homenatge s\u00f2cies (29 de desembre, 2011)<\/a><\/h2><div style=\"min-height:54px;\" class=\"wppa-box-text wppa-black wppa-box-text-desc\">Homenatge a les s\u00f2cies que ja depassen els 80 anys<\/div><div class=\"wppa-box-text wppa-black wppa-info wppa-slideshow-browse-link wppa-album-cover-link\"><a title=\"Slideshow\" style=\"cursor:pointer\" class=\"wppa-album-cover-link\" onclick=\"wppaDoAjaxRender(event, 1, &#039;https:\/\/donesesglesia.cat\/wp_cde\/wp-json\/wp-photo-album-plus\/endPoint?action=wppa&wppa-action=render&wppa-size=640&wppa-occur=1&wppa-fromp=71&lang=ca&wppa-slide=1&wppa-album=56facf2710e21673&#039;, &#039;https:\/\/donesesglesia.cat\/wp_cde\/album-fotografic\/?wppa-occur=1&lang=ca&wppa-slide=1&wppa-album=56facf2710e21673&#039; )\">Slideshow<\/a><\/div><div class=\"wppa-box-text wppa-black wppa-info wppa-viewlink wppa-album-cover-link\"><a title=\"View the album Homenatge s\u00f2cies (29 de desembre, 2011)\" style=\"cursor:pointer;\" class=\"wppa-album-cover-link\" onclick=\"wppaDoAjaxRender(event, 1, &#039;https:\/\/donesesglesia.cat\/wp_cde\/wp-json\/wp-photo-album-plus\/endPoint?action=wppa&wppa-action=render&wppa-size=640&wppa-occur=1&wppa-fromp=71&lang=ca&wppa-album=56facf2710e21673&wppa-cover=0&data-alb=24&#039;, &#039;https:\/\/donesesglesia.cat\/wp_cde\/album-fotografic\/?wppa-occur=1&lang=ca&wppa-cover=0&wppa-album=56facf2710e21673&data-alb=24&#039; )\">View&nbsp;6&nbsp;photos<\/a><\/div><\/div><div id=\"coverphoto_frame_24_1\" style=\"float:right; margin-left:5px;width:121px;\" class=\"coverphoto-frame\"><div title=\" \" style=\"display:inline-block;margin:0 4px;\" onclick=\"wppaStopProp(event)\"><a title=\"View the album Homenatge s\u00f2cies (29 de desembre, 2011)\" style=\"border:0;color:transparent;cursor:pointer;\" target=\"_self\" onclick=\"wppaDoAjaxRender(event, 1, &#039;https:\/\/donesesglesia.cat\/wp_cde\/wp-json\/wp-photo-album-plus\/endPoint?action=wppa&wppa-action=render&wppa-size=640&wppa-occur=1&wppa-fromp=71&lang=ca&wppa-album=56facf2710e21673&wppa-cover=0&data-alb=24&#039;, &#039;https:\/\/donesesglesia.cat\/wp_cde\/album-fotografic\/?wppa-occur=1&lang=ca&wppa-cover=0&wppa-album=56facf2710e21673&data-alb=24&#039; )\"><img decoding=\"async\" style=\"border-width:0px;width:111px;height:150px;opacity:0.85;display:inline;\" src=\"https:\/\/donesesglesia.cat\/wp_cde\/wp-content\/uploads\/wppa\/thumbs\/178.jpg?ver=1\" alt=\"IMG_0193.JPG\" class=\"image wppa-img\" onmouseover=\"jQuery(this).fadeTo(400, 1.0)\" onmouseout=\"jQuery(this).fadeTo(400,0.85)\"><\/a><\/div><\/div><div title=\" \" onclick=\"wppaStopProp(event);\"><\/div><div style=\"clear:both;\"><\/div><\/div><div id=\"album-37-1\" title=\"View the album Presentaci\u00f3 del llibre &quot;Una hist\u00f2ria necess\u00e0ria&quot; a Horta (10 de novembre, 2011)\" style=\"width:100%;float:right;cursor:pointer;\" class=\"wppa-album-cover-standard album wppa-box wppa-cover-box wppa-cover-box-1\" onclick=\"wppaDoAjaxRender(event, 1, &#039;https:\/\/donesesglesia.cat\/wp_cde\/wp-json\/wp-photo-album-plus\/endPoint?action=wppa&wppa-action=render&wppa-size=640&wppa-occur=1&wppa-fromp=71&lang=ca&wppa-album=ecc95e4fef956264&wppa-cover=0&data-alb=37&#039;, &#039;https:\/\/donesesglesia.cat\/wp_cde\/album-fotografic\/?wppa-occur=1&lang=ca&wppa-cover=0&wppa-album=ecc95e4fef956264&data-alb=37&#039; )\"><div id=\"covertext_frame_37_1\" style=\"width:459px; float:left\" class=\"wppa-text-frame-1 wppa-text-frame wppa-cover-text-frame wppa-asym-text-frame-1\"><h2 style=\"clear:none\" class=\"wppa-title\"><a title=\"View the album Presentaci\u00f3 del llibre &quot;Una hist\u00f2ria necess\u00e0ria&quot; a Horta (10 de novembre, 2011)\" style=\"cursor:pointer\" class=\"wppa-title\" onclick=\"wppaDoAjaxRender(event, 1, &#039;https:\/\/donesesglesia.cat\/wp_cde\/wp-json\/wp-photo-album-plus\/endPoint?action=wppa&wppa-action=render&wppa-size=640&wppa-occur=1&wppa-fromp=71&lang=ca&wppa-album=ecc95e4fef956264&wppa-cover=0&data-alb=37&#039;, &#039;https:\/\/donesesglesia.cat\/wp_cde\/album-fotografic\/?wppa-occur=1&lang=ca&wppa-cover=0&wppa-album=ecc95e4fef956264&data-alb=37&#039; )\">Presentaci\u00f3 del llibre \"Una hist\u00f2ria necess\u00e0ria\" a Horta (10 de novembre, 2011)<\/a><\/h2><div style=\"min-height:54px;\" class=\"wppa-box-text wppa-black wppa-box-text-desc\">A la presentaci\u00f3 hi van assistir les autores Joana Ripoll\u00e8s, Sefa Amell i Magda Tom\u00e0s. La presentaci\u00f3 va anar a c\u00e0rrec de la Sra. Iolanda Latorre i Roldan, Consellera d\u2019Oportunitats, Qualitat de vida i Seguretat, del districte Horta-Guinard\u00f3. Tamb\u00e9 la Sra. Assumpta Soler i Farr\u00e0s, Cap de Serveis a les persones del Districte Horta-Guinard\u00f3 i la Sra. Anna Saumell i Eslava, Directora de la Biblioteca d\u2019Horta, que va inaugurar el \u201cCentre d\u2019Inter\u00e8s\u201d sobre Teologia Feminista.<\/div><div class=\"wppa-box-text wppa-black wppa-info wppa-slideshow-browse-link wppa-album-cover-link\"><a title=\"Slideshow\" style=\"cursor:pointer\" class=\"wppa-album-cover-link\" onclick=\"wppaDoAjaxRender(event, 1, &#039;https:\/\/donesesglesia.cat\/wp_cde\/wp-json\/wp-photo-album-plus\/endPoint?action=wppa&wppa-action=render&wppa-size=640&wppa-occur=1&wppa-fromp=71&lang=ca&wppa-slide=1&wppa-album=ecc95e4fef956264&#039;, &#039;https:\/\/donesesglesia.cat\/wp_cde\/album-fotografic\/?wppa-occur=1&lang=ca&wppa-slide=1&wppa-album=ecc95e4fef956264&#039; )\">Slideshow<\/a><\/div><div class=\"wppa-box-text wppa-black wppa-info wppa-viewlink wppa-album-cover-link\"><a title=\"View the album Presentaci\u00f3 del llibre \\&quot;Una hist\u00f2ria necess\u00e0ria\\&quot; a Horta (10 de novembre, 2011)\" style=\"cursor:pointer;\" class=\"wppa-album-cover-link\" onclick=\"wppaDoAjaxRender(event, 1, &#039;https:\/\/donesesglesia.cat\/wp_cde\/wp-json\/wp-photo-album-plus\/endPoint?action=wppa&wppa-action=render&wppa-size=640&wppa-occur=1&wppa-fromp=71&lang=ca&wppa-album=ecc95e4fef956264&wppa-cover=0&data-alb=37&#039;, &#039;https:\/\/donesesglesia.cat\/wp_cde\/album-fotografic\/?wppa-occur=1&lang=ca&wppa-cover=0&wppa-album=ecc95e4fef956264&data-alb=37&#039; )\">View&nbsp;2&nbsp;photos<\/a><\/div><\/div><div id=\"coverphoto_frame_37_1\" style=\"float:right; margin-left:5px;width:160px;\" class=\"coverphoto-frame\"><div title=\" \" style=\"display:inline-block;margin:0 4px;\" onclick=\"wppaStopProp(event)\"><a title=\"View the album Presentaci\u00f3 del llibre &quot;Una hist\u00f2ria necess\u00e0ria&quot; a Horta (10 de novembre, 2011)\" style=\"border:0;color:transparent;cursor:pointer;\" target=\"_self\" onclick=\"wppaDoAjaxRender(event, 1, &#039;https:\/\/donesesglesia.cat\/wp_cde\/wp-json\/wp-photo-album-plus\/endPoint?action=wppa&wppa-action=render&wppa-size=640&wppa-occur=1&wppa-fromp=71&lang=ca&wppa-album=ecc95e4fef956264&wppa-cover=0&data-alb=37&#039;, &#039;https:\/\/donesesglesia.cat\/wp_cde\/album-fotografic\/?wppa-occur=1&lang=ca&wppa-cover=0&wppa-album=ecc95e4fef956264&data-alb=37&#039; )\"><img decoding=\"async\" style=\"border-width:0px;width:150px;height:104px;opacity:0.85;display:inline;\" src=\"https:\/\/donesesglesia.cat\/wp_cde\/wp-content\/uploads\/wppa\/thumbs\/320.jpg?ver=1\" alt=\"foto1\" class=\"image wppa-img\" onmouseover=\"jQuery(this).fadeTo(400, 1.0)\" onmouseout=\"jQuery(this).fadeTo(400,0.85)\"><\/a><\/div><\/div><div title=\" \" onclick=\"wppaStopProp(event);\"><\/div><div style=\"clear:both;\"><\/div><\/div><div id=\"album-23-1\" title=\"View the album Celebraci\u00f3 25 anys (29 d&#039;octubre, 2011)\" style=\"width:100%;float:right;cursor:pointer;\" class=\"wppa-album-cover-standard album wppa-box wppa-cover-box wppa-cover-box-1\" onclick=\"wppaDoAjaxRender(event, 1, &#039;https:\/\/donesesglesia.cat\/wp_cde\/wp-json\/wp-photo-album-plus\/endPoint?action=wppa&wppa-action=render&wppa-size=640&wppa-occur=1&wppa-fromp=71&lang=ca&wppa-album=d4120042eba53b7f&wppa-cover=0&data-alb=23&#039;, &#039;https:\/\/donesesglesia.cat\/wp_cde\/album-fotografic\/?wppa-occur=1&lang=ca&wppa-cover=0&wppa-album=d4120042eba53b7f&data-alb=23&#039; )\"><div id=\"covertext_frame_23_1\" style=\"width:459px; float:left\" class=\"wppa-text-frame-1 wppa-text-frame wppa-cover-text-frame wppa-asym-text-frame-1\"><h2 style=\"clear:none\" class=\"wppa-title\"><a title=\"View the album Celebraci\u00f3 25 anys (29 d&#039;octubre, 2011)\" style=\"cursor:pointer\" class=\"wppa-title\" onclick=\"wppaDoAjaxRender(event, 1, &#039;https:\/\/donesesglesia.cat\/wp_cde\/wp-json\/wp-photo-album-plus\/endPoint?action=wppa&wppa-action=render&wppa-size=640&wppa-occur=1&wppa-fromp=71&lang=ca&wppa-album=d4120042eba53b7f&wppa-cover=0&data-alb=23&#039;, &#039;https:\/\/donesesglesia.cat\/wp_cde\/album-fotografic\/?wppa-occur=1&lang=ca&wppa-cover=0&wppa-album=d4120042eba53b7f&data-alb=23&#039; )\">Celebraci\u00f3 25 anys (29 d&#039;octubre, 2011)<\/a><\/h2><div style=\"min-height:54px;\" class=\"wppa-box-text wppa-black wppa-box-text-desc\">Acte de cloenda de la celebraci\u00f3 dels 25 anys del Col\u00b7lectiu<\/div><div class=\"wppa-box-text wppa-black wppa-info wppa-slideshow-browse-link wppa-album-cover-link\"><a title=\"Slideshow\" style=\"cursor:pointer\" class=\"wppa-album-cover-link\" onclick=\"wppaDoAjaxRender(event, 1, &#039;https:\/\/donesesglesia.cat\/wp_cde\/wp-json\/wp-photo-album-plus\/endPoint?action=wppa&wppa-action=render&wppa-size=640&wppa-occur=1&wppa-fromp=71&lang=ca&wppa-slide=1&wppa-album=d4120042eba53b7f&#039;, &#039;https:\/\/donesesglesia.cat\/wp_cde\/album-fotografic\/?wppa-occur=1&lang=ca&wppa-slide=1&wppa-album=d4120042eba53b7f&#039; )\">Slideshow<\/a><\/div><div class=\"wppa-box-text wppa-black wppa-info wppa-viewlink wppa-album-cover-link\"><a title=\"View the album Celebraci\u00f3 25 anys (29 d\\&#039;octubre, 2011)\" style=\"cursor:pointer;\" class=\"wppa-album-cover-link\" onclick=\"wppaDoAjaxRender(event, 1, &#039;https:\/\/donesesglesia.cat\/wp_cde\/wp-json\/wp-photo-album-plus\/endPoint?action=wppa&wppa-action=render&wppa-size=640&wppa-occur=1&wppa-fromp=71&lang=ca&wppa-album=d4120042eba53b7f&wppa-cover=0&data-alb=23&#039;, &#039;https:\/\/donesesglesia.cat\/wp_cde\/album-fotografic\/?wppa-occur=1&lang=ca&wppa-cover=0&wppa-album=d4120042eba53b7f&data-alb=23&#039; )\">View&nbsp;27&nbsp;photos<\/a><\/div><\/div><div id=\"coverphoto_frame_23_1\" style=\"float:right; margin-left:5px;width:110px;\" class=\"coverphoto-frame\"><div title=\" \" style=\"display:inline-block;margin:0 4px;\" onclick=\"wppaStopProp(event)\"><a title=\"View the album Celebraci\u00f3 25 anys (29 d&#039;octubre, 2011)\" style=\"border:0;color:transparent;cursor:pointer;\" target=\"_self\" onclick=\"wppaDoAjaxRender(event, 1, &#039;https:\/\/donesesglesia.cat\/wp_cde\/wp-json\/wp-photo-album-plus\/endPoint?action=wppa&wppa-action=render&wppa-size=640&wppa-occur=1&wppa-fromp=71&lang=ca&wppa-album=d4120042eba53b7f&wppa-cover=0&data-alb=23&#039;, &#039;https:\/\/donesesglesia.cat\/wp_cde\/album-fotografic\/?wppa-occur=1&lang=ca&wppa-cover=0&wppa-album=d4120042eba53b7f&data-alb=23&#039; )\"><img decoding=\"async\" style=\"border-width:0px;width:100px;height:150px;opacity:0.85;display:inline;\" src=\"https:\/\/donesesglesia.cat\/wp_cde\/wp-content\/uploads\/wppa\/thumbs\/165.jpg?ver=1\" alt=\"DSC_8133.JPG\" class=\"image wppa-img\" onmouseover=\"jQuery(this).fadeTo(400, 1.0)\" onmouseout=\"jQuery(this).fadeTo(400,0.85)\"><\/a><\/div><\/div><div title=\" \" onclick=\"wppaStopProp(event);\"><\/div><div style=\"clear:both;\"><\/div><\/div><div id=\"album-22-1\" title=\"View the album Comiat Nathalie Reverdin\" style=\"width:100%;float:right;cursor:pointer;\" class=\"wppa-album-cover-standard album wppa-box wppa-cover-box wppa-cover-box-1\" onclick=\"wppaDoAjaxRender(event, 1, &#039;https:\/\/donesesglesia.cat\/wp_cde\/wp-json\/wp-photo-album-plus\/endPoint?action=wppa&wppa-action=render&wppa-size=640&wppa-occur=1&wppa-fromp=71&lang=ca&wppa-album=97ce713ff1f3f37f&wppa-cover=0&data-alb=22&#039;, &#039;https:\/\/donesesglesia.cat\/wp_cde\/album-fotografic\/?wppa-occur=1&lang=ca&wppa-cover=0&wppa-album=97ce713ff1f3f37f&data-alb=22&#039; )\"><div id=\"covertext_frame_22_1\" style=\"width:459px; float:left\" class=\"wppa-text-frame-1 wppa-text-frame wppa-cover-text-frame wppa-asym-text-frame-1\"><h2 style=\"clear:none\" class=\"wppa-title\"><a title=\"View the album Comiat Nathalie Reverdin\" style=\"cursor:pointer\" class=\"wppa-title\" onclick=\"wppaDoAjaxRender(event, 1, &#039;https:\/\/donesesglesia.cat\/wp_cde\/wp-json\/wp-photo-album-plus\/endPoint?action=wppa&wppa-action=render&wppa-size=640&wppa-occur=1&wppa-fromp=71&lang=ca&wppa-album=97ce713ff1f3f37f&wppa-cover=0&data-alb=22&#039;, &#039;https:\/\/donesesglesia.cat\/wp_cde\/album-fotografic\/?wppa-occur=1&lang=ca&wppa-cover=0&wppa-album=97ce713ff1f3f37f&data-alb=22&#039; )\">Comiat Nathalie Reverdin<\/a><\/h2><div style=\"min-height:54px;\" class=\"wppa-box-text wppa-black wppa-box-text-desc\">13 de novembre de 2011: comiat de la Nathalie Reverdin i en Carles Cap\u00f3, el seu esp\u00f3s, que deixen la comunitat protestant de Rub\u00ed i se'n van a Su\u00efssa a una nova comunitat. La Montserrat Grau i Grau de Rub\u00ed va ser la representant oficial per l'entrega d'uns petits obsequis per part del CDE i en nom propi.<\/div><div class=\"wppa-box-text wppa-black wppa-info wppa-slideshow-browse-link wppa-album-cover-link\"><a title=\"Slideshow\" style=\"cursor:pointer\" class=\"wppa-album-cover-link\" onclick=\"wppaDoAjaxRender(event, 1, &#039;https:\/\/donesesglesia.cat\/wp_cde\/wp-json\/wp-photo-album-plus\/endPoint?action=wppa&wppa-action=render&wppa-size=640&wppa-occur=1&wppa-fromp=71&lang=ca&wppa-slide=1&wppa-album=97ce713ff1f3f37f&#039;, &#039;https:\/\/donesesglesia.cat\/wp_cde\/album-fotografic\/?wppa-occur=1&lang=ca&wppa-slide=1&wppa-album=97ce713ff1f3f37f&#039; )\">Slideshow<\/a><\/div><div class=\"wppa-box-text wppa-black wppa-info wppa-viewlink wppa-album-cover-link\"><a title=\"View the album Comiat Nathalie Reverdin\" style=\"cursor:pointer;\" class=\"wppa-album-cover-link\" onclick=\"wppaDoAjaxRender(event, 1, &#039;https:\/\/donesesglesia.cat\/wp_cde\/wp-json\/wp-photo-album-plus\/endPoint?action=wppa&wppa-action=render&wppa-size=640&wppa-occur=1&wppa-fromp=71&lang=ca&wppa-album=97ce713ff1f3f37f&wppa-cover=0&data-alb=22&#039;, &#039;https:\/\/donesesglesia.cat\/wp_cde\/album-fotografic\/?wppa-occur=1&lang=ca&wppa-cover=0&wppa-album=97ce713ff1f3f37f&data-alb=22&#039; )\">View&nbsp;2&nbsp;photos<\/a><\/div><\/div><div id=\"coverphoto_frame_22_1\" style=\"float:right; margin-left:5px;width:128px;\" class=\"coverphoto-frame\"><div title=\" \" style=\"display:inline-block;margin:0 4px;\" onclick=\"wppaStopProp(event)\"><a title=\"View the album Comiat Nathalie Reverdin\" style=\"border:0;color:transparent;cursor:pointer;\" target=\"_self\" onclick=\"wppaDoAjaxRender(event, 1, &#039;https:\/\/donesesglesia.cat\/wp_cde\/wp-json\/wp-photo-album-plus\/endPoint?action=wppa&wppa-action=render&wppa-size=640&wppa-occur=1&wppa-fromp=71&lang=ca&wppa-album=97ce713ff1f3f37f&wppa-cover=0&data-alb=22&#039;, &#039;https:\/\/donesesglesia.cat\/wp_cde\/album-fotografic\/?wppa-occur=1&lang=ca&wppa-cover=0&wppa-album=97ce713ff1f3f37f&data-alb=22&#039; )\"><img decoding=\"async\" style=\"border-width:0px;width:118px;height:150px;opacity:0.85;display:inline;\" src=\"https:\/\/donesesglesia.cat\/wp_cde\/wp-content\/uploads\/wppa\/thumbs\/144.jpg?ver=1\" alt=\"Paraules del CDE.JPG\" class=\"image wppa-img\" onmouseover=\"jQuery(this).fadeTo(400, 1.0)\" onmouseout=\"jQuery(this).fadeTo(400,0.85)\"><\/a><\/div><\/div><div title=\" \" onclick=\"wppaStopProp(event);\"><\/div><div style=\"clear:both;\"><\/div><\/div><div id=\"album-21-1\" title=\"View the album Celebraci\u00f3 25 anys CDE a Girona\" style=\"width:100%;float:right;cursor:pointer;\" class=\"wppa-album-cover-standard album wppa-box wppa-cover-box wppa-cover-box-1\" onclick=\"wppaDoAjaxRender(event, 1, &#039;https:\/\/donesesglesia.cat\/wp_cde\/wp-json\/wp-photo-album-plus\/endPoint?action=wppa&wppa-action=render&wppa-size=640&wppa-occur=1&wppa-fromp=71&lang=ca&wppa-album=12dc3cedfc1868c4&wppa-cover=0&data-alb=21&#039;, &#039;https:\/\/donesesglesia.cat\/wp_cde\/album-fotografic\/?wppa-occur=1&lang=ca&wppa-cover=0&wppa-album=12dc3cedfc1868c4&data-alb=21&#039; )\"><div id=\"covertext_frame_21_1\" style=\"width:459px; float:left\" class=\"wppa-text-frame-1 wppa-text-frame wppa-cover-text-frame wppa-asym-text-frame-1\"><h2 style=\"clear:none\" class=\"wppa-title\"><a title=\"View the album Celebraci\u00f3 25 anys CDE a Girona\" style=\"cursor:pointer\" class=\"wppa-title\" onclick=\"wppaDoAjaxRender(event, 1, &#039;https:\/\/donesesglesia.cat\/wp_cde\/wp-json\/wp-photo-album-plus\/endPoint?action=wppa&wppa-action=render&wppa-size=640&wppa-occur=1&wppa-fromp=71&lang=ca&wppa-album=12dc3cedfc1868c4&wppa-cover=0&data-alb=21&#039;, &#039;https:\/\/donesesglesia.cat\/wp_cde\/album-fotografic\/?wppa-occur=1&lang=ca&wppa-cover=0&wppa-album=12dc3cedfc1868c4&data-alb=21&#039; )\">Celebraci\u00f3 25 anys CDE a Girona<\/a><\/h2><div style=\"min-height:54px;\" class=\"wppa-box-text wppa-black wppa-box-text-desc\">5 de novembre de 2011: Dinar del CDE a Girona per celebrar el 25\u00e8 aniversari.<\/div><div class=\"wppa-box-text wppa-black wppa-info wppa-slideshow-browse-link wppa-album-cover-link\"><a title=\"Slideshow\" style=\"cursor:pointer\" class=\"wppa-album-cover-link\" onclick=\"wppaDoAjaxRender(event, 1, &#039;https:\/\/donesesglesia.cat\/wp_cde\/wp-json\/wp-photo-album-plus\/endPoint?action=wppa&wppa-action=render&wppa-size=640&wppa-occur=1&wppa-fromp=71&lang=ca&wppa-slide=1&wppa-album=12dc3cedfc1868c4&#039;, &#039;https:\/\/donesesglesia.cat\/wp_cde\/album-fotografic\/?wppa-occur=1&lang=ca&wppa-slide=1&wppa-album=12dc3cedfc1868c4&#039; )\">Slideshow<\/a><\/div><div class=\"wppa-box-text wppa-black wppa-info wppa-viewlink wppa-album-cover-link\"><a title=\"View the album Celebraci\u00f3 25 anys CDE a Girona\" style=\"cursor:pointer;\" class=\"wppa-album-cover-link\" onclick=\"wppaDoAjaxRender(event, 1, &#039;https:\/\/donesesglesia.cat\/wp_cde\/wp-json\/wp-photo-album-plus\/endPoint?action=wppa&wppa-action=render&wppa-size=640&wppa-occur=1&wppa-fromp=71&lang=ca&wppa-album=12dc3cedfc1868c4&wppa-cover=0&data-alb=21&#039;, &#039;https:\/\/donesesglesia.cat\/wp_cde\/album-fotografic\/?wppa-occur=1&lang=ca&wppa-cover=0&wppa-album=12dc3cedfc1868c4&data-alb=21&#039; )\">View&nbsp;17&nbsp;photos<\/a><\/div><\/div><div id=\"coverphoto_frame_21_1\" style=\"float:right; margin-left:5px;width:122px;\" class=\"coverphoto-frame\"><div title=\" \" style=\"display:inline-block;margin:0 4px;\" onclick=\"wppaStopProp(event)\"><a title=\"View the album Celebraci\u00f3 25 anys CDE a Girona\" style=\"border:0;color:transparent;cursor:pointer;\" target=\"_self\" onclick=\"wppaDoAjaxRender(event, 1, &#039;https:\/\/donesesglesia.cat\/wp_cde\/wp-json\/wp-photo-album-plus\/endPoint?action=wppa&wppa-action=render&wppa-size=640&wppa-occur=1&wppa-fromp=71&lang=ca&wppa-album=12dc3cedfc1868c4&wppa-cover=0&data-alb=21&#039;, &#039;https:\/\/donesesglesia.cat\/wp_cde\/album-fotografic\/?wppa-occur=1&lang=ca&wppa-cover=0&wppa-album=12dc3cedfc1868c4&data-alb=21&#039; )\"><img decoding=\"async\" style=\"border-width:0px;width:112px;height:150px;opacity:0.85;display:inline;\" src=\"https:\/\/donesesglesia.cat\/wp_cde\/wp-content\/uploads\/wppa\/thumbs\/132.jpg?ver=1\" alt=\"DSCN7885 [640x480].JPG\" class=\"image wppa-img\" onmouseover=\"jQuery(this).fadeTo(400, 1.0)\" onmouseout=\"jQuery(this).fadeTo(400,0.85)\"><\/a><\/div><\/div><div title=\" \" onclick=\"wppaStopProp(event);\"><\/div><div style=\"clear:both;\"><\/div><\/div><div id=\"album-12-1\" title=\"View the album Trobada ESWTR Salamanca 2011\" style=\"width:100%;float:right;cursor:pointer;\" class=\"wppa-album-cover-standard album wppa-box wppa-cover-box wppa-cover-box-1\" onclick=\"wppaDoAjaxRender(event, 1, &#039;https:\/\/donesesglesia.cat\/wp_cde\/wp-json\/wp-photo-album-plus\/endPoint?action=wppa&wppa-action=render&wppa-size=640&wppa-occur=1&wppa-fromp=71&lang=ca&wppa-album=07a4a3c5636e3570&wppa-cover=0&data-alb=12&#039;, &#039;https:\/\/donesesglesia.cat\/wp_cde\/album-fotografic\/?wppa-occur=1&lang=ca&wppa-cover=0&wppa-album=07a4a3c5636e3570&data-alb=12&#039; )\"><div id=\"covertext_frame_12_1\" style=\"width:459px; float:left\" class=\"wppa-text-frame-1 wppa-text-frame wppa-cover-text-frame wppa-asym-text-frame-1\"><h2 style=\"clear:none\" class=\"wppa-title\"><a title=\"View the album Trobada ESWTR Salamanca 2011\" style=\"cursor:pointer\" class=\"wppa-title\" onclick=\"wppaDoAjaxRender(event, 1, &#039;https:\/\/donesesglesia.cat\/wp_cde\/wp-json\/wp-photo-album-plus\/endPoint?action=wppa&wppa-action=render&wppa-size=640&wppa-occur=1&wppa-fromp=71&lang=ca&wppa-album=07a4a3c5636e3570&wppa-cover=0&data-alb=12&#039;, &#039;https:\/\/donesesglesia.cat\/wp_cde\/album-fotografic\/?wppa-occur=1&lang=ca&wppa-cover=0&wppa-album=07a4a3c5636e3570&data-alb=12&#039; )\">Trobada ESWTR Salamanca 2011<\/a><\/h2><div style=\"min-height:54px;\" class=\"wppa-box-text wppa-black wppa-box-text-desc\">Trobada a Salamanca de l\u2019Associaci\u00f3 Europea de Dones i Recerca Teol\u00f2gica (ESWTR). Hi celebrem els 25 anys de diverses entitats que com nosaltres treballen per aconseguir la paritat en l\u2019Esgl\u00e9sia.<\/div><div class=\"wppa-box-text wppa-black wppa-info wppa-slideshow-browse-link wppa-album-cover-link\"><a title=\"Slideshow\" style=\"cursor:pointer\" class=\"wppa-album-cover-link\" onclick=\"wppaDoAjaxRender(event, 1, &#039;https:\/\/donesesglesia.cat\/wp_cde\/wp-json\/wp-photo-album-plus\/endPoint?action=wppa&wppa-action=render&wppa-size=640&wppa-occur=1&wppa-fromp=71&lang=ca&wppa-slide=1&wppa-album=07a4a3c5636e3570&#039;, &#039;https:\/\/donesesglesia.cat\/wp_cde\/album-fotografic\/?wppa-occur=1&lang=ca&wppa-slide=1&wppa-album=07a4a3c5636e3570&#039; )\">Slideshow<\/a><\/div><div class=\"wppa-box-text wppa-black wppa-info wppa-viewlink wppa-album-cover-link\"><a title=\"View the album Trobada ESWTR Salamanca 2011\" style=\"cursor:pointer;\" class=\"wppa-album-cover-link\" onclick=\"wppaDoAjaxRender(event, 1, &#039;https:\/\/donesesglesia.cat\/wp_cde\/wp-json\/wp-photo-album-plus\/endPoint?action=wppa&wppa-action=render&wppa-size=640&wppa-occur=1&wppa-fromp=71&lang=ca&wppa-album=07a4a3c5636e3570&wppa-cover=0&data-alb=12&#039;, &#039;https:\/\/donesesglesia.cat\/wp_cde\/album-fotografic\/?wppa-occur=1&lang=ca&wppa-cover=0&wppa-album=07a4a3c5636e3570&data-alb=12&#039; )\">View&nbsp;23&nbsp;photos<\/a><\/div><\/div><div id=\"coverphoto_frame_12_1\" style=\"float:right; margin-left:5px;width:160px;\" class=\"coverphoto-frame\"><div title=\" \" style=\"display:inline-block;margin:0 4px;\" onclick=\"wppaStopProp(event)\"><a title=\"View the album Trobada ESWTR Salamanca 2011\" style=\"border:0;color:transparent;cursor:pointer;\" target=\"_self\" onclick=\"wppaDoAjaxRender(event, 1, &#039;https:\/\/donesesglesia.cat\/wp_cde\/wp-json\/wp-photo-album-plus\/endPoint?action=wppa&wppa-action=render&wppa-size=640&wppa-occur=1&wppa-fromp=71&lang=ca&wppa-album=07a4a3c5636e3570&wppa-cover=0&data-alb=12&#039;, &#039;https:\/\/donesesglesia.cat\/wp_cde\/album-fotografic\/?wppa-occur=1&lang=ca&wppa-cover=0&wppa-album=07a4a3c5636e3570&data-alb=12&#039; )\"><img decoding=\"async\" style=\"border-width:0px;width:150px;height:99px;opacity:0.85;display:inline;\" src=\"https:\/\/donesesglesia.cat\/wp_cde\/wp-content\/uploads\/wppa\/thumbs\/45.jpg?ver=1\" alt=\"foto collectiva.JPG\" class=\"image wppa-img\" onmouseover=\"jQuery(this).fadeTo(400, 1.0)\" onmouseout=\"jQuery(this).fadeTo(400,0.85)\"><\/a><\/div><\/div><div title=\" \" onclick=\"wppaStopProp(event);\"><\/div><div style=\"clear:both;\"><\/div><\/div><div id=\"album-18-1\" title=\"View the album Girona - Celebraci\u00f3 festivitat Maria de Magdala 2011\" style=\"width:100%;float:right;cursor:pointer;\" class=\"wppa-album-cover-standard album wppa-box wppa-cover-box wppa-cover-box-1\" onclick=\"wppaDoAjaxRender(event, 1, &#039;https:\/\/donesesglesia.cat\/wp_cde\/wp-json\/wp-photo-album-plus\/endPoint?action=wppa&wppa-action=render&wppa-size=640&wppa-occur=1&wppa-fromp=71&lang=ca&wppa-album=34cc64f029cf8841&wppa-cover=0&data-alb=18&#039;, &#039;https:\/\/donesesglesia.cat\/wp_cde\/album-fotografic\/?wppa-occur=1&lang=ca&wppa-cover=0&wppa-album=34cc64f029cf8841&data-alb=18&#039; )\"><div id=\"covertext_frame_18_1\" style=\"width:459px; float:left\" class=\"wppa-text-frame-1 wppa-text-frame wppa-cover-text-frame wppa-asym-text-frame-1\"><h2 style=\"clear:none\" class=\"wppa-title\"><a title=\"View the album Girona - Celebraci\u00f3 festivitat Maria de Magdala 2011\" style=\"cursor:pointer\" class=\"wppa-title\" onclick=\"wppaDoAjaxRender(event, 1, &#039;https:\/\/donesesglesia.cat\/wp_cde\/wp-json\/wp-photo-album-plus\/endPoint?action=wppa&wppa-action=render&wppa-size=640&wppa-occur=1&wppa-fromp=71&lang=ca&wppa-album=34cc64f029cf8841&wppa-cover=0&data-alb=18&#039;, &#039;https:\/\/donesesglesia.cat\/wp_cde\/album-fotografic\/?wppa-occur=1&lang=ca&wppa-cover=0&wppa-album=34cc64f029cf8841&data-alb=18&#039; )\">Girona - Celebraci\u00f3 festivitat Maria de Magdala 2011<\/a><\/h2><div style=\"min-height:54px;\" class=\"wppa-box-text wppa-black wppa-box-text-desc\">El 22 de juliol, per celebrar la festivitat de la patrona del CDE, Maria de Magdala, les companyes de la delegaci\u00f3 de Girona van celebrar les vespres amb les monges i van fer un berenar, i l'endem\u00e0 van celebrar totes juntes un dinar de celebraci\u00f3.<\/div><div class=\"wppa-box-text wppa-black wppa-info wppa-slideshow-browse-link wppa-album-cover-link\"><a title=\"Slideshow\" style=\"cursor:pointer\" class=\"wppa-album-cover-link\" onclick=\"wppaDoAjaxRender(event, 1, &#039;https:\/\/donesesglesia.cat\/wp_cde\/wp-json\/wp-photo-album-plus\/endPoint?action=wppa&wppa-action=render&wppa-size=640&wppa-occur=1&wppa-fromp=71&lang=ca&wppa-slide=1&wppa-album=34cc64f029cf8841&#039;, &#039;https:\/\/donesesglesia.cat\/wp_cde\/album-fotografic\/?wppa-occur=1&lang=ca&wppa-slide=1&wppa-album=34cc64f029cf8841&#039; )\">Slideshow<\/a><\/div><div class=\"wppa-box-text wppa-black wppa-info wppa-viewlink wppa-album-cover-link\"><a title=\"View the album Girona - Celebraci\u00f3 festivitat Maria de Magdala 2011\" style=\"cursor:pointer;\" class=\"wppa-album-cover-link\" onclick=\"wppaDoAjaxRender(event, 1, &#039;https:\/\/donesesglesia.cat\/wp_cde\/wp-json\/wp-photo-album-plus\/endPoint?action=wppa&wppa-action=render&wppa-size=640&wppa-occur=1&wppa-fromp=71&lang=ca&wppa-album=34cc64f029cf8841&wppa-cover=0&data-alb=18&#039;, &#039;https:\/\/donesesglesia.cat\/wp_cde\/album-fotografic\/?wppa-occur=1&lang=ca&wppa-cover=0&wppa-album=34cc64f029cf8841&data-alb=18&#039; )\">View&nbsp;9&nbsp;photos<\/a><\/div><\/div><div id=\"coverphoto_frame_18_1\" style=\"float:right; margin-left:5px;width:160px;\" class=\"coverphoto-frame\"><div title=\" \" style=\"display:inline-block;margin:0 4px;\" onclick=\"wppaStopProp(event)\"><a title=\"View the album Girona - Celebraci\u00f3 festivitat Maria de Magdala 2011\" style=\"border:0;color:transparent;cursor:pointer;\" target=\"_self\" onclick=\"wppaDoAjaxRender(event, 1, &#039;https:\/\/donesesglesia.cat\/wp_cde\/wp-json\/wp-photo-album-plus\/endPoint?action=wppa&wppa-action=render&wppa-size=640&wppa-occur=1&wppa-fromp=71&lang=ca&wppa-album=34cc64f029cf8841&wppa-cover=0&data-alb=18&#039;, &#039;https:\/\/donesesglesia.cat\/wp_cde\/album-fotografic\/?wppa-occur=1&lang=ca&wppa-cover=0&wppa-album=34cc64f029cf8841&data-alb=18&#039; )\"><img decoding=\"async\" style=\"border-width:0px;width:150px;height:112px;opacity:0.85;display:inline;\" src=\"https:\/\/donesesglesia.cat\/wp_cde\/wp-content\/uploads\/wppa\/thumbs\/109.jpg?ver=1\" alt=\"dinar celebracio 04.JPG\" class=\"image wppa-img\" onmouseover=\"jQuery(this).fadeTo(400, 1.0)\" onmouseout=\"jQuery(this).fadeTo(400,0.85)\"><\/a><\/div><\/div><div title=\" \" onclick=\"wppaStopProp(event);\"><\/div><div style=\"clear:both;\"><\/div><\/div><div id=\"album-19-1\" title=\"View the album Horta - final de curs 2011\" style=\"width:100%;float:right;cursor:pointer;\" class=\"wppa-album-cover-standard album wppa-box wppa-cover-box wppa-cover-box-1\" onclick=\"wppaDoAjaxRender(event, 1, &#039;https:\/\/donesesglesia.cat\/wp_cde\/wp-json\/wp-photo-album-plus\/endPoint?action=wppa&wppa-action=render&wppa-size=640&wppa-occur=1&wppa-fromp=71&lang=ca&wppa-album=0e5138958baa7b8c&wppa-cover=0&data-alb=19&#039;, &#039;https:\/\/donesesglesia.cat\/wp_cde\/album-fotografic\/?wppa-occur=1&lang=ca&wppa-cover=0&wppa-album=0e5138958baa7b8c&data-alb=19&#039; )\"><div id=\"covertext_frame_19_1\" style=\"width:459px; float:left\" class=\"wppa-text-frame-1 wppa-text-frame wppa-cover-text-frame wppa-asym-text-frame-1\"><h2 style=\"clear:none\" class=\"wppa-title\"><a title=\"View the album Horta - final de curs 2011\" style=\"cursor:pointer\" class=\"wppa-title\" onclick=\"wppaDoAjaxRender(event, 1, &#039;https:\/\/donesesglesia.cat\/wp_cde\/wp-json\/wp-photo-album-plus\/endPoint?action=wppa&wppa-action=render&wppa-size=640&wppa-occur=1&wppa-fromp=71&lang=ca&wppa-album=0e5138958baa7b8c&wppa-cover=0&data-alb=19&#039;, &#039;https:\/\/donesesglesia.cat\/wp_cde\/album-fotografic\/?wppa-occur=1&lang=ca&wppa-cover=0&wppa-album=0e5138958baa7b8c&data-alb=19&#039; )\">Horta - final de curs 2011<\/a><\/h2><div style=\"min-height:54px;\" class=\"wppa-box-text wppa-black wppa-box-text-desc\">Celebraci\u00f3 del final de curs de les companyes de la delegaci\u00f3 d'Horta, el 21 de juny del 2011<\/div><div class=\"wppa-box-text wppa-black wppa-info wppa-slideshow-browse-link wppa-album-cover-link\"><a title=\"Slideshow\" style=\"cursor:pointer\" class=\"wppa-album-cover-link\" onclick=\"wppaDoAjaxRender(event, 1, &#039;https:\/\/donesesglesia.cat\/wp_cde\/wp-json\/wp-photo-album-plus\/endPoint?action=wppa&wppa-action=render&wppa-size=640&wppa-occur=1&wppa-fromp=71&lang=ca&wppa-slide=1&wppa-album=0e5138958baa7b8c&#039;, &#039;https:\/\/donesesglesia.cat\/wp_cde\/album-fotografic\/?wppa-occur=1&lang=ca&wppa-slide=1&wppa-album=0e5138958baa7b8c&#039; )\">Slideshow<\/a><\/div><div class=\"wppa-box-text wppa-black wppa-info wppa-viewlink wppa-album-cover-link\"><a title=\"View the album Horta - final de curs 2011\" style=\"cursor:pointer;\" class=\"wppa-album-cover-link\" onclick=\"wppaDoAjaxRender(event, 1, &#039;https:\/\/donesesglesia.cat\/wp_cde\/wp-json\/wp-photo-album-plus\/endPoint?action=wppa&wppa-action=render&wppa-size=640&wppa-occur=1&wppa-fromp=71&lang=ca&wppa-album=0e5138958baa7b8c&wppa-cover=0&data-alb=19&#039;, &#039;https:\/\/donesesglesia.cat\/wp_cde\/album-fotografic\/?wppa-occur=1&lang=ca&wppa-cover=0&wppa-album=0e5138958baa7b8c&data-alb=19&#039; )\">View&nbsp;7&nbsp;photos<\/a><\/div><\/div><div id=\"coverphoto_frame_19_1\" style=\"float:right; margin-left:5px;width:160px;\" class=\"coverphoto-frame\"><div title=\" \" style=\"display:inline-block;margin:0 4px;\" onclick=\"wppaStopProp(event)\"><a title=\"View the album Horta - final de curs 2011\" style=\"border:0;color:transparent;cursor:pointer;\" target=\"_self\" onclick=\"wppaDoAjaxRender(event, 1, &#039;https:\/\/donesesglesia.cat\/wp_cde\/wp-json\/wp-photo-album-plus\/endPoint?action=wppa&wppa-action=render&wppa-size=640&wppa-occur=1&wppa-fromp=71&lang=ca&wppa-album=0e5138958baa7b8c&wppa-cover=0&data-alb=19&#039;, &#039;https:\/\/donesesglesia.cat\/wp_cde\/album-fotografic\/?wppa-occur=1&lang=ca&wppa-cover=0&wppa-album=0e5138958baa7b8c&data-alb=19&#039; )\"><img decoding=\"async\" style=\"border-width:0px;width:150px;height:132px;opacity:0.85;display:inline;\" src=\"https:\/\/donesesglesia.cat\/wp_cde\/wp-content\/uploads\/wppa\/thumbs\/113.jpg?ver=1\" alt=\"Tres companyes Horta.jpg\" class=\"image wppa-img\" onmouseover=\"jQuery(this).fadeTo(400, 1.0)\" onmouseout=\"jQuery(this).fadeTo(400,0.85)\"><\/a><\/div><\/div><div title=\" \" onclick=\"wppaStopProp(event);\"><\/div><div style=\"clear:both;\"><\/div><\/div><div id=\"album-3-1\" title=\"View the album Creu de Sant Jordi 2011\" style=\"width:100%;float:right;cursor:pointer;\" class=\"wppa-album-cover-standard album wppa-box wppa-cover-box wppa-cover-box-1\" onclick=\"wppaDoAjaxRender(event, 1, &#039;https:\/\/donesesglesia.cat\/wp_cde\/wp-json\/wp-photo-album-plus\/endPoint?action=wppa&wppa-action=render&wppa-size=640&wppa-occur=1&wppa-fromp=71&lang=ca&wppa-album=53bc16d5c52f3c86&wppa-cover=0&data-alb=3&#039;, &#039;https:\/\/donesesglesia.cat\/wp_cde\/album-fotografic\/?wppa-occur=1&lang=ca&wppa-cover=0&wppa-album=53bc16d5c52f3c86&data-alb=3&#039; )\"><div id=\"covertext_frame_3_1\" style=\"width:459px; float:left\" class=\"wppa-text-frame-1 wppa-text-frame wppa-cover-text-frame wppa-asym-text-frame-1\"><h2 style=\"clear:none\" class=\"wppa-title\"><a title=\"View the album Creu de Sant Jordi 2011\" style=\"cursor:pointer\" class=\"wppa-title\" onclick=\"wppaDoAjaxRender(event, 1, &#039;https:\/\/donesesglesia.cat\/wp_cde\/wp-json\/wp-photo-album-plus\/endPoint?action=wppa&wppa-action=render&wppa-size=640&wppa-occur=1&wppa-fromp=71&lang=ca&wppa-album=53bc16d5c52f3c86&wppa-cover=0&data-alb=3&#039;, &#039;https:\/\/donesesglesia.cat\/wp_cde\/album-fotografic\/?wppa-occur=1&lang=ca&wppa-cover=0&wppa-album=53bc16d5c52f3c86&data-alb=3&#039; )\">Creu de Sant Jordi 2011<\/a><\/h2><div style=\"min-height:54px;\" class=\"wppa-box-text wppa-black wppa-box-text-desc\">El Col\u00b7lectiu de Dones en l'Esgl\u00e9sia rep la Creu de Sant Jordi l'abril del 2011: En el 25\u00e8 aniversari d'un grup de reflexi\u00f3 i d'acci\u00f3 que treballa per a aconseguir una major pres\u00e8ncia de les dones en els \u00f2rgans de direcci\u00f3 de l'Esgl\u00e9sia Cat\u00f2lica. Per a la import\u00e0ncia que aquest objectiu t\u00e9 per a la comunitat cristiana, d'acord amb una valors d'igualtat, fraternitat i jus\u00edticia que, en la nostra \u00e8poca, s\u00f3n \u00e0mpliament compartits.<\/div><div class=\"wppa-box-text wppa-black wppa-info wppa-slideshow-browse-link wppa-album-cover-link\"><a title=\"Slideshow\" style=\"cursor:pointer\" class=\"wppa-album-cover-link\" onclick=\"wppaDoAjaxRender(event, 1, &#039;https:\/\/donesesglesia.cat\/wp_cde\/wp-json\/wp-photo-album-plus\/endPoint?action=wppa&wppa-action=render&wppa-size=640&wppa-occur=1&wppa-fromp=71&lang=ca&wppa-slide=1&wppa-album=53bc16d5c52f3c86&#039;, &#039;https:\/\/donesesglesia.cat\/wp_cde\/album-fotografic\/?wppa-occur=1&lang=ca&wppa-slide=1&wppa-album=53bc16d5c52f3c86&#039; )\">Slideshow<\/a><\/div><div class=\"wppa-box-text wppa-black wppa-info wppa-viewlink wppa-album-cover-link\"><a title=\"View the album Creu de Sant Jordi 2011\" style=\"cursor:pointer;\" class=\"wppa-album-cover-link\" onclick=\"wppaDoAjaxRender(event, 1, &#039;https:\/\/donesesglesia.cat\/wp_cde\/wp-json\/wp-photo-album-plus\/endPoint?action=wppa&wppa-action=render&wppa-size=640&wppa-occur=1&wppa-fromp=71&lang=ca&wppa-album=53bc16d5c52f3c86&wppa-cover=0&data-alb=3&#039;, &#039;https:\/\/donesesglesia.cat\/wp_cde\/album-fotografic\/?wppa-occur=1&lang=ca&wppa-cover=0&wppa-album=53bc16d5c52f3c86&data-alb=3&#039; )\">View&nbsp;3&nbsp;photos<\/a><\/div><\/div><div id=\"coverphoto_frame_3_1\" style=\"float:right; margin-left:5px;width:160px;\" class=\"coverphoto-frame\"><div title=\" \" style=\"display:inline-block;margin:0 4px;\" onclick=\"wppaStopProp(event)\"><a title=\"View the album Creu de Sant Jordi 2011\" style=\"border:0;color:transparent;cursor:pointer;\" target=\"_self\" onclick=\"wppaDoAjaxRender(event, 1, &#039;https:\/\/donesesglesia.cat\/wp_cde\/wp-json\/wp-photo-album-plus\/endPoint?action=wppa&wppa-action=render&wppa-size=640&wppa-occur=1&wppa-fromp=71&lang=ca&wppa-album=53bc16d5c52f3c86&wppa-cover=0&data-alb=3&#039;, &#039;https:\/\/donesesglesia.cat\/wp_cde\/album-fotografic\/?wppa-occur=1&lang=ca&wppa-cover=0&wppa-album=53bc16d5c52f3c86&data-alb=3&#039; )\"><img decoding=\"async\" style=\"border-width:0px;width:150px;height:99px;opacity:0.85;display:inline;\" src=\"https:\/\/donesesglesia.cat\/wp_cde\/wp-content\/uploads\/wppa\/thumbs\/124.jpg?ver=1\" alt=\"representat CDE amb Artur Mas.jpg\" class=\"image wppa-img\" onmouseover=\"jQuery(this).fadeTo(400, 1.0)\" onmouseout=\"jQuery(this).fadeTo(400,0.85)\"><\/a><\/div><\/div><div title=\" \" onclick=\"wppaStopProp(event);\"><\/div><div style=\"clear:both;\"><\/div><\/div><div id=\"album-1-1\" title=\"View the album Presentaci\u00f3 llibre del 25 anys 2011\" style=\"width:100%;float:right;cursor:pointer;\" class=\"wppa-album-cover-standard album wppa-box wppa-cover-box wppa-cover-box-1\" onclick=\"wppaDoAjaxRender(event, 1, &#039;https:\/\/donesesglesia.cat\/wp_cde\/wp-json\/wp-photo-album-plus\/endPoint?action=wppa&wppa-action=render&wppa-size=640&wppa-occur=1&wppa-fromp=71&lang=ca&wppa-album=b30713e70adf6825&wppa-cover=0&data-alb=1&#039;, &#039;https:\/\/donesesglesia.cat\/wp_cde\/album-fotografic\/?wppa-occur=1&lang=ca&wppa-cover=0&wppa-album=b30713e70adf6825&data-alb=1&#039; )\"><div id=\"covertext_frame_1_1\" style=\"width:459px; float:left\" class=\"wppa-text-frame-1 wppa-text-frame wppa-cover-text-frame wppa-asym-text-frame-1\"><h2 style=\"clear:none\" class=\"wppa-title\"><a title=\"View the album Presentaci\u00f3 llibre del 25 anys 2011\" style=\"cursor:pointer\" class=\"wppa-title\" onclick=\"wppaDoAjaxRender(event, 1, &#039;https:\/\/donesesglesia.cat\/wp_cde\/wp-json\/wp-photo-album-plus\/endPoint?action=wppa&wppa-action=render&wppa-size=640&wppa-occur=1&wppa-fromp=71&lang=ca&wppa-album=b30713e70adf6825&wppa-cover=0&data-alb=1&#039;, &#039;https:\/\/donesesglesia.cat\/wp_cde\/album-fotografic\/?wppa-occur=1&lang=ca&wppa-cover=0&wppa-album=b30713e70adf6825&data-alb=1&#039; )\">Presentaci\u00f3 llibre del 25 anys 2011<\/a><\/h2><div style=\"min-height:54px;\" class=\"wppa-box-text wppa-black wppa-box-text-desc\">Presentaci\u00f3 del llibre commemoratiu del 25\u00e8 aniversari del CDE \"UNA HIST\u00d2RIA NECESS\u00c0RIA\" a la Llibreria Bertand<\/div><div class=\"wppa-box-text wppa-black wppa-info wppa-slideshow-browse-link wppa-album-cover-link\"><a title=\"Slideshow\" style=\"cursor:pointer\" class=\"wppa-album-cover-link\" onclick=\"wppaDoAjaxRender(event, 1, &#039;https:\/\/donesesglesia.cat\/wp_cde\/wp-json\/wp-photo-album-plus\/endPoint?action=wppa&wppa-action=render&wppa-size=640&wppa-occur=1&wppa-fromp=71&lang=ca&wppa-slide=1&wppa-album=b30713e70adf6825&#039;, &#039;https:\/\/donesesglesia.cat\/wp_cde\/album-fotografic\/?wppa-occur=1&lang=ca&wppa-slide=1&wppa-album=b30713e70adf6825&#039; )\">Slideshow<\/a><\/div><div class=\"wppa-box-text wppa-black wppa-info wppa-viewlink wppa-album-cover-link\"><a title=\"View the album Presentaci\u00f3 llibre del 25 anys 2011\" style=\"cursor:pointer;\" class=\"wppa-album-cover-link\" onclick=\"wppaDoAjaxRender(event, 1, &#039;https:\/\/donesesglesia.cat\/wp_cde\/wp-json\/wp-photo-album-plus\/endPoint?action=wppa&wppa-action=render&wppa-size=640&wppa-occur=1&wppa-fromp=71&lang=ca&wppa-album=b30713e70adf6825&wppa-cover=0&data-alb=1&#039;, &#039;https:\/\/donesesglesia.cat\/wp_cde\/album-fotografic\/?wppa-occur=1&lang=ca&wppa-cover=0&wppa-album=b30713e70adf6825&data-alb=1&#039; )\">View&nbsp;6&nbsp;photos<\/a><\/div><\/div><div id=\"coverphoto_frame_1_1\" style=\"float:right; margin-left:5px;width:160px;\" class=\"coverphoto-frame\"><div title=\" \" style=\"display:inline-block;margin:0 4px;\" onclick=\"wppaStopProp(event)\"><a title=\"View the album Presentaci\u00f3 llibre del 25 anys 2011\" style=\"border:0;color:transparent;cursor:pointer;\" target=\"_self\" onclick=\"wppaDoAjaxRender(event, 1, &#039;https:\/\/donesesglesia.cat\/wp_cde\/wp-json\/wp-photo-album-plus\/endPoint?action=wppa&wppa-action=render&wppa-size=640&wppa-occur=1&wppa-fromp=71&lang=ca&wppa-album=b30713e70adf6825&wppa-cover=0&data-alb=1&#039;, &#039;https:\/\/donesesglesia.cat\/wp_cde\/album-fotografic\/?wppa-occur=1&lang=ca&wppa-cover=0&wppa-album=b30713e70adf6825&data-alb=1&#039; )\"><img decoding=\"async\" style=\"border-width:0px;width:150px;height:88px;opacity:0.85;display:inline;\" src=\"https:\/\/donesesglesia.cat\/wp_cde\/wp-content\/uploads\/wppa\/thumbs\/1.jpg?ver=1\" alt=\"Dones en lE-31.03.11 042.JPG\" class=\"image wppa-img\" onmouseover=\"jQuery(this).fadeTo(400, 1.0)\" onmouseout=\"jQuery(this).fadeTo(400,0.85)\"><\/a><\/div><\/div><div title=\" \" onclick=\"wppaStopProp(event);\"><\/div><div style=\"clear:both;\"><\/div><\/div><div id=\"album-13-1\" title=\"View the album Assemblea General 2011\" style=\"width:100%;float:right;cursor:pointer;\" class=\"wppa-album-cover-standard album wppa-box wppa-cover-box wppa-cover-box-1\" onclick=\"wppaDoAjaxRender(event, 1, &#039;https:\/\/donesesglesia.cat\/wp_cde\/wp-json\/wp-photo-album-plus\/endPoint?action=wppa&wppa-action=render&wppa-size=640&wppa-occur=1&wppa-fromp=71&lang=ca&wppa-album=38967ad839a45c2e&wppa-cover=0&data-alb=13&#039;, &#039;https:\/\/donesesglesia.cat\/wp_cde\/album-fotografic\/?wppa-occur=1&lang=ca&wppa-cover=0&wppa-album=38967ad839a45c2e&data-alb=13&#039; )\"><div id=\"covertext_frame_13_1\" style=\"width:459px; float:left\" class=\"wppa-text-frame-1 wppa-text-frame wppa-cover-text-frame wppa-asym-text-frame-1\"><h2 style=\"clear:none\" class=\"wppa-title\"><a title=\"View the album Assemblea General 2011\" style=\"cursor:pointer\" class=\"wppa-title\" onclick=\"wppaDoAjaxRender(event, 1, &#039;https:\/\/donesesglesia.cat\/wp_cde\/wp-json\/wp-photo-album-plus\/endPoint?action=wppa&wppa-action=render&wppa-size=640&wppa-occur=1&wppa-fromp=71&lang=ca&wppa-album=38967ad839a45c2e&wppa-cover=0&data-alb=13&#039;, &#039;https:\/\/donesesglesia.cat\/wp_cde\/album-fotografic\/?wppa-occur=1&lang=ca&wppa-cover=0&wppa-album=38967ad839a45c2e&data-alb=13&#039; )\">Assemblea General 2011<\/a><\/h2><div style=\"min-height:54px;\" class=\"wppa-box-text wppa-black wppa-box-text-desc\">Assemblea anual general ordin\u00e0ria del CDE, celebrada el 19 de febrer de 2011 al al centre Orlandai (Sarri\u00e0) a la Sala Foix<\/div><div class=\"wppa-box-text wppa-black wppa-info wppa-slideshow-browse-link wppa-album-cover-link\"><a title=\"Slideshow\" style=\"cursor:pointer\" class=\"wppa-album-cover-link\" onclick=\"wppaDoAjaxRender(event, 1, &#039;https:\/\/donesesglesia.cat\/wp_cde\/wp-json\/wp-photo-album-plus\/endPoint?action=wppa&wppa-action=render&wppa-size=640&wppa-occur=1&wppa-fromp=71&lang=ca&wppa-slide=1&wppa-album=38967ad839a45c2e&#039;, &#039;https:\/\/donesesglesia.cat\/wp_cde\/album-fotografic\/?wppa-occur=1&lang=ca&wppa-slide=1&wppa-album=38967ad839a45c2e&#039; )\">Slideshow<\/a><\/div><div class=\"wppa-box-text wppa-black wppa-info wppa-viewlink wppa-album-cover-link\"><a title=\"View the album Assemblea General 2011\" style=\"cursor:pointer;\" class=\"wppa-album-cover-link\" onclick=\"wppaDoAjaxRender(event, 1, &#039;https:\/\/donesesglesia.cat\/wp_cde\/wp-json\/wp-photo-album-plus\/endPoint?action=wppa&wppa-action=render&wppa-size=640&wppa-occur=1&wppa-fromp=71&lang=ca&wppa-album=38967ad839a45c2e&wppa-cover=0&data-alb=13&#039;, &#039;https:\/\/donesesglesia.cat\/wp_cde\/album-fotografic\/?wppa-occur=1&lang=ca&wppa-cover=0&wppa-album=38967ad839a45c2e&data-alb=13&#039; )\">View&nbsp;28&nbsp;photos<\/a><\/div><\/div><div id=\"coverphoto_frame_13_1\" style=\"float:right; margin-left:5px;width:160px;\" class=\"coverphoto-frame\"><div title=\" \" style=\"display:inline-block;margin:0 4px;\" onclick=\"wppaStopProp(event)\"><a title=\"View the album Assemblea General 2011\" style=\"border:0;color:transparent;cursor:pointer;\" target=\"_self\" onclick=\"wppaDoAjaxRender(event, 1, &#039;https:\/\/donesesglesia.cat\/wp_cde\/wp-json\/wp-photo-album-plus\/endPoint?action=wppa&wppa-action=render&wppa-size=640&wppa-occur=1&wppa-fromp=71&lang=ca&wppa-album=38967ad839a45c2e&wppa-cover=0&data-alb=13&#039;, &#039;https:\/\/donesesglesia.cat\/wp_cde\/album-fotografic\/?wppa-occur=1&lang=ca&wppa-cover=0&wppa-album=38967ad839a45c2e&data-alb=13&#039; )\"><img decoding=\"async\" style=\"border-width:0px;width:150px;height:90px;opacity:0.85;display:inline;\" src=\"https:\/\/donesesglesia.cat\/wp_cde\/wp-content\/uploads\/wppa\/thumbs\/68.jpg?ver=1\" alt=\"img_2227.jpg\" class=\"image wppa-img\" onmouseover=\"jQuery(this).fadeTo(400, 1.0)\" onmouseout=\"jQuery(this).fadeTo(400,0.85)\"><\/a><\/div><\/div><div title=\" \" onclick=\"wppaStopProp(event);\"><\/div><div style=\"clear:both;\"><\/div><\/div><div id=\"album-14-1\" title=\"View the album Assemblea General 2010\" style=\"width:100%;float:right;cursor:pointer;\" class=\"wppa-album-cover-standard album wppa-box wppa-cover-box wppa-cover-box-1\" onclick=\"wppaDoAjaxRender(event, 1, &#039;https:\/\/donesesglesia.cat\/wp_cde\/wp-json\/wp-photo-album-plus\/endPoint?action=wppa&wppa-action=render&wppa-size=640&wppa-occur=1&wppa-fromp=71&lang=ca&wppa-album=6d977a4759483b7e&wppa-cover=0&data-alb=14&#039;, &#039;https:\/\/donesesglesia.cat\/wp_cde\/album-fotografic\/?wppa-occur=1&lang=ca&wppa-cover=0&wppa-album=6d977a4759483b7e&data-alb=14&#039; )\"><div id=\"covertext_frame_14_1\" style=\"width:459px; float:left\" class=\"wppa-text-frame-1 wppa-text-frame wppa-cover-text-frame wppa-asym-text-frame-1\"><h2 style=\"clear:none\" class=\"wppa-title\"><a title=\"View the album Assemblea General 2010\" style=\"cursor:pointer\" class=\"wppa-title\" onclick=\"wppaDoAjaxRender(event, 1, &#039;https:\/\/donesesglesia.cat\/wp_cde\/wp-json\/wp-photo-album-plus\/endPoint?action=wppa&wppa-action=render&wppa-size=640&wppa-occur=1&wppa-fromp=71&lang=ca&wppa-album=6d977a4759483b7e&wppa-cover=0&data-alb=14&#039;, &#039;https:\/\/donesesglesia.cat\/wp_cde\/album-fotografic\/?wppa-occur=1&lang=ca&wppa-cover=0&wppa-album=6d977a4759483b7e&data-alb=14&#039; )\">Assemblea General 2010<\/a><\/h2><div style=\"min-height:54px;\" class=\"wppa-box-text wppa-black wppa-box-text-desc\">Assemblea anual general ordin\u00e0ria del CDE, celebrada el 20 de febrer de 2010 al al centre Orlandai (Sarri\u00e0)<\/div><div class=\"wppa-box-text wppa-black wppa-info wppa-slideshow-browse-link wppa-album-cover-link\"><a title=\"Slideshow\" style=\"cursor:pointer\" class=\"wppa-album-cover-link\" onclick=\"wppaDoAjaxRender(event, 1, &#039;https:\/\/donesesglesia.cat\/wp_cde\/wp-json\/wp-photo-album-plus\/endPoint?action=wppa&wppa-action=render&wppa-size=640&wppa-occur=1&wppa-fromp=71&lang=ca&wppa-slide=1&wppa-album=6d977a4759483b7e&#039;, &#039;https:\/\/donesesglesia.cat\/wp_cde\/album-fotografic\/?wppa-occur=1&lang=ca&wppa-slide=1&wppa-album=6d977a4759483b7e&#039; )\">Slideshow<\/a><\/div><div class=\"wppa-box-text wppa-black wppa-info wppa-viewlink wppa-album-cover-link\"><a title=\"View the album Assemblea General 2010\" style=\"cursor:pointer;\" class=\"wppa-album-cover-link\" onclick=\"wppaDoAjaxRender(event, 1, &#039;https:\/\/donesesglesia.cat\/wp_cde\/wp-json\/wp-photo-album-plus\/endPoint?action=wppa&wppa-action=render&wppa-size=640&wppa-occur=1&wppa-fromp=71&lang=ca&wppa-album=6d977a4759483b7e&wppa-cover=0&data-alb=14&#039;, &#039;https:\/\/donesesglesia.cat\/wp_cde\/album-fotografic\/?wppa-occur=1&lang=ca&wppa-cover=0&wppa-album=6d977a4759483b7e&data-alb=14&#039; )\">View&nbsp;15&nbsp;photos<\/a><\/div><\/div><div id=\"coverphoto_frame_14_1\" style=\"float:right; margin-left:5px;width:160px;\" class=\"coverphoto-frame\"><div title=\" \" style=\"display:inline-block;margin:0 4px;\" onclick=\"wppaStopProp(event)\"><a title=\"View the album Assemblea General 2010\" style=\"border:0;color:transparent;cursor:pointer;\" target=\"_self\" onclick=\"wppaDoAjaxRender(event, 1, &#039;https:\/\/donesesglesia.cat\/wp_cde\/wp-json\/wp-photo-album-plus\/endPoint?action=wppa&wppa-action=render&wppa-size=640&wppa-occur=1&wppa-fromp=71&lang=ca&wppa-album=6d977a4759483b7e&wppa-cover=0&data-alb=14&#039;, &#039;https:\/\/donesesglesia.cat\/wp_cde\/album-fotografic\/?wppa-occur=1&lang=ca&wppa-cover=0&wppa-album=6d977a4759483b7e&data-alb=14&#039; )\"><img decoding=\"async\" style=\"border-width:0px;width:150px;height:98px;opacity:0.85;display:inline;\" src=\"https:\/\/donesesglesia.cat\/wp_cde\/wp-content\/uploads\/wppa\/thumbs\/88.jpg?ver=1\" alt=\"Maria Pau Tayner 1.jpg\" class=\"image wppa-img\" onmouseover=\"jQuery(this).fadeTo(400, 1.0)\" onmouseout=\"jQuery(this).fadeTo(400,0.85)\"><\/a><\/div><\/div><div title=\" \" onclick=\"wppaStopProp(event);\"><\/div><div style=\"clear:both;\"><\/div><\/div><div id=\"album-17-1\" title=\"View the album Trobada ESWTR N\u00e0pols 2007\" style=\"width:100%;float:right;cursor:pointer;\" class=\"wppa-album-cover-standard album wppa-box wppa-cover-box wppa-cover-box-1\" onclick=\"wppaDoAjaxRender(event, 1, &#039;https:\/\/donesesglesia.cat\/wp_cde\/wp-json\/wp-photo-album-plus\/endPoint?action=wppa&wppa-action=render&wppa-size=640&wppa-occur=1&wppa-fromp=71&lang=ca&wppa-album=f5d68413d6d47807&wppa-cover=0&data-alb=17&#039;, &#039;https:\/\/donesesglesia.cat\/wp_cde\/album-fotografic\/?wppa-occur=1&lang=ca&wppa-cover=0&wppa-album=f5d68413d6d47807&data-alb=17&#039; )\"><div id=\"covertext_frame_17_1\" style=\"width:459px; float:left\" class=\"wppa-text-frame-1 wppa-text-frame wppa-cover-text-frame wppa-asym-text-frame-1\"><h2 style=\"clear:none\" class=\"wppa-title\"><a title=\"View the album Trobada ESWTR N\u00e0pols 2007\" style=\"cursor:pointer\" class=\"wppa-title\" onclick=\"wppaDoAjaxRender(event, 1, &#039;https:\/\/donesesglesia.cat\/wp_cde\/wp-json\/wp-photo-album-plus\/endPoint?action=wppa&wppa-action=render&wppa-size=640&wppa-occur=1&wppa-fromp=71&lang=ca&wppa-album=f5d68413d6d47807&wppa-cover=0&data-alb=17&#039;, &#039;https:\/\/donesesglesia.cat\/wp_cde\/album-fotografic\/?wppa-occur=1&lang=ca&wppa-cover=0&wppa-album=f5d68413d6d47807&data-alb=17&#039; )\">Trobada ESWTR N\u00e0pols 2007<\/a><\/h2><div style=\"min-height:54px;\" class=\"wppa-box-text wppa-black wppa-box-text-desc\">Trobada a N\u00e0pols de l\u2019Associaci\u00f3 Europea de Dones i Recerca Teol\u00f2gica (ESWTR).<\/div><div class=\"wppa-box-text wppa-black wppa-info wppa-slideshow-browse-link wppa-album-cover-link\"><a title=\"Slideshow\" style=\"cursor:pointer\" class=\"wppa-album-cover-link\" onclick=\"wppaDoAjaxRender(event, 1, &#039;https:\/\/donesesglesia.cat\/wp_cde\/wp-json\/wp-photo-album-plus\/endPoint?action=wppa&wppa-action=render&wppa-size=640&wppa-occur=1&wppa-fromp=71&lang=ca&wppa-slide=1&wppa-album=f5d68413d6d47807&#039;, &#039;https:\/\/donesesglesia.cat\/wp_cde\/album-fotografic\/?wppa-occur=1&lang=ca&wppa-slide=1&wppa-album=f5d68413d6d47807&#039; )\">Slideshow<\/a><\/div><div class=\"wppa-box-text wppa-black wppa-info wppa-viewlink wppa-album-cover-link\"><a title=\"View the album Trobada ESWTR N\u00e0pols 2007\" style=\"cursor:pointer;\" class=\"wppa-album-cover-link\" onclick=\"wppaDoAjaxRender(event, 1, &#039;https:\/\/donesesglesia.cat\/wp_cde\/wp-json\/wp-photo-album-plus\/endPoint?action=wppa&wppa-action=render&wppa-size=640&wppa-occur=1&wppa-fromp=71&lang=ca&wppa-album=f5d68413d6d47807&wppa-cover=0&data-alb=17&#039;, &#039;https:\/\/donesesglesia.cat\/wp_cde\/album-fotografic\/?wppa-occur=1&lang=ca&wppa-cover=0&wppa-album=f5d68413d6d47807&data-alb=17&#039; )\">View&nbsp;4&nbsp;photos<\/a><\/div><\/div><div id=\"coverphoto_frame_17_1\" style=\"float:right; margin-left:5px;width:160px;\" class=\"coverphoto-frame\"><div title=\" \" style=\"display:inline-block;margin:0 4px;\" onclick=\"wppaStopProp(event)\"><a title=\"View the album Trobada ESWTR N\u00e0pols 2007\" style=\"border:0;color:transparent;cursor:pointer;\" target=\"_self\" onclick=\"wppaDoAjaxRender(event, 1, &#039;https:\/\/donesesglesia.cat\/wp_cde\/wp-json\/wp-photo-album-plus\/endPoint?action=wppa&wppa-action=render&wppa-size=640&wppa-occur=1&wppa-fromp=71&lang=ca&wppa-album=f5d68413d6d47807&wppa-cover=0&data-alb=17&#039;, &#039;https:\/\/donesesglesia.cat\/wp_cde\/album-fotografic\/?wppa-occur=1&lang=ca&wppa-cover=0&wppa-album=f5d68413d6d47807&data-alb=17&#039; )\"><img decoding=\"async\" style=\"border-width:0px;width:150px;height:112px;opacity:0.85;display:inline;\" src=\"https:\/\/donesesglesia.cat\/wp_cde\/wp-content\/uploads\/wppa\/thumbs\/103.jpg?ver=1\" alt=\"2007ESWTR_CDE.JPG\" class=\"image wppa-img\" onmouseover=\"jQuery(this).fadeTo(400, 1.0)\" onmouseout=\"jQuery(this).fadeTo(400,0.85)\"><\/a><\/div><\/div><div title=\" \" onclick=\"wppaStopProp(event);\"><\/div><div style=\"clear:both;\"><\/div><\/div><div id=\"album-20-1\" title=\"View the album Rub\u00ed - Jornada Dona i Religions 2007\" style=\"width:100%;float:right;cursor:pointer;\" class=\"wppa-album-cover-standard album wppa-box wppa-cover-box wppa-cover-box-1\" onclick=\"wppaDoAjaxRender(event, 1, &#039;https:\/\/donesesglesia.cat\/wp_cde\/wp-json\/wp-photo-album-plus\/endPoint?action=wppa&wppa-action=render&wppa-size=640&wppa-occur=1&wppa-fromp=71&lang=ca&wppa-album=8dcb9a1f450233d6&wppa-cover=0&data-alb=20&#039;, &#039;https:\/\/donesesglesia.cat\/wp_cde\/album-fotografic\/?wppa-occur=1&lang=ca&wppa-cover=0&wppa-album=8dcb9a1f450233d6&data-alb=20&#039; )\"><div id=\"covertext_frame_20_1\" style=\"width:459px; float:left\" class=\"wppa-text-frame-1 wppa-text-frame wppa-cover-text-frame wppa-asym-text-frame-1\"><h2 style=\"clear:none\" class=\"wppa-title\"><a title=\"View the album Rub\u00ed - Jornada Dona i Religions 2007\" style=\"cursor:pointer\" class=\"wppa-title\" onclick=\"wppaDoAjaxRender(event, 1, &#039;https:\/\/donesesglesia.cat\/wp_cde\/wp-json\/wp-photo-album-plus\/endPoint?action=wppa&wppa-action=render&wppa-size=640&wppa-occur=1&wppa-fromp=71&lang=ca&wppa-album=8dcb9a1f450233d6&wppa-cover=0&data-alb=20&#039;, &#039;https:\/\/donesesglesia.cat\/wp_cde\/album-fotografic\/?wppa-occur=1&lang=ca&wppa-cover=0&wppa-album=8dcb9a1f450233d6&data-alb=20&#039; )\">Rub\u00ed - Jornada Dona i Religions 2007<\/a><\/h2><div style=\"min-height:54px;\" class=\"wppa-box-text wppa-black wppa-box-text-desc\">Jornada \"Dona i Religions\", celebrada el 17 de mar\u00e7 de 2007 a Rub\u00ed, amb la col\u00b7laboraci\u00f3 de la Regidoria de la Dona de l'Ajuntament de Rub\u00ed<\/div><div class=\"wppa-box-text wppa-black wppa-info wppa-slideshow-browse-link wppa-album-cover-link\"><a title=\"Slideshow\" style=\"cursor:pointer\" class=\"wppa-album-cover-link\" onclick=\"wppaDoAjaxRender(event, 1, &#039;https:\/\/donesesglesia.cat\/wp_cde\/wp-json\/wp-photo-album-plus\/endPoint?action=wppa&wppa-action=render&wppa-size=640&wppa-occur=1&wppa-fromp=71&lang=ca&wppa-slide=1&wppa-album=8dcb9a1f450233d6&#039;, &#039;https:\/\/donesesglesia.cat\/wp_cde\/album-fotografic\/?wppa-occur=1&lang=ca&wppa-slide=1&wppa-album=8dcb9a1f450233d6&#039; )\">Slideshow<\/a><\/div><div class=\"wppa-box-text wppa-black wppa-info wppa-viewlink wppa-album-cover-link\"><a title=\"View the album Rub\u00ed - Jornada Dona i Religions 2007\" style=\"cursor:pointer;\" class=\"wppa-album-cover-link\" onclick=\"wppaDoAjaxRender(event, 1, &#039;https:\/\/donesesglesia.cat\/wp_cde\/wp-json\/wp-photo-album-plus\/endPoint?action=wppa&wppa-action=render&wppa-size=640&wppa-occur=1&wppa-fromp=71&lang=ca&wppa-album=8dcb9a1f450233d6&wppa-cover=0&data-alb=20&#039;, &#039;https:\/\/donesesglesia.cat\/wp_cde\/album-fotografic\/?wppa-occur=1&lang=ca&wppa-cover=0&wppa-album=8dcb9a1f450233d6&data-alb=20&#039; )\">View&nbsp;4&nbsp;photos<\/a><\/div><\/div><div id=\"coverphoto_frame_20_1\" style=\"float:right; margin-left:5px;width:160px;\" class=\"coverphoto-frame\"><div title=\" \" style=\"display:inline-block;margin:0 4px;\" onclick=\"wppaStopProp(event)\"><a title=\"View the album Rub\u00ed - Jornada Dona i Religions 2007\" style=\"border:0;color:transparent;cursor:pointer;\" target=\"_self\" onclick=\"wppaDoAjaxRender(event, 1, &#039;https:\/\/donesesglesia.cat\/wp_cde\/wp-json\/wp-photo-album-plus\/endPoint?action=wppa&wppa-action=render&wppa-size=640&wppa-occur=1&wppa-fromp=71&lang=ca&wppa-album=8dcb9a1f450233d6&wppa-cover=0&data-alb=20&#039;, &#039;https:\/\/donesesglesia.cat\/wp_cde\/album-fotografic\/?wppa-occur=1&lang=ca&wppa-cover=0&wppa-album=8dcb9a1f450233d6&data-alb=20&#039; )\"><img decoding=\"async\" style=\"border-width:0px;width:150px;height:112px;opacity:0.85;display:inline;\" src=\"https:\/\/donesesglesia.cat\/wp_cde\/wp-content\/uploads\/wppa\/thumbs\/123.jpg?ver=1\" alt=\"2007RUBI_diadona.jpg\" class=\"image wppa-img\" onmouseover=\"jQuery(this).fadeTo(400, 1.0)\" onmouseout=\"jQuery(this).fadeTo(400,0.85)\"><\/a><\/div><\/div><div title=\" \" onclick=\"wppaStopProp(event);\"><\/div><div style=\"clear:both;\"><\/div><\/div><div id=\"album-16-1\" title=\"View the album Trobada Mujeres y Teolog\u00eda 2006\" style=\"width:100%;float:right;cursor:pointer;\" class=\"wppa-album-cover-standard album wppa-box wppa-cover-box wppa-cover-box-1\" onclick=\"wppaDoAjaxRender(event, 1, &#039;https:\/\/donesesglesia.cat\/wp_cde\/wp-json\/wp-photo-album-plus\/endPoint?action=wppa&wppa-action=render&wppa-size=640&wppa-occur=1&wppa-fromp=71&lang=ca&wppa-album=39f1fb7c5b5dff43&wppa-cover=0&data-alb=16&#039;, &#039;https:\/\/donesesglesia.cat\/wp_cde\/album-fotografic\/?wppa-occur=1&lang=ca&wppa-cover=0&wppa-album=39f1fb7c5b5dff43&data-alb=16&#039; )\"><div id=\"covertext_frame_16_1\" style=\"width:459px; float:left\" class=\"wppa-text-frame-1 wppa-text-frame wppa-cover-text-frame wppa-asym-text-frame-1\"><h2 style=\"clear:none\" class=\"wppa-title\"><a title=\"View the album Trobada Mujeres y Teolog\u00eda 2006\" style=\"cursor:pointer\" class=\"wppa-title\" onclick=\"wppaDoAjaxRender(event, 1, &#039;https:\/\/donesesglesia.cat\/wp_cde\/wp-json\/wp-photo-album-plus\/endPoint?action=wppa&wppa-action=render&wppa-size=640&wppa-occur=1&wppa-fromp=71&lang=ca&wppa-album=39f1fb7c5b5dff43&wppa-cover=0&data-alb=16&#039;, &#039;https:\/\/donesesglesia.cat\/wp_cde\/album-fotografic\/?wppa-occur=1&lang=ca&wppa-cover=0&wppa-album=39f1fb7c5b5dff43&data-alb=16&#039; )\">Trobada Mujeres y Teolog\u00eda 2006<\/a><\/h2><div style=\"min-height:54px;\" class=\"wppa-box-text wppa-black wppa-box-text-desc\">El \"XV Encuentro de Mujeres y Teolog\u00eda\" es va celebrar a Saragossa del 29 de setembre a l'1 d'octubre de 2006<\/div><div class=\"wppa-box-text wppa-black wppa-info wppa-slideshow-browse-link wppa-album-cover-link\"><a title=\"Slideshow\" style=\"cursor:pointer\" class=\"wppa-album-cover-link\" onclick=\"wppaDoAjaxRender(event, 1, &#039;https:\/\/donesesglesia.cat\/wp_cde\/wp-json\/wp-photo-album-plus\/endPoint?action=wppa&wppa-action=render&wppa-size=640&wppa-occur=1&wppa-fromp=71&lang=ca&wppa-slide=1&wppa-album=39f1fb7c5b5dff43&#039;, &#039;https:\/\/donesesglesia.cat\/wp_cde\/album-fotografic\/?wppa-occur=1&lang=ca&wppa-slide=1&wppa-album=39f1fb7c5b5dff43&#039; )\">Slideshow<\/a><\/div><div class=\"wppa-box-text wppa-black wppa-info wppa-viewlink wppa-album-cover-link\"><a title=\"View the album Trobada Mujeres y Teolog\u00eda 2006\" style=\"cursor:pointer;\" class=\"wppa-album-cover-link\" onclick=\"wppaDoAjaxRender(event, 1, &#039;https:\/\/donesesglesia.cat\/wp_cde\/wp-json\/wp-photo-album-plus\/endPoint?action=wppa&wppa-action=render&wppa-size=640&wppa-occur=1&wppa-fromp=71&lang=ca&wppa-album=39f1fb7c5b5dff43&wppa-cover=0&data-alb=16&#039;, &#039;https:\/\/donesesglesia.cat\/wp_cde\/album-fotografic\/?wppa-occur=1&lang=ca&wppa-cover=0&wppa-album=39f1fb7c5b5dff43&data-alb=16&#039; )\">View&nbsp;6&nbsp;photos<\/a><\/div><\/div><div id=\"coverphoto_frame_16_1\" style=\"float:right; margin-left:5px;width:160px;\" class=\"coverphoto-frame\"><div title=\" \" style=\"display:inline-block;margin:0 4px;\" onclick=\"wppaStopProp(event)\"><a title=\"View the album Trobada Mujeres y Teolog\u00eda 2006\" style=\"border:0;color:transparent;cursor:pointer;\" target=\"_self\" onclick=\"wppaDoAjaxRender(event, 1, &#039;https:\/\/donesesglesia.cat\/wp_cde\/wp-json\/wp-photo-album-plus\/endPoint?action=wppa&wppa-action=render&wppa-size=640&wppa-occur=1&wppa-fromp=71&lang=ca&wppa-album=39f1fb7c5b5dff43&wppa-cover=0&data-alb=16&#039;, &#039;https:\/\/donesesglesia.cat\/wp_cde\/album-fotografic\/?wppa-occur=1&lang=ca&wppa-cover=0&wppa-album=39f1fb7c5b5dff43&data-alb=16&#039; )\"><img decoding=\"async\" style=\"border-width:0px;width:150px;height:112px;opacity:0.85;display:inline;\" src=\"https:\/\/donesesglesia.cat\/wp_cde\/wp-content\/uploads\/wppa\/thumbs\/97.jpg?ver=1\" alt=\"Mujeres Teologia 2006 03.JPG\" class=\"image wppa-img\" onmouseover=\"jQuery(this).fadeTo(400, 1.0)\" onmouseout=\"jQuery(this).fadeTo(400,0.85)\"><\/a><\/div><\/div><div title=\" \" onclick=\"wppaStopProp(event);\"><\/div><div style=\"clear:both;\"><\/div><\/div><div id=\"album-15-1\" title=\"View the album Curs d&#039;estiu 2006\" style=\"width:100%;float:right;cursor:pointer;\" class=\"wppa-album-cover-standard album wppa-box wppa-cover-box wppa-cover-box-1\" onclick=\"wppaDoAjaxRender(event, 1, &#039;https:\/\/donesesglesia.cat\/wp_cde\/wp-json\/wp-photo-album-plus\/endPoint?action=wppa&wppa-action=render&wppa-size=640&wppa-occur=1&wppa-fromp=71&lang=ca&wppa-album=161b5273a751b39f&wppa-cover=0&data-alb=15&#039;, &#039;https:\/\/donesesglesia.cat\/wp_cde\/album-fotografic\/?wppa-occur=1&lang=ca&wppa-cover=0&wppa-album=161b5273a751b39f&data-alb=15&#039; )\"><div id=\"covertext_frame_15_1\" style=\"width:459px; float:left\" class=\"wppa-text-frame-1 wppa-text-frame wppa-cover-text-frame wppa-asym-text-frame-1\"><h2 style=\"clear:none\" class=\"wppa-title\"><a title=\"View the album Curs d&#039;estiu 2006\" style=\"cursor:pointer\" class=\"wppa-title\" onclick=\"wppaDoAjaxRender(event, 1, &#039;https:\/\/donesesglesia.cat\/wp_cde\/wp-json\/wp-photo-album-plus\/endPoint?action=wppa&wppa-action=render&wppa-size=640&wppa-occur=1&wppa-fromp=71&lang=ca&wppa-album=161b5273a751b39f&wppa-cover=0&data-alb=15&#039;, &#039;https:\/\/donesesglesia.cat\/wp_cde\/album-fotografic\/?wppa-occur=1&lang=ca&wppa-cover=0&wppa-album=161b5273a751b39f&data-alb=15&#039; )\">Curs d&#039;estiu 2006<\/a><\/h2><div style=\"min-height:54px;\" class=\"wppa-box-text wppa-black wppa-box-text-desc\">El curs d'estiu es va celebrar el dia 1 de juliol amb el tema \"El femen\u00ed i el mascul\u00ed en el Crist\", que tract\u00e0 Teresa Forcades, te\u00f2loga, metgessa i monja de la Comunitat de Sant Benet<\/div><div class=\"wppa-box-text wppa-black wppa-info wppa-slideshow-browse-link wppa-album-cover-link\"><a title=\"Slideshow\" style=\"cursor:pointer\" class=\"wppa-album-cover-link\" onclick=\"wppaDoAjaxRender(event, 1, &#039;https:\/\/donesesglesia.cat\/wp_cde\/wp-json\/wp-photo-album-plus\/endPoint?action=wppa&wppa-action=render&wppa-size=640&wppa-occur=1&wppa-fromp=71&lang=ca&wppa-slide=1&wppa-album=161b5273a751b39f&#039;, &#039;https:\/\/donesesglesia.cat\/wp_cde\/album-fotografic\/?wppa-occur=1&lang=ca&wppa-slide=1&wppa-album=161b5273a751b39f&#039; )\">Slideshow<\/a><\/div><div class=\"wppa-box-text wppa-black wppa-info wppa-viewlink wppa-album-cover-link\"><a title=\"View the album Curs d\\&#039;estiu 2006\" style=\"cursor:pointer;\" class=\"wppa-album-cover-link\" onclick=\"wppaDoAjaxRender(event, 1, &#039;https:\/\/donesesglesia.cat\/wp_cde\/wp-json\/wp-photo-album-plus\/endPoint?action=wppa&wppa-action=render&wppa-size=640&wppa-occur=1&wppa-fromp=71&lang=ca&wppa-album=161b5273a751b39f&wppa-cover=0&data-alb=15&#039;, &#039;https:\/\/donesesglesia.cat\/wp_cde\/album-fotografic\/?wppa-occur=1&lang=ca&wppa-cover=0&wppa-album=161b5273a751b39f&data-alb=15&#039; )\">View&nbsp;4&nbsp;photos<\/a><\/div><\/div><div id=\"coverphoto_frame_15_1\" style=\"float:right; margin-left:5px;width:160px;\" class=\"coverphoto-frame\"><div title=\" \" style=\"display:inline-block;margin:0 4px;\" onclick=\"wppaStopProp(event)\"><a title=\"View the album Curs d&#039;estiu 2006\" style=\"border:0;color:transparent;cursor:pointer;\" target=\"_self\" onclick=\"wppaDoAjaxRender(event, 1, &#039;https:\/\/donesesglesia.cat\/wp_cde\/wp-json\/wp-photo-album-plus\/endPoint?action=wppa&wppa-action=render&wppa-size=640&wppa-occur=1&wppa-fromp=71&lang=ca&wppa-album=161b5273a751b39f&wppa-cover=0&data-alb=15&#039;, &#039;https:\/\/donesesglesia.cat\/wp_cde\/album-fotografic\/?wppa-occur=1&lang=ca&wppa-cover=0&wppa-album=161b5273a751b39f&data-alb=15&#039; )\"><img decoding=\"async\" style=\"border-width:0px;width:150px;height:112px;opacity:0.85;display:inline;\" src=\"https:\/\/donesesglesia.cat\/wp_cde\/wp-content\/uploads\/wppa\/thumbs\/93.jpg?ver=1\" alt=\"curs estiu 2006 001.jpg\" class=\"image wppa-img\" onmouseover=\"jQuery(this).fadeTo(400, 1.0)\" onmouseout=\"jQuery(this).fadeTo(400,0.85)\"><\/a><\/div><\/div><div title=\" \" onclick=\"wppaStopProp(event);\"><\/div><div style=\"clear:both;\"><\/div><\/div><div id=\"album-11-1\" title=\"View the album Curs de tardor 2004\" style=\"width:100%;float:right;cursor:pointer;\" class=\"wppa-album-cover-standard album wppa-box wppa-cover-box wppa-cover-box-1\" onclick=\"wppaDoAjaxRender(event, 1, &#039;https:\/\/donesesglesia.cat\/wp_cde\/wp-json\/wp-photo-album-plus\/endPoint?action=wppa&wppa-action=render&wppa-size=640&wppa-occur=1&wppa-fromp=71&lang=ca&wppa-album=75a2a428b8259392&wppa-cover=0&data-alb=11&#039;, &#039;https:\/\/donesesglesia.cat\/wp_cde\/album-fotografic\/?wppa-occur=1&lang=ca&wppa-cover=0&wppa-album=75a2a428b8259392&data-alb=11&#039; )\"><div id=\"covertext_frame_11_1\" style=\"width:459px; float:left\" class=\"wppa-text-frame-1 wppa-text-frame wppa-cover-text-frame wppa-asym-text-frame-1\"><h2 style=\"clear:none\" class=\"wppa-title\"><a title=\"View the album Curs de tardor 2004\" style=\"cursor:pointer\" class=\"wppa-title\" onclick=\"wppaDoAjaxRender(event, 1, &#039;https:\/\/donesesglesia.cat\/wp_cde\/wp-json\/wp-photo-album-plus\/endPoint?action=wppa&wppa-action=render&wppa-size=640&wppa-occur=1&wppa-fromp=71&lang=ca&wppa-album=75a2a428b8259392&wppa-cover=0&data-alb=11&#039;, &#039;https:\/\/donesesglesia.cat\/wp_cde\/album-fotografic\/?wppa-occur=1&lang=ca&wppa-cover=0&wppa-album=75a2a428b8259392&data-alb=11&#039; )\">Curs de tardor 2004<\/a><\/h2><div style=\"min-height:54px;\" class=\"wppa-box-text wppa-black wppa-box-text-desc\">Escola de Teologia Feminista, IV Curs de tardor, celebrat el 23 d\u2019octubre de 2004, a la casa Golferichs \u201cEl Xalet\u201d, sota el tema: \u201cEL SAGRAT: PODER O ESPAI DE LLIBERTAT?<\/div><div class=\"wppa-box-text wppa-black wppa-info wppa-slideshow-browse-link wppa-album-cover-link\"><a title=\"Slideshow\" style=\"cursor:pointer\" class=\"wppa-album-cover-link\" onclick=\"wppaDoAjaxRender(event, 1, &#039;https:\/\/donesesglesia.cat\/wp_cde\/wp-json\/wp-photo-album-plus\/endPoint?action=wppa&wppa-action=render&wppa-size=640&wppa-occur=1&wppa-fromp=71&lang=ca&wppa-slide=1&wppa-album=75a2a428b8259392&#039;, &#039;https:\/\/donesesglesia.cat\/wp_cde\/album-fotografic\/?wppa-occur=1&lang=ca&wppa-slide=1&wppa-album=75a2a428b8259392&#039; )\">Slideshow<\/a><\/div><div class=\"wppa-box-text wppa-black wppa-info wppa-viewlink wppa-album-cover-link\"><a title=\"View the album Curs de tardor 2004\" style=\"cursor:pointer;\" class=\"wppa-album-cover-link\" onclick=\"wppaDoAjaxRender(event, 1, &#039;https:\/\/donesesglesia.cat\/wp_cde\/wp-json\/wp-photo-album-plus\/endPoint?action=wppa&wppa-action=render&wppa-size=640&wppa-occur=1&wppa-fromp=71&lang=ca&wppa-album=75a2a428b8259392&wppa-cover=0&data-alb=11&#039;, &#039;https:\/\/donesesglesia.cat\/wp_cde\/album-fotografic\/?wppa-occur=1&lang=ca&wppa-cover=0&wppa-album=75a2a428b8259392&data-alb=11&#039; )\">View&nbsp;6&nbsp;photos<\/a><\/div><\/div><div id=\"coverphoto_frame_11_1\" style=\"float:right; margin-left:5px;width:160px;\" class=\"coverphoto-frame\"><div title=\" \" style=\"display:inline-block;margin:0 4px;\" onclick=\"wppaStopProp(event)\"><a title=\"View the album Curs de tardor 2004\" style=\"border:0;color:transparent;cursor:pointer;\" target=\"_self\" onclick=\"wppaDoAjaxRender(event, 1, &#039;https:\/\/donesesglesia.cat\/wp_cde\/wp-json\/wp-photo-album-plus\/endPoint?action=wppa&wppa-action=render&wppa-size=640&wppa-occur=1&wppa-fromp=71&lang=ca&wppa-album=75a2a428b8259392&wppa-cover=0&data-alb=11&#039;, &#039;https:\/\/donesesglesia.cat\/wp_cde\/album-fotografic\/?wppa-occur=1&lang=ca&wppa-cover=0&wppa-album=75a2a428b8259392&data-alb=11&#039; )\"><img decoding=\"async\" style=\"border-width:0px;width:150px;height:112px;opacity:0.85;display:inline;\" src=\"https:\/\/donesesglesia.cat\/wp_cde\/wp-content\/uploads\/wppa\/thumbs\/22.jpg?ver=1\" alt=\"Dolores Juliano (24.10.04)\" class=\"image wppa-img\" onmouseover=\"jQuery(this).fadeTo(400, 1.0)\" onmouseout=\"jQuery(this).fadeTo(400,0.85)\"><\/a><\/div><\/div><div title=\" \" onclick=\"wppaStopProp(event);\"><\/div><div style=\"clear:both;\"><\/div><\/div><\/div><div style=\"clear:both;\"><\/div><div id=\"wppa-container-1-end\"><\/div><\/div><\/div>\n<!-- End [wppa] \/wp_cde\/wp-json\/wp\/v2\/pages\/71 oc 1 365 queries in 313.3 ms. at 13:32. Max mem: 14.00 Mb. -->\n","protected":false},"excerpt":{"rendered":"","protected":false},"author":1,"featured_media":0,"parent":0,"menu_order":0,"comment_status":"open","ping_status":"open","template":"page-full.php","meta":{"footnotes":""},"class_list":["post-71","page","type-page","status-publish","hentry"],"_links":{"self":[{"href":"https:\/\/donesesglesia.cat\/wp_cde\/wp-json\/wp\/v2\/pages\/71","targetHints":{"allow":["GET"]}}],"collection":[{"href":"https:\/\/donesesglesia.cat\/wp_cde\/wp-json\/wp\/v2\/pages"}],"about":[{"href":"https:\/\/donesesglesia.cat\/wp_cde\/wp-json\/wp\/v2\/types\/page"}],"author":[{"embeddable":true,"href":"https:\/\/donesesglesia.cat\/wp_cde\/wp-json\/wp\/v2\/users\/1"}],"replies":[{"embeddable":true,"href":"https:\/\/donesesglesia.cat\/wp_cde\/wp-json\/wp\/v2\/comments?post=71"}],"version-history":[{"count":3,"href":"https:\/\/donesesglesia.cat\/wp_cde\/wp-json\/wp\/v2\/pages\/71\/revisions"}],"predecessor-version":[{"id":4805,"href":"https:\/\/donesesglesia.cat\/wp_cde\/wp-json\/wp\/v2\/pages\/71\/revisions\/4805"}],"wp:attachment":[{"href":"https:\/\/donesesglesia.cat\/wp_cde\/wp-json\/wp\/v2\/media?parent=71"}],"curies":[{"name":"wp","href":"https:\/\/api.w.org\/{rel}","templated":true}]}}