{"id":69,"date":"2011-04-28T10:17:04","date_gmt":"2011-04-28T10:17:04","guid":{"rendered":"http:\/\/donesesglesia.cat\/wp_cde\/?page_id=69"},"modified":"2022-07-08T17:33:21","modified_gmt":"2022-07-08T15:33:21","slug":"manifestos-que-hem-signat","status":"publish","type":"page","link":"https:\/\/donesesglesia.cat\/wp_cde\/manifestos-que-hem-signat\/","title":{"rendered":"Manifestos que hem signat"},"content":{"rendered":"<p>Juliol 2022<br \/>\nEl CDE s&#8217;ha adherit a la &#8220;Plataforma d&#8217;entitats cristianes amb els immigrants&#8221;, que ha fet p\u00fablic el document <a href=\"https:\/\/acocat.org\/sites\/default\/files\/conclusions_plataforma_curs_22_23.pdf\" target=\"_blank\" rel=\"noopener noreferrer\">Conclusions del treball del curs 2021-2022<\/a>, que vol ser un comprom\u00eds de les entitats en la lluita contra el racisme com a pas necessari per a construir\u00a0<em>un nosaltres cada vegada m\u00e9s gran<\/em>.<\/p>\n<p>Maig 2020<br \/>\nEl CDE s&#8217;ha adherit a la <a href=\"https:\/\/economiasocialcatalunya.cat\/pacte-per-la-vida\/\" target=\"_blank\" rel=\"nofollow noopener noreferrer\">Proposta de l\u2019Economia Social i Solid\u00e0ria catalana d\u2019un Pacte per una Economia per la Vida \u2013 Economia Social Catalunya<\/a>. Una proposta de l&#8217;<a href=\"https:\/\/economiasocialcatalunya.cat\/sobre-laescat\/\" target=\"_blank\" rel=\"noopener noreferrer\">\u2019Associaci\u00f3 Economia Social Catalunya (AESCAT) <\/a><\/p>\n<p>1 de mar\u00e7, 2020<br \/>\nEn el marc de les jornades feministes del 8 de mar\u00e7, el CDE s&#8217;ha adherit al <a href=\"https:\/\/www.alcemlaveu.org\/manifest\" target=\"_blank\" rel=\"noopener noreferrer\">manifest #AlcemLaVeu, per la igualtat i la no discriminaci\u00f3 de les dones a l\u2019Esgl\u00e9sia<\/a><\/p>\n<p>El CDE s&#8217;ha adherit a la <a href=\"https:\/\/economiasocialcatalunya.cat\/pacte-per-la-vida\/\" target=\"_blank\" rel=\"nofollow noopener noreferrer\">Proposta de l\u2019Economia Social i Solid\u00e0ria catalana d\u2019un Pacte per una Economia per la Vida \u2013 Economia Social Catalunya<\/a>. Una proposta de l&#8217;<a href=\"https:\/\/economiasocialcatalunya.cat\/sobre-laescat\/\" target=\"_blank\" rel=\"noopener noreferrer\">\u2019Associaci\u00f3 Economia Social Catalunya (AESCAT) <\/a><\/p>\n<p>2 de marc, 2017<br \/>\nEl CDE ha donat suport i ha signat el document que porta per t\u00edtol :\u00a0<a href=\"http:\/\/www.en-re.eu\/index.php\/54-news\/370-sesenta-anos-despues-del-tratado-de-roma\" target=\"_blank\" rel=\"noopener noreferrer\">\u00bfQu\u00e9 Europa 60 a\u00f1os despu\u00e9s del tratado de Roma?<\/a>\u00a0Un llamamiento de la <a href=\"http:\/\/www.en-re.eu\/\" target=\"_blank\" rel=\"noopener noreferrer\">Red Europea Iglesia por la Libertad<\/a><\/p>\n<p>17 d&#8217;octubre 2015<br \/>\n<a href=\"http:\/\/donesesglesia.cat\/wp_cde\/wp-content\/uploads\/2011\/04\/manifest-pobresa-zero-2015.pdf\" target=\"_blank\" rel=\"noopener noreferrer\">Pobresa zero: Manifest 2015: 12 fronts en la lluita contra les desigualtats<\/a><\/p>\n<p>11 d&#8217;octubre 2015<br \/>\n<a href=\"http:\/\/www.redescristianas.net\/manifiesto-final-de-la-v-asamblea-de-redes-cristianas\/\" target=\"_blank\" rel=\"noopener noreferrer\">Manifest final de la V Assamblea de Redes Cristianas: &#8220;Junt@s para cambiar!&#8221;<\/a><\/p>\n<p>25 d&#8217;agost, 2014<br \/>\nEl Col\u00b7lectiu de Dones en l\u2019Esgl\u00e9sia per la Paritat ens hem adherit al <a href=\"http:\/\/donesesglesia.cat\/wp_cde\/index.php\/2014\/09\/12\/contra-el-genocidi-a-gaza\/\" target=\"_blank\" rel=\"noopener noreferrer\">Manifest contra el genocidi a Gaza<\/a>, promogut per l&#8217;Asociaci\u00f3n Teol\u00f3gica Juan XXIII<\/p>\n<p style=\"text-align: left;\" align=\"center\">21 d&#8217;abril, 2014<br \/>\nEl Col\u00b7lectiu de Dones en l\u2019Esgl\u00e9sia per la Paritat ens hem adherit al <a href=\"https:\/\/docs.google.com\/forms\/d\/1fQcpk5sCqoVYV-GLPQdAtt1WVrSfNmtyfTcpjZQ1bfU\/viewform\" target=\"_blank\" rel=\"noopener noreferrer\">manifest \u201cDona i VIH Sida\u201d<\/a>, promogut per DONES DEL MON, ACATHI, i CREACI\u00d3 POSITIVA<\/p>\n<p style=\"text-align: left;\" align=\"center\">26 de gener, 2014<br \/>\n<a href=\"http:\/\/donesesglesia.cat\/wp_cde\/wp-content\/uploads\/2014\/05\/manifest_fctia_2014.pdf\" target=\"_blank\" rel=\"noopener noreferrer\">Manifest de cloenda del III F\u00f2rum Catal\u00e0 de Teologia i Alliberament<\/a><\/p>\n<p style=\"text-align: left;\" align=\"center\">24 de gener, 2014<br \/>\nEl \u201cCol\u00b7lectiu de Dones en l\u2019Esgl\u00e9sia per la Paritat\u201d ha signat, juntament amb La Joventut obrera cristiana (JOC) Nacional de Catalunya i les Illes, l\u2019Acci\u00f3 Cat\u00f2lica Obrera (ACO) i la Hermandad Obrera de Acci\u00f3n Cat\u00f3lica (HOAC-GOAC) <a href=\"http:\/\/donesesglesia.cat\/documents\/2014\/denuncia-avantprojecte-avortament.pdf\" target=\"_blank\" rel=\"noopener noreferrer\">el comunicat de den\u00fancia contra l\u2019avantprojecte de llei de l\u2019avortament<\/a><\/p>\n<p style=\"text-align: left;\" align=\"center\">20 de gener, 2014<br \/>\nEl Col\u00b7lectiu de Dones en l\u2019Esgl\u00e9sia per la Paritat ens hem adherit al manifest <a href=\"http:\/\/donesesglesia.cat\/documents\/2014\/manifest-atur_joc.pdf\" target=\"_blank\" rel=\"noopener noreferrer\">\u201cJove, que l\u2019atur no t\u2019aturi #ocupaelsteusdrets!\u201d<\/a>, promogut per la Joventut Obrera Cristiana (JOC) Nacional de Catalunya i les Illes.<\/p>\n<p>Novembre 2013<br \/>\nPlataforma d\u2019Entitats Cristianes amb els immigrants<br \/>\n<a href=\"http:\/\/donesesglesia.cat\/wp_cde\/wp-content\/uploads\/2013\/11\/lampedusa.pdf\" target=\"_blank\" rel=\"noopener noreferrer\">A Lampedusa hem naufragat tots<\/a><\/p>\n<p style=\"text-align: left;\" align=\"center\">25 de novembre, 2013<br \/>\nEl \u201cCol\u00b7lectiu de Dones en l\u2019Esgl\u00e9sia per la Paritat\u201d d\u00f3na recolzament al manifest <a href=\"http:\/\/donesesglesia.cat\/wp_cde\/wp-content\/uploads\/2013\/11\/manifest_25-novembre.pdf\" target=\"_blank\" rel=\"noopener noreferrer\">&#8220;No m\u00e9s viol\u00e8ncia a les dones. Si una dona pateix viol\u00e8ncia la patim totes&#8221;<\/a><\/p>\n<p>Novembre 2013<br \/>\nPlataforma d\u2019Entitats Cristianes amb els immigrants<br \/>\n<a href=\"http:\/\/donesesglesia.cat\/wp_cde\/wp-content\/uploads\/2013\/11\/lampedusa.pdf\" target=\"_blank\" rel=\"noopener noreferrer\">A Lampedusa hem naufragat tots<\/a><\/p>\n<p>Octubre 2013<br \/>\nEl Col\u00b7lectiu de Dones en l\u2019Esgl\u00e9sia per la Paritat hem donat suport als companys del F\u00f2rum Catal\u00e0 de Teologia i Alliberament de Cristianisme al segle XXI i Redes Cristianas, aix\u00ed com a la resta d\u2019entitats que tamb\u00e9 hi participen, en la <a href=\"http:\/\/donesesglesia.cat\/wp_cde\/wp-content\/uploads\/2013\/10\/beatificacions-tarragona.pdf\" target=\"_blank\" rel=\"noopener noreferrer\">den\u00fancia p\u00fablica de l\u2019acte que es dur\u00e0 a terme a Tarragona el proper 13 d\u2019octubre<\/a>.<\/p>\n<p>18 de setembre, 2013<br \/>\nEl Col\u00b7lectiu de Dones en l\u2019Esgl\u00e9sia ha donat suport a la <a href=\"http:\/\/donesesglesia.cat\/wp_cde\/index.php\/2013\/10\/13\/carta-oberta-al-papa-francesc\/\" target=\"_blank\" rel=\"noopener noreferrer\">carta que diferents col\u00b7lectius cristians han enviat al Papa Francesc<\/a>.<\/p>\n<p>Juliol 2013<br \/>\nEl \u201cCol\u00b7lectiu de Dones en l&#8217;Esgl\u00e9sia per al Paritat\u201d ens hem adherit al <a href=\"http:\/\/donesesglesia.cat\/wp_cde\/wp-content\/uploads\/2013\/09\/manifest_campanya-habitatge_juliol2013.pdf\" target=\"_blank\" rel=\"noopener noreferrer\">manifest de la Campanya per fer efectiu el dret a l&#8217;habitatge:un fons social catal\u00e0 d&#8217;habitatges i lloguer for\u00e7\u00f3s dels habitatges buits de les entitats financeres<\/a><\/p>\n<p>Juliol 2013<br \/>\nEl Col\u00b7lectiu de Dones en l\u2019Esgl\u00e9sia hem escrit una <a href=\"http:\/\/donesesglesia.cat\/wp_cde\/index.php\/2013\/09\/11\/suport-del-cde-a-la-laedership-conference-of-women-religious-lcwr\/\" target=\"_blank\" rel=\"noopener noreferrer\">nota de recolzament a la <strong>Laedership Conference of Women Religious (LCWR)<\/strong>.<\/a><\/p>\n<p>27 de juny, 2013<br \/>\nEl \u201cCol\u00b7lectiu de Dones en l&#8217;Esgl\u00e9sia per al Paritat\u201d ens hem adherit al Pacte Nacional pel Dret a Decidir, constitu\u00eft el passat 27 de juny al Parlament a trav\u00e9s de la web <a href=\"http:\/\/www.dretadecidir.cat\/\" target=\"_blank\" rel=\"noopener noreferrer\">www.dretadecidir.cat<\/a><\/p>\n<p>3 de mar\u00e7, 2013<br \/>\nGrup de treball de la dona de la <em>Asamblea Villa Vallecas<br \/>\n<\/em><a href=\"http:\/\/donesesglesia.cat\/wp_cde\/wp-content\/uploads\/2013\/11\/manifest_vvk_2013.pdf\" target=\"_blank\" rel=\"noopener noreferrer\">\u201cSituaci\u00f3n de la mujer en el mundo y repercusi\u00f3n de les recortes en Espa\u00f1a\u201d<\/a><\/p>\n<p>23 d&#8217;abril, 2012<br \/>\n\u201cAssociaci\u00f3 Akan\u201d, \u201cF\u00f2rum Joan Alsina\u201d, \u201cCol.lectiu de Dones en l&#8217;Esgl\u00e9sia\u201d, \u201cAntics Membres de la GOAC\u201d, \u201cCristians de Base, avui\u201d<br \/>\n<a href=\"http:\/\/donesesglesia.cat\/documents\/manifestos\/persones-cristianes-indignades.pdf\" target=\"_blank\" rel=\"noopener noreferrer\">Som persones cristianes indignades<\/a><\/p>\n<p>4 de febrer, 2011<br \/>\n<a href=\"http:\/\/donesesglesia.cat\/documents\/manifestos\/manifest-teolegs.pdf\" target=\"_blank\" rel=\"noopener noreferrer\">Manifiesto de te\u00f3log@s alemanes sobre la crisis de la Iglesia Cat\u00f3lica<\/a><\/p>\n<p>19 de juny, 2009<br \/>\n<strong>ACAT (Associaci\u00f3 de Cristians per l&#8217;Abolici\u00f3 de l Tortura)<\/strong><br \/>\n<a href=\"http:\/\/donesesglesia.cat\/documents\/manifestos\/ACAT_Carta-bisbes_2009.pdf\" target=\"_blank\" rel=\"noopener noreferrer\">Carta de l&#8217;ACAT als bisbes espanyols<\/a><\/p>\n<p>10 de desembre, 2008<br \/>\n<strong>Federaci\u00f3 Catalana d\u2019ONG pels Drets Humans<\/strong><br \/>\n<a href=\"http:\/\/donesesglesia.cat\/documents\/manifestos\/ManifestDDHH.pdf\" target=\"_blank\" rel=\"noopener noreferrer\">6o\u00e8 Aniversari de la Declaraci\u00f3 dels Drets Humans<\/a><\/p>\n<p>6 de setembre, 2008<br \/>\n<strong>Redes Cristianas<\/strong><br \/>\n<a href=\"http:\/\/donesesglesia.cat\/documents\/manifestos\/Manifest_laicitat.pdf\" target=\"_blank\" rel=\"noopener noreferrer\">Manifest per la la\u00efcitat<\/a><\/p>\n<p>17 d&#8217;abril, 2008<br \/>\n<strong>Federaci\u00f3 Catalana d&#8217;ONG pels Drets Humans<\/strong><br \/>\n<a href=\"http:\/\/donesesglesia.cat\/documents\/manifestos\/JocsOlimpics_2008.pdf\" target=\"_blank\" rel=\"noopener noreferrer\">Comunicat sobre la celebraci\u00f3 dels Jocs Ol\u00edmpics a la ciutat de Beijing<\/a><\/p>\n<p>29 de febrer, 2008<br \/>\n<strong>Entitats, grups, comunitats i moviments cristians de catalunya a favor d&#8217;un nou model de relacions entre l&#8217;estat i l&#8217;Esgl\u00e9sia<\/strong><br \/>\n<a href=\"http:\/\/donesesglesia.cat\/documents\/manifestos\/altra_veu_Esglesia.pdf\" target=\"_blank\" rel=\"noopener noreferrer\">Una altra veu d&#8217;Esgl\u00e9sia<\/a><\/p>\n<p>20 de gener, 2008<br \/>\n<strong>Cristianisme al segle XXI<\/strong><br \/>\n<a href=\"http:\/\/donesesglesia.cat\/documents\/manifestos\/CristianismeSegleXXI_Carta_Cardenal.pdf\" target=\"_blank\" rel=\"noopener noreferrer\">Carta oberta al Cardenal Arquebisbe de Barcelona<\/a><\/p>\n<p>7 de juliol, 2007<br \/>\n<strong>Cat\u00f3licas por el derecho a decidir<\/strong><br \/>\n<a href=\"http:\/\/donesesglesia.cat\/documents\/manifestos\/derechodecidir.pdf\" target=\"_blank\" rel=\"noopener noreferrer\">\u00a1Ya basta!<\/a><\/p>\n<p>21 de juny, 2007<br \/>\n<strong>Grup La Pau<\/strong> | <strong>Cristianisme segle XXI<\/strong> | <strong>Esgl\u00e9sia Plural i F\u00f2rum JIC<\/strong> | <strong>Col\u00b7lectiu de Dones en l&#8217;Esgl\u00e9sia<\/strong> | <strong>Mesa de Catalunya d&#8217;Entitats Memorialistes<\/strong> | <strong>ACO<\/strong> | <strong>Tribuna \u00c8tica<\/strong><br \/>\n<a href=\"http:\/\/donesesglesia.cat\/documents\/manifestos\/Manifest-conciliacio-historica.pdf\" target=\"_blank\" rel=\"noopener noreferrer\">Manifest per la conciliaci\u00f3 hist\u00f2rica<\/a><\/p>\n<p>25 de novembre, 2006<br \/>\n<strong>Tradici\u00f3 Jueva &#8211; Malka Gonz\u00e1lez<\/strong><br \/>\n<strong> Tradici\u00f3 Budista &#8211; Montserrat Castell\u00e0<\/strong><br \/>\n<strong> Tradici\u00f3 Cristiana Cat\u00f2lica &#8211; Col.lectiu de Dones en l\u2019Esgl\u00e9sia<\/strong><br \/>\n<strong> Tradici\u00f3 Isl\u00e0mica &#8211; Yaratullah Monturiol<\/strong><br \/>\n<strong> Tradici\u00f3 Cristiana Evang\u00e8lica &#8211; Joana Ortega<\/strong><br \/>\n<a href=\"http:\/\/donesesglesia.cat\/documents\/manifestos\/manifest25-11-06.pdf\" target=\"_blank\" rel=\"noopener noreferrer\">Dia Internacional contra la viol\u00e8ncia de g\u00e8nere<\/a><\/p>\n<p>19 de setembre, 2006<strong><br \/>\nGrup Interreligi\u00f3s Tradici\u00f3 i Progr\u00e9s<\/strong><br \/>\n<a href=\"http:\/\/donesesglesia.cat\/documents\/manifestos\/NdP_papa-islam.pdf\" target=\"_blank\" rel=\"noopener noreferrer\">Comunicat del Grup Interreligi\u00f3s Tradici\u00f3 i Progr\u00e9s com a resposta a les manifestacions fetes per Benet XVI a Ratisbona<\/a><\/p>\n","protected":false},"excerpt":{"rendered":"<p>Juliol 2022 El CDE s&#8217;ha adherit a la &#8220;Plataforma d&#8217;entitats cristianes amb els immigrants&#8221;, que ha fet p\u00fablic el document Conclusions del treball del curs 2021-2022, que vol ser un [&hellip;]<\/p>\n","protected":false},"author":1,"featured_media":0,"parent":0,"menu_order":0,"comment_status":"open","ping_status":"open","template":"","meta":{"footnotes":""},"class_list":["post-69","page","type-page","status-publish","hentry"],"_links":{"self":[{"href":"https:\/\/donesesglesia.cat\/wp_cde\/wp-json\/wp\/v2\/pages\/69","targetHints":{"allow":["GET"]}}],"collection":[{"href":"https:\/\/donesesglesia.cat\/wp_cde\/wp-json\/wp\/v2\/pages"}],"about":[{"href":"https:\/\/donesesglesia.cat\/wp_cde\/wp-json\/wp\/v2\/types\/page"}],"author":[{"embeddable":true,"href":"https:\/\/donesesglesia.cat\/wp_cde\/wp-json\/wp\/v2\/users\/1"}],"replies":[{"embeddable":true,"href":"https:\/\/donesesglesia.cat\/wp_cde\/wp-json\/wp\/v2\/comments?post=69"}],"version-history":[{"count":6,"href":"https:\/\/donesesglesia.cat\/wp_cde\/wp-json\/wp\/v2\/pages\/69\/revisions"}],"predecessor-version":[{"id":7497,"href":"https:\/\/donesesglesia.cat\/wp_cde\/wp-json\/wp\/v2\/pages\/69\/revisions\/7497"}],"wp:attachment":[{"href":"https:\/\/donesesglesia.cat\/wp_cde\/wp-json\/wp\/v2\/media?parent=69"}],"curies":[{"name":"wp","href":"https:\/\/api.w.org\/{rel}","templated":true}]}}