{"id":67,"date":"2011-04-28T10:16:41","date_gmt":"2011-04-28T10:16:41","guid":{"rendered":"http:\/\/donesesglesia.cat\/wp_cde\/?page_id=67"},"modified":"2022-10-01T12:37:15","modified_gmt":"2022-10-01T10:37:15","slug":"articles-del-cde","status":"publish","type":"page","link":"https:\/\/donesesglesia.cat\/wp_cde\/articles-del-cde\/","title":{"rendered":"Documents del CDE"},"content":{"rendered":"<blockquote>\n<p><strong>Documents del CDE &#8211; 2022<\/strong><\/p>\n<p>22 de juliol, 2022<br \/>\nGrup Nostra Dona, adherides al CDE<b><br \/>\n<\/b><a href=\"http:\/\/donesesglesia.cat\/wp_cde\/wp-content\/uploads\/2022\/10\/festa-maria-magdala_2022.pdf\" target=\"_blank\" rel=\"noopener noreferrer\">Festa de Maria de Magdala<\/a><\/p>\n<\/blockquote>\n<blockquote>\n<p><strong>Documents del CDE &#8211; 2021<\/strong><\/p>\n<p>26 de novembre, 2021<br \/>\nMagda Tom\u00e0s i Ribes<br \/>\n<a href=\"http:\/\/donesesglesia.cat\/wp_cde\/wp-content\/uploads\/2021\/12\/religions-perdo-dones.pdf\" target=\"_blank\" rel=\"noopener noreferrer\">Algun dia totes les religions hauran de demanar perd\u00f3 a les dones<\/a><\/p>\n<p>25 de novembre, 2021<br \/>\n<a href=\"http:\/\/donesesglesia.cat\/wp_cde\/wp-content\/uploads\/2021\/11\/manifest_2021-11-25.pdf\" target=\"_blank\" rel=\"noopener noreferrer\">Manifest del Dia Internacional contra la Viol\u00e8ncia de G\u00e8nere<\/a><\/p>\n<p>22 de juliol, 2021<br \/>\n<a href=\"http:\/\/donesesglesia.cat\/wp_cde\/wp-content\/uploads\/2021\/07\/manifest_maria-magdalena_2021.pdf\" target=\"_blank\" rel=\"noopener noreferrer\">Manifest Maria Magdalena 2021<\/a><\/p>\n<p>Mar\u00e7 2021<br \/>\nM. Pau Trayner <br \/>\n<a href=\"http:\/\/donesesglesia.cat\/wp_cde\/index.php\/2021\/03\/24\/el-si-de-les-dones-creients-m-pau-trayner\/\" target=\"_blank\" rel=\"noopener noreferrer\">El s\u00ed de les dones creients<\/a>\u00a0(article publicat el 26 de mar\u00e7 de 1998 a la revista <em>Paraules i Fets de Dones<\/em>\u00a0(N\u00fam. 11, Abril- Maig-Juny 1998)<\/p>\n<p>8 de mar\u00e7, 2021<br \/>\n<a href=\"http:\/\/donesesglesia.cat\/wp_cde\/wp-content\/uploads\/2021\/03\/manifest-dia-dones_2021.pdf\" target=\"_blank\" rel=\"noopener noreferrer\">Manifest del Dia Internacional de la Dona<\/a><\/p>\n<p>1 de mar\u00e7, 2021<br \/>\nRoser Sol\u00e9 i Besteiro<br \/>\n<a href=\"http:\/\/donesesglesia.cat\/wp_cde\/index.php\/2021\/03\/02\/un-record-una-reflexio-i-una-mirada-cap-el-futur\/\" target=\"_blank\" rel=\"noopener noreferrer\">Un record, una reflexi\u00f3 i una mirada cap el futur<\/a><\/p>\n<\/blockquote>\n<blockquote>\n<p><strong>Documents del CDE &#8211; 2020<\/strong><\/p>\n<p>Setembre 2020<br \/>\nM. Pau Trayner <br \/>\n<a href=\"http:\/\/donesesglesia.cat\/wp_cde\/wp-content\/uploads\/2020\/10\/reflexio-ecofeminista-aigua_trayner.pdf\" target=\"_blank\" rel=\"noopener noreferrer\">Reflexi\u00f3 ecofeminista i teol\u00f2gica sobre l&#8217;aigua<\/a>\u00a0(article publicat a l&#8217;<a href=\"https:\/\/llatinoamericana.org\" target=\"_blank\" rel=\"noopener noreferrer\">Agenda Llatinoamericana 2021<\/a>)<\/p>\n<p>Juliol 2020<br \/>\n<a href=\"http:\/\/donesesglesia.cat\/wp_cde\/wp-content\/uploads\/2021\/03\/manifest-dia-dones_2021.pdf\" target=\"_blank\" rel=\"noopener noreferrer\">Manifest del Dia Internacional de la Dona<\/a><\/p>\n<\/blockquote>\n<blockquote>\n<p><strong>Documents del CDE &#8211; 2019<\/strong><\/p>\n<p>22 de juliol, 2019<br \/>\n<a href=\"http:\/\/donesesglesia.cat\/wp_cde\/wp-content\/uploads\/2019\/07\/manifest-mariamagdala_1997-2019.pdf\" target=\"_blank\" rel=\"noopener noreferrer\">Aix\u00ed ho v\u00e0rem dir, i aix\u00ed seguim pensant! Manifest Maria de Magdala 1997 \u2013 2019<\/a><\/p>\n<p>8 de mar\u00e7, 2019<br \/>\n<a href=\"http:\/\/donesesglesia.cat\/wp_cde\/wp-content\/uploads\/2019\/03\/manifest_2019-03-19.pdf\" target=\"_blank\" rel=\"noopener noreferrer\">Manifest del Dia Internacional de la Dona<\/a><\/p>\n<\/blockquote>\n<blockquote>\n<p><strong>Documents del CDE &#8211; 2018<\/strong><\/p>\n<p>10 de desembre, 2018<br \/>\n<a href=\"http:\/\/donesesglesia.cat\/wp_cde\/wp-content\/uploads\/2019\/02\/carta_ricardo-blazquez.pdf\" target=\"_blank\" rel=\"noopener noreferrer\">Carta al Cardenal Ricardo Bl\u00e1zquez P\u00e9rez<\/a><\/p>\n<p>25 de novembre, 2018<br \/>\n<a href=\"http:\/\/donesesglesia.cat\/wp_cde\/wp-content\/uploads\/2018\/11\/manifest_2018-11-25.pdf\" target=\"_blank\" rel=\"noopener noreferrer\">Manifest del Dia Internacional contra la Viol\u00e8ncia de G\u00e8nere<\/a><\/p>\n<p>22 de juliol, 2018<br \/>\n<a href=\"http:\/\/donesesglesia.cat\/wp_cde\/wp-content\/uploads\/2018\/07\/manifest_mariamagdala_2018.pdf\" target=\"_blank\" rel=\"noopener noreferrer\">Manifest en la festivitat de Maria de Magdala 2018<\/a><\/p>\n<p>13 d&#8217;abril, 2018<br \/>\nCarles Puigdemont<br \/>\n<a href=\"http:\/\/donesesglesia.cat\/wp_cde\/wp-content\/uploads\/2018\/05\/carta-president-puigdemont.pdf\" target=\"_blank\" rel=\"noopener noreferrer\">Carta del president Carles Puigdemont al Col\u00b7lectiu de Dones en l\u2019Esgl\u00e9sia<\/a><\/p>\n<p>8 de mar\u00e7, 2018<br \/>\n<a href=\"http:\/\/donesesglesia.cat\/wp_cde\/wp-content\/uploads\/2018\/03\/manifest_2018-03-08.pdf\" target=\"_blank\" rel=\"noopener noreferrer\">Manifest del Dia de la Dona<\/a><\/p>\n<p>5 de febrer, 2018<br \/>\nChristina Moreira V\u00e1zquez<br \/>\n<a href=\"http:\/\/donesesglesia.cat\/wp_cde\/wp-content\/uploads\/2018\/04\/ordenacio-femenina_christina-moreira.pdf\" target=\"_blank\" rel=\"noopener noreferrer\">L&#8217;ordenaci\u00f3 femenina des de la perspectiva feminista<\/a><\/p>\n<\/blockquote>\n<blockquote>\n<p><strong>Documents del CDE &#8211; 2017<\/strong><\/p>\n<p>25 de novembre, 2017<br \/>\n<a href=\"http:\/\/donesesglesia.cat\/wp_cde\/wp-content\/uploads\/2017\/11\/violencia-contra-les-dones-al-mon.pdf\" target=\"_blank\" rel=\"noopener noreferrer\">Manifest del Dia Internacional contra la Viol\u00e8ncia de G\u00e8nere<\/a><\/p>\n<p>Setembre 2017<br \/>\n<a href=\"http:\/\/donesesglesia.cat\/wp_cde\/wp-content\/uploads\/2017\/09\/manifest-dret-decidir.pdf\" target=\"_blank\" rel=\"noopener noreferrer\">Manifest del CDE amb motiu dels fets que estan passant<\/a><\/p>\n<p>Mar\u00e7 2017<br \/>\n<a href=\"http:\/\/donesesglesia.cat\/wp_cde\/wp-content\/uploads\/2017\/03\/manifest-diaconat-femeni.pdf\" target=\"_blank\" rel=\"noopener noreferrer\">Manifest sobre el diaconat femen\u00ed<\/a><\/p>\n<p>Mar\u00e7 2017<br \/>\nNeus Forcano<br \/>\n<a href=\"http:\/\/donesesglesia.cat\/wp_cde\/wp-content\/uploads\/2017\/03\/dues-dones-de-fe.pdf\" target=\"_blank\" rel=\"noopener noreferrer\">Dues dones de fe i d\u2019esperan\u00e7a resistent. En record de la Maria Ant\u00f2nia Aragay i d\u2019Esperanza Bautista<\/a><\/p>\n<p>8 de mar\u00e7, 2017<br \/>\n<a href=\"http:\/\/donesesglesia.cat\/wp_cde\/wp-content\/uploads\/2017\/03\/manifest_2017-03-08.pdf\" target=\"_blank\" rel=\"noopener noreferrer\">Manifest del Dia Internacional de la Dona<\/a><\/p>\n<\/blockquote>\n<blockquote>\n<p><strong>Documents del CDE &#8211; 2016<\/strong><\/p>\n<p>25 de novembre, 2016<br \/>\n<a href=\"http:\/\/donesesglesia.cat\/wp_cde\/wp-content\/uploads\/2016\/11\/manifest_2016-11-25.pdf\" target=\"_blank\" rel=\"noopener noreferrer\">Manifest del Dia Internacional contra les Viol\u00e8ncies de G\u00e8nere<\/a><\/p>\n<p>5 de setembre, 2016<br \/>\nVict\u00f2ria Molins<br \/>\n<a href=\"http:\/\/donesesglesia.cat\/wp_cde\/wp-content\/uploads\/2017\/04\/homilia-organya_viqui-molins.pdf\" target=\"_blank\" rel=\"noopener noreferrer\">Viqui Molins, la primera dona homileta a Organy\u00e0<\/a><\/p>\n<p>21 de maig, 2016<br \/>\nMerc\u00e8 Sol\u00e9<br \/>\n<a href=\"http:\/\/donesesglesia.cat\/wp_cde\/wp-content\/uploads\/2011\/04\/l-esperit-ran-de-terra_sole-merce.pdf\" target=\"_blank\" rel=\"noopener noreferrer\">L&#8217;Esperit, ran de terra <\/a> (Jornada d&#8217;aprofundiment teol\u00f2gic feminista)<\/p>\n<p>22 de juliol, 2016<br \/>\n<a href=\"http:\/\/donesesglesia.cat\/wp_cde\/wp-content\/uploads\/2016\/07\/manifest_2016-07-22.pdf\" target=\"_blank\" rel=\"noopener noreferrer\">Manifest en la festivitat de Maria de Magdala<\/a><\/p>\n<p>8 de mar\u00e7, 2016<br \/>\n<a href=\"http:\/\/donesesglesia.cat\/wp_cde\/wp-content\/uploads\/2016\/03\/manifest_2016-03-08.pdf\" target=\"_blank\" rel=\"noopener noreferrer\">Manifest del CDE en el Dia Internacional de la dona treballadora<\/a><\/p>\n<\/blockquote>\n<blockquote>\n<p><strong>Documents del CDE &#8211; 2015<\/strong><\/p>\n<p>25 de novembre, 2015<br \/>\n<a href=\"http:\/\/donesesglesia.cat\/wp_cde\/wp-content\/uploads\/2015\/11\/manifest-violencia-genere_2015.pdf\" target=\"_blank\" rel=\"noopener noreferrer\">Manifest del Dia Internacional contra les Viol\u00e8ncies de G\u00e8nere<\/a><\/p>\n<p>22 de juliol, 2015<br \/>\n<a href=\"http:\/\/donesesglesia.cat\/wp_cde\/wp-content\/uploads\/2015\/07\/manifest_maria-magdalena_2015.pdf\" target=\"_blank\" rel=\"noopener noreferrer\">Manifest en la festivitat de Maria de Magdala<\/a><\/p>\n<p>21 de maig, 2015<br \/>\n<a href=\"http:\/\/donesesglesia.cat\/wp_cde\/wp-content\/uploads\/2011\/04\/carta_lucia-caram.pdf\" target=\"_blank\" rel=\"noopener noreferrer\">Carta a la germana Luc\u00eda Caram<\/a><\/p>\n<p>21 de maig, 2015<br \/>\n<a href=\"http:\/\/donesesglesia.cat\/wp_cde\/wp-content\/uploads\/2011\/04\/manifest-solidaritat_caram-forcades.pdf\" target=\"_blank\" rel=\"noopener noreferrer\">Manifest de solidaritat amb Luc\u00eda Caram i Teresa Forcades<\/a><\/p>\n<p>16 de maig, 2015<br \/>\n<a href=\"http:\/\/donesesglesia.cat\/wp_cde\/wp-content\/uploads\/2015\/07\/manifest-pobresa_2015.pdf\" target=\"_blank\" rel=\"noopener noreferrer\">Manifest contra la pobresa<\/a><\/p>\n<p>8 de mar\u00e7, 2015<br \/>\n<a href=\"http:\/\/donesesglesia.cat\/wp_cde\/wp-content\/uploads\/2015\/03\/manifest_2015-03-08.pdf\" target=\"_blank\" rel=\"noopener noreferrer\">Manifest del CDE en el Dia Internacional de la dona treballadora<\/a><\/p>\n<\/blockquote>\n<blockquote>\n<p><strong>Documents del CDE &#8211; 2014<\/strong><\/p>\n<p>25 de novembre, 2014<br \/>\n<a href=\"http:\/\/donesesglesia.cat\/wp_cde\/wp-content\/uploads\/2014\/11\/manifest_2014-11-25.pdf\" target=\"_blank\" rel=\"noopener noreferrer\">Manifest del CDE en el Dia Internacional\u00a0 per l\u2019Eliminaci\u00f3 de la Viol\u00e8ncia contra les Dones<\/a><\/p>\n<p>22 de juliol, 2014<br \/>\n<a href=\"http:\/\/donesesglesia.cat\/documents\/2014\/manifest_mariamagdala_2014.pdf\" target=\"_blank\" rel=\"noopener noreferrer\">Manifest en la festivitat de Maria de Magdala<\/a><\/p>\n<p>8 de mar\u00e7, 2014<br \/>\n<a href=\"http:\/\/donesesglesia.cat\/wp_cde\/wp-content\/uploads\/2014\/03\/manifest_2014-03-08.pdf\" target=\"_blank\" rel=\"noopener noreferrer\">Manifest del CDE en el Dia Internacional de la dona treballadora<\/a><\/p>\n<div>\n<p>27 de gener, 2014<br \/>\n<a href=\"http:\/\/donesesglesia.cat\/documents\/2014\/denuncia-avantprojecte-avortament.pdf\" target=\"_blank\" rel=\"noopener noreferrer\">Comunicat contra l\u2019avantprojecte de llei de l\u2019avortament<\/a><\/p>\n<\/div>\n<\/blockquote>\n<blockquote>\n<p><strong>Documents del CDE &#8211; 2013<\/strong><\/p>\n<div>\n<p>Novembre 2013<a href=\"http:\/\/donesesglesia.cat\/wp_cde\/wp-content\/uploads\/2013\/11\/carta-Papa_CDE_2013.pdf\" target=\"_blank\" rel=\"noopener noreferrer\"><br \/>\nPetici\u00f3 del CDE al papa Francesc, bisbe de Roma<\/a><\/p>\n<\/div>\n<p>25 de novembre, 2013<br \/>\n<a href=\"http:\/\/donesesglesia.cat\/wp_cde\/wp-content\/uploads\/2013\/11\/ManifestViolenciaGenere_2013.pdf\" target=\"_blank\" rel=\"noopener noreferrer\">Manifest del CDE en el Dia Internacional contra la viol\u00e8ncia de g\u00e8nere<\/a><\/p>\n<p>22 de juliol, 2013<br \/>\n<a href=\"http:\/\/donesesglesia.cat\/wp_cde\/wp-content\/uploads\/2013\/07\/manifest_mariamagdala_2013.pdf\" target=\"_blank\" rel=\"noopener noreferrer\">Manifest en la festivitat de Maria de Magdala<\/a><\/p>\n<p>8 de mar\u00e7, 2013<br \/>\n<a href=\"http:\/\/donesesglesia.cat\/wp_cde\/wp-content\/uploads\/2013\/03\/Manifest_2013_03_08.pdf\" target=\"_blank\" rel=\"noopener noreferrer\">Manifest del CDE en el Dia Internacional de les dones<\/a><\/p>\n<div>\n<p>23 de febrer, 2013<br \/>\n<a href=\"http:\/\/donesesglesia.cat\/wp_cde\/wp-content\/uploads\/2013\/03\/cartaArquebisbe_prioritatsNouPapa.pdf\" target=\"_blank\" rel=\"noopener noreferrer\">Carta al Cardenal Arquebisbe de Barcelona<\/a><\/p>\n<\/div>\n<\/blockquote>\n<blockquote>\n<p><strong>Documents del CDE &#8211; 2012<\/strong><\/p>\n<p>25 de novembre, 2012<br \/>\n<a href=\"http:\/\/donesesglesia.cat\/wp_cde\/wp-content\/uploads\/2012\/11\/ManifestViolenciaGenere2012.pdf\" target=\"_blank\" rel=\"noopener noreferrer\">Manifest del CDE en el Dia Internacional contra la viol\u00e8ncia de g\u00e8nere<\/a><\/p>\n<p>22 de juliol, 2012<br \/>\n<a href=\"http:\/\/donesesglesia.cat\/wp_cde\/wp-content\/uploads\/2012\/07\/ManifestMariaMagdala_2012.pdf\" target=\"_blank\" rel=\"noopener noreferrer\">Manifest en la festivitat de Maria de Magdala<\/a><\/p>\n<p>8 de mar\u00e7, 2012<br \/>\n<a href=\"http:\/\/donesesglesia.cat\/documents\/2012\/manifest_08-03-12.pdf\" target=\"_blank\" rel=\"noopener noreferrer\">Manifest del CDE en el Dia Internacional de les dones<\/a><\/p>\n<p>26 de gener, 2012<br \/>\n<a title=\"Permanent Link to Carta del CDE a l\u2019Excm. Sr. Arquebisbe de Tarragona Jaume Pujol Balcells\" href=\"http:\/\/donesesglesia.cat\/wp_cde\/index.php\/2012\/01\/29\/carta-del-cde-a-lexcm-sr-arquebisbe-de-tarragona-jaume-pujol-balcells\/\" rel=\"bookmark\">Carta del CDE a l\u2019Excm. Sr. Arquebisbe de Tarragona Jaume Pujol Balcells<\/a><\/p>\n<\/blockquote>\n<blockquote>\n<p><strong>Documents del CDE &#8211; 2011<\/strong><\/p>\n<p>25 de novembre, 2011<br \/>\n<a href=\"http:\/\/donesesglesia.cat\/documents\/2011\/manifest2011-11-25.pdf\" target=\"_blank\" rel=\"noopener noreferrer\">Manifest del CDE en el Dia Internacional contra la viol\u00e8ncia de g\u00e8nere<\/a><\/p>\n<p>22 de juliol, 2011<br \/>\n<a href=\"http:\/\/donesesglesia.cat\/documents\/2011\/manifest2011-07-22.pdf\" target=\"_blank\" rel=\"noopener noreferrer\">Manifest en la festivitat de Maria de Magdala<\/a><\/p>\n<\/blockquote>\n<blockquote>\n<p><strong>Documents del CDE &#8211; 2010<\/strong><\/p>\n<p>25 de novembre, 2010<br \/>\n<a href=\"http:\/\/donesesglesia.cat\/documents\/2010\/Manifest25-11-10.pdf\" target=\"_blank\" rel=\"noopener noreferrer\">Manifest del CDE en el Dia Internacional contra la viol\u00e8ncia de g\u00e8nere<\/a><\/p>\n<p>21 de novembre, 2010<br \/>\nMertxe de Renobales, M. Dolors Figueras<br \/>\n<a href=\"http:\/\/donesesglesia.cat\/documents\/2010\/donesEsglesia_2propostes.pdf\" target=\"_blank\" rel=\"noopener noreferrer\">Les dones en l&#8217;Esgl\u00e9sia: Propostes per millorar aquesta situaci\u00f3<\/a><\/p>\n<p>Octubre 2010<br \/>\n<a href=\"http:\/\/donesesglesia.cat\/documents\/2010\/Manifest_visitaBenetXVI.pdf\" target=\"_blank\" rel=\"noopener noreferrer\">Manifest davant la visita del Papa Benet XVI a Barcelona<\/a><\/p>\n<p>Octubre 2010<br \/>\nMagda Tom\u00e0s<br \/>\n<a href=\"http:\/\/donesesglesia.cat\/documents\/2010\/algundia_tomas.pdf\" target=\"_blank\" rel=\"noopener noreferrer\">Algun dia l&#8217;Esgl\u00e9sia instituci\u00f3 haur\u00e0 de demanar perd\u00f3 a les dones<\/a><\/p>\n<p>22 de juliol, 2010<br \/>\n<a href=\"http:\/\/donesesglesia.cat\/documents\/2010\/Magdala2010.pdf\" target=\"_blank\" rel=\"noopener noreferrer\">Manifest amb motiu de la commemoraci\u00f3 de Maria de Magdala<\/a><\/p>\n<p>Maig 2010<br \/>\n<a href=\"http:\/\/donesesglesia.cat\/documents\/2010\/Comunicat_pederastia_05-10.pdf\" target=\"_blank\" rel=\"noopener noreferrer\">Comunicat del CDE sobre la pederastia<\/a><\/p>\n<p>8 de mar\u00e7, 2010<br \/>\n<a href=\"http:\/\/donesesglesia.cat\/documents\/2010\/dia_internacional_dones_03_2010.pdf\" target=\"_blank\" rel=\"noopener noreferrer\">Manifest amb motiu del Dia Internacional de les Dones<\/a><\/p>\n<\/blockquote>\n<blockquote>\n<p><strong>Documents del CDE &#8211; 2009 <\/strong><\/p>\n<p>22 de juliol, 2009<br \/>\n<a href=\"http:\/\/donesesglesia.cat\/documents\/2009\/congres_dones_2009.pdf\" target=\"_blank\" rel=\"noopener noreferrer\">Presentaci\u00f3 del CDE per al II Congr\u00e9s de Dones de Barcelona<\/a><\/p>\n<p>22 de juliol, 2009<br \/>\n<a href=\"http:\/\/donesesglesia.cat\/documents\/2009\/Manifest22-07-09.pdf\" target=\"_blank\" rel=\"noopener noreferrer\">Manifest amb motiu de la commemoraci\u00f3 de Maria de Magdala<\/a><\/p>\n<p>8 de mar\u00e7, 2009<br \/>\n<a href=\"http:\/\/donesesglesia.cat\/documents\/2009\/Manifest_DiaInternacionalDona_2009.pdf\" target=\"_blank\" rel=\"noopener noreferrer\">Manifest sobre l&#8217;avortament amb motiu del Dia Internacional de la Dona<\/a><br \/>\nLlegiu tamb\u00e9 l&#8217;<a href=\"http:\/\/donesesglesia.cat\/documents\/2009\/manifest-avortament.pdf\" target=\"_blank\" rel=\"noopener noreferrer\">an\u00e0lisi feta del resultat d&#8217;aquest manifest<\/a><\/p>\n<p>27 de gener, 2009<br \/>\n<a href=\"http:\/\/donesesglesia.cat\/documents\/2009\/Manifest27-01-09.pdf\" target=\"_blank\" rel=\"noopener noreferrer\">Manifest davant la situaci\u00f3 actual del conflicte entre Hamas i Israel<\/a><\/p>\n<\/blockquote>\n<blockquote>\n<p><strong>Documents del CDE &#8211; 2008<\/strong><\/p>\n<p>22 de juliol, 2008<br \/>\n<a href=\"http:\/\/donesesglesia.cat\/documents\/2008\/Manifest22-07-08.pdf\" target=\"_blank\" rel=\"noopener noreferrer\">Manifest amb motiu de la commemoraci\u00f3 de Maria de Magdala<\/a><\/p>\n<p>25 de mar\u00e7, 2008<br \/>\n<a href=\"http:\/\/donesesglesia.cat\/documents\/2008\/DiaInternacional_25-03-2008.pdf\" target=\"_blank\" rel=\"noopener noreferrer\">Per qu\u00e8 hi som. Dia Internacional per al reconeixement paritari de les dones en l&#8217;Esgl\u00e9sia Cat\u00f2lica<\/a><\/p>\n<\/blockquote>\n<blockquote>\n<p><strong>Documents del CDE 2007<\/strong><\/p>\n<p>20 de desembre, 2007<br \/>\n<a href=\"http:\/\/donesesglesia.cat\/documents\/2007\/Dona_home.pdf\" target=\"_blank\" rel=\"noopener noreferrer\">Dona i home, la totalitat de la humanitat<\/a><\/p>\n<p>Octubre 2007<br \/>\n<a href=\"http:\/\/donesesglesia.cat\/documents\/2007\/bisbe_Girona.pdf\" target=\"_blank\" rel=\"noopener noreferrer\">Col\u00b7lectiu de Dones en l&#8217;Esgl\u00e9sia de Girona: Relleu del Bisbe<\/a><\/p>\n<p>22 de juliol, 2007<br \/>\n<a href=\"http:\/\/donesesglesia.cat\/documents\/2007\/Carta_Maria_Magdalena_2007-07-22.pdf\" target=\"_blank\" rel=\"noopener noreferrer\">Carta a Maria Magdalena<\/a><\/p>\n<p>21 de juny, 2007<br \/>\n<a href=\"http:\/\/donesesglesia.cat\/documents\/2007\/Manifest-conciliacio-historica.pdf\" target=\"_blank\" rel=\"noopener noreferrer\">Manifest per a la conciliaci\u00f3 hist\u00f2rica<\/a><\/p>\n<p>25 de mar\u00e7, 2007<br \/>\n<a href=\"http:\/\/donesesglesia.cat\/documents\/2007\/Manifest25-03-07.pdf\" target=\"_blank\" rel=\"noopener noreferrer\">Perqu\u00e8 fem, exigim. Dia Internacional per al reconeixement de les dones en l&#8217;Esgl\u00e9sia Cat\u00f2lica<\/a><\/p>\n<p>16 de mar\u00e7, 2007<br \/>\n<a href=\"http:\/\/donesesglesia.cat\/documents\/2007\/MartinezSistach07.pdf\" target=\"_blank\" rel=\"noopener noreferrer\">Col\u00b7lectiu de Dones en l&#8217;Esgl\u00e9sia de Sabadell: Carta a Llu\u00eds Mart\u00ednez Sistach, Arquebisbe de Barcelona<\/a><\/p>\n<p>2 de mar\u00e7, 2007<br \/>\n<a href=\"http:\/\/donesesglesia.cat\/documents\/2007\/dia-mundial-pregaria07.pdf\" target=\"_blank\" rel=\"noopener noreferrer\">Sefa Amell i Comas: Dia Mundial de Preg\u00e0ria de les Dones<\/a><\/p>\n<\/blockquote>\n<blockquote>\n<p><strong>Documents del CDE &#8211; 2006 <\/strong><\/p>\n<p>22 de juliol, 2006<br \/>\n<a href=\"http:\/\/donesesglesia.cat\/documents\/2006\/Maria-Magdala.pdf\" target=\"_blank\" rel=\"noopener noreferrer\">Festa de Maria de Magdala, la nostra patrona<\/a><\/p>\n<p>2 d&#8217;abril, 2006<br \/>\n<a href=\"http:\/\/donesesglesia.cat\/documents\/2006\/Instruccio-pastoral.pdf\" target=\"_blank\" rel=\"noopener noreferrer\">Resposta a la Confer\u00e8ncia Episcopal Espanyola amb motiu de la &#8220;Instrucci\u00f3 Pastoral sobre Teologia i Secularitzaci\u00f3 a Espanya&#8221;<\/a><\/p>\n<p>Mar\u00e7 2006<br \/>\n<a href=\"http:\/\/donesesglesia.cat\/documents\/2006\/Paris2006.pdf\" target=\"_blank\" rel=\"noopener noreferrer\">Eul\u00e0lia Gorina, Sefa Amell: Dones i homes, poble de D\u00e9u<\/a><\/p>\n<p>Gener 2006<br \/>\n<a href=\"http:\/\/donesesglesia.cat\/documents\/2006\/pastissera.pdf\" target=\"_blank\" rel=\"noopener noreferrer\">Eul\u00e0lia Gorina: Met\u00e0fora pastissera<\/a><\/p>\n<\/blockquote>\n<blockquote>\n<p><strong>Documents del CDE &#8211; 2005<\/strong><\/p>\n<p>25 de novembre, 2006<strong><br \/>\n<\/strong>MALKA GONZ\u00c0LEZ &#8211; Jueva<br \/>\nMONTSERRAT CASTELL\u00c0 &#8211; Budista<br \/>\nYARATULLAH MONTURIOL &#8211; Isl\u00e0mica<br \/>\nJOANA ORTEGA &#8211; Cristiana Evang\u00e8lica<br \/>\nCOL\u00b7LECTIU DE DONES EN L&#8217;ESGL\u00c9SIA &#8211; Cristianes Cat\u00f2liques<br \/>\n<a href=\"http:\/\/donesesglesia.cat\/documents\/2005\/manifest25-11-05.pdf\" target=\"_blank\" rel=\"noopener noreferrer\">Dia Internacional contra la viol\u00e8ncia de g\u00e8nere<\/a><\/p>\n<p>Mar\u00e7 2005<br \/>\n<a href=\"http:\/\/donesesglesia.cat\/documents\/2005\/manifest2005-3-25.pdf\" target=\"_blank\" rel=\"noopener noreferrer\">Dia Mundial de la preg\u00e0ria per a l&#8217;ordenaci\u00f3 de les dones als serveis ministerials<\/a><\/p>\n<\/blockquote>\n","protected":false},"excerpt":{"rendered":"<p>Documents del CDE &#8211; 2022 22 de juliol, 2022 Grup Nostra Dona, adherides al CDE Festa de Maria de Magdala Documents del CDE &#8211; 2021 26 de novembre, 2021 Magda [&hellip;]<\/p>\n","protected":false},"author":1,"featured_media":0,"parent":0,"menu_order":0,"comment_status":"open","ping_status":"open","template":"","meta":{"footnotes":""},"class_list":["post-67","page","type-page","status-publish","hentry"],"_links":{"self":[{"href":"https:\/\/donesesglesia.cat\/wp_cde\/wp-json\/wp\/v2\/pages\/67","targetHints":{"allow":["GET"]}}],"collection":[{"href":"https:\/\/donesesglesia.cat\/wp_cde\/wp-json\/wp\/v2\/pages"}],"about":[{"href":"https:\/\/donesesglesia.cat\/wp_cde\/wp-json\/wp\/v2\/types\/page"}],"author":[{"embeddable":true,"href":"https:\/\/donesesglesia.cat\/wp_cde\/wp-json\/wp\/v2\/users\/1"}],"replies":[{"embeddable":true,"href":"https:\/\/donesesglesia.cat\/wp_cde\/wp-json\/wp\/v2\/comments?post=67"}],"version-history":[{"count":32,"href":"https:\/\/donesesglesia.cat\/wp_cde\/wp-json\/wp\/v2\/pages\/67\/revisions"}],"predecessor-version":[{"id":7524,"href":"https:\/\/donesesglesia.cat\/wp_cde\/wp-json\/wp\/v2\/pages\/67\/revisions\/7524"}],"wp:attachment":[{"href":"https:\/\/donesesglesia.cat\/wp_cde\/wp-json\/wp\/v2\/media?parent=67"}],"curies":[{"name":"wp","href":"https:\/\/api.w.org\/{rel}","templated":true}]}}