{"id":430,"date":"2011-05-29T17:55:50","date_gmt":"2011-05-29T17:55:50","guid":{"rendered":"http:\/\/donesesglesia.cat\/wp_cde\/?page_id=430"},"modified":"2023-11-29T21:25:42","modified_gmt":"2023-11-29T20:25:42","slug":"textos-dinteres","status":"publish","type":"page","link":"https:\/\/donesesglesia.cat\/wp_cde\/textos-dinteres\/","title":{"rendered":"Textos d&#8217;inter\u00e8s"},"content":{"rendered":"<p>25 de novembre, 2023<br \/>\n<strong>Neus Forcano &#8211; Alcem La Veu<\/strong><br \/>\n<a href=\"https:\/\/www.alcemlaveu.org\/post\/sobre-l-amor-i-la-llibertat-de-les-dones\" target=\"_blank\" rel=\"noopener\">#25N: Sobre l\u2019amor i la llibertat de les done<\/a>s<\/p>\n<p>Novembre 2023<br \/>\n<strong>Maria Ant\u00f2nia Bog\u00f3nez<br \/>\n<\/strong><a href=\"https:\/\/donesesglesia.cat\/wp_cde\/wp-content\/uploads\/2023\/11\/Numero_141.pdf\" target=\"_blank\" rel=\"noopener noreferrer\">#s&#8217;ha acabat<\/a><br \/>\n<em>L&#8217;Agulla<\/em> n\u00fam. 141, p. 3 (Novembre 2023)<\/p>\n<p>18 de mar\u00e7, 2023<br \/>\n<strong>Quim Cervera, te\u00f2leg<br \/>\n<\/strong><a href=\"https:\/\/www.elpuntavui.cat\/societat\/article\/5-societat\/2267269-a-l-esquerra-independentista-tambe-hi-ha-creients-cristians.html\" target=\"_blank\" rel=\"noopener noreferrer\"><b>&#8220;A l&#8217;esquerra independentista tamb\u00e9 hi ha creients cristians&#8221;<\/b><\/a><br \/>\n<em>El Punt Avui\u00a0<\/em><\/p>\n<p>6 de mar\u00e7, 2023<br \/>\n<strong>Roser Sol\u00e9 i Besteiro<br \/>\n<\/strong><a href=\"https:\/\/www.iscreb.org\/ca\/comunicacio\/la-dona-geperuda-i-els-homes-cecs\" target=\"_blank\" rel=\"noopener noreferrer\"><b>La dona geperuda i els homes cecs<\/b><\/a><br \/>\n<em>ISCREB<\/em><\/p>\n<p>Desembre 2022<br \/>\n<strong>M. Llu\u00efsa Geron\u00e8s<br \/>\n<\/strong><a href=\"http:\/\/donesesglesia.cat\/wp_cde\/wp-content\/uploads\/2022\/12\/manifest-Pau-2022_gerones-lluisa.pdf\" target=\"_blank\" rel=\"noopener noreferrer\"><b>Manifest per la Pau 2022-2023: Al\u00e7ar la veu per dir no a tanta indignitat i no renunciar al somni<\/b><\/a><br \/>\n<em>Text aportat per Just\u00edcia i Pau de Girona, per a la reflexi\u00f3 de grups i moviments, Caminades i Rutes per la Pau de les comarques gironines 2022-23<\/em>\u00a0(Desembre de 2022)<\/p>\n<p>Desembre 2022<br \/>\n<strong>Leonardo Boff<\/strong><br \/>\n<strong><a href=\"https:\/\/leonardoboff.org\/2022\/12\/22\/el-no-del-papa-francisco-al-sacerdocio-de-las-mujeres-residuos-del-patriarcado\/\" target=\"_blank\" rel=\"noopener noreferrer\">El \u201cno\u201d del Papa Francisco al sacerdocio de las mujeres: \u00bf\u201cresiduos\u201d del patriarcado?<\/a><\/strong><br \/>\n<em>leonardoboff.org<\/em> (22 de desembre, 2022)<\/p>\n<p>Setembre 2022<br \/>\n<strong>Roser Sole\u0301 Besteiro<\/strong><br \/>\n<strong><a href=\"http:\/\/donesesglesia.cat\/wp_cde\/wp-content\/uploads\/2022\/10\/agulla_134_roser-sole.pdf\" target=\"_blank\" rel=\"noopener noreferrer\">La importa\u0300ncia d\u2019Eva en el proce\u0301s del desenvolupament huma\u0300<\/a><\/strong><br \/>\n<em>L&#8217;Agulla<\/em> n\u00fam. 134, p. 13-14 (Setembre 2022)<\/p>\n<p>18 de juliol, 2022<br \/>\n<strong>M. Llu\u00efsa Geron\u00e8s<br \/>\n<\/strong><a href=\"http:\/\/donesesglesia.cat\/wp_cde\/wp-content\/uploads\/2022\/08\/vivencies_gerones_2022.pdf\" target=\"_blank\" rel=\"noopener noreferrer\"><b>Moments que dormen en la mem\u00f2ria&#8230;<\/b><\/a><br \/>\n<em>Associaci\u00f3 \u00c0kan<\/em>\u00a0(18 de juliol de 2022)<\/p>\n<p>25 de maig, 2022<br \/>\n<strong>Roser Sol\u00e9 Besteiro<br \/>\n<\/strong><a href=\"http:\/\/donesesglesia.cat\/wp_cde\/wp-content\/uploads\/2022\/06\/mirada-femenina-despreniment.pdf\" target=\"_blank\" rel=\"noopener noreferrer\"><b>Mirada femenina del depreniment<\/b><\/a><br \/>\n<em>Parr\u00f2quia del Crist Rei<\/em>\u00a0(25 de maig de 2022)<\/p>\n<p>4 de maig, 2022<br \/>\n<strong>Merc\u00e8 Otero-Vidal<br \/>\n<\/strong><a href=\"https:\/\/centredocumentacio.wixsite.com\/confinamentfeminista\/post\/qu\u00e8-es-pot-trobar-dins-d-un-llibre-un-cas-interessant-i-ben-relacionat\" target=\"_blank\" rel=\"noopener noreferrer\"><b>Qu\u00e8 es pot trobar dins d&#8217;un llibre? Un cas interessant i ben relacionat<\/b><\/a><br \/>\n<em>Cr\u00f2nica feminista del des\/confinament. Centre de Documentaci\u00f3 de Ca la Dona<\/em>\u00a0(04.05.22)<\/p>\n<p>25 d&#8217;abril, 2022<br \/>\n<strong>Pere Reixach<br \/>\n<\/strong><a href=\"http:\/\/donesesglesia.cat\/wp_cde\/pere-reixach-religio-i-dones\/\" target=\"_blank\" rel=\"noopener noreferrer\"><b>Dones i religi\u00f3<\/b><\/a><br \/>\n<em>Diari de Girona<\/em>\u00a0(25.04.22)<\/p>\n<p>Mar\u00e7 2022<br \/>\n<strong>Grup &#8220;Nostra Dona&#8221;<br \/>\n<\/strong><a href=\"http:\/\/donesesglesia.cat\/wp_cde\/wp-content\/uploads\/2022\/03\/sinode-caminar-juntes.pdf\" target=\"_blank\" rel=\"noopener noreferrer\"><b>Participem en el s\u00ednode \u201ccaminar juntes\u201d 2022<\/b><\/a><\/p>\n<p>Mar\u00e7 2022<br \/>\n<strong>Roser Sol\u00e9 Besteiro<br \/>\n<\/strong><a href=\"http:\/\/donesesglesia.cat\/wp_cde\/wp-content\/uploads\/2022\/03\/agulla_131_sole-besteiro.pdf\" target=\"_blank\" rel=\"noopener noreferrer\">D\u2019espera en espera sense perdre l\u2019Esperanc\u0327a<\/a><br \/>\n<em>L&#8217;Agulla<\/em> n\u00fam. 131, p. 19 (Mar\u00e7 2022)<\/p>\n<p>24 de febrer, 2022<br \/>\n<strong>M Llu\u00efsa Geron\u00e8s Estrada<\/strong> <br \/>\n<a href=\"http:\/\/donesesglesia.cat\/wp_cde\/wp-content\/uploads\/2022\/02\/ucraina_gerones.pdf\" target=\"_blank\" rel=\"noopener noreferrer\">\u201cUcra\u00efna\u201d<\/a><br \/>\n(Girona &#8211; Associaci\u00f3 \u00c0kan)<\/p>\n<p>Novembre 2021<br \/>\n<strong>Neus Forcano<\/strong><br \/>\n<a href=\"http:\/\/donesesglesia.cat\/wp_cde\/wp-content\/uploads\/2021\/12\/manifest-pau_2021-22_forcano.pdf\" target=\"_blank\" rel=\"noopener noreferrer\">\u201cManifest per la pau 2021-22\u201d<\/a><br \/>\n(Text aportat per Just\u00edcia i Pau de Girona,\u00a0per a la reflexi\u00f3 de grups i moviments, i\u00a0a les Caminades i Rutes per la Pau de les comarques gironines 2021-22)<\/p>\n<p>22 de novembre, 2021<br \/>\n<strong>Llu\u00efsa Geron\u00e8s<\/strong><br \/>\n<a href=\"http:\/\/donesesglesia.cat\/wp_cde\/wp-content\/uploads\/2021\/12\/lany-sen-va_gerones.pdf\" target=\"_blank\" rel=\"noopener noreferrer\">\u201cL&#8217;any se&#8217;n va\u201d<\/a><br \/>\n(Blog \u00c0kan)<\/p>\n<p>1 de novembre, 2021<br \/>\n<strong>Merc\u00e8 Otero-Vidal<\/strong><br \/>\n<a href=\"https:\/\/centredocumentacio.wixsite.com\/confinamentfeminista\/post\/les-millors-vacances-de-la-dona-del-tercer-segona-en-el-dia-de-la-salut-mental\" target=\"_blank\" rel=\"noopener noreferrer\">\u201cLes millors vacances de la dona del tercer segona en el dia de la salut mental\u201d<\/a><br \/>\n(Centre de Documentaci\u00f3 de Ca la dona)<\/p>\n<p>31 d&#8217;octubre, 2021<br \/>\n<strong>Donna Strickland<\/strong><br \/>\n<a href=\"https:\/\/eukleria.com\/2021\/10\/31\/donna-strickland-ciencia-y-religion-nunca-estan-renidas%EF%BF%BC\/\" target=\"_blank\" rel=\"noopener noreferrer\">\u00abCiencia y religi\u00f3n nunca est\u00e1n re\u00f1idas\u00bb<\/a><br \/>\n(Eukleria)<\/p>\n<p>30 d&#8217;octubre, 2021<br \/>\n<strong>Magda Tom\u00e0s i Ribes<\/strong><br \/>\n\u201c<a href=\"http:\/\/donesesglesia.cat\/wp_cde\/wp-content\/uploads\/2021\/11\/maria-en-levangeli.pdf\" target=\"_blank\" rel=\"noopener noreferrer\">Maria en l&#8217;Evangeli<\/a>\u201d<\/p>\n<p>3 d&#8217;octubre, 2021<br \/>\n<strong>Neus Forcano<\/strong><br \/>\n\u201c<a href=\"https:\/\/www.ara.cat\/estils\/experiencia-religiosa-fe-feminisme_130_4133790.html\" target=\"_blank\" rel=\"noopener noreferrer\">Encara \u00e9s estrany que dins l\u2019estructura de l\u2019Esgl\u00e9sia es pugui comptar amb una dona\u201d<\/a><br \/>\nEntrevista de D\u00eddac P. Lagarriga (<em>Diari Ara<\/em>)<\/p>\n<p>28 d&#8217;agost, 2021<br \/>\n<strong>Merc\u00e8 Izquierdo, presidenta de Cristianisme al Segle XXI<\/strong><br \/>\n<a href=\"https:\/\/www.elpuntavui.cat\/societat\/article\/2016943-es-molt-raonable-ser-creient-en-la-racionalitat-del-segle-xxi.html?ItemId=2784&amp;tmpl=print\" target=\"_blank\" rel=\"noopener noreferrer\">\u201c\u00c9s molt raonable ser creient en la racionalitat del segle XXI\u201d<\/a><br \/>\nMireia Rourera (<em>El Punt Avui<\/em>)<\/p>\n<p>12 de juny, 2021<br \/>\n<strong>Parr\u00f2quia del Crist Rei. Aula d&#8217;Actualitat<\/strong><br \/>\n<a href=\"http:\/\/donesesglesia.cat\/wp_cde\/wp-content\/uploads\/2021\/07\/diaconat-femeni_crist-rei_2021.pdf\" target=\"_blank\" rel=\"noopener noreferrer\">El diaconat femen\u00ed. Estat de la q\u00fcesti\u00f3<\/a><\/p>\n<p>3 de juny, 2021<br \/>\n<strong>Secretariat Catal\u00e0 del Col\u00b7loqui Europeu de Parr\u00f2quies<\/strong><br \/>\n<a href=\"http:\/\/donesesglesia.cat\/wp_cde\/wp-content\/uploads\/2021\/06\/dones-en-lesglesia_manifest.pdf\" target=\"_blank\" rel=\"noopener noreferrer\">Manifest de la Taula Rodona sobre \u201cDones en l\u2019Esgl\u00e9sia\u201d<\/a><\/p>\n<p>1 de juny, 2021<b><br \/>\nCatolic Women Council (CWC)<br \/>\n<\/b><a href=\"http:\/\/donesesglesia.cat\/wp_cde\/wp-content\/uploads\/2021\/06\/cwc_dret-canonic_2021.pdf\" target=\"_blank\" rel=\"noopener noreferrer\">Declaraci\u00f3n sobre los cambios can\u00f3nicos sobre sanciones penales en la Iglesia<\/a><\/p>\n<p>22 de maig, 2021<br \/>\n<strong>Neus Forcano<\/strong><br \/>\n<a href=\"http:\/\/donesesglesia.cat\/wp_cde\/wp-content\/uploads\/2021\/07\/Neus-Forcano_Sobre-esperanca_JiP_2021.pdf\" target=\"_blank\" rel=\"noopener noreferrer\">Estem obligats a no perdre l\u2019esperan\u00e7a<\/a><br \/>\nJornada de treball de Just\u00edcia i Pau (Catalunya i Balears)<\/p>\n<p>9 d&#8217;abril, 2021<br \/>\n<strong>Josep Lligadas<\/strong><br \/>\n<a href=\"https:\/\/elpunxo.wordpress.com\/2021\/04\/09\/la-no-ordenacio-de-les-dones-jesus-assumeix-la-condicio-humana-a-mitges\/?fbclid=IwAR1ZwKLY2D_KFb58rKoltW6h_-GcOGvM-v6T5Eejt_ZJnJDcVYeBQAA7NhM\" target=\"_blank\" rel=\"noopener noreferrer\">La no ordenaci\u00f3 de les dones: \u00bfJes\u00fas assumeix la condici\u00f3 humana a mitges?<\/a><br \/>\n<em>L&#8217;Agulla<\/em> n\u00fam. 126 \u00a0(Abril 2021)<\/p>\n<p>8 d&#8217;abril, 2021<br \/>\n<strong>Roser Sol\u00e9 Besteiro<\/strong><br \/>\n<a href=\"http:\/\/donesesglesia.cat\/wp_cde\/index.php\/2021\/04\/14\/colloqui-europeu-de-parroquies-seccio-catalana\/\" target=\"_blank\" rel=\"noopener noreferrer\">Col\u00b7loqui Europeu de Parr\u00f2quies-Secci\u00f3 Catalana<\/a><\/p>\n<p>21 de mar\u00e7, 2021<br \/>\n<strong>Maria Llu\u00efsa Geron\u00e8s Estrada<\/strong><br \/>\n<a href=\"http:\/\/donesesglesia.cat\/wp_cde\/wp-content\/uploads\/2021\/03\/tast-primavera_gerones.pdf\" target=\"_blank\" rel=\"noopener noreferrer\">Tast de primavera<\/a><br \/>\nAssociaci\u00f3 \u00c0kan<\/p>\n<p>Mar\u00e7 2021<br \/>\n<strong>Maria Ant\u00f2nia Bog\u00f3nez<\/strong><br \/>\nQu\u00e8 desitges?<br \/>\n<em>L&#8217;Agulla<\/em> n\u00fam. 125, p. 24 (Mar\u00e7 2021)<\/p>\n<p>7 de mar\u00e7, 2021<br \/>\n<strong>Neus Forcano<\/strong><br \/>\n<a href=\"http:\/\/donesesglesia.cat\/wp_cde\/wp-content\/uploads\/2021\/04\/Samaritana_AlcemLaVeu.pdf\" target=\"_blank\" rel=\"noopener noreferrer\">La dona samaritana<\/a><br \/>\n<i>Alcem la Veu. Acci\u00f3 a la catedral<\/i>\u00a0(Celebraci\u00f3 en el marc del #8M2o21)<\/p>\n<p>Gener 2021<br \/>\n<strong>Roser Sol\u00e9 Besteiro<\/strong><br \/>\n<a href=\"http:\/\/donesesglesia.cat\/wp_cde\/wp-content\/uploads\/2021\/02\/L_Agulla_124_19.pdf\" target=\"_blank\" rel=\"noopener noreferrer\">El comprom\u00eds d\u2019una arist\u00f2crata. Br\u00edgida de Su\u00e8cia, santa<\/a><br \/>\n<em>L&#8217;Agulla<\/em> N\u00fam. 124 (Gener 2021)<\/p>\n<p>Desembre 2020<br \/>\n<strong>Neus Forcano<\/strong><br \/>\n<a href=\"http:\/\/donesesglesia.cat\/wp_cde\/wp-content\/uploads\/2020\/12\/sallilum_12_electronic-9.pdf\" target=\"_blank\" rel=\"noopener noreferrer\">Ser creient \u00e9s evidenciar contradiccions que ens fan cr\u00e9ixer i construir l&#8217;esgl\u00e9sia que volem<\/a><br \/>\n<em>Salillum<\/em> (Tardor-hivern 2M20)<\/p>\n<p>Octubre 2020<br \/>\n<strong>M. Llu\u00efsa Geron\u00e8s Estrada<\/strong><br \/>\n<a href=\"http:\/\/donesesglesia.cat\/wp_cde\/wp-content\/uploads\/2020\/11\/poder-dir-lamor_gerones_akan.pdf\" target=\"_blank\" rel=\"noopener noreferrer\">Poder dir l&#8217;amor en temps de pand\u00e8mia<\/a><br \/>\nAssociaci\u00f3 \u00c0kan (Octubre 2020)<\/p>\n<p>24 octubre 2020<br \/>\n<strong>Pliego<\/strong><br \/>\n<a href=\"http:\/\/donesesglesia.cat\/wp_cde\/wp-content\/uploads\/2020\/11\/reflexion-diaconado-femenino-pliego.pdf\" target=\"_blank\" rel=\"noopener noreferrer\">Una reflexi\u00f3n sobre el diaconado femenino<\/a><br \/>\n(24-30 de octubre, 2020)<\/p>\n<p>7 d&#8217;octubre 2020<br \/>\n<strong>Alandar<\/strong><br \/>\n<a href=\"https:\/\/alandar.org\/creer-hoy\/mujeres-en-la-iglesia-que-danzan-con-la-vida\/\" target=\"_blank\" rel=\"noopener noreferrer\">Mujeres en la Iglesia que danzan con la vida<\/a><br \/>\nAlandar (Octubre 2020)<\/p>\n<p>Octubre 2020<br \/>\n<strong>Noem\u00ed Ubach i Codina<\/strong><br \/>\n<a href=\"http:\/\/donesesglesia.cat\/wp_cde\/wp-content\/uploads\/2020\/10\/ubach_noemi_foc-nou.pdf\" target=\"_blank\" rel=\"noopener noreferrer\">\u00bfUna revoluci\u00f3 francesa a l&#8217;Esgl\u00e9sia?<\/a><br \/>\nFoc Nou. 495, p. 16 (Setembre-octubre 2020)<\/p>\n<p>Octubre 2020<br \/>\n<strong>Noem\u00ed Ubach i Codina<\/strong><br \/>\n<a href=\"http:\/\/donesesglesia.cat\/wp_cde\/wp-content\/uploads\/2020\/10\/ubach_noemi_foc-nou.pdf\" target=\"_blank\" rel=\"noopener noreferrer\">\u00bfUna revoluci\u00f3 francesa a l&#8217;Esgl\u00e9sia?<\/a><br \/>\nFoc Nou. 495, p. 16 (Setembre-octubre 2020)<\/p>\n<p>Setembre 2020<br \/>\n<strong>Roser Sol\u00e9 Besteiro<\/strong><br \/>\n<a href=\"http:\/\/donesesglesia.cat\/wp_cde\/wp-content\/uploads\/2020\/09\/Javorova_Roser-Sole_Agulla-122.pdf\" target=\"_blank\" rel=\"noopener noreferrer\">Ludmila Javorova, prevera<\/a><br \/>\nL&#8217;Agulla n\u00fam. 122, p. 25 (Maig 2020)<\/p>\n<p>Setembre 2020<br \/>\n<strong>Jos\u00e9 Laguna<\/strong><br \/>\n<a href=\"http:\/\/donesesglesia.cat\/wp_cde\/wp-content\/uploads\/2020\/09\/Laguna-Vulnerables-cures-CiJ-cat219.pdf\" target=\"_blank\" rel=\"noopener noreferrer\">Vulnerables. La cura com a horitz\u00f3 pol\u00edtic<\/a><br \/>\n<a href=\"http:\/\/donesesglesia.cat\/wp_cde\/wp-content\/uploads\/2020\/09\/Laguna-Vulnerables cuidados-CiJ-es219\" target=\"_blank\" rel=\"noopener noreferrer\">Vulnerables. El cuidado como horizonte pol\u00edtico<\/a><br \/>\nQuaderns Cristianisme i Just\u00edcia n\u00fam. 219<\/p>\n<p>14 d&#8217;agost, 2020<br \/>\n<strong>Isabel Corpas<\/strong><br \/>\n<a href=\"https:\/\/www.religiondigital.org\/libros\/arqueologia-clericalismo-isabel-corpas-ordenacion-mujeres-teologia-feminista-eclesiologia_0_2258174193.html\" target=\"_blank\" rel=\"noopener noreferrer\">Una arqueologia del clericalismo \u00a0(por Miguel Estupi\u00f1\u00e1n)<\/a><br \/>\nReligi\u00f3n Digital<\/p>\n<p>26 de juliol, 2020<br \/>\n<strong>Christina Moreira<\/strong><br \/>\n<a href=\"http:\/\/donesesglesia.cat\/wp_cde\/wp-content\/uploads\/2020\/07\/moreira-christina-EM_2020-07-26.jpg\" target=\"_blank\" rel=\"noopener noreferrer\">Diario de una gallega &#8220;cura&#8221; (por Benjam\u00edn G. Rosado)<\/a><br \/>\nBlog Cristianisme i Just\u00edcia<\/p>\n<p>3 de juliol, 2020<br \/>\n<strong>Clara Temporelli<\/strong><br \/>\n<a href=\"https:\/\/blog.cristianismeijusticia.net\/ca\/2020\/07\/03\/dona-i-esglesia-una-ajuda-adequada\" target=\"_blank\" rel=\"noopener noreferrer\">Dona i esgl\u00e9sia: \u201cUna ajuda adequada\u201d (GN 2,18)<\/a><br \/>\nBlog Cristianisme i Just\u00edcia<\/p>\n<p>24 de juny, 2020<br \/>\n<strong>Dumar Espinosa<\/strong><br \/>\n<a href=\"https:\/\/www.religiondigital.org\/el_blog_de_dumar_espinosa\/sombra-casulla_7_2243845623.html\" target=\"_blank\" rel=\"noopener noreferrer\">Mujeres a la sombra de la casulla: las esposas de los curas secularizados hacen o\u00edr su voz<\/a><br \/>\nReligi\u00f3n Digital<\/p>\n<p>Maig 2020<br \/>\n<strong>Roser Sol\u00e9 Besteiro<\/strong><br \/>\n<a href=\"http:\/\/donesesglesia.cat\/wp_cde\/wp-content\/uploads\/2020\/06\/Pizan_Roser-Sole_Agulla-120.pdf\" target=\"_blank\" rel=\"noopener noreferrer\">Christine de Pizan, una feminista de l\u2019Edat Mitjana (1364-1430)<\/a><br \/>\nL&#8217;Agulla n\u00fam. 120, p. 22 (Maig 2020)<\/p>\n<p>28 de maig, 2020<br \/>\n<strong>Juan Jos\u00e9 Tamayo<\/strong><br \/>\n<a href=\"https:\/\/www.religiondigital.org\/el_blog_de_juan_jose_tamayo\/Mujeres-sacerdotes-historia-favor_7_2235746416.html\" target=\"_blank\" rel=\"noopener noreferrer\">Mujeres sacerdotes. La historia a su favor<\/a><br \/>\nReligi\u00f3n Digital. El blog de Juan Jos\u00e9 Tamayo<\/p>\n<p>28 de maig, 2020<br \/>\n<strong>Mercedes Navarro<\/strong><br \/>\n<a href=\"http:\/\/www.desveladas.org\/archivos\/pidolapalabra_art43.pdf\" target=\"_blank\" rel=\"noopener noreferrer\">Experiencias de la pandemia: evocaciones b\u00edblicas<\/a><br \/>\nPido la palabra (Desveladas.org)<\/p>\n<p>5 de maig, 2020<br \/>\n<strong>Luc\u00eda Ram\u00f3n<\/strong><br \/>\n<a href=\"https:\/\/blog.cristianismeijusticia.net\/2020\/04\/20\/la-primera-pregunta-del-resucitado\" target=\"_blank\" rel=\"noopener noreferrer\">La primera pregunta del resucitado<\/a><br \/>\nBlog Cristianisme i Just\u00edcia<\/p>\n<p>17 d&#8217;abril, 2020<br \/>\n<strong>Jos\u00e9 Ignacio Gonz\u00e1lez Faus<\/strong><br \/>\n<a href=\"https:\/\/www.religiondigital.org\/opinion\/Jose-Ignacio-Gonzalez-Faus-Barbara-olvidaremos-crisis-coronavirus-iglesia-propaganda-reforma-ministerios-comunidad-tecnologia-muerte_0_2223077679.html\" target=\"_blank\" rel=\"noopener noreferrer\">&#8220;Cuando pase el miedo de hoy, volveremos a olvidarnos de &#8216;santa B\u00e1rbara&#8217; como nos hab\u00edamos olvidado de crisis pasadas&#8221;<\/a><br \/>\nJos\u00e9 Manuel Vidal (Religi\u00f3n Digital)<\/p>\n<p>16 d&#8217;abril, 2020<br \/>\n<strong>Mary E. Hunt<\/strong><br \/>\n<a href=\"https:\/\/iviva.org\/progreso-catolico-in-extremis\/\" target=\"_blank\" rel=\"noopener noreferrer\">Progreso cat\u00f3lico &#8220;in extremis&#8221;<\/a><br \/>\nIglesia Viva<\/p>\n<p>Mar\u00e7 2020<br \/>\n<strong>Dolores Aleixandre<\/strong><br \/>\n<a href=\"https:\/\/www.rscj.es\/la-mascarilla-de-job-por-dolores-aleixandre\/\" target=\"_blank\" rel=\"noopener noreferrer\">La mascarilla de Job<\/a><br \/>\nReligiosas del Sagrado Coraz\u00f3n en Espa\u00f1a (RSCJ Espa\u00f1a)<\/p>\n<p>Mar\u00e7 2019<br \/>\n<strong>Pepa Torres P\u00e9rez<\/strong><br \/>\n<a href=\"https:\/\/www.cristianismeijusticia.net\/sites\/default\/files\/pdf\/papca247.pdf\" target=\"_blank\" rel=\"noopener noreferrer\">La revoluci\u00f3 de les cures. El 8 de mar\u00e7 i la &#8220;ciutadania<\/a><br \/>\nPapers Cristianisme i Just\u00edcia n\u00fam. 247<\/p>\n<p>1 de mar\u00e7, 2019<br \/>\n<strong>Joxe Arregui<\/strong><br \/>\n<a href=\"https:\/\/www.deia.eus\/opinion\/columnistas\/reflexiones\/2020\/03\/01\/vaticano-bano-amazonas\/1021491.html\" target=\"_blank\" rel=\"noopener noreferrer\">El Vaticano no se ba\u00f1\u00f3 en el Amazonas<\/a><br \/>\nDeia, noticias de Bizcaia<\/p>\n<p>23 de novembre de 2018<br \/>\n<strong>Uni\u00f3n Internacional de las Superioras Generales (UISG)<\/strong><br \/>\n<a href=\"http:\/\/www.internationalunionsuperiorsgeneral.org\/es\/uisg-declaracion-contra-todos-los-tipos-de-abusos\/\" target=\"_blank\" rel=\"noopener noreferrer\">Declaraci\u00f3n contra todos los tipos de abusos<\/a><\/p>\n<p>Novembre 2018<br \/>\n<strong>Maria Clara Lucchetti Bingemer<\/strong><br \/>\n<a href=\"http:\/\/donesesglesia.cat\/wp_cde\/wp-content\/uploads\/2020\/02\/bingemeier_transformar-esglesia-societat-CiJ-211.pdf\" target=\"_blank\" rel=\"noopener noreferrer\">Transformar l&#8217;esgl\u00e9sia i la societat en femen\u00ed<\/a><br \/>\n<a href=\"http:\/\/donesesglesia.cat\/wp_cde\/wp-content\/uploads\/2020\/02\/bingemeier_transformar-iglesia-sociedad-CiJ-211.pdf\" target=\"_blank\" rel=\"noopener noreferrer\">Transformar la iglesia y la sociedad en femenino<\/a><br \/>\nQuaderns Cristianisme i Just\u00edcia N\u00fam. 211<\/p>\n<p>Mar\u00e7 2017<br \/>\n<strong>Pepa Torres P\u00e9rez<\/strong><br \/>\n<a href=\"https:\/\/www.cristianismeijusticia.net\/sites\/default\/files\/pdf\/col_v_ct_12.pdf\" target=\"_blank\" rel=\"noopener noreferrer\">Rec\u00e9s a la ciutat. El D\u00e9u de la tendresa, la cura i la miseric\u00f2rdia \u00abfins a l&#8217;extrem\u00bb<\/a><br \/>\nCol\u00b7lecci\u00f3 Virtual Cristianisme i Just\u00edcia, n\u00fam 12<\/p>\n<p>Juny 2016 \/ Febrer 2017<br \/>\n<strong>Clara Mar\u00eda Temporelli<\/strong><br \/>\n<a href=\"http:\/\/donesesglesia.cat\/wp_cde\/wp-content\/uploads\/2020\/02\/temporelli-amigues-de-deu_CiJ-199.pdf\" target=\"_blank\" rel=\"noopener noreferrer\">Amigues de D\u00e9u, profetes del poble<\/a><br \/>\n<a href=\"http:\/\/donesesglesia.cat\/wp_cde\/wp-content\/uploads\/2020\/02\/temporelli-amigas-de-dios_CiJ-199.pdf\" target=\"_blank\" rel=\"noopener noreferrer\">Amigas de Dios, profetas del pueblo<\/a><br \/>\n<a href=\"http:\/\/donesesglesia.cat\/wp_cde\/wp-content\/uploads\/2020\/02\/temporelli-friends-of-god_CiJ-163.pdf\" target=\"_blank\" rel=\"noopener noreferrer\">Friends of God, prophets of the people<\/a><br \/>\nQuaderns Cristianisme i Just\u00edcia n\u00fam. 199<\/p>\n<p>Octubre 2015<br \/>\n<strong>Coordinadora del F\u00f2rum Cristianisme i M\u00f3n d\u2019Avui<\/strong><br \/>\n<a href=\"http:\/\/donesesglesia.cat\/wp_cde\/wp-content\/uploads\/2015\/10\/comunicat-coordinadora-forum.pdf\" target=\"_blank\" rel=\"noopener noreferrer\">Comunicat de la Coordinadora del F\u00f2rum Cristianisme i M\u00f3n d\u2019Avui<\/a><\/p>\n<p>Octubre 2015<br \/>\n<strong>Grup de Seglars i Rectors del Dissabte \/ Xarxa Cristiana<\/strong><br \/>\n<a href=\"http:\/\/donesesglesia.cat\/wp_cde\/wp-content\/uploads\/2015\/10\/declaracions-grup-seglars-rectors-dissabte-i-xarxa-cristiana_2015-10.pdf\" target=\"_blank\" rel=\"noopener noreferrer\">Declaracions del Grup de Seglars i Rectors del Dissabte i Xarxa Cristiana<\/a><\/p>\n<p>Mar\u00e7 2015<br \/>\n<strong>Roser Sol\u00e9<\/strong><br \/>\n<a href=\"http:\/\/donesesglesia.cat\/wp_cde\/wp-content\/uploads\/2020\/06\/sole_roser_revista-21.pdf\" target=\"_blank\" rel=\"noopener noreferrer\">La espiritualidad como lugar de compromiso y encuentro<\/a><br \/>\nRevista 21. Te\u00f3logas (Coordinado por Mercedes Navarro)<\/p>\n<p>Gener 2014<br \/>\n<strong>Asociaci\u00f3n de Te\u00f3logas Espa\u00f1olas<\/strong><br \/>\n<a href=\"http:\/\/donesesglesia.cat\/documents\/2014\/ate_familia_2014.pdf\" target=\"_blank\" rel=\"noopener noreferrer\">Resposta de la \u201cAsociaci\u00f3n de Te\u00f3logas Espa\u00f1olas\u201d a l\u2019enquesta del S\u00ednode de Bisbes sobre la fam\u00edlia<\/a><\/p>\n<p>Gener 2014<br \/>\n<strong>Kwok Pui-Lan (Neus Forcano)<\/strong><br \/>\n<a href=\"http:\/\/donesesglesia.cat\/documents\/2014\/okupem-el-cel_forcano.pdf\" target=\"_blank\" rel=\"noopener noreferrer\">Okupem el cel! \u00a0D\u00e9u, religi\u00f3 i pol\u00edtica m\u00e9s enll\u00e0 de la salvaci\u00f3?<\/a><b><br \/>\n<\/b>Extracte de la Confer\u00e8ncia de Kwok Pui-Lan a la trobada de l\u2019ESWTR de Dresde, agost del 2013<\/p>\n<p>Novembre 2013<br \/>\n<strong>Associaci\u00f3 DONES MUNDI<\/strong><br \/>\n<a href=\"http:\/\/donesesglesia.cat\/wp_cde\/wp-content\/uploads\/2013\/11\/EstereotipsDonesGrans2013.pdf\" target=\"_blank\" rel=\"noopener noreferrer\">Quin \u00e9s el paper de les dones grans que surten en les s\u00e8ries de TV a Catalunya i a Espanya?<\/a><\/p>\n<p>Juliol 2013<br \/>\n<strong>Olga Lucia \u00c1lvarez Benjumea (ARCWP)<\/strong><br \/>\n<a href=\"http:\/\/donesesglesia.cat\/wp_cde\/wp-content\/uploads\/2011\/05\/ministerio_sacerdotal_femenino.pdf\" target=\"_blank\" rel=\"noopener noreferrer\">\u00bfC\u00f3mo es un ministerio sacerdotal femenino?<\/a><\/p>\n<p>30 de mar\u00e7, 2013<br \/>\n<a href=\"http:\/\/donesesglesia.cat\/wp_cde\/wp-content\/uploads\/2011\/05\/tunissia2013_dones.pdf\" target=\"_blank\" rel=\"noopener noreferrer\">Declaraci\u00f3n de la din\u00e1mica internacional de mujeres en la Asamblea de movimientos sociales del Foro Social Mundial\u00a0 (T\u00fanez 2013)<\/a><\/p>\n<p>Gener 2012<br \/>\n<strong>Teresa Guardans<\/strong><br \/>\n<a href=\"https:\/\/www.cristianismeijusticia.net\/sites\/default\/files\/pdf\/eict65_0.pdf\" target=\"_blank\" rel=\"noopener noreferrer\">Cristina Kaufmann, a la recerca de l\u2019essencial<\/a><br \/>\nEIDES Cristianisme i Just\u00edcia n\u00fam 65<\/p>\n<p>10 de maig, 2011<br \/>\n<strong>Llu\u00eds Duch<\/strong> (<em>Diari Ara<\/em>)<br \/>\n<a href=\"http:\/\/donesesglesia.cat\/documents\/textos\/Duch_sacerdoci_femeni_2011-05-10.pdf\" target=\"_blank\" rel=\"noopener noreferrer\">El sacerdoci femen\u00ed acabar\u00e0 arribant<\/a><\/p>\n<p>Setembre 2010<br \/>\n<strong>Nathalie Reverdin i Carles Cap\u00f3<\/strong><br \/>\n<a href=\"http:\/\/donesesglesia.cat\/documents\/textos\/pobresateologia_reverdin_capo.pdf\" target=\"_blank\" rel=\"noopener noreferrer\">La pobresa de la teologia<\/a><\/p>\n<p>Circular 2009<br \/>\n<strong>Pere Casald\u00e0liga<\/strong><br \/>\n<a href=\"http:\/\/donesesglesia.cat\/documents\/textos\/Casaldaliga_Circular2009.pdf\" target=\"_blank\" rel=\"noopener noreferrer\">&#8220;Hoy ya no tengo esos sue\u00f1os&#8221;, dice el Cardenal<\/a><\/p>\n<p>Circular 2008<br \/>\n<strong>Pere Casald\u00e0liga<br \/>\n<\/strong><a href=\"http:\/\/donesesglesia.cat\/documents\/textos\/Casaldaliga_circular2008.pdf\" target=\"_blank\" rel=\"noopener noreferrer\">Parar la rueda bloqueando sus radios<\/a><\/p>\n<p>Octubre 2007<br \/>\n<strong>Dolores Juliano<\/strong><br \/>\n<a href=\"http:\/\/donesesglesia.cat\/documents\/textos\/Religiosidad_feminismo.pdf\" target=\"_blank\" rel=\"noopener noreferrer\">Religiosidad y feminismo<\/a><\/p>\n<p>Septiembre 2007<br \/>\n<strong>EFETA. Escuela Feminista de Teolog\u00eda de Andaluc\u00eda<br \/>\n<\/strong><a href=\"http:\/\/donesesglesia.cat\/documents\/textos\/faltan_vocaciones.pdf\" target=\"_blank\" rel=\"noopener noreferrer\">\u00bfFaltan vocaciones en la Iglesia?<\/a><\/p>\n<p>Agost 2007<br \/>\n<strong>Cat\u00f3licas por el Derecho a Decidir<\/strong><br \/>\n<a href=\"http:\/\/donesesglesia.cat\/documents\/textos\/derechodecidir.pdf\" target=\"_blank\" rel=\"noopener noreferrer\">\u00a1Ya basta!<\/a><\/p>\n<p>Agost 2007<br \/>\n<strong>Jaume Botey<\/strong><br \/>\n<a href=\"http:\/\/donesesglesia.cat\/documents\/textos\/Xirinacs.pdf\" target=\"_blank\" rel=\"noopener noreferrer\">En record i homenatge a Llu\u00eds Maria Xirinacs<\/a><\/p>\n<p>Maig 2007<br \/>\n<strong>Malka Gonz\u00e1lez Bayo<\/strong><br \/>\n<a href=\"http:\/\/donesesglesia.cat\/documents\/textos\/espiritualidad-judia.pdf\" target=\"_blank\" rel=\"noopener noreferrer\">La espiritualidad jud\u00eda ss I y II<\/a><\/p>\n<p>Gener 2007<br \/>\n<strong>Juan Jos\u00e9 Tamayo<br \/>\n<\/strong><a href=\"http:\/\/donesesglesia.cat\/documents\/textos\/Tamayo-Nairobi.pdf\" target=\"_blank\" rel=\"noopener noreferrer\">Espiritualidad y respeto de la diversidad<\/a><\/p>\n<p>29 de juny, 2005<br \/>\n<strong>F\u00f2rum Joan Alsina<\/strong><br \/>\n<a href=\"http:\/\/donesesglesia.cat\/documents\/textos\/carta-BenetXVI.pdf\" target=\"_blank\" rel=\"noopener noreferrer\">Carta oberta al Papa Benet XVI<\/a><\/p>\n<p>Setembre 2004<br \/>\n<strong>Rosa Maria Piquer i Pom\u00e9s<\/strong><br \/>\n<a href=\"https:\/\/www.cristianismeijusticia.net\/sites\/default\/files\/pdf\/eict41.pdf\" target=\"_blank\" rel=\"noopener noreferrer\">Hidelgarda de Bingen. un missatge per al nostre temps<\/a><br \/>\nEIDES Cristianisme i Just\u00edcia n\u00fam. 41<\/p>\n<p>&nbsp;<\/p>\n","protected":false},"excerpt":{"rendered":"<p>25 de novembre, 2023 Neus Forcano &#8211; Alcem La Veu #25N: Sobre l\u2019amor i la llibertat de les dones Novembre 2023 Maria Ant\u00f2nia Bog\u00f3nez #s&#8217;ha acabat L&#8217;Agulla n\u00fam. 141, p. [&hellip;]<\/p>\n","protected":false},"author":1,"featured_media":0,"parent":0,"menu_order":0,"comment_status":"closed","ping_status":"closed","template":"","meta":{"footnotes":""},"class_list":["post-430","page","type-page","status-publish","hentry"],"_links":{"self":[{"href":"https:\/\/donesesglesia.cat\/wp_cde\/wp-json\/wp\/v2\/pages\/430","targetHints":{"allow":["GET"]}}],"collection":[{"href":"https:\/\/donesesglesia.cat\/wp_cde\/wp-json\/wp\/v2\/pages"}],"about":[{"href":"https:\/\/donesesglesia.cat\/wp_cde\/wp-json\/wp\/v2\/types\/page"}],"author":[{"embeddable":true,"href":"https:\/\/donesesglesia.cat\/wp_cde\/wp-json\/wp\/v2\/users\/1"}],"replies":[{"embeddable":true,"href":"https:\/\/donesesglesia.cat\/wp_cde\/wp-json\/wp\/v2\/comments?post=430"}],"version-history":[{"count":62,"href":"https:\/\/donesesglesia.cat\/wp_cde\/wp-json\/wp\/v2\/pages\/430\/revisions"}],"predecessor-version":[{"id":6113,"href":"https:\/\/donesesglesia.cat\/wp_cde\/wp-json\/wp\/v2\/pages\/430\/revisions\/6113"}],"wp:attachment":[{"href":"https:\/\/donesesglesia.cat\/wp_cde\/wp-json\/wp\/v2\/media?parent=430"}],"curies":[{"name":"wp","href":"https:\/\/api.w.org\/{rel}","templated":true}]}}