{"id":43,"date":"2011-04-28T09:41:54","date_gmt":"2011-04-28T09:41:54","guid":{"rendered":"http:\/\/donesesglesia.cat\/wp_cde\/?page_id=43"},"modified":"2026-02-03T21:01:58","modified_gmt":"2026-02-03T20:01:58","slug":"equip-de-coordinacio-2","status":"publish","type":"page","link":"https:\/\/donesesglesia.cat\/wp_cde\/equip-de-coordinacio-2\/","title":{"rendered":"Equip de coordinaci\u00f3"},"content":{"rendered":"<p><strong>Equip permanent<\/strong><\/p>\n<blockquote>\n<p>Piua Salvatella i Vila \/ Pu\u00e0 Perpiny\u00e0 Salvatella \/\u00a0Ana Mar\u00eda L\u00f3pez Arboledas<\/p>\n<\/blockquote>\n<p><strong>Equip de coordinaci\u00f3<\/strong><\/p>\n<blockquote>\n<table style=\"width: 100%;\" border=\"0\" cellspacing=\"5\" cellpadding=\"5\">\n<tbody>\n<tr>\n<td style=\"width: 11.972655%;\"><a href=\"http:\/\/donesesglesia.cat\/wp_cde\/index.php\/equip-de-coordinacio-2\/salvatella_piua\/\" rel=\"attachment wp-att-5444\"><img loading=\"lazy\" decoding=\"async\" class=\"aligncenter wp-image-5444\" src=\"http:\/\/donesesglesia.cat\/wp_cde\/wp-content\/uploads\/2018\/04\/salvatella_piua.jpg\" alt=\"\" width=\"100\" height=\"100\" srcset=\"https:\/\/donesesglesia.cat\/wp_cde\/wp-content\/uploads\/2018\/04\/salvatella_piua.jpg 466w, https:\/\/donesesglesia.cat\/wp_cde\/wp-content\/uploads\/2018\/04\/salvatella_piua-150x150.jpg 150w, https:\/\/donesesglesia.cat\/wp_cde\/wp-content\/uploads\/2018\/04\/salvatella_piua-300x300.jpg 300w, https:\/\/donesesglesia.cat\/wp_cde\/wp-content\/uploads\/2018\/04\/salvatella_piua-37x37.jpg 37w, https:\/\/donesesglesia.cat\/wp_cde\/wp-content\/uploads\/2018\/04\/salvatella_piua-128x128.jpg 128w, https:\/\/donesesglesia.cat\/wp_cde\/wp-content\/uploads\/2018\/04\/salvatella_piua-184x184.jpg 184w\" sizes=\"auto, (max-width: 100px) 100vw, 100px\" \/><\/a><\/td>\n<td style=\"width: 161.704112%;\"><strong>Piua Salvatella<\/strong><br \/>\nPresidenta del CDE<\/td>\n<\/tr>\n<tr>\n<td style=\"width: 11.972655%;\"><a href=\"http:\/\/donesesglesia.cat\/wp_cde\/wp-content\/uploads\/2020\/01\/perpinya_pua.jpg\"><img loading=\"lazy\" decoding=\"async\" class=\"aligncenter wp-image-6078\" src=\"http:\/\/donesesglesia.cat\/wp_cde\/wp-content\/uploads\/2020\/01\/perpinya_pua.jpg\" alt=\"\" width=\"100\" height=\"100\" srcset=\"https:\/\/donesesglesia.cat\/wp_cde\/wp-content\/uploads\/2020\/01\/perpinya_pua.jpg 300w, https:\/\/donesesglesia.cat\/wp_cde\/wp-content\/uploads\/2020\/01\/perpinya_pua-150x150.jpg 150w, https:\/\/donesesglesia.cat\/wp_cde\/wp-content\/uploads\/2020\/01\/perpinya_pua-37x37.jpg 37w, https:\/\/donesesglesia.cat\/wp_cde\/wp-content\/uploads\/2020\/01\/perpinya_pua-128x128.jpg 128w, https:\/\/donesesglesia.cat\/wp_cde\/wp-content\/uploads\/2020\/01\/perpinya_pua-184x184.jpg 184w\" sizes=\"auto, (max-width: 100px) 100vw, 100px\" \/><\/a><\/td>\n<td style=\"width: 161.704112%;\"><strong>Pu\u00e0 Perpiny\u00e0<br \/>\n<\/strong>Secret\u00e0ria del CDE<\/td>\n<\/tr>\n<tr>\n<td style=\"width: 173.676767%;\" colspan=\"2\">\n<p><strong>Ana <span style=\"color: #000000;\">Mar\u00eda<\/span> L\u00f3pez<br \/>\n<\/strong>Tresorera<\/p>\n<p><strong>Vocals<\/strong><\/p>\n<p>N\u00faria Jim\u00e9nez Huertas<br \/>\nNeus Estol P\u00e9rez<br \/>\nAna Gimeno Crist\u00f3bal<br \/>\nMarta Mart\u00ed Berga<br \/>\nDolors Roura Font<br \/>\nMarta Ruiz Balada<br \/>\nAnna Maria Sampedro Barcel\u00f3<br \/>\nRoser Sol\u00e9 Besteiro<\/p>\n<\/td>\n<\/tr>\n<\/tbody>\n<\/table>\n<\/blockquote>\n","protected":false},"excerpt":{"rendered":"<p>Equip permanent Piua Salvatella i Vila \/ Pu\u00e0 Perpiny\u00e0 Salvatella \/\u00a0Ana Mar\u00eda L\u00f3pez Arboledas Equip de coordinaci\u00f3 Piua Salvatella Presidenta del CDE Pu\u00e0 Perpiny\u00e0 Secret\u00e0ria del CDE Ana Mar\u00eda L\u00f3pez [&hellip;]<\/p>\n","protected":false},"author":1,"featured_media":0,"parent":0,"menu_order":0,"comment_status":"open","ping_status":"open","template":"","meta":{"footnotes":""},"class_list":["post-43","page","type-page","status-publish","hentry"],"_links":{"self":[{"href":"https:\/\/donesesglesia.cat\/wp_cde\/wp-json\/wp\/v2\/pages\/43","targetHints":{"allow":["GET"]}}],"collection":[{"href":"https:\/\/donesesglesia.cat\/wp_cde\/wp-json\/wp\/v2\/pages"}],"about":[{"href":"https:\/\/donesesglesia.cat\/wp_cde\/wp-json\/wp\/v2\/types\/page"}],"author":[{"embeddable":true,"href":"https:\/\/donesesglesia.cat\/wp_cde\/wp-json\/wp\/v2\/users\/1"}],"replies":[{"embeddable":true,"href":"https:\/\/donesesglesia.cat\/wp_cde\/wp-json\/wp\/v2\/comments?post=43"}],"version-history":[{"count":17,"href":"https:\/\/donesesglesia.cat\/wp_cde\/wp-json\/wp\/v2\/pages\/43\/revisions"}],"predecessor-version":[{"id":4983,"href":"https:\/\/donesesglesia.cat\/wp_cde\/wp-json\/wp\/v2\/pages\/43\/revisions\/4983"}],"wp:attachment":[{"href":"https:\/\/donesesglesia.cat\/wp_cde\/wp-json\/wp\/v2\/media?parent=43"}],"curies":[{"name":"wp","href":"https:\/\/api.w.org\/{rel}","templated":true}]}}