{"id":105,"date":"2011-04-28T11:04:16","date_gmt":"2011-04-28T11:04:16","guid":{"rendered":"http:\/\/donesesglesia.cat\/wp_cde\/?page_id=105"},"modified":"2020-09-27T18:39:33","modified_gmt":"2020-09-27T16:39:33","slug":"enllacos","status":"publish","type":"page","link":"https:\/\/donesesglesia.cat\/wp_cde\/enllacos\/","title":{"rendered":"Enlla\u00e7os"},"content":{"rendered":"<table style=\"width: 500px;\" border=\"0\" cellspacing=\"5\" cellpadding=\"5\" align=\"center\">\n<tbody>\n<tr>\n<td><a href=\"#a\">A<\/a><\/td>\n<td>B<\/td>\n<td><a href=\"#c\">C<\/a><\/td>\n<td><a href=\"#d\">D<\/a><\/td>\n<td><a href=\"#e\">E<\/a><\/td>\n<td><a href=\"#f\">F<\/a><\/td>\n<td>G<\/td>\n<td><a href=\"#h\">H<\/a><\/td>\n<td><a href=\"#i\">I<\/a><\/td>\n<td><a href=\"#j\">J<\/a><\/td>\n<td>L<\/td>\n<td>LL<\/td>\n<\/tr>\n<tr>\n<td><a href=\"#m\">M<\/a><\/td>\n<td><a href=\"#n\">N<\/a><\/td>\n<td>O<\/td>\n<td>P<\/td>\n<td>Q<\/td>\n<td><a href=\"#r\">R<\/a><\/td>\n<td>S<\/td>\n<td><a href=\"#t\">T<\/a><\/td>\n<td>U<\/td>\n<td><a href=\"#v\">V<\/a><\/td>\n<td><a href=\"#w\">W<\/a><\/td>\n<td>X<\/td>\n<\/tr>\n<\/tbody>\n<\/table>\n<p><a name=\"a\"><\/a><\/p>\n<blockquote>\n<p>A<br \/>\n<a href=\"http:\/\/acat.pangea.org\/\" target=\"_blank\" rel=\"noopener noreferrer\">ACAT (Acci\u00f3 dels Cristians per l&#8217;Abolici\u00f3 de la Tortura)<br \/>\n<\/a><a href=\"http:\/\/acat.pangea.org\/\" target=\"_blank\" rel=\"noopener noreferrer\"><img loading=\"lazy\" decoding=\"async\" class=\"alignnone\" title=\"ACAT\" src=\"http:\/\/donesesglesia.cat\/imatges\/enllacos\/acat.png\" alt=\"\" width=\"520\" height=\"100\" \/><\/a><\/p>\n<p><a href=\"https:\/\/latinoamericana.org\" target=\"_blank\" rel=\"noopener noreferrer\">Agenda Llatinoamericana Mundial<\/a><br \/>\n<a href=\"https:\/\/latinoamericana.org\" target=\"_blank\" rel=\"noopener noreferrer\"><img loading=\"lazy\" decoding=\"async\" class=\"alignleft wp-image-3474 size-full\" src=\"http:\/\/donesesglesia.cat\/wp_cde\/wp-content\/uploads\/2020\/01\/agenda-latinoamericana_2020.jpg\" alt=\"agenda-llatinoamericana\" width=\"520\" height=\"96\" \/><\/a><\/p>\n<p>&nbsp;<\/p>\n<p><a href=\"http:\/\/www.asociaciondeteologas.org\/\" target=\"_blank\" rel=\"noopener noreferrer\">Asociaci\u00f3n de Te\u00f3logas Espa\u00f1olas<\/a><br \/>\n<a href=\"http:\/\/www.asociaciondeteologas.org\/\" target=\"_blank\" rel=\"noopener noreferrer\"><img loading=\"lazy\" decoding=\"async\" class=\"alignnone\" title=\"Asociaci\u00f3n de Te\u00f3logas Espa\u00f1olas\" src=\"http:\/\/donesesglesia.cat\/imatges\/enllacos\/ate.png\" alt=\"\" width=\"520\" height=\"80\" \/><\/a><\/p>\n<p><a><img loading=\"lazy\" decoding=\"async\" class=\"alignright\" src=\"http:\/\/donesesglesia.cat\/imatges\/navigate-up-icon.png\" alt=\"\" width=\"25\" height=\"20\" \/> <\/a><\/p>\n<\/blockquote>\n<p><a name=\"c\"><\/a><\/p>\n<blockquote>\n<p>C<br \/>\n<a href=\"http:\/\/www.caladona.org\/\" target=\"_blank\" rel=\"noopener noreferrer\">Ca la Dona\u00a0<\/a><a href=\"http:\/\/donesesglesia.cat\/wp_cde\/wp-content\/uploads\/2020\/01\/ca-la-dona.jpg\"><br \/>\n<\/a><br \/>\n<a href=\"http:\/\/www.caladona.org\/\" target=\"_blank\" rel=\"noopener noreferrer\"><img loading=\"lazy\" decoding=\"async\" class=\"alignnone\" title=\"Ca la Dona\" src=\"http:\/\/donesesglesia.cat\/wp_cde\/wp-content\/uploads\/2020\/01\/ca-la-dona.jpg\" alt=\"\" width=\"520\" height=\"92\" \/><\/a><\/p>\n<p><a href=\"http:\/\/www.cta-usa.org\/\" target=\"_blank\" rel=\"noopener noreferrer\">Call to Action<\/a><br \/>\n<a href=\"http:\/\/www.cta-usa.org\/\" target=\"_blank\" rel=\"noopener noreferrer\"><img loading=\"lazy\" decoding=\"async\" class=\"alignnone\" title=\"Call to Action\" src=\"http:\/\/donesesglesia.cat\/imatges\/enllacos\/call_action.png\" alt=\"\" width=\"520\" height=\"98\" \/><\/a><\/p>\n<p><a href=\"http:\/\/www.cnwe.org\/\" target=\"_blank\" rel=\"noopener noreferrer\">Catholic Network For Women&#8217;s Equality (CNWE)<\/a><br \/>\n<a href=\"http:\/\/www.cnwe.org\/\" target=\"_blank\" rel=\"noopener noreferrer\"><img loading=\"lazy\" decoding=\"async\" class=\"alignnone\" title=\"Catholic Network For Women's Equality\" src=\"http:\/\/donesesglesia.cat\/imatges\/enllacos\/CNWE.jpg\" alt=\"\" width=\"520\" height=\"98\" \/><\/a><\/p>\n<p><a href=\"http:\/\/www.catholicsforchoice.org\/\" target=\"_blank\" rel=\"noopener noreferrer\">Catholics for Choice<\/a><br \/>\n<a href=\"http:\/\/www.catholicsforchoice.org\/\" target=\"_blank\" rel=\"noopener noreferrer\"><img loading=\"lazy\" decoding=\"async\" class=\"alignnone\" title=\"Catholics for Choice\" src=\"http:\/\/donesesglesia.cat\/imatges\/enllacos\/catholics_choice.png\" alt=\"\" width=\"520\" height=\"84\" \/><\/a><\/p>\n<p><a href=\"http:\/\/www.ceceurope.org\/\" target=\"_blank\" rel=\"noopener noreferrer\">Conference of European <\/a><br \/>\n<a href=\"http:\/\/www.ceceurope.org\/\" target=\"_blank\" rel=\"noopener noreferrer\"><img loading=\"lazy\" decoding=\"async\" class=\"alignnone\" title=\"The Conference of European Churches\" src=\"http:\/\/donesesglesia.cat\/imatges\/enllacos\/cec.jpg\" alt=\"\" width=\"520\" height=\"92\" \/><\/a><\/p>\n<p><a href=\"http:\/\/www.oikoumene.org\/\" target=\"_blank\" rel=\"noopener noreferrer\">Consell Ecum\u00e8nic de les Esgl\u00e9sies &#8211; World Council of Churches (WCC)<\/a><br \/>\n<a href=\"http:\/\/www.oikoumene.org\/\" target=\"_blank\" rel=\"noopener noreferrer\"><img loading=\"lazy\" decoding=\"async\" class=\"alignnone\" title=\"World Council of Churches\" src=\"http:\/\/donesesglesia.cat\/imatges\/enllacos\/world_council.png\" alt=\"\" width=\"520\" height=\"107\" \/><\/a><\/p>\n<p><a href=\"http:\/\/feministas.org\" target=\"_blank\" rel=\"noopener noreferrer\">Coordinadora Feminista<\/a><br \/>\n<a href=\"http:\/\/feministas.org\" target=\"_blank\" rel=\"noopener noreferrer\"><img loading=\"lazy\" decoding=\"async\" class=\"alignleft wp-image-6064 size-full\" src=\"http:\/\/donesesglesia.cat\/wp_cde\/wp-content\/uploads\/2020\/01\/coordinadora-feminista.jpg\" alt=\"\" width=\"640\" height=\"80\" \/><\/a><\/p>\n<p>&nbsp;<\/p>\n<p><a href=\"http:\/\/cristianismexxi.cat\/\" target=\"_blank\" rel=\"noopener noreferrer\">Cristianisme al Segle XXI<\/a><br \/>\n<a href=\"http:\/\/cristianismexxi.cat\/\" target=\"_blank\" rel=\"noopener noreferrer\"><img loading=\"lazy\" decoding=\"async\" class=\"alignnone\" title=\"Cristianisme al Segle XXI\" src=\"http:\/\/donesesglesia.cat\/imatges\/enllacos\/csxxi.png\" alt=\"\" width=\"520\" height=\"87\" \/><\/a><br \/>\n<a><img loading=\"lazy\" decoding=\"async\" class=\"alignright\" src=\"http:\/\/donesesglesia.cat\/imatges\/navigate-up-icon.png\" alt=\"\" width=\"25\" height=\"20\" \/> <\/a><\/p>\n<\/blockquote>\n<p><a name=\"d\"><\/a><\/p>\n<blockquote>\n<p>D<br \/>\n<a href=\"http:\/\/donescreients.blogspot.com\/\" target=\"_blank\" rel=\"noopener noreferrer\">Dones Creients de Val\u00e8ncia<br \/>\n<\/a><a href=\"http:\/\/donescreients.blogspot.com\/\" target=\"_blank\" rel=\"noopener noreferrer\"><img loading=\"lazy\" decoding=\"async\" class=\"alignnone\" title=\"Dones Creients de Val\u00e8ncia\" src=\"http:\/\/donesesglesia.cat\/imatges\/enllacos\/dones_creients_valencia.png\" alt=\"\" width=\"520\" height=\"64\" \/><\/a><a><img loading=\"lazy\" decoding=\"async\" class=\"alignright\" src=\"http:\/\/donesesglesia.cat\/imatges\/navigate-up-icon.png\" alt=\"\" width=\"25\" height=\"20\" \/> <\/a><\/p>\n<\/blockquote>\n<p><a name=\"e\"><\/a><\/p>\n<blockquote>\n<p>E<\/p>\n<p><a href=\"http:\/\/www.e-mujeres.net\/\" target=\"_blank\" rel=\"noopener noreferrer\">e-mujeres.net (Asociaci\u00f3n feminista para la igualdad de las mujeres)<\/a><br \/>\n<a href=\"http:\/\/www.e-mujeres.net\/\" target=\"_blank\" rel=\"noopener noreferrer\"><img decoding=\"async\" class=\"alignnone\" title=\"e-mujeres.net\" src=\"http:\/\/donesesglesia.cat\/imatges\/enllacos\/e_mujeres.png\" alt=\"\" \/><\/a><\/p>\n<p><a href=\"http:\/\/www.eswtr.org\/\" target=\"_blank\" rel=\"noopener noreferrer\">ESWTR. European Society of Women in Theological Research<\/a><br \/>\n<a href=\"http:\/\/www.eswtr.org\/\" target=\"_blank\" rel=\"noopener noreferrer\"><img decoding=\"async\" class=\"alignnone\" title=\"ESWTR\" src=\"http:\/\/donesesglesia.cat\/imatges\/enllacos\/eswtr.png\" alt=\"\" \/><\/a><a><img loading=\"lazy\" decoding=\"async\" class=\"alignright\" src=\"http:\/\/donesesglesia.cat\/imatges\/navigate-up-icon.png\" alt=\"\" width=\"25\" height=\"20\" \/> <\/a><\/p>\n<\/blockquote>\n<p><a name=\"f\"><\/a><\/p>\n<blockquote>\n<p>F<br \/>\n<a href=\"http:\/\/www.dretshumans.cat\/\" target=\"_blank\" rel=\"noopener noreferrer\">FCONGDH Federaci\u00f3 Catalana d\u2019ONG pels Drets Humans<\/a><br \/>\n<a href=\"http:\/\/www.dretshumans.cat\/\" target=\"_blank\" rel=\"noopener noreferrer\"><img decoding=\"async\" class=\"alignnone\" title=\"FCONGDH\" src=\"http:\/\/donesesglesia.cat\/imatges\/enllacos\/fcongdh.png\" alt=\"\" \/><\/a><\/p>\n<p><a><img loading=\"lazy\" decoding=\"async\" class=\"alignright\" src=\"http:\/\/donesesglesia.cat\/imatges\/navigate-up-icon.png\" alt=\"\" width=\"25\" height=\"20\" \/> <\/a><\/p>\n<\/blockquote>\n<p><a name=\"h\"><\/a><\/p>\n<blockquote>\n<p>H<br \/>\n<a href=\"http:\/\/www.globalwomenstrike.net\/\" target=\"_blank\" rel=\"noopener noreferrer\">Huelga Mundial de Mujeres \u2013 Global Women&#8217;s Strike<\/a><br \/>\n<a href=\"http:\/\/www.globalwomenstrike.net\/\" target=\"_blank\" rel=\"noopener noreferrer\"><img decoding=\"async\" class=\"alignnone\" title=\"Huelga Mundial de Mujeres\" src=\"http:\/\/donesesglesia.cat\/imatges\/enllacos\/huelga_mundial_mujeres.png\" alt=\"\" \/><\/a><a><img loading=\"lazy\" decoding=\"async\" class=\"alignright\" src=\"http:\/\/donesesglesia.cat\/imatges\/navigate-up-icon.png\" alt=\"\" width=\"25\" height=\"20\" \/> <\/a><\/p>\n<\/blockquote>\n<p><a name=\"i\"><\/a><\/p>\n<blockquote>\n<p>I<br \/>\n<a href=\"http:\/\/www20.gencat.cat\/portal\/site\/icdones\" target=\"_blank\" rel=\"noopener noreferrer\">Institut Catal\u00e0 de les Dones<\/a><br \/>\n<a href=\"http:\/\/www20.gencat.cat\/portal\/site\/icdones\"><img decoding=\"async\" class=\"alignnone\" title=\"Institut Catal\u00e0 de les Dones\" src=\"http:\/\/donesesglesia.cat\/imatges\/enllacos\/institut_catala_dones.png\" alt=\"\" \/><\/a><a><img loading=\"lazy\" decoding=\"async\" class=\"alignright\" src=\"http:\/\/donesesglesia.cat\/imatges\/navigate-up-icon.png\" alt=\"\" width=\"25\" height=\"20\" \/> <\/a><\/p>\n<\/blockquote>\n<p><a name=\"j\"><\/a><\/p>\n<blockquote>\n<p>J<br \/>\n<a href=\"http:\/\/blocs.tinet.cat\/gilribas\/author\/gilribas\/\" target=\"_blank\" rel=\"noopener noreferrer\">El Bloc de Josep Gil i Ribas<br \/>\n<\/a><a href=\"http:\/\/blocs.tinet.cat\/gilribas\/author\/gilribas\/\" target=\"_blank\" rel=\"noopener noreferrer\"><img loading=\"lazy\" decoding=\"async\" class=\"alignnone\" title=\"Igualtat\" src=\"http:\/\/donesesglesia.cat\/wp_cde\/wp-content\/uploads\/2011\/04\/gilribas.jpg\" alt=\"\" width=\"520\" height=\"100\" \/><\/a><\/p>\n<\/blockquote>\n<p><a name=\"m\"><\/a><\/p>\n<blockquote>\n<p>M<br \/>\n<a href=\"http:\/\/www.mariazweipunktnull.de\" target=\"_blank\" rel=\"noopener noreferrer\">Maria 2.0<\/a><br \/>\n<a href=\"http:\/\/www.mariazweipunktnull.de\" target=\"_blank\" rel=\"noopener noreferrer\"><img decoding=\"async\" class=\"alignnone\" title=\"Maria 2.0\" src=\"http:\/\/donesesglesia.cat\/wp_cde\/wp-content\/uploads\/2020\/02\/maria2-0.jpg\" alt=\"\" \/><\/a><\/p>\n<p><a href=\"http:\/\/www.monestirsantbenetmontserrat.com\" target=\"_blank\" rel=\"noopener noreferrer\">Monestir de Benedictines. Sant Benet de Montserrat<\/a><br \/>\n<a href=\"http:\/\/www.monestirsantbenetmontserrat.com\" target=\"_blank\" rel=\"noopener noreferrer\"><img decoding=\"async\" class=\"alignnone\" title=\"Monestir de Benedictines. Sant Benet de Montserrat\" src=\"http:\/\/donesesglesia.cat\/imatges\/enllacos\/monestir_benedictines.png\" alt=\"\" \/><\/a><\/p>\n<p><a href=\"http:\/\/www.mujeresyteologia.com\/\" target=\"_blank\" rel=\"noopener noreferrer\">Mujeres y Teolog\u00eda de Madrid<\/a><br \/>\n<a href=\"http:\/\/www.mujeresyteologia.com\/\" target=\"_blank\" rel=\"noopener noreferrer\"><img decoding=\"async\" class=\"alignnone\" title=\"Mujeres y Teolog\u00eda de Madrid\" src=\"http:\/\/donesesglesia.cat\/imatges\/enllacos\/mujeres_teologia_madrid.png\" alt=\"\" \/><\/a><\/p>\n<p><a href=\"http:\/\/mujeresyteolgiasevilla.blogspot.com.es\/\" target=\"_blank\" rel=\"noopener noreferrer\">Mujeres y Teolog\u00eda de Sevilla<\/a><br \/>\n<a href=\"http:\/\/mujeresyteolgiasevilla.blogspot.com.es\/\" target=\"_blank\" rel=\"noopener noreferrer\"><img loading=\"lazy\" decoding=\"async\" class=\"alignnone\" title=\"Mujeres y Teolog\u00eda de Sevilla\" src=\"http:\/\/donesesglesia.cat\/imatges\/enllacos\/mujeres_teologia_sevilla.png\" alt=\"\" width=\"520\" height=\"79\" \/><\/a><\/p>\n<p><a href=\"http:\/\/mujeresyteologiazaragoza.blogspot.com\/\" target=\"_blank\" rel=\"noopener noreferrer\">Mujeres y Teolog\u00eda de Zaragoza<\/a><br \/>\n<a href=\"http:\/\/mujeresyteologiazaragoza.blogspot.com\/\" target=\"_blank\" rel=\"noopener noreferrer\"><img loading=\"lazy\" decoding=\"async\" class=\"alignnone\" title=\"Mujeres y Teolog\u00eda de Zaragoza\" src=\"http:\/\/donesesglesia.cat\/wp_cde\/wp-content\/uploads\/2020\/01\/mujeres-teologia-zaragoza.png\" alt=\"\" width=\"520\" height=\"79\" \/><\/a><\/p>\n<p><a href=\"http:\/\/mujeresyteologiazaragoza.blogspot.com\/\" target=\"_blank\" rel=\"noopener noreferrer\">Mulleres Cristi\u00e1s Galegas &#8211; EXERIA<\/a><br \/>\n<a href=\"https:\/\/www.exeria.org\/\" target=\"_blank\" rel=\"noopener noreferrer\"><img loading=\"lazy\" decoding=\"async\" class=\"alignnone\" title=\"Mulleres Cristi\u00e1s Galegas\" src=\"http:\/\/donesesglesia.cat\/wp_cde\/wp-content\/uploads\/2020\/02\/exeria.jpg\" alt=\"\" width=\"520\" height=\"80\" \/><\/a><\/p>\n<p><a><img loading=\"lazy\" decoding=\"async\" class=\"alignright\" src=\"http:\/\/donesesglesia.cat\/imatges\/navigate-up-icon.png\" alt=\"\" width=\"25\" height=\"20\" \/> <\/a><\/p>\n<\/blockquote>\n<p><a name=\"n\"><\/a><\/p>\n<blockquote>\n<p>N<br \/>\n<a href=\"http:\/\/www.nsae.fr\/\" target=\"_blank\" rel=\"noopener noreferrer\">NSAE: Nous Sommes Aussi l&#8217;\u00c9glise<\/a><br \/>\n<a href=\"http:\/\/www.nsae.fr\/\" target=\"_blank\" rel=\"noopener noreferrer\"><img decoding=\"async\" class=\"alignnone\" title=\"NSAE\" src=\"http:\/\/donesesglesia.cat\/imatges\/enllacos\/nsae.png\" alt=\"\" \/><\/a><a><img loading=\"lazy\" decoding=\"async\" class=\"alignright\" src=\"http:\/\/donesesglesia.cat\/imatges\/navigate-up-icon.png\" alt=\"\" width=\"25\" height=\"20\" \/> <\/a><\/p>\n<\/blockquote>\n<p><a name=\"r\"><\/a><\/p>\n<blockquote>\n<p>R<\/p>\n<p><a href=\"http:\/\/redmiriam.blogspot.com\" target=\"_blank\" rel=\"noopener noreferrer\">Red Miriam. Espiritualidad Ignaciana Femenina<\/a> <a href=\"http:\/\/redmiriam.blogspot.com\" target=\"_blank\" rel=\"noopener noreferrer\"><img loading=\"lazy\" decoding=\"async\" class=\"alignleft wp-image-6053 size-full\" src=\"http:\/\/donesesglesia.cat\/wp_cde\/wp-content\/uploads\/2020\/01\/red-miriam.jpg\" alt=\"\" width=\"520\" height=\"80\" srcset=\"https:\/\/donesesglesia.cat\/wp_cde\/wp-content\/uploads\/2020\/01\/red-miriam.jpg 520w, https:\/\/donesesglesia.cat\/wp_cde\/wp-content\/uploads\/2020\/01\/red-miriam-300x46.jpg 300w\" sizes=\"auto, (max-width: 520px) 100vw, 520px\" \/><\/a><\/p>\n<p>&nbsp;<\/p>\n<p>\n<a><img loading=\"lazy\" decoding=\"async\" class=\"alignright\" src=\"http:\/\/donesesglesia.cat\/imatges\/navigate-up-icon.png\" alt=\"\" width=\"25\" height=\"20\" \/><\/a><\/p>\n<\/blockquote>\n<p><a name=\"t\"><\/a><\/p>\n<blockquote>\n<p>T<br \/>\n<a href=\"https:\/\/www.traslashuellasdesophia.com\" target=\"_blank\" rel=\"noopener noreferrer\">Tras las huellas de Soph\u00eda<\/a><br \/>\n<a href=\"https:\/\/www.traslashuellasdesophia.com\" target=\"_blank\" rel=\"noopener noreferrer\"><img loading=\"lazy\" decoding=\"async\" class=\"alignnone\" title=\"IMWAC\" src=\"http:\/\/donesesglesia.cat\/wp_cde\/wp-content\/uploads\/2020\/09\/tras-huellas-sophia.jpg\" alt=\"Tras las huellas de Soph\u00eda\" width=\"520\" height=\"87\" \/><\/a><\/p>\n<p>\n<a><img loading=\"lazy\" decoding=\"async\" class=\"alignright\" src=\"http:\/\/donesesglesia.cat\/imatges\/navigate-up-icon.png\" alt=\"\" width=\"25\" height=\"20\" \/><\/a><\/p>\n<\/blockquote>\n<p><a name=\"v\"><\/a><\/p>\n<blockquote>\n<p>V<br \/>\n<a href=\"https:\/\/voicesoffaith.org\/es-home\" target=\"_blank\" rel=\"noopener noreferrer\">Voices of Faith<\/a><br \/>\n<a href=\"https:\/\/voicesoffaith.org\/es-home\" target=\"_blank\" rel=\"noopener noreferrer\"><img loading=\"lazy\" decoding=\"async\" class=\"alignnone\" title=\"IMWAC\" src=\"http:\/\/donesesglesia.cat\/wp_cde\/wp-content\/uploads\/2020\/09\/voices-of-faith.jpg\" alt=\"Voices of Faith\" width=\"520\" height=\"87\" \/><\/a><\/p>\n<p>\n<a><img loading=\"lazy\" decoding=\"async\" class=\"alignright\" src=\"http:\/\/donesesglesia.cat\/imatges\/navigate-up-icon.png\" alt=\"\" width=\"25\" height=\"20\" \/><\/a><\/p>\n<\/blockquote>\n<p><a name=\"w\"><\/a><\/p>\n<blockquote>\n<p>W<br \/>\n<a href=\"http:\/\/www.we-are-church.org\/\" target=\"_blank\" rel=\"noopener noreferrer\">We Are Church. Internacional Movement (IMWAC)<\/a><br \/>\n<a href=\"http:\/\/www.we-are-church.org\/\" target=\"_blank\" rel=\"noopener noreferrer\"><img loading=\"lazy\" decoding=\"async\" class=\"alignnone\" title=\"IMWAC\" src=\"http:\/\/donesesglesia.cat\/imatges\/enllacos\/IMWAC.png\" alt=\"\" width=\"520\" height=\"77\" \/><\/a><\/p>\n<p><a href=\"http:\/\/www.womenpriests.org\/\" target=\"_blank\" rel=\"noopener noreferrer\">Women Can Be Priests. The international Catholic online authority of women\u2019s ministries<\/a><br \/>\n<a title=\"Dones sacerdots\" href=\"http:\/\/www.womenpriests.org\/cat\/\" target=\"_blank\" rel=\"noopener noreferrer\">Dones sacerdots. Sobre l\u2019ordenaci\u00f3 de les dones a l\u2019Esgl\u00e9sia Cat\u00f2lica<\/a><br \/>\n<a href=\"http:\/\/www.womenpriests.org\/cat\/\" target=\"_blank\" rel=\"noopener noreferrer\"><img decoding=\"async\" class=\"alignnone\" title=\"Esgl\u00e9sia Plural\" src=\"http:\/\/donesesglesia.cat\/imatges\/enllacos\/women_priests.png\" alt=\"\" \/><\/a><\/p>\n<p><a href=\"http:\/\/www.womensordination.org\/\" target=\"_blank\" rel=\"noopener noreferrer\">Women\u2019s Ordination Conference. A voice for Women in the Catholic Church<\/a><br \/>\n<a href=\"http:\/\/www.womensordination.org\/\" target=\"_blank\" rel=\"noopener noreferrer\"><img decoding=\"async\" class=\"alignnone\" title=\"Women\u2019s Ordination Conference\" src=\"http:\/\/donesesglesia.cat\/imatges\/enllacos\/womens_ordination.png\" alt=\"\" \/><\/a><\/p>\n<\/blockquote>\n<blockquote>\n<p>&nbsp;<\/p>\n<\/blockquote>\n","protected":false},"excerpt":{"rendered":"<p>A B C D E F G H I J L LL M N O P Q R S T U V W X A ACAT (Acci\u00f3 dels Cristians per [&hellip;]<\/p>\n","protected":false},"author":1,"featured_media":0,"parent":0,"menu_order":0,"comment_status":"open","ping_status":"open","template":"","meta":{"footnotes":""},"class_list":["post-105","page","type-page","status-publish","hentry"],"_links":{"self":[{"href":"https:\/\/donesesglesia.cat\/wp_cde\/wp-json\/wp\/v2\/pages\/105","targetHints":{"allow":["GET"]}}],"collection":[{"href":"https:\/\/donesesglesia.cat\/wp_cde\/wp-json\/wp\/v2\/pages"}],"about":[{"href":"https:\/\/donesesglesia.cat\/wp_cde\/wp-json\/wp\/v2\/types\/page"}],"author":[{"embeddable":true,"href":"https:\/\/donesesglesia.cat\/wp_cde\/wp-json\/wp\/v2\/users\/1"}],"replies":[{"embeddable":true,"href":"https:\/\/donesesglesia.cat\/wp_cde\/wp-json\/wp\/v2\/comments?post=105"}],"version-history":[{"count":42,"href":"https:\/\/donesesglesia.cat\/wp_cde\/wp-json\/wp\/v2\/pages\/105\/revisions"}],"predecessor-version":[{"id":6597,"href":"https:\/\/donesesglesia.cat\/wp_cde\/wp-json\/wp\/v2\/pages\/105\/revisions\/6597"}],"wp:attachment":[{"href":"https:\/\/donesesglesia.cat\/wp_cde\/wp-json\/wp\/v2\/media?parent=105"}],"curies":[{"name":"wp","href":"https:\/\/api.w.org\/{rel}","templated":true}]}}